{"id":989,"date":"2020-10-15T18:10:49","date_gmt":"2020-10-15T16:10:49","guid":{"rendered":"https:\/\/unatc.ro\/devunatc\/?page_id=989"},"modified":"2023-09-14T13:01:18","modified_gmt":"2023-09-14T11:01:18","slug":"pregatire-pedagogica-si-didactica","status":"publish","type":"page","link":"https:\/\/unatc.ro\/devunatc\/pregatire-pedagogica-si-didactica\/","title":{"rendered":"Preg\u0103tire Pedagogic\u0103 \u0219i Didactic\u0103"},"content":{"rendered":"\n<p>Departamentul C.P.P.D. (Centrul de Preg\u0103tire Pedagogic\u0103 \u015fi Didactic\u0103), reacreditat de A.R.A.C.I.S. \u00een 2022, face parte din Universitatea Na\u021bional\u0103 de Art\u0103 Teatral\u0103 \u0219i Cinematografic\u0103 (UNATC) \u201eI.L. Caragiale\u201c din Bucure\u0219ti, institu\u021bie care preg\u0103te\u0219te profesioni\u0219ti \u00een domeniile Teatru \u0219i artele spectacolului, respectiv Cinematografie \u0219i media. C.P.P.D. s-a re\u00eenfiin\u0163at \u00een 2015 \u015fi a fost integrat organic \u00een structura UNATC, beneficiind de sprijinul constant al Senatului, al conducerii universit\u0103\u021bii, precum \u015fi de colaborarea cu cele dou\u0103 facult\u0103\u021bi, Teatru, respectiv Film, precum \u015fi cu celelalte departamente institu\u021bionale.<\/p>\n\n\n\n<p>Formarea pentru profesia didactic\u0103 reprezint\u0103 un obiectiv central al UNATC, esen\u0163ial pentru \u00eendeplinirea misiunii culturale, \u015ftiin\u0163ifice \u015fi sociale a institu\u0163iei. \u00cen paralel cu programul psihopedagogic oferit studen\u021bilor UNATC \u015fi fo\u0219tilor absolven\u021bi ai institu\u021biei, C.P.P.D. asigur\u0103 perfec\u021bionarea didactic\u0103 \u015fi pedagogic\u0103 a cadrelor didactice din universitate. Programele postuniversitare de specializare \u015fi de conversie, destinate cadrelor didactice, urm\u0103resc promovarea unui \u00eenv\u0103\u021b\u0103m\u00e2nt de calitate, bazat pe cele mai noi \u015fi mai performante metode de predare-\u00eenv\u0103\u021bare \u015fi pe strategii eficiente de comunicare didactic\u0103.<\/p>\n\n\n\n<p>\u00cen contextul cre\u0219terii cererii personalului didactic din \u00eenv\u0103\u021b\u0103m\u00e2ntul preuniversitar, privind programele de specializare, de conversie profesional\u0103 \u015fi de formare continu\u0103, C.P.P.D. al UNATC ofer\u0103 programe de formare psihopedagogic\u0103 de Nivel I \u015fi Nivel II, \u00een regim de finan\u021bare bugetar\u0103, respectiv \u00een regim cu tax\u0103, precum \u015fi cursuri de preg\u0103tire \u00een vederea sus\u021binerii examenelor pentru ob\u021binerea gradelor didactice. Misiunea didactic\u0103 \u015fi \u0219tiin\u021bific\u0103 a C.P.P.D. const\u0103 \u00een formarea competen\u021belor profesionale definitorii pentru profesia didactic\u0103, prin programe de studii de nivel universitar \u015fi postuniversitar, care satisfac exigen\u021bele spa\u021biului european al \u00eenv\u0103\u021b\u0103m\u00e2ntului superior \u0219i vin \u00een \u00eent\u00e2mpinarea nevoilor specifice ale \u0219colii rom\u00e2ne\u0219ti \u015fi ale pie\u021bei interna\u021bionale a muncii.<\/p>\n\n\n\n<p>Preg\u0103tirea psihopedagogic\u0103 \u00een cadrul C.P.P.D. al UNATC vizeaz\u0103:<\/p>\n\n\n\n<ul class=\"wp-block-list\">\n<li>\u00eembog\u0103\u021birea curriculum-ului, \u00een scopurile stimul\u0103rii g\u00e2ndirii divergente, creative, a elevilor \u015fi dob\u00e2ndirii unor abilit\u0103\u0163i-cheie (comunicare, metacomunicare, expresivitate, rela\u021bii interpersonale armonioase);<\/li>\n\n\n\n<li>asigurarea calit\u0103\u021bii educa\u021biei, prin formarea competen\u021belor de comunicare \u015fi a celor culturale, indispensabile vie\u0163ii active \u00eentr-o societate a cunoa\u015fterii specific\u0103 secolului XXI;<\/li>\n\n\n\n<li>construirea unui demers didactic modern, prin proiectare structurat\u0103 \u015fi prin organizarea unor activit\u0103\u0163i centrate pe nevoile \u015fi interesele elevilor, care s\u0103 faciliteze dob\u00e2ndirea abilit\u0103\u0163ilor prosociale;<\/li>\n\n\n\n<li>utilizarea modelului de proiectare curricular\u0103 centrat\u0103 pe obiective, care accentueaz\u0103 caracterul practic-aplicativ al procesului educativ;<\/li>\n\n\n\n<li>modelarea inten\u021bionat\u0103 a personalit\u0103\u021bii elevului ca viitor consumator de art\u0103 sau ca viitor artist;<\/li>\n\n\n\n<li>facilitarea dob\u00e2ndirii de instrumente creative de c\u0103tre elevi \u015fi studen\u0163i, prin dezvoltarea capacit\u0103\u0163ilor meta-reprezentative, ca urmare a utiliz\u0103rii limbajului teatral multidisciplinar (implic\u00e2nd corpul, mi\u015fcarea, sunetul, ritmul, gestul, cuv\u00e2ntul \u015fi imaginea);<\/li>\n\n\n\n<li>experimentarea unor noi posibilit\u0103\u021bii de comunicare \u015fi inter-rela\u021bionare;<\/li>\n\n\n\n<li>\u00eensu\u0219irea unor instrumente \u015fi a unor metode de exprimare verbal\u0103 \u015fi non-verbal\u0103, utilizarea diferitelor moduri de exprimare pentru diverse situa\u021bii, dezvoltarea capacit\u0103\u021bii de receptare \u015fi de interpretare a mesajelor;<\/li>\n\n\n\n<li>\u00eenv\u0103\u021barea unor metode de auto-concentrare, relaxare \u015fi autoorganizare;<\/li>\n\n\n\n<li>dezvoltarea abilit\u0103\u021bilor motorii \u015fi sociale eficiente;<\/li>\n\n\n\n<li>canalizarea constructiv\u0103 a conduitelor motorii inadecvate, agresive \u015fi\/sau violente, \u021bintind reducerea amplitudinii fenomenului violen\u021bei \u0219colare;<\/li>\n\n\n\n<li>promovarea bun\u0103st\u0103rii individuale \u015fi de grup, precum \u015fi a incluziunii sociale;<\/li>\n\n\n\n<li>prevenirea inadapt\u0103rii \u0219colare \u015fi a e\u0219ecului \u015fcolar, prin stimularea concentr\u0103rii aten\u021biei, a motiva\u021biei individuale \u015fi a interesului elevilor;<\/li>\n\n\n\n<li>prevenirea lipsei de interes \u015fi a atitudinilor de ostilitate fa\u021b\u0103 de cunoa\u0219tere.<\/li>\n<\/ul>\n\n\n\n<p>Programele de preg\u0103tire ale C.P.P.D. sunt \u00een concordan\u021b\u0103 cu legisla\u021bia \u00eenv\u0103\u021b\u0103m\u00e2ntului din Rom\u00e2nia, cu politica \u015fi strategiile educa\u021bionale promovate de Ministerul Educa\u021biei, cu standardele na\u021bionale \u015fi interna\u021bionale privind competen\u021bele cadrelor didactice.<\/p>\n","protected":false},"excerpt":{"rendered":"<p class=\"no-padding\">Departamentul C.P.P.D. (Centrul de Preg\u0103tire Pedagogic\u0103 \u015fi Didactic\u0103), reacreditat de A.R.A.C.I.S. \u00een 2022, face parte din Universitatea Na\u021bional\u0103 de Art\u0103&#8230;<\/p>\n","protected":false},"author":1,"featured_media":1230,"parent":0,"menu_order":0,"comment_status":"closed","ping_status":"closed","template":"template-tab-group-color.php","meta":{"footnotes":""},"class_list":["post-989","page","type-page","status-publish","has-post-thumbnail","hentry"],"acf":{"galerie_foto":null,"titlu_prezentare_departament":"","text_prezentare_departament":"","alternative_page_title":"","page_contact_email":"ada.dobrea@unatc.ro"},"yoast_head":"<!-- This site is optimized with the Yoast SEO plugin v27.4 - https:\/\/yoast.com\/product\/yoast-seo-wordpress\/ -->\n<title>Preg\u0103tire Pedagogic\u0103 \u0219i Didactic\u0103 - UNATC<\/title>\n<meta name=\"robots\" content=\"index, follow, max-snippet:-1, max-image-preview:large, max-video-preview:-1\" \/>\n<link rel=\"canonical\" href=\"https:\/\/unatc.ro\/devunatc\/pregatire-pedagogica-si-didactica\/\" \/>\n<meta property=\"og:locale\" content=\"en_US\" \/>\n<meta property=\"og:type\" content=\"article\" \/>\n<meta property=\"og:title\" content=\"Preg\u0103tire Pedagogic\u0103 \u0219i Didactic\u0103 - UNATC\" \/>\n<meta property=\"og:description\" content=\"Departamentul C.P.P.D. (Centrul de Preg\u0103tire Pedagogic\u0103 \u015fi Didactic\u0103), reacreditat de A.R.A.C.I.S. \u00een 2022, face parte din Universitatea Na\u021bional\u0103 de Art\u0103...\" \/>\n<meta property=\"og:url\" content=\"https:\/\/unatc.ro\/devunatc\/pregatire-pedagogica-si-didactica\/\" \/>\n<meta property=\"og:site_name\" content=\"UNATC\" \/>\n<meta property=\"article:publisher\" content=\"https:\/\/www.facebook.com\/UNATC.ILC\/\" \/>\n<meta property=\"article:modified_time\" content=\"2023-09-14T11:01:18+00:00\" \/>\n<meta property=\"og:image\" content=\"https:\/\/unatc.ro\/devunatc\/wp-content\/uploads\/2020\/10\/pedagogie-scaled.jpg\" \/>\n\t<meta property=\"og:image:width\" content=\"2560\" \/>\n\t<meta property=\"og:image:height\" content=\"917\" \/>\n\t<meta property=\"og:image:type\" content=\"image\/jpeg\" \/>\n<meta name=\"twitter:card\" content=\"summary_large_image\" \/>\n<meta name=\"twitter:label1\" content=\"Est. reading time\" \/>\n\t<meta name=\"twitter:data1\" content=\"3 minutes\" \/>\n<script type=\"application\/ld+json\" class=\"yoast-schema-graph\">{\"@context\":\"https:\\\/\\\/schema.org\",\"@graph\":[{\"@type\":\"WebPage\",\"@id\":\"https:\\\/\\\/unatc.ro\\\/devunatc\\\/pregatire-pedagogica-si-didactica\\\/\",\"url\":\"https:\\\/\\\/unatc.ro\\\/devunatc\\\/pregatire-pedagogica-si-didactica\\\/\",\"name\":\"Preg\u0103tire Pedagogic\u0103 \u0219i Didactic\u0103 - UNATC\",\"isPartOf\":{\"@id\":\"https:\\\/\\\/unatc.ro\\\/devunatc\\\/#website\"},\"primaryImageOfPage\":{\"@id\":\"https:\\\/\\\/unatc.ro\\\/devunatc\\\/pregatire-pedagogica-si-didactica\\\/#primaryimage\"},\"image\":{\"@id\":\"https:\\\/\\\/unatc.ro\\\/devunatc\\\/pregatire-pedagogica-si-didactica\\\/#primaryimage\"},\"thumbnailUrl\":\"https:\\\/\\\/unatc.ro\\\/devunatc\\\/wp-content\\\/uploads\\\/2020\\\/10\\\/pedagogie-scaled.jpg\",\"datePublished\":\"2020-10-15T16:10:49+00:00\",\"dateModified\":\"2023-09-14T11:01:18+00:00\",\"breadcrumb\":{\"@id\":\"https:\\\/\\\/unatc.ro\\\/devunatc\\\/pregatire-pedagogica-si-didactica\\\/#breadcrumb\"},\"inLanguage\":\"en-US\",\"potentialAction\":[{\"@type\":\"ReadAction\",\"target\":[\"https:\\\/\\\/unatc.ro\\\/devunatc\\\/pregatire-pedagogica-si-didactica\\\/\"]}]},{\"@type\":\"ImageObject\",\"inLanguage\":\"en-US\",\"@id\":\"https:\\\/\\\/unatc.ro\\\/devunatc\\\/pregatire-pedagogica-si-didactica\\\/#primaryimage\",\"url\":\"https:\\\/\\\/unatc.ro\\\/devunatc\\\/wp-content\\\/uploads\\\/2020\\\/10\\\/pedagogie-scaled.jpg\",\"contentUrl\":\"https:\\\/\\\/unatc.ro\\\/devunatc\\\/wp-content\\\/uploads\\\/2020\\\/10\\\/pedagogie-scaled.jpg\",\"width\":2560,\"height\":917,\"caption\":\"UNATC Pedagogie\"},{\"@type\":\"BreadcrumbList\",\"@id\":\"https:\\\/\\\/unatc.ro\\\/devunatc\\\/pregatire-pedagogica-si-didactica\\\/#breadcrumb\",\"itemListElement\":[{\"@type\":\"ListItem\",\"position\":1,\"name\":\"Home\",\"item\":\"https:\\\/\\\/unatc.ro\\\/devunatc\\\/\"},{\"@type\":\"ListItem\",\"position\":2,\"name\":\"Preg\u0103tire Pedagogic\u0103 \u0219i Didactic\u0103\"}]},{\"@type\":\"WebSite\",\"@id\":\"https:\\\/\\\/unatc.ro\\\/devunatc\\\/#website\",\"url\":\"https:\\\/\\\/unatc.ro\\\/devunatc\\\/\",\"name\":\"UNATC\",\"description\":\"\",\"publisher\":{\"@id\":\"https:\\\/\\\/unatc.ro\\\/devunatc\\\/#organization\"},\"potentialAction\":[{\"@type\":\"SearchAction\",\"target\":{\"@type\":\"EntryPoint\",\"urlTemplate\":\"https:\\\/\\\/unatc.ro\\\/devunatc\\\/?s={search_term_string}\"},\"query-input\":{\"@type\":\"PropertyValueSpecification\",\"valueRequired\":true,\"valueName\":\"search_term_string\"}}],\"inLanguage\":\"en-US\"},{\"@type\":\"Organization\",\"@id\":\"https:\\\/\\\/unatc.ro\\\/devunatc\\\/#organization\",\"name\":\"UNATC\",\"url\":\"https:\\\/\\\/unatc.ro\\\/devunatc\\\/\",\"logo\":{\"@type\":\"ImageObject\",\"inLanguage\":\"en-US\",\"@id\":\"https:\\\/\\\/unatc.ro\\\/devunatc\\\/#\\\/schema\\\/logo\\\/image\\\/\",\"url\":\"https:\\\/\\\/unatc.ro\\\/devunatc\\\/wp-content\\\/uploads\\\/2025\\\/07\\\/unatc_logo.png\",\"contentUrl\":\"https:\\\/\\\/unatc.ro\\\/devunatc\\\/wp-content\\\/uploads\\\/2025\\\/07\\\/unatc_logo.png\",\"width\":480,\"height\":469,\"caption\":\"UNATC\"},\"image\":{\"@id\":\"https:\\\/\\\/unatc.ro\\\/devunatc\\\/#\\\/schema\\\/logo\\\/image\\\/\"},\"sameAs\":[\"https:\\\/\\\/www.facebook.com\\\/UNATC.ILC\\\/\",\"https:\\\/\\\/www.youtube.com\\\/c\\\/unatcilcaragiale\",\"https:\\\/\\\/www.instagram.com\\\/unatc_ilcaragiale\\\/?hl=en\",\"https:\\\/\\\/www.tiktok.com\\\/@unatc?lang=en\"]}]}<\/script>\n<!-- \/ Yoast SEO plugin. -->","yoast_head_json":{"title":"Preg\u0103tire Pedagogic\u0103 \u0219i Didactic\u0103 - UNATC","robots":{"index":"index","follow":"follow","max-snippet":"max-snippet:-1","max-image-preview":"max-image-preview:large","max-video-preview":"max-video-preview:-1"},"canonical":"https:\/\/unatc.ro\/devunatc\/pregatire-pedagogica-si-didactica\/","og_locale":"en_US","og_type":"article","og_title":"Preg\u0103tire Pedagogic\u0103 \u0219i Didactic\u0103 - UNATC","og_description":"Departamentul C.P.P.D. (Centrul de Preg\u0103tire Pedagogic\u0103 \u015fi Didactic\u0103), reacreditat de A.R.A.C.I.S. \u00een 2022, face parte din Universitatea Na\u021bional\u0103 de Art\u0103...","og_url":"https:\/\/unatc.ro\/devunatc\/pregatire-pedagogica-si-didactica\/","og_site_name":"UNATC","article_publisher":"https:\/\/www.facebook.com\/UNATC.ILC\/","article_modified_time":"2023-09-14T11:01:18+00:00","og_image":[{"width":2560,"height":917,"url":"https:\/\/unatc.ro\/devunatc\/wp-content\/uploads\/2020\/10\/pedagogie-scaled.jpg","type":"image\/jpeg"}],"twitter_card":"summary_large_image","twitter_misc":{"Est. reading time":"3 minutes"},"schema":{"@context":"https:\/\/schema.org","@graph":[{"@type":"WebPage","@id":"https:\/\/unatc.ro\/devunatc\/pregatire-pedagogica-si-didactica\/","url":"https:\/\/unatc.ro\/devunatc\/pregatire-pedagogica-si-didactica\/","name":"Preg\u0103tire Pedagogic\u0103 \u0219i Didactic\u0103 - UNATC","isPartOf":{"@id":"https:\/\/unatc.ro\/devunatc\/#website"},"primaryImageOfPage":{"@id":"https:\/\/unatc.ro\/devunatc\/pregatire-pedagogica-si-didactica\/#primaryimage"},"image":{"@id":"https:\/\/unatc.ro\/devunatc\/pregatire-pedagogica-si-didactica\/#primaryimage"},"thumbnailUrl":"https:\/\/unatc.ro\/devunatc\/wp-content\/uploads\/2020\/10\/pedagogie-scaled.jpg","datePublished":"2020-10-15T16:10:49+00:00","dateModified":"2023-09-14T11:01:18+00:00","breadcrumb":{"@id":"https:\/\/unatc.ro\/devunatc\/pregatire-pedagogica-si-didactica\/#breadcrumb"},"inLanguage":"en-US","potentialAction":[{"@type":"ReadAction","target":["https:\/\/unatc.ro\/devunatc\/pregatire-pedagogica-si-didactica\/"]}]},{"@type":"ImageObject","inLanguage":"en-US","@id":"https:\/\/unatc.ro\/devunatc\/pregatire-pedagogica-si-didactica\/#primaryimage","url":"https:\/\/unatc.ro\/devunatc\/wp-content\/uploads\/2020\/10\/pedagogie-scaled.jpg","contentUrl":"https:\/\/unatc.ro\/devunatc\/wp-content\/uploads\/2020\/10\/pedagogie-scaled.jpg","width":2560,"height":917,"caption":"UNATC Pedagogie"},{"@type":"BreadcrumbList","@id":"https:\/\/unatc.ro\/devunatc\/pregatire-pedagogica-si-didactica\/#breadcrumb","itemListElement":[{"@type":"ListItem","position":1,"name":"Home","item":"https:\/\/unatc.ro\/devunatc\/"},{"@type":"ListItem","position":2,"name":"Preg\u0103tire Pedagogic\u0103 \u0219i Didactic\u0103"}]},{"@type":"WebSite","@id":"https:\/\/unatc.ro\/devunatc\/#website","url":"https:\/\/unatc.ro\/devunatc\/","name":"UNATC","description":"","publisher":{"@id":"https:\/\/unatc.ro\/devunatc\/#organization"},"potentialAction":[{"@type":"SearchAction","target":{"@type":"EntryPoint","urlTemplate":"https:\/\/unatc.ro\/devunatc\/?s={search_term_string}"},"query-input":{"@type":"PropertyValueSpecification","valueRequired":true,"valueName":"search_term_string"}}],"inLanguage":"en-US"},{"@type":"Organization","@id":"https:\/\/unatc.ro\/devunatc\/#organization","name":"UNATC","url":"https:\/\/unatc.ro\/devunatc\/","logo":{"@type":"ImageObject","inLanguage":"en-US","@id":"https:\/\/unatc.ro\/devunatc\/#\/schema\/logo\/image\/","url":"https:\/\/unatc.ro\/devunatc\/wp-content\/uploads\/2025\/07\/unatc_logo.png","contentUrl":"https:\/\/unatc.ro\/devunatc\/wp-content\/uploads\/2025\/07\/unatc_logo.png","width":480,"height":469,"caption":"UNATC"},"image":{"@id":"https:\/\/unatc.ro\/devunatc\/#\/schema\/logo\/image\/"},"sameAs":["https:\/\/www.facebook.com\/UNATC.ILC\/","https:\/\/www.youtube.com\/c\/unatcilcaragiale","https:\/\/www.instagram.com\/unatc_ilcaragiale\/?hl=en","https:\/\/www.tiktok.com\/@unatc?lang=en"]}]}},"jetpack_sharing_enabled":true,"_links":{"self":[{"href":"https:\/\/unatc.ro\/devunatc\/wp-json\/wp\/v2\/pages\/989","targetHints":{"allow":["GET"]}}],"collection":[{"href":"https:\/\/unatc.ro\/devunatc\/wp-json\/wp\/v2\/pages"}],"about":[{"href":"https:\/\/unatc.ro\/devunatc\/wp-json\/wp\/v2\/types\/page"}],"author":[{"embeddable":true,"href":"https:\/\/unatc.ro\/devunatc\/wp-json\/wp\/v2\/users\/1"}],"replies":[{"embeddable":true,"href":"https:\/\/unatc.ro\/devunatc\/wp-json\/wp\/v2\/comments?post=989"}],"version-history":[{"count":22,"href":"https:\/\/unatc.ro\/devunatc\/wp-json\/wp\/v2\/pages\/989\/revisions"}],"predecessor-version":[{"id":11849,"href":"https:\/\/unatc.ro\/devunatc\/wp-json\/wp\/v2\/pages\/989\/revisions\/11849"}],"wp:featuredmedia":[{"embeddable":true,"href":"https:\/\/unatc.ro\/devunatc\/wp-json\/wp\/v2\/media\/1230"}],"wp:attachment":[{"href":"https:\/\/unatc.ro\/devunatc\/wp-json\/wp\/v2\/media?parent=989"}],"curies":[{"name":"wp","href":"https:\/\/api.w.org\/{rel}","templated":true}]}}