{"id":5269,"date":"2021-07-19T22:24:21","date_gmt":"2021-07-19T20:24:21","guid":{"rendered":"https:\/\/unatc.ro\/devunatc\/?page_id=5269"},"modified":"2021-07-19T22:42:29","modified_gmt":"2021-07-19T20:42:29","slug":"caravana-unatc-pentru-diaspora-romanii-de-pretutindeni","status":"publish","type":"page","link":"https:\/\/unatc.ro\/devunatc\/agenda-unatc\/caravana-unatc-pentru-diaspora-romanii-de-pretutindeni\/","title":{"rendered":"Caravana UNATC pentru diaspor\u0103 &#038; Rom\u00e2nii de pretutindeni"},"content":{"rendered":"\n<p>Agenda: <strong><em>UNATC Social, UNATC Educa\u021bional<\/em><\/strong><\/p>\n\n\n\n<p>Partener: Departamentul pentru Rom\u00e2nii de Pretutindeni &#8211; Secretarul de stat Oana Ursache<\/p>\n\n\n\n<p>\u00cen data de 2 martie 2021, UNATC a primit vizita Secretarului de stat Oana Ursache \u0219i a echipei sale, reprezent\u00e2nd Departamentul pentru Rom\u00e2nii de Pretutindeni (DRP).<\/p>\n\n\n\n<p>Cele aproape trei ore de dialog au fundamentat proiecte clare \u00eentre cele dou\u0103 institu\u021bii partenere. UNATC se va implica la modul concret \u00een proiectele educa\u021bionale \u0219i culturale destinate rom\u00e2nilor \u0219i copiilor din str\u0103in\u0103tate.<\/p>\n\n\n\n<p>\u00cen cadrul acestei cooper\u0103ri, studen\u021bii \u0219i profesorii Universit\u0103\u021bii Na\u021bionale de Art\u0103 Teatral\u0103 \u0219i Cinematografic\u0103 \u201eI. L. Caragiale\u201d din Bucure\u0219ti doresc s\u0103 le ofere copiilor din diaspora rom\u00e2neasc\u0103 re\u00eent\u00e2lnirea cu limba \u0219i cultura \u021b\u0103rii din care provin.<\/p>\n\n\n\n<p>Actualmente, un membru didactic auxiliar al UNATC, Lix\u0103ndroaia Ioana M\u0103d\u0103lina este deta\u0219at permanent la Departamentul pentru Rom\u00e2nii de Pretutindeni, \u00een scopul familariz\u0103rii cu agenda partenerului \u0219i cu orizonturile culturale ale diasporei rom\u00e2ne\u0219ti.<\/p>\n\n\n\n<p>Parteneriatul cu Departamentul pentru Rom\u00e2nii de Pretutindeni va implica concret alt proiect esen\u021bial al Universit\u0103\u021bii Na\u021bionale de Art\u0103&nbsp;Teatral\u0103&nbsp;\u0219i Cinematografic\u0103&nbsp;\u201eI. L. Caragiale\u201d&nbsp;din Bucure\u0219ti, anume <strong>Caravana UNATC<\/strong>. Proiect \u00eenceput \u00een 2018, Caravana UNATC (Junior) se \u00eencadreaz\u0103 \u00een domeniul echit\u0103\u021bii sociale, \u00een vederea incluziunii sociale \u0219i sporirii accesului la \u00eenv\u0103\u021b\u0103m\u00e2ntul superior, mai ales a persoanelor din medii dezavantajate, corelarea ofertei educa\u021bionale cu cererea pie\u021bei muncii (inclusiv la cele privitoare la consilierea \u0219i orientarea \u00een carier\u0103).&nbsp;<\/p>\n\n\n\n<p>\u00cen cadrul noului public, cel al diasporei rom\u00e2ne\u0219ti, UNATC propune dezvoltarea solu\u021biei mobile, dezvoltate initial (sub forma unei caravane) pentru spatial strict intern, \u00eentr-o platform\u0103 itinerant\u0103, de promovare artistic\u0103 a culturii rom\u00e2ne\u0219ti \u00een toate comunit\u0103\u021bile rom\u00e2ne\u0219ti din str\u0103in\u0103tate.&nbsp;<\/p>\n\n\n\n<p>Solu\u021bia de mobilitate artistic\u0103 a echipei UNATC \u00een comunit\u0103\u021bile rom\u00e2ne\u0219ti din diaspora va necesita <strong>dou\u0103 ma\u0219ini autoutilitare mari sau tir<\/strong>, special <strong>customizate<\/strong> pentru acest proiect. Con\u021bin\u00e2d tot necesarul tehnic \u0219i scenografic necesar, cele dou\u0103 ma\u0219ini vor constitui o adev\u0103rat\u0103 scen\u0103 mobil\u0103, suport obligatoriu pentru acest proiect.<\/p>\n\n\n\n<p><strong>Caravana teatrului pentru diaspor\u0103<\/strong> este un concept de interven\u021bie cultural\u0103, care dezvolt\u0103 elemente testate prin proiectele UNATC Junior (finan\u021bat de Ministerul Educa\u021biei prin Fondul pentru Dezvoltare Institu\u021bional\u0103 2018-2020) \u0219i urm\u0103re\u0219te folosirea mijloacelor \u0219i tehnicilor teatrale \u00een educa\u021bia copiilor din diverse medii sociale. Teatrul aplicat \u00een educa\u021bie se \u00eencadreaz\u0103 \u00een directivele UE privind \u00eembun\u0103t\u0103\u021birea rezultatelor proceselor educa\u021bionale: dezvolt\u0103 competen\u021be socio-emo\u021bionale corespunz\u0103tor strategiilor de \u00eenv\u0103\u021bare 2030, \u00eencurajeaz\u0103 incluziunea social\u0103, detecteaz\u0103 \u0219i poten\u021beaz\u0103 aptitutidini specifice artelor, \u0219i, \u00een acela\u0219i timp, deschide perspective pentru ideea \u0219colii care \u00eenva\u021b\u0103, \u0219coala care se apropie de nevoile individuale ale fiec\u0103ruia, \u0219coala care se adapteaz\u0103 \u0219i renun\u021b\u0103 la tipare \u0219i \u0219abloane educa\u021bionale. Teatrul poate face s\u0103 dispar\u0103 grani\u021bele dintre tineri, prejudec\u0103\u021bile \u0219i \u00eenl\u0103tur\u0103 impresia c\u0103 educa\u021bia se adreseaz\u0103 doar copiilor din familiile \u00eenst\u0103rite.&nbsp;<\/p>\n\n\n\n<p>\u00cen situa\u021bia copiilor pleca\u021bi din \u021bar\u0103 intervine un element cu puternic impact la nivelul psiho-social. Integrarea social\u0103 este un proces foarte dificil c\u0103ruia cu greu \u00eei fac fa\u021b\u0103 copiii \u0219i tinerii rup\u021bi de mediul de provenien\u021b\u0103. \u00cen planul psiho-social al individului aflat \u00eentr-o cultur\u0103 str\u0103in\u0103 se configureaz\u0103 un conflict \u00eentre noua cultur\u0103 \u0219i cea de provenien\u021b\u0103. \u00cen acest context, UNATC propune organizarea unor ateliere de jocuri teatrale care vizeaz\u0103 cunoa\u0219terea elementelor culturii de provenien\u021b\u0103 \u0219i explorarea celor specifice culturii noi \u00een vederea g\u0103sirii unor puncte comune \u0219i cre\u0103rii unei pun\u021bi de comunicare care s\u0103 favorizeze stabilirea noii identit\u0103\u021bi \u0219i integrarea eficient\u0103. \u00cen plus, se urm\u0103re\u0219te gestionarea emo\u021biilor, stimularea \u00eencrederii \u00een sine, se pun bazele unui comportament prosocial, precum \u0219i dezvoltarea creativit\u0103\u021bii ca for\u021b\u0103 generatoare \u00een ac\u021biunile cotidiene.&nbsp;<\/p>\n\n\n\n<p><strong>Caravana UNATC pentru diaspor\u0103<\/strong> este un proiect care va avea urm\u0103toarele activit\u0103\u021bi de baz\u0103, adaptate la fiecare grup de lucru:&nbsp;<\/p>\n\n\n\n<ul class=\"wp-block-list\"><li>Ateliere de jocuri teatrale;&nbsp;<\/li><li>Spectacole de teatru pentru copii;&nbsp;<\/li><\/ul>\n\n\n\n<p>Distribuire de material didactic: c\u0103r\u021bile publicate la editura UNATC Press, cum ar fi: <em>Gramatica prin jocuri teatrale, Mitologia rom\u00e2neasc\u0103 prin jocuri teatrale, Jocuri teatrale. Manual pentru clasele 0-IV, Jocuri teatrale. Manual pentru clasele V-VIII, Jocuri teatrale. Manual pentru clasele IX-XII.<\/em><\/p>\n","protected":false},"excerpt":{"rendered":"<p class=\"no-padding\">Agenda: UNATC Social, UNATC Educa\u021bional Partener: Departamentul pentru Rom\u00e2nii de Pretutindeni &#8211; Secretarul de stat Oana Ursache \u00cen data de&#8230;<\/p>\n","protected":false},"author":1,"featured_media":5274,"parent":5275,"menu_order":0,"comment_status":"closed","ping_status":"closed","template":"template-tab-group-color.php","meta":{"footnotes":""},"class_list":["post-5269","page","type-page","status-publish","has-post-thumbnail","hentry"],"acf":{"galerie_foto":null,"titlu_prezentare_departament":"","text_prezentare_departament":"","alternative_page_title":"","page_contact_email":"pr@unatc.ro"},"yoast_head":"<!-- This site is optimized with the Yoast SEO plugin v27.4 - https:\/\/yoast.com\/product\/yoast-seo-wordpress\/ -->\n<title>Caravana UNATC pentru diaspor\u0103 &amp; Rom\u00e2nii de pretutindeni - UNATC<\/title>\n<meta name=\"robots\" content=\"index, follow, max-snippet:-1, max-image-preview:large, max-video-preview:-1\" \/>\n<link rel=\"canonical\" href=\"https:\/\/unatc.ro\/devunatc\/agenda-unatc\/caravana-unatc-pentru-diaspora-romanii-de-pretutindeni\/\" \/>\n<meta property=\"og:locale\" content=\"en_US\" \/>\n<meta property=\"og:type\" content=\"article\" \/>\n<meta property=\"og:title\" content=\"Caravana UNATC pentru diaspor\u0103 &amp; Rom\u00e2nii de pretutindeni - UNATC\" \/>\n<meta property=\"og:description\" content=\"Agenda: UNATC Social, UNATC Educa\u021bional Partener: Departamentul pentru Rom\u00e2nii de Pretutindeni &#8211; Secretarul de stat Oana Ursache \u00cen data de...\" \/>\n<meta property=\"og:url\" content=\"https:\/\/unatc.ro\/devunatc\/agenda-unatc\/caravana-unatc-pentru-diaspora-romanii-de-pretutindeni\/\" \/>\n<meta property=\"og:site_name\" content=\"UNATC\" \/>\n<meta property=\"article:publisher\" content=\"https:\/\/www.facebook.com\/UNATC.ILC\/\" \/>\n<meta property=\"article:modified_time\" content=\"2021-07-19T20:42:29+00:00\" \/>\n<meta property=\"og:image\" content=\"https:\/\/unatc.ro\/devunatc\/wp-content\/uploads\/2021\/07\/proiecte_default.jpg\" \/>\n\t<meta property=\"og:image:width\" content=\"2400\" \/>\n\t<meta property=\"og:image:height\" content=\"1193\" \/>\n\t<meta property=\"og:image:type\" content=\"image\/jpeg\" \/>\n<meta name=\"twitter:card\" content=\"summary_large_image\" \/>\n<meta name=\"twitter:label1\" content=\"Est. reading time\" \/>\n\t<meta name=\"twitter:data1\" content=\"4 minutes\" \/>\n<script type=\"application\/ld+json\" class=\"yoast-schema-graph\">{\"@context\":\"https:\\\/\\\/schema.org\",\"@graph\":[{\"@type\":\"WebPage\",\"@id\":\"https:\\\/\\\/unatc.ro\\\/devunatc\\\/agenda-unatc\\\/caravana-unatc-pentru-diaspora-romanii-de-pretutindeni\\\/\",\"url\":\"https:\\\/\\\/unatc.ro\\\/devunatc\\\/agenda-unatc\\\/caravana-unatc-pentru-diaspora-romanii-de-pretutindeni\\\/\",\"name\":\"Caravana UNATC pentru diaspor\u0103 & Rom\u00e2nii de pretutindeni - UNATC\",\"isPartOf\":{\"@id\":\"https:\\\/\\\/unatc.ro\\\/devunatc\\\/#website\"},\"primaryImageOfPage\":{\"@id\":\"https:\\\/\\\/unatc.ro\\\/devunatc\\\/agenda-unatc\\\/caravana-unatc-pentru-diaspora-romanii-de-pretutindeni\\\/#primaryimage\"},\"image\":{\"@id\":\"https:\\\/\\\/unatc.ro\\\/devunatc\\\/agenda-unatc\\\/caravana-unatc-pentru-diaspora-romanii-de-pretutindeni\\\/#primaryimage\"},\"thumbnailUrl\":\"https:\\\/\\\/unatc.ro\\\/devunatc\\\/wp-content\\\/uploads\\\/2021\\\/07\\\/proiecte_default.jpg\",\"datePublished\":\"2021-07-19T20:24:21+00:00\",\"dateModified\":\"2021-07-19T20:42:29+00:00\",\"breadcrumb\":{\"@id\":\"https:\\\/\\\/unatc.ro\\\/devunatc\\\/agenda-unatc\\\/caravana-unatc-pentru-diaspora-romanii-de-pretutindeni\\\/#breadcrumb\"},\"inLanguage\":\"en-US\",\"potentialAction\":[{\"@type\":\"ReadAction\",\"target\":[\"https:\\\/\\\/unatc.ro\\\/devunatc\\\/agenda-unatc\\\/caravana-unatc-pentru-diaspora-romanii-de-pretutindeni\\\/\"]}]},{\"@type\":\"ImageObject\",\"inLanguage\":\"en-US\",\"@id\":\"https:\\\/\\\/unatc.ro\\\/devunatc\\\/agenda-unatc\\\/caravana-unatc-pentru-diaspora-romanii-de-pretutindeni\\\/#primaryimage\",\"url\":\"https:\\\/\\\/unatc.ro\\\/devunatc\\\/wp-content\\\/uploads\\\/2021\\\/07\\\/proiecte_default.jpg\",\"contentUrl\":\"https:\\\/\\\/unatc.ro\\\/devunatc\\\/wp-content\\\/uploads\\\/2021\\\/07\\\/proiecte_default.jpg\",\"width\":2400,\"height\":1193},{\"@type\":\"BreadcrumbList\",\"@id\":\"https:\\\/\\\/unatc.ro\\\/devunatc\\\/agenda-unatc\\\/caravana-unatc-pentru-diaspora-romanii-de-pretutindeni\\\/#breadcrumb\",\"itemListElement\":[{\"@type\":\"ListItem\",\"position\":1,\"name\":\"Home\",\"item\":\"https:\\\/\\\/unatc.ro\\\/devunatc\\\/\"},{\"@type\":\"ListItem\",\"position\":2,\"name\":\"Agenda UNATC\",\"item\":\"https:\\\/\\\/unatc.ro\\\/devunatc\\\/agenda-unatc\\\/\"},{\"@type\":\"ListItem\",\"position\":3,\"name\":\"Caravana UNATC pentru diaspor\u0103 &#038; Rom\u00e2nii de pretutindeni\"}]},{\"@type\":\"WebSite\",\"@id\":\"https:\\\/\\\/unatc.ro\\\/devunatc\\\/#website\",\"url\":\"https:\\\/\\\/unatc.ro\\\/devunatc\\\/\",\"name\":\"UNATC\",\"description\":\"\",\"publisher\":{\"@id\":\"https:\\\/\\\/unatc.ro\\\/devunatc\\\/#organization\"},\"potentialAction\":[{\"@type\":\"SearchAction\",\"target\":{\"@type\":\"EntryPoint\",\"urlTemplate\":\"https:\\\/\\\/unatc.ro\\\/devunatc\\\/?s={search_term_string}\"},\"query-input\":{\"@type\":\"PropertyValueSpecification\",\"valueRequired\":true,\"valueName\":\"search_term_string\"}}],\"inLanguage\":\"en-US\"},{\"@type\":\"Organization\",\"@id\":\"https:\\\/\\\/unatc.ro\\\/devunatc\\\/#organization\",\"name\":\"UNATC\",\"url\":\"https:\\\/\\\/unatc.ro\\\/devunatc\\\/\",\"logo\":{\"@type\":\"ImageObject\",\"inLanguage\":\"en-US\",\"@id\":\"https:\\\/\\\/unatc.ro\\\/devunatc\\\/#\\\/schema\\\/logo\\\/image\\\/\",\"url\":\"https:\\\/\\\/unatc.ro\\\/devunatc\\\/wp-content\\\/uploads\\\/2025\\\/07\\\/unatc_logo.png\",\"contentUrl\":\"https:\\\/\\\/unatc.ro\\\/devunatc\\\/wp-content\\\/uploads\\\/2025\\\/07\\\/unatc_logo.png\",\"width\":480,\"height\":469,\"caption\":\"UNATC\"},\"image\":{\"@id\":\"https:\\\/\\\/unatc.ro\\\/devunatc\\\/#\\\/schema\\\/logo\\\/image\\\/\"},\"sameAs\":[\"https:\\\/\\\/www.facebook.com\\\/UNATC.ILC\\\/\",\"https:\\\/\\\/www.youtube.com\\\/c\\\/unatcilcaragiale\",\"https:\\\/\\\/www.instagram.com\\\/unatc_ilcaragiale\\\/?hl=en\",\"https:\\\/\\\/www.tiktok.com\\\/@unatc?lang=en\"]}]}<\/script>\n<!-- \/ Yoast SEO plugin. -->","yoast_head_json":{"title":"Caravana UNATC pentru diaspor\u0103 & Rom\u00e2nii de pretutindeni - UNATC","robots":{"index":"index","follow":"follow","max-snippet":"max-snippet:-1","max-image-preview":"max-image-preview:large","max-video-preview":"max-video-preview:-1"},"canonical":"https:\/\/unatc.ro\/devunatc\/agenda-unatc\/caravana-unatc-pentru-diaspora-romanii-de-pretutindeni\/","og_locale":"en_US","og_type":"article","og_title":"Caravana UNATC pentru diaspor\u0103 & Rom\u00e2nii de pretutindeni - UNATC","og_description":"Agenda: UNATC Social, UNATC Educa\u021bional Partener: Departamentul pentru Rom\u00e2nii de Pretutindeni &#8211; Secretarul de stat Oana Ursache \u00cen data de...","og_url":"https:\/\/unatc.ro\/devunatc\/agenda-unatc\/caravana-unatc-pentru-diaspora-romanii-de-pretutindeni\/","og_site_name":"UNATC","article_publisher":"https:\/\/www.facebook.com\/UNATC.ILC\/","article_modified_time":"2021-07-19T20:42:29+00:00","og_image":[{"width":2400,"height":1193,"url":"https:\/\/unatc.ro\/devunatc\/wp-content\/uploads\/2021\/07\/proiecte_default.jpg","type":"image\/jpeg"}],"twitter_card":"summary_large_image","twitter_misc":{"Est. reading time":"4 minutes"},"schema":{"@context":"https:\/\/schema.org","@graph":[{"@type":"WebPage","@id":"https:\/\/unatc.ro\/devunatc\/agenda-unatc\/caravana-unatc-pentru-diaspora-romanii-de-pretutindeni\/","url":"https:\/\/unatc.ro\/devunatc\/agenda-unatc\/caravana-unatc-pentru-diaspora-romanii-de-pretutindeni\/","name":"Caravana UNATC pentru diaspor\u0103 & Rom\u00e2nii de pretutindeni - UNATC","isPartOf":{"@id":"https:\/\/unatc.ro\/devunatc\/#website"},"primaryImageOfPage":{"@id":"https:\/\/unatc.ro\/devunatc\/agenda-unatc\/caravana-unatc-pentru-diaspora-romanii-de-pretutindeni\/#primaryimage"},"image":{"@id":"https:\/\/unatc.ro\/devunatc\/agenda-unatc\/caravana-unatc-pentru-diaspora-romanii-de-pretutindeni\/#primaryimage"},"thumbnailUrl":"https:\/\/unatc.ro\/devunatc\/wp-content\/uploads\/2021\/07\/proiecte_default.jpg","datePublished":"2021-07-19T20:24:21+00:00","dateModified":"2021-07-19T20:42:29+00:00","breadcrumb":{"@id":"https:\/\/unatc.ro\/devunatc\/agenda-unatc\/caravana-unatc-pentru-diaspora-romanii-de-pretutindeni\/#breadcrumb"},"inLanguage":"en-US","potentialAction":[{"@type":"ReadAction","target":["https:\/\/unatc.ro\/devunatc\/agenda-unatc\/caravana-unatc-pentru-diaspora-romanii-de-pretutindeni\/"]}]},{"@type":"ImageObject","inLanguage":"en-US","@id":"https:\/\/unatc.ro\/devunatc\/agenda-unatc\/caravana-unatc-pentru-diaspora-romanii-de-pretutindeni\/#primaryimage","url":"https:\/\/unatc.ro\/devunatc\/wp-content\/uploads\/2021\/07\/proiecte_default.jpg","contentUrl":"https:\/\/unatc.ro\/devunatc\/wp-content\/uploads\/2021\/07\/proiecte_default.jpg","width":2400,"height":1193},{"@type":"BreadcrumbList","@id":"https:\/\/unatc.ro\/devunatc\/agenda-unatc\/caravana-unatc-pentru-diaspora-romanii-de-pretutindeni\/#breadcrumb","itemListElement":[{"@type":"ListItem","position":1,"name":"Home","item":"https:\/\/unatc.ro\/devunatc\/"},{"@type":"ListItem","position":2,"name":"Agenda UNATC","item":"https:\/\/unatc.ro\/devunatc\/agenda-unatc\/"},{"@type":"ListItem","position":3,"name":"Caravana UNATC pentru diaspor\u0103 &#038; Rom\u00e2nii de pretutindeni"}]},{"@type":"WebSite","@id":"https:\/\/unatc.ro\/devunatc\/#website","url":"https:\/\/unatc.ro\/devunatc\/","name":"UNATC","description":"","publisher":{"@id":"https:\/\/unatc.ro\/devunatc\/#organization"},"potentialAction":[{"@type":"SearchAction","target":{"@type":"EntryPoint","urlTemplate":"https:\/\/unatc.ro\/devunatc\/?s={search_term_string}"},"query-input":{"@type":"PropertyValueSpecification","valueRequired":true,"valueName":"search_term_string"}}],"inLanguage":"en-US"},{"@type":"Organization","@id":"https:\/\/unatc.ro\/devunatc\/#organization","name":"UNATC","url":"https:\/\/unatc.ro\/devunatc\/","logo":{"@type":"ImageObject","inLanguage":"en-US","@id":"https:\/\/unatc.ro\/devunatc\/#\/schema\/logo\/image\/","url":"https:\/\/unatc.ro\/devunatc\/wp-content\/uploads\/2025\/07\/unatc_logo.png","contentUrl":"https:\/\/unatc.ro\/devunatc\/wp-content\/uploads\/2025\/07\/unatc_logo.png","width":480,"height":469,"caption":"UNATC"},"image":{"@id":"https:\/\/unatc.ro\/devunatc\/#\/schema\/logo\/image\/"},"sameAs":["https:\/\/www.facebook.com\/UNATC.ILC\/","https:\/\/www.youtube.com\/c\/unatcilcaragiale","https:\/\/www.instagram.com\/unatc_ilcaragiale\/?hl=en","https:\/\/www.tiktok.com\/@unatc?lang=en"]}]}},"jetpack_sharing_enabled":true,"_links":{"self":[{"href":"https:\/\/unatc.ro\/devunatc\/wp-json\/wp\/v2\/pages\/5269","targetHints":{"allow":["GET"]}}],"collection":[{"href":"https:\/\/unatc.ro\/devunatc\/wp-json\/wp\/v2\/pages"}],"about":[{"href":"https:\/\/unatc.ro\/devunatc\/wp-json\/wp\/v2\/types\/page"}],"author":[{"embeddable":true,"href":"https:\/\/unatc.ro\/devunatc\/wp-json\/wp\/v2\/users\/1"}],"replies":[{"embeddable":true,"href":"https:\/\/unatc.ro\/devunatc\/wp-json\/wp\/v2\/comments?post=5269"}],"version-history":[{"count":2,"href":"https:\/\/unatc.ro\/devunatc\/wp-json\/wp\/v2\/pages\/5269\/revisions"}],"predecessor-version":[{"id":5271,"href":"https:\/\/unatc.ro\/devunatc\/wp-json\/wp\/v2\/pages\/5269\/revisions\/5271"}],"up":[{"embeddable":true,"href":"https:\/\/unatc.ro\/devunatc\/wp-json\/wp\/v2\/pages\/5275"}],"wp:featuredmedia":[{"embeddable":true,"href":"https:\/\/unatc.ro\/devunatc\/wp-json\/wp\/v2\/media\/5274"}],"wp:attachment":[{"href":"https:\/\/unatc.ro\/devunatc\/wp-json\/wp\/v2\/media?parent=5269"}],"curies":[{"name":"wp","href":"https:\/\/api.w.org\/{rel}","templated":true}]}}