{"id":23,"date":"2018-07-31T08:55:39","date_gmt":"2018-07-31T08:55:39","guid":{"rendered":"https:\/\/unatc.ro\/devunatc?page_id=23"},"modified":"2025-11-02T13:55:32","modified_gmt":"2025-11-02T11:55:32","slug":"erasmus-pentru-cadre-didactice","status":"publish","type":"page","link":"https:\/\/unatc.ro\/devunatc\/erasmus\/erasmus-pentru-cadre-didactice\/","title":{"rendered":"Erasmus pentru staff (Predare sau formare)"},"content":{"rendered":"\n<h2 class=\"wp-block-heading\"><strong>Mobilit\u0103\u021bi de predare sau de formare ale personalului universitar (STA &#8211; Staff Mobility for Teaching and STT- Staff Mobility for Training)&nbsp;<\/strong><\/h2>\n\n\n\n<p>Erasmus + ofer\u0103 oportunit\u0103\u0163i de predare pentru personalul din institu\u0163iile de \u00eenv\u0103\u0163\u0103m\u00e2nt superior \u015fi pentru personalul invitat din \u00eentreprinderi (STA). Oportunit\u0103\u021bi de formare sunt, de asemenea, disponibile pentru personalul didactic \u0219i nedidactic angajat \u00eentr-o institu\u021bie de \u00eenv\u0103\u021b\u0103m\u00e2nt superior. Mobilitatea Erasmus+ de formare a oric\u0103rui membru al personalului universitar (STT) reprezint\u0103 o perioad\u0103 de formare relevant\u0103 pentru activitatea sa profesional\u0103 de zi cu zi, efectuat\u0103 \u00een str\u0103in\u0103tate la o institu\u021bie de \u00eenv\u0103\u021b\u0103m\u00e2nt superior, \u0219i poate lua forma unor evenimente de formare sau de job shadowing.<\/p>\n\n\n\n<h3 class=\"wp-block-heading\"><strong>Mobilit\u0103\u021bi de predare sau de formare ale personalului universitar<\/strong><\/h3>\n\n\n\n<figure class=\"wp-block-table\"><table class=\"has-fixed-layout\"><tbody><tr><td><strong>\u0162ara de destina\u0163ie<\/strong><\/td><td><strong>Mobilitatea personalului (Euro\/ zi)<\/strong><\/td><\/tr><tr><td>State membre UE \u0219i \u021b\u0103ri ter\u021be asociate programului: Austria, Belgia, Danemarca, Finlanda, Fran\u0163a, Germania, Irlanda, Islanda, Italia, Liechtenstein, Luxemburg, Norvegia, Suedia, \u021a\u0103rile de Jos \u021a\u0103ri ter\u021be care nu sunt asociate la program \u2013 Regiunile 1 \u2013 3 \u0219i 5 \u201314 (except\u00e2nd Belarus \u0219i Rusia)<\/td><td><br><br>190<\/td><\/tr><tr><td>State membre UE \u0219i \u021b\u0103ri ter\u021be asociate programului: Cehia, Cipru, Estonia, Grecia, Letonia, Malta, Portugalia, Slovacia, Slovenia, Spania<\/td><td><br>170<\/td><\/tr><tr><td>State membre UE \u0219i \u021b\u0103ri ter\u021be asociate programului: Bulgaria, Croa\u021bia, Lituania, Macedonia de Nord, Polonia, Serbia, Ungaria, Turcia Rom\u00e2nia (mobilit\u0103\u0163i dinspre statele membre UE, \u021b\u0103ri ter\u021be asociate programului \u0219i \u021b\u0103ri ter\u021be care nu sunt asociate programului din Regiunile 1 \u2013 3 \u0219i 5 \u201312, except\u00e2nd Belarus \u0219i Rusia)<\/td><td><br><br>148<\/td><\/tr><\/tbody><\/table><\/figure>\n\n\n\n<p><strong>NOT\u0102:<\/strong> Sumele precizate \u00een tabel se vor acorda dup\u0103 cum urmeaz\u0103: &#8211; p\u00e2n\u0103 la cea de-a 14-a zi finan\u021bat\u0103, se acord\u0103 100% din suma\/zi; &#8211; \u00eencep\u00e2nd cu cea de-a 15 zi finan\u021bat\u0103, se acord\u0103 70% din suma\/zi.<\/p>\n\n\n\n<h3 class=\"wp-block-heading\"><strong>Sprijin pentru transport (Travel Support):<\/strong><\/h3>\n\n\n\n<p>\u00cen func\u021bie de distan\u021ba dintre Bucure\u0219ti \u0219i localitatea institu\u021biei-gazd\u0103, participan\u021bii pot primi un suport de transport unic, conform grilei oficiale Erasmus+:<\/p>\n\n\n\n<figure class=\"wp-block-table\"><table class=\"has-fixed-layout\"><tbody><tr><td><strong>Distan\u021b\u0103<\/strong><\/td><td><strong>Transport ecologic (autocar, tren, vapor, carpooling etc.)<\/strong><\/td><td><strong>Transport normal (avion, ma\u0219in\u0103)<\/strong><\/td><\/tr><tr><td>10 &#8211; 99 km<\/td><td>56 \u20ac<\/td><td>28 \u20ac<\/td><\/tr><tr><td>100 &#8211; 499 km<\/td><td>285 \u20ac<\/td><td>211 \u20ac<\/td><\/tr><tr><td>500 &#8211; 1999 km<\/td><td>417 \u20ac<\/td><td>309 \u20ac<\/td><\/tr><tr><td>2000 &#8211; 2999 km<\/td><td>535 \u20ac<\/td><td>395 \u20ac<\/td><\/tr><tr><td>3000 &#8211; 3999 km<\/td><td>785 \u20ac<\/td><td>580 \u20ac<\/td><\/tr><tr><td>4000 &#8211; 7999 km<\/td><td>1188 \u20ac<\/td><td>1188 \u20ac<\/td><\/tr><tr><td>8000 km or more<\/td><td>1735 \u20ac<\/td><td>1735 \u20ac<\/td><\/tr><\/tbody><\/table><\/figure>\n\n\n\n<p>Green Travel: se aplic\u0103 participan\u021bilor care aleg mijloace de transport sustenabile (tren, autocar, carpooling). Ace\u0219tia pot primi \u0219i p\u00e2n\u0103 la 4 zile adi\u021bionale de finan\u021bare pentru durata c\u0103l\u0103toriei.<\/p>\n","protected":false},"excerpt":{"rendered":"<p class=\"no-padding\">Mobilit\u0103\u021bi de predare sau de formare ale personalului universitar (STA &#8211; Staff Mobility for Teaching and STT- Staff Mobility for&#8230;<\/p>\n","protected":false},"author":1,"featured_media":1232,"parent":19,"menu_order":0,"comment_status":"closed","ping_status":"closed","template":"template-tab-group.php","meta":{"footnotes":""},"class_list":["post-23","page","type-page","status-publish","has-post-thumbnail","hentry"],"acf":{"galerie_foto":null,"alternative_page_title":"","page_contact_email":"erasmus@unatc.ro"},"yoast_head":"<!-- This site is optimized with the Yoast SEO plugin v27.4 - https:\/\/yoast.com\/product\/yoast-seo-wordpress\/ -->\n<title>Erasmus pentru staff (Predare sau formare) - UNATC<\/title>\n<meta name=\"robots\" content=\"index, follow, max-snippet:-1, max-image-preview:large, max-video-preview:-1\" \/>\n<link rel=\"canonical\" href=\"https:\/\/unatc.ro\/devunatc\/erasmus\/erasmus-pentru-cadre-didactice\/\" \/>\n<meta property=\"og:locale\" content=\"en_US\" \/>\n<meta property=\"og:type\" content=\"article\" \/>\n<meta property=\"og:title\" content=\"Erasmus pentru staff (Predare sau formare) - UNATC\" \/>\n<meta property=\"og:description\" content=\"Mobilit\u0103\u021bi de predare sau de formare ale personalului universitar (STA &#8211; Staff Mobility for Teaching and STT- Staff Mobility for...\" \/>\n<meta property=\"og:url\" content=\"https:\/\/unatc.ro\/devunatc\/erasmus\/erasmus-pentru-cadre-didactice\/\" \/>\n<meta property=\"og:site_name\" content=\"UNATC\" \/>\n<meta property=\"article:publisher\" content=\"https:\/\/www.facebook.com\/UNATC.ILC\/\" \/>\n<meta property=\"article:modified_time\" content=\"2025-11-02T11:55:32+00:00\" \/>\n<meta property=\"og:image\" content=\"https:\/\/unatc.ro\/devunatc\/wp-content\/uploads\/2020\/10\/rel-internationale-scaled.jpg\" \/>\n\t<meta property=\"og:image:width\" content=\"2560\" \/>\n\t<meta property=\"og:image:height\" content=\"917\" \/>\n\t<meta property=\"og:image:type\" content=\"image\/jpeg\" \/>\n<meta name=\"twitter:card\" content=\"summary_large_image\" \/>\n<meta name=\"twitter:label1\" content=\"Est. reading time\" \/>\n\t<meta name=\"twitter:data1\" content=\"2 minutes\" \/>\n<script type=\"application\/ld+json\" class=\"yoast-schema-graph\">{\"@context\":\"https:\\\/\\\/schema.org\",\"@graph\":[{\"@type\":\"WebPage\",\"@id\":\"https:\\\/\\\/unatc.ro\\\/devunatc\\\/erasmus\\\/erasmus-pentru-cadre-didactice\\\/\",\"url\":\"https:\\\/\\\/unatc.ro\\\/devunatc\\\/erasmus\\\/erasmus-pentru-cadre-didactice\\\/\",\"name\":\"Erasmus pentru staff (Predare sau formare) - UNATC\",\"isPartOf\":{\"@id\":\"https:\\\/\\\/unatc.ro\\\/devunatc\\\/#website\"},\"primaryImageOfPage\":{\"@id\":\"https:\\\/\\\/unatc.ro\\\/devunatc\\\/erasmus\\\/erasmus-pentru-cadre-didactice\\\/#primaryimage\"},\"image\":{\"@id\":\"https:\\\/\\\/unatc.ro\\\/devunatc\\\/erasmus\\\/erasmus-pentru-cadre-didactice\\\/#primaryimage\"},\"thumbnailUrl\":\"https:\\\/\\\/unatc.ro\\\/devunatc\\\/wp-content\\\/uploads\\\/2020\\\/10\\\/rel-internationale-scaled.jpg\",\"datePublished\":\"2018-07-31T08:55:39+00:00\",\"dateModified\":\"2025-11-02T11:55:32+00:00\",\"breadcrumb\":{\"@id\":\"https:\\\/\\\/unatc.ro\\\/devunatc\\\/erasmus\\\/erasmus-pentru-cadre-didactice\\\/#breadcrumb\"},\"inLanguage\":\"en-US\",\"potentialAction\":[{\"@type\":\"ReadAction\",\"target\":[\"https:\\\/\\\/unatc.ro\\\/devunatc\\\/erasmus\\\/erasmus-pentru-cadre-didactice\\\/\"]}]},{\"@type\":\"ImageObject\",\"inLanguage\":\"en-US\",\"@id\":\"https:\\\/\\\/unatc.ro\\\/devunatc\\\/erasmus\\\/erasmus-pentru-cadre-didactice\\\/#primaryimage\",\"url\":\"https:\\\/\\\/unatc.ro\\\/devunatc\\\/wp-content\\\/uploads\\\/2020\\\/10\\\/rel-internationale-scaled.jpg\",\"contentUrl\":\"https:\\\/\\\/unatc.ro\\\/devunatc\\\/wp-content\\\/uploads\\\/2020\\\/10\\\/rel-internationale-scaled.jpg\",\"width\":2560,\"height\":917,\"caption\":\"UNATC International\"},{\"@type\":\"BreadcrumbList\",\"@id\":\"https:\\\/\\\/unatc.ro\\\/devunatc\\\/erasmus\\\/erasmus-pentru-cadre-didactice\\\/#breadcrumb\",\"itemListElement\":[{\"@type\":\"ListItem\",\"position\":1,\"name\":\"Home\",\"item\":\"https:\\\/\\\/unatc.ro\\\/devunatc\\\/\"},{\"@type\":\"ListItem\",\"position\":2,\"name\":\"Erasmus+\",\"item\":\"https:\\\/\\\/unatc.ro\\\/devunatc\\\/erasmus\\\/\"},{\"@type\":\"ListItem\",\"position\":3,\"name\":\"Erasmus pentru staff (Predare sau formare)\"}]},{\"@type\":\"WebSite\",\"@id\":\"https:\\\/\\\/unatc.ro\\\/devunatc\\\/#website\",\"url\":\"https:\\\/\\\/unatc.ro\\\/devunatc\\\/\",\"name\":\"UNATC\",\"description\":\"\",\"publisher\":{\"@id\":\"https:\\\/\\\/unatc.ro\\\/devunatc\\\/#organization\"},\"potentialAction\":[{\"@type\":\"SearchAction\",\"target\":{\"@type\":\"EntryPoint\",\"urlTemplate\":\"https:\\\/\\\/unatc.ro\\\/devunatc\\\/?s={search_term_string}\"},\"query-input\":{\"@type\":\"PropertyValueSpecification\",\"valueRequired\":true,\"valueName\":\"search_term_string\"}}],\"inLanguage\":\"en-US\"},{\"@type\":\"Organization\",\"@id\":\"https:\\\/\\\/unatc.ro\\\/devunatc\\\/#organization\",\"name\":\"UNATC\",\"url\":\"https:\\\/\\\/unatc.ro\\\/devunatc\\\/\",\"logo\":{\"@type\":\"ImageObject\",\"inLanguage\":\"en-US\",\"@id\":\"https:\\\/\\\/unatc.ro\\\/devunatc\\\/#\\\/schema\\\/logo\\\/image\\\/\",\"url\":\"https:\\\/\\\/unatc.ro\\\/devunatc\\\/wp-content\\\/uploads\\\/2025\\\/07\\\/unatc_logo.png\",\"contentUrl\":\"https:\\\/\\\/unatc.ro\\\/devunatc\\\/wp-content\\\/uploads\\\/2025\\\/07\\\/unatc_logo.png\",\"width\":480,\"height\":469,\"caption\":\"UNATC\"},\"image\":{\"@id\":\"https:\\\/\\\/unatc.ro\\\/devunatc\\\/#\\\/schema\\\/logo\\\/image\\\/\"},\"sameAs\":[\"https:\\\/\\\/www.facebook.com\\\/UNATC.ILC\\\/\",\"https:\\\/\\\/www.youtube.com\\\/c\\\/unatcilcaragiale\",\"https:\\\/\\\/www.instagram.com\\\/unatc_ilcaragiale\\\/?hl=en\",\"https:\\\/\\\/www.tiktok.com\\\/@unatc?lang=en\"]}]}<\/script>\n<!-- \/ Yoast SEO plugin. -->","yoast_head_json":{"title":"Erasmus pentru staff (Predare sau formare) - UNATC","robots":{"index":"index","follow":"follow","max-snippet":"max-snippet:-1","max-image-preview":"max-image-preview:large","max-video-preview":"max-video-preview:-1"},"canonical":"https:\/\/unatc.ro\/devunatc\/erasmus\/erasmus-pentru-cadre-didactice\/","og_locale":"en_US","og_type":"article","og_title":"Erasmus pentru staff (Predare sau formare) - UNATC","og_description":"Mobilit\u0103\u021bi de predare sau de formare ale personalului universitar (STA &#8211; Staff Mobility for Teaching and STT- Staff Mobility for...","og_url":"https:\/\/unatc.ro\/devunatc\/erasmus\/erasmus-pentru-cadre-didactice\/","og_site_name":"UNATC","article_publisher":"https:\/\/www.facebook.com\/UNATC.ILC\/","article_modified_time":"2025-11-02T11:55:32+00:00","og_image":[{"width":2560,"height":917,"url":"https:\/\/unatc.ro\/devunatc\/wp-content\/uploads\/2020\/10\/rel-internationale-scaled.jpg","type":"image\/jpeg"}],"twitter_card":"summary_large_image","twitter_misc":{"Est. reading time":"2 minutes"},"schema":{"@context":"https:\/\/schema.org","@graph":[{"@type":"WebPage","@id":"https:\/\/unatc.ro\/devunatc\/erasmus\/erasmus-pentru-cadre-didactice\/","url":"https:\/\/unatc.ro\/devunatc\/erasmus\/erasmus-pentru-cadre-didactice\/","name":"Erasmus pentru staff (Predare sau formare) - UNATC","isPartOf":{"@id":"https:\/\/unatc.ro\/devunatc\/#website"},"primaryImageOfPage":{"@id":"https:\/\/unatc.ro\/devunatc\/erasmus\/erasmus-pentru-cadre-didactice\/#primaryimage"},"image":{"@id":"https:\/\/unatc.ro\/devunatc\/erasmus\/erasmus-pentru-cadre-didactice\/#primaryimage"},"thumbnailUrl":"https:\/\/unatc.ro\/devunatc\/wp-content\/uploads\/2020\/10\/rel-internationale-scaled.jpg","datePublished":"2018-07-31T08:55:39+00:00","dateModified":"2025-11-02T11:55:32+00:00","breadcrumb":{"@id":"https:\/\/unatc.ro\/devunatc\/erasmus\/erasmus-pentru-cadre-didactice\/#breadcrumb"},"inLanguage":"en-US","potentialAction":[{"@type":"ReadAction","target":["https:\/\/unatc.ro\/devunatc\/erasmus\/erasmus-pentru-cadre-didactice\/"]}]},{"@type":"ImageObject","inLanguage":"en-US","@id":"https:\/\/unatc.ro\/devunatc\/erasmus\/erasmus-pentru-cadre-didactice\/#primaryimage","url":"https:\/\/unatc.ro\/devunatc\/wp-content\/uploads\/2020\/10\/rel-internationale-scaled.jpg","contentUrl":"https:\/\/unatc.ro\/devunatc\/wp-content\/uploads\/2020\/10\/rel-internationale-scaled.jpg","width":2560,"height":917,"caption":"UNATC International"},{"@type":"BreadcrumbList","@id":"https:\/\/unatc.ro\/devunatc\/erasmus\/erasmus-pentru-cadre-didactice\/#breadcrumb","itemListElement":[{"@type":"ListItem","position":1,"name":"Home","item":"https:\/\/unatc.ro\/devunatc\/"},{"@type":"ListItem","position":2,"name":"Erasmus+","item":"https:\/\/unatc.ro\/devunatc\/erasmus\/"},{"@type":"ListItem","position":3,"name":"Erasmus pentru staff (Predare sau formare)"}]},{"@type":"WebSite","@id":"https:\/\/unatc.ro\/devunatc\/#website","url":"https:\/\/unatc.ro\/devunatc\/","name":"UNATC","description":"","publisher":{"@id":"https:\/\/unatc.ro\/devunatc\/#organization"},"potentialAction":[{"@type":"SearchAction","target":{"@type":"EntryPoint","urlTemplate":"https:\/\/unatc.ro\/devunatc\/?s={search_term_string}"},"query-input":{"@type":"PropertyValueSpecification","valueRequired":true,"valueName":"search_term_string"}}],"inLanguage":"en-US"},{"@type":"Organization","@id":"https:\/\/unatc.ro\/devunatc\/#organization","name":"UNATC","url":"https:\/\/unatc.ro\/devunatc\/","logo":{"@type":"ImageObject","inLanguage":"en-US","@id":"https:\/\/unatc.ro\/devunatc\/#\/schema\/logo\/image\/","url":"https:\/\/unatc.ro\/devunatc\/wp-content\/uploads\/2025\/07\/unatc_logo.png","contentUrl":"https:\/\/unatc.ro\/devunatc\/wp-content\/uploads\/2025\/07\/unatc_logo.png","width":480,"height":469,"caption":"UNATC"},"image":{"@id":"https:\/\/unatc.ro\/devunatc\/#\/schema\/logo\/image\/"},"sameAs":["https:\/\/www.facebook.com\/UNATC.ILC\/","https:\/\/www.youtube.com\/c\/unatcilcaragiale","https:\/\/www.instagram.com\/unatc_ilcaragiale\/?hl=en","https:\/\/www.tiktok.com\/@unatc?lang=en"]}]}},"jetpack_sharing_enabled":true,"_links":{"self":[{"href":"https:\/\/unatc.ro\/devunatc\/wp-json\/wp\/v2\/pages\/23","targetHints":{"allow":["GET"]}}],"collection":[{"href":"https:\/\/unatc.ro\/devunatc\/wp-json\/wp\/v2\/pages"}],"about":[{"href":"https:\/\/unatc.ro\/devunatc\/wp-json\/wp\/v2\/types\/page"}],"author":[{"embeddable":true,"href":"https:\/\/unatc.ro\/devunatc\/wp-json\/wp\/v2\/users\/1"}],"replies":[{"embeddable":true,"href":"https:\/\/unatc.ro\/devunatc\/wp-json\/wp\/v2\/comments?post=23"}],"version-history":[{"count":4,"href":"https:\/\/unatc.ro\/devunatc\/wp-json\/wp\/v2\/pages\/23\/revisions"}],"predecessor-version":[{"id":15841,"href":"https:\/\/unatc.ro\/devunatc\/wp-json\/wp\/v2\/pages\/23\/revisions\/15841"}],"up":[{"embeddable":true,"href":"https:\/\/unatc.ro\/devunatc\/wp-json\/wp\/v2\/pages\/19"}],"wp:featuredmedia":[{"embeddable":true,"href":"https:\/\/unatc.ro\/devunatc\/wp-json\/wp\/v2\/media\/1232"}],"wp:attachment":[{"href":"https:\/\/unatc.ro\/devunatc\/wp-json\/wp\/v2\/media?parent=23"}],"curies":[{"name":"wp","href":"https:\/\/api.w.org\/{rel}","templated":true}]}}