{"id":14718,"date":"2025-03-18T11:08:22","date_gmt":"2025-03-18T09:08:22","guid":{"rendered":"https:\/\/unatc.ro\/devunatc\/?page_id=14718"},"modified":"2025-03-28T12:01:44","modified_gmt":"2025-03-28T10:01:44","slug":"usi-deschise-unatc-2025","status":"publish","type":"page","link":"https:\/\/unatc.ro\/devunatc\/usi-deschise-unatc-2025\/","title":{"rendered":"\u201eU\u0219i Deschise\u201d UNATC \u2013  2025"},"content":{"rendered":"\n<figure class=\"wp-block-image size-full\"><img loading=\"lazy\" decoding=\"async\" width=\"3840\" height=\"2160\" src=\"https:\/\/unatc.ro\/devunatc\/wp-content\/uploads\/2025\/03\/DESCHIDERE_UNACT_2025_USI_DESCHISEcover.webp\" alt=\"\" class=\"wp-image-14743\" srcset=\"https:\/\/unatc.ro\/devunatc\/wp-content\/uploads\/2025\/03\/DESCHIDERE_UNACT_2025_USI_DESCHISEcover.webp 3840w, https:\/\/unatc.ro\/devunatc\/wp-content\/uploads\/2025\/03\/DESCHIDERE_UNACT_2025_USI_DESCHISEcover-150x84.webp 150w, https:\/\/unatc.ro\/devunatc\/wp-content\/uploads\/2025\/03\/DESCHIDERE_UNACT_2025_USI_DESCHISEcover-2048x1152.webp 2048w\" sizes=\"auto, (max-width: 3840px) 100vw, 3840px\" \/><\/figure>\n\n\n\n<div style=\"height:100px\" aria-hidden=\"true\" class=\"wp-block-spacer\"><\/div>\n\n\n\n<figure class=\"wp-block-embed is-type-video is-provider-youtube wp-block-embed-youtube wp-embed-aspect-16-9 wp-has-aspect-ratio\"><div class=\"wp-block-embed__wrapper\">\n<div class=\"jetpack-video-wrapper\"><iframe loading=\"lazy\" title=\"Vino la U\u0219i deschise UNATC (27-29 martie 2025)\" width=\"640\" height=\"360\" src=\"https:\/\/www.youtube.com\/embed\/7fe3DjxPa6M?feature=oembed&#038;modestbranding=1&#038;showinfo=0&#038;rel=0\" frameborder=\"0\" allow=\"accelerometer; autoplay; clipboard-write; encrypted-media; gyroscope; picture-in-picture; web-share\" referrerpolicy=\"strict-origin-when-cross-origin\" allowfullscreen><\/iframe><\/div>\n<\/div><\/figure>\n\n\n\n<div style=\"height:100px\" aria-hidden=\"true\" class=\"wp-block-spacer\"><\/div>\n\n\n\n<div class=\"wp-block-unatc-blocks-file fileRow\"><div class=\"fileWrapper\"><div class=\"fileText\"><a href=\"https:\/\/unatc.ro\/devunatc\/wp-content\/uploads\/2025\/03\/Usi-Deschise-UNATC-27-29-martie-2025-1.pdf\" target=\"_blank\" title=\"Actualizare 28.03.2025, ora 11:53\" rel=\"noopener\"><span class=\"nameFile\">Actualizare 28.03.2025, ora 11:53<\/span><span class=\"captionFile\"><strong>Descarc\u0103 programul U\u0219i Deschise<\/strong><\/span><\/a><\/div><a class=\"fileDownloadBtn\" href=\"https:\/\/unatc.ro\/devunatc\/wp-content\/uploads\/2025\/03\/Usi-Deschise-UNATC-27-29-martie-2025-1.pdf\" target=\"_blank\" rel=\"noopener\" title=\"Actualizare 28.03.2025, ora 11:53\">Descarc\u0103 fi\u0219ierul<\/a><\/div><\/div>\n\n\n\n<div style=\"height:100px\" aria-hidden=\"true\" class=\"wp-block-spacer\"><\/div>\n\n\n\n<div class=\"wp-block-incas-blocks-section\"><svg xmlns=\"http:\/\/www.w3.org\/2000\/svg\" viewBox=\"0 0 448 448\" width=\"30\" height=\"30\"><circle cx=\"224.46\" cy=\"224.46\" r=\"224.46\" fill=\"#f54634\"><\/circle><\/svg><div class=\"columns\"><div class=\"section-heading\"><p class=\"section-heading-title\"><strong><strong>Joi &#8211; 27 martie<\/strong><\/strong><\/p><div class=\"section-heading-subtitle\"><\/div><\/div><\/div><\/div>\n\n\n\n<div class=\"wp-block-incas-blocks-section\"><svg xmlns=\"http:\/\/www.w3.org\/2000\/svg\" viewBox=\"0 0 448 448\" width=\"30\" height=\"30\"><circle cx=\"224.46\" cy=\"224.46\" r=\"224.46\" fill=\"#f54634\"><\/circle><\/svg><div class=\"columns\"><div class=\"section-heading\"><p class=\"section-heading-title\"><strong>Arta actorului<\/strong><\/p><div class=\"section-heading-subtitle\"><strong><em>Licen\u021b\u0103 &#8211; Facultatea de Teatru<\/em><\/strong><\/div><\/div><\/div><\/div>\n\n\n\n<div class=\"wp-block-incas-blocks-collapse\"><div class=\"columns heading-title undefined\"><blockquote class=\"flex-heading\"><div class=\"expand-bar\"><\/div><p class=\"block-heading-title\">Program<\/p><div class=\"block-heading-subtitle\"><strong>Joi &#8211; 27 martie<\/strong><\/div><\/blockquote><\/div><div class=\"collapse-body\"><p class=\"highlight-body\"><\/p><div class=\"wp-block-incas-blocks-collapse\">\n<p class=\"template-defaultBlock\"><strong><em>Arta Actorului<\/em><\/strong><strong><em> (Curs &#8211; Tehnic\u0103 vocal\u0103)<\/em><\/strong><strong><em><br><\/em><\/strong><strong><em> <\/em><\/strong>Anul III, gr. B, coordonator: conf. univ. dr. Monica Ciut\u0103<\/p>\n\n\n\n<p><strong>10.00 &#8211; 11.00<\/strong><strong>, <\/strong>Sala 307 A, Sediul UNATC &#8211; Str. Matei Voievod nr. 75-77<\/p>\n\n\n\n<p><strong><em>Arta Actorului<\/em><\/strong><strong><em> (Curs &#8211; Arta Actorului)<\/em><\/strong><strong><em><br><\/em><\/strong> Anul III, gr. D, coordonator: conf. univ. dr. \u0218tefana Samfira<\/p>\n\n\n\n<p><strong>11.00 &#8211; 12.00<\/strong><strong>, <\/strong>Sala Pod Alb, Sediul UNATC &#8211; Str. Matei Voievod nr. 75-77<\/p>\n\n\n\n<p><strong><em>Arta Actorului<\/em><\/strong><strong><em> (Curs &#8211; Arta Actorului)<\/em><\/strong><strong><em><br><\/em><\/strong><strong><em> <\/em><\/strong>Anul II, gr. D, coordonator: prof. univ. dr. Bogdana Darie<\/p>\n\n\n\n<p><strong>11.00 &#8211; 12.00<\/strong><strong>, <\/strong>Sala 306A, Sediul UNATC &#8211; Str. Matei Voievod nr. 75-77<\/p>\n\n\n\n<p><strong><em>Arta Actorului<\/em><\/strong><strong><em> (Curs &#8211; Arta Actorului)<\/em><\/strong><strong><em><br><\/em><\/strong>Anul III, gr. C, coordonatori: conf. univ. dr. Mihaela Be\u0163iu, lect. univ. dr. Ioana Barbu<\/p>\n\n\n\n<p><strong>12.00 &#8211; 13.00<\/strong><strong>, <\/strong>Sala Pod Negru, Sediul UNATC &#8211; Str. Matei Voievod nr. 75-77<\/p>\n\n\n\n<p><strong><em>Arta Actorului<\/em><\/strong><strong><em> (Curs &#8211; Tehnic\u0103 vocal\u0103)<\/em><\/strong><strong><em><br><\/em><\/strong><strong> <\/strong>Anul III, gr. D, coordonator: conf. univ. dr. Monica Ciut\u0103<\/p>\n\n\n\n<p><strong>15.00 &#8211; 16.00<\/strong><strong>, <\/strong>Sala 307 A, Sediul UNATC &#8211; Str. Matei Voievod nr. 75-77<\/p>\n\n\n\n<p><strong><em>Arta Actorului<\/em><\/strong><strong><em> (Curs &#8211; Arta Actorului)<\/em><\/strong><strong><em><br><\/em><\/strong>Anul III, gr. A, coordonatori: prof. univ. dr. Mircea Gheorghiu, lect. univ. dr. Raluca Di\u0163\u0103<\/p>\n\n\n\n<p><strong>16.00 &#8211; 17.00<\/strong><strong>, <\/strong>Sala Pod Alb, Sediul UNATC &#8211; Str. Matei Voievod nr. 75-77<\/p>\n\n\n\n<p><strong><em>Arta Actorului<\/em><\/strong><strong><em> (Curs &#8211; Arta Actorului)<\/em><\/strong><strong><em><br><\/em><\/strong>Anul III, gr. B, coordonatori: conf. univ. dr. Andreea Vulpe, lect. univ. dr. Florin Grigora\u015f<\/p>\n\n\n\n<p class=\"template-defaultBlock\"><strong>17.00 &#8211; 18.00<\/strong><strong>, S<\/strong>ala Pod Negru, Sediul UNATC &#8211; Str. Matei Voievod nr. 75-77<\/p>\n<\/div><\/div><\/div>\n\n\n\n<div class=\"wp-block-incas-blocks-section\"><svg xmlns=\"http:\/\/www.w3.org\/2000\/svg\" viewBox=\"0 0 448 448\" width=\"30\" height=\"30\"><circle cx=\"224.46\" cy=\"224.46\" r=\"224.46\" fill=\"#f54634\"><\/circle><\/svg><div class=\"columns\"><div class=\"section-heading\"><p class=\"section-heading-title\"><strong><strong>Pedagogie Teatral\u0103<\/strong><\/strong><\/p><div class=\"section-heading-subtitle\"><strong><em><em><em>Masterat &#8211; Facultatea de Teatru<\/em><\/em><\/em><\/strong><\/div><\/div><\/div><\/div>\n\n\n\n<div class=\"wp-block-incas-blocks-collapse\"><div class=\"columns heading-title undefined\"><blockquote class=\"flex-heading\"><div class=\"expand-bar\"><\/div><p class=\"block-heading-title\">Program<\/p><div class=\"block-heading-subtitle\"><strong>Joi &#8211; 27 martie<\/strong><\/div><\/blockquote><\/div><div class=\"collapse-body\"><p class=\"highlight-body\"><\/p><div class=\"wp-block-incas-blocks-collapse\">\n<p class=\"template-defaultBlock\"><strong>Pedagogie teatral\u0103<\/strong><\/p>\n\n\n\n<p><strong><em>Jocuri Teatrale<\/em><\/strong><em>&nbsp;(Atelier)<\/em><strong><br><\/strong>Pedagogie teatral\u0103, anul I, coordonator: conf.univ.dr. Cristina Briciu<\/p>\n\n\n\n<p class=\"template-defaultBlock\">Formular \u00eenscrieri:&nbsp;<a href=\"https:\/\/forms.gle\/J1DF1Z1AgWTRDcye9\" target=\"_blank\" rel=\"noreferrer noopener\">https:\/\/forms.gle\/J1DF1Z1AgWTRDcye9<\/a><\/p>\n\n\n\n<p class=\"template-defaultBlock\"><strong>12.00-14.00<\/strong>,&nbsp;Sala Multifunc\u021bional\u0103<\/p>\n<\/div><\/div><\/div>\n\n\n\n<div class=\"wp-block-group\"><div class=\"wp-block-group__inner-container is-layout-constrained wp-block-group-is-layout-constrained\">\n<div class=\"wp-block-incas-blocks-section\"><svg xmlns=\"http:\/\/www.w3.org\/2000\/svg\" viewBox=\"0 0 448 448\" width=\"30\" height=\"30\"><circle cx=\"224.46\" cy=\"224.46\" r=\"224.46\" fill=\"#f54634\"><\/circle><\/svg><div class=\"columns\"><div class=\"section-heading\"><p class=\"section-heading-title\"><strong><strong><strong>CHATROOM<\/strong><\/strong><\/strong><\/p><div class=\"section-heading-subtitle\"><strong><em><em><em><strong><em>Spectacol<\/em><\/strong><\/em><\/em><\/em><\/strong><\/div><\/div><\/div><\/div>\n\n\n\n<div class=\"wp-block-incas-blocks-collapse\"><div class=\"columns heading-title undefined\"><blockquote class=\"flex-heading\"><div class=\"expand-bar\"><\/div><p class=\"block-heading-title\">Program<\/p><div class=\"block-heading-subtitle\"><strong>Joi &#8211; 27 martie<\/strong><\/div><\/blockquote><\/div><div class=\"collapse-body\"><p class=\"highlight-body\"><\/p><div class=\"wp-block-incas-blocks-collapse\">\n<p class=\"template-defaultBlock\">Coordonator: conf. univ. dr. Dana Rotaru<\/p>\n\n\n\n<p>Spectacolul este realizat \u00een cadrul Masteratului de Pedagogie Teatral\u0103<\/p>\n\n\n\n<p class=\"template-defaultBlock\"><strong>Ora 19.00 <\/strong>Sala Atelier, Sediul UNATC &#8211; Str. Matei Voievod nr. 75-77<\/p>\n<\/div><\/div><\/div>\n<\/div><\/div>\n\n\n\n<div class=\"wp-block-group\"><div class=\"wp-block-group__inner-container is-layout-constrained wp-block-group-is-layout-constrained\">\n<div class=\"wp-block-incas-blocks-section\"><svg xmlns=\"http:\/\/www.w3.org\/2000\/svg\" viewBox=\"0 0 448 448\" width=\"30\" height=\"30\"><circle cx=\"224.46\" cy=\"224.46\" r=\"224.46\" fill=\"#f54634\"><\/circle><\/svg><div class=\"columns\"><div class=\"section-heading\"><p class=\"section-heading-title\"><strong><strong><strong><strong>Teatru Comunitar \u0219i Terapeutic<\/strong><\/strong><\/strong><\/strong><\/p><div class=\"section-heading-subtitle\"><strong><em><em><em><strong><em><em>Masterat &#8211; Facultatea de Teatru<\/em><\/em><\/strong><\/em><\/em><\/em><\/strong><\/div><\/div><\/div><\/div>\n\n\n\n<div class=\"wp-block-incas-blocks-collapse\"><div class=\"columns heading-title undefined\"><blockquote class=\"flex-heading\"><div class=\"expand-bar\"><\/div><p class=\"block-heading-title\">Program<\/p><div class=\"block-heading-subtitle\"><strong>Joi &#8211; 27 martie<\/strong><\/div><\/blockquote><\/div><div class=\"collapse-body\"><p class=\"highlight-body\"><\/p><div class=\"wp-block-incas-blocks-collapse\">\n<p class=\"template-defaultBlock\">&nbsp;<strong><em>Atelier de improviza\u021bie \u0219i dramaterapie<\/em><\/strong><em> (Atelier)<\/em><strong>,<\/strong><\/p>\n\n\n\n<p>Anul II, coordonator conf. univ. dr. Cristina Briciu<\/p>\n\n\n\n<p class=\"template-defaultBlock\"><strong>11.00-13.00<\/strong>, Sala TCT, et. IV &#8211; Sediul UNATC &#8211; Str. Matei Voievod nr. 75-77<\/p>\n<\/div><\/div><\/div>\n<\/div><\/div>\n\n\n\n<div class=\"wp-block-group\"><div class=\"wp-block-group__inner-container is-layout-constrained wp-block-group-is-layout-constrained\">\n<div class=\"wp-block-incas-blocks-section\"><svg xmlns=\"http:\/\/www.w3.org\/2000\/svg\" viewBox=\"0 0 448 448\" width=\"30\" height=\"30\"><circle cx=\"224.46\" cy=\"224.46\" r=\"224.46\" fill=\"#f54634\"><\/circle><\/svg><div class=\"columns\"><div class=\"section-heading\"><p class=\"section-heading-title\"><strong><strong><strong><strong><strong>P\u0103pu\u0219i-Marionete<\/strong><\/strong><\/strong><\/strong><\/strong><\/p><div class=\"section-heading-subtitle\"><strong><em><em><em><strong><em><em><strong><em>Licen\u021b\u0103 &#8211; Facultatea de Teatru<\/em><\/strong><\/em><\/em><\/strong><\/em><\/em><\/em><\/strong><\/div><\/div><\/div><\/div>\n\n\n\n<div class=\"wp-block-incas-blocks-collapse\"><div class=\"columns heading-title undefined\"><blockquote class=\"flex-heading\"><div class=\"expand-bar\"><\/div><p class=\"block-heading-title\">Program<\/p><div class=\"block-heading-subtitle\"><strong>Joi &#8211; 27 martie<\/strong><\/div><\/blockquote><\/div><div class=\"collapse-body\"><p class=\"highlight-body\"><\/p><div class=\"wp-block-incas-blocks-collapse\">\n<p class=\"template-defaultBlock\"><strong><em>Arta Marionetei <\/em><\/strong><strong><em>(Curs)<\/em><\/strong><strong><em><br><\/em><\/strong>Anul II, licen\u021b\u0103, coordonator: lector.univ.dr. Anca Bolodan-Opri\u0219an<\/p>\n\n\n\n<p><strong>11.00-11.50<\/strong><strong>, <\/strong>Sala 114 A, Sediul UNATC &#8211; Str. Matei Voievod nr. 75-77<\/p>\n\n\n\n<p><strong>Descriere:<\/strong><em> Principiul muzical &#8211; coregrafic \u00een Arta Marionetei<\/em>&nbsp;<\/p>\n\n\n\n<p><strong><em>Arta Marionetei <\/em><\/strong><strong><em>(Curs),<\/em><\/strong><strong><em><br><\/em><\/strong>Anul II, licen\u021b\u0103, coordonator: lect.univ.dr. Daniela Voicu<\/p>\n\n\n\n<p><strong>12.00-13.00<\/strong>, Sala 3D, Sediul UNATC &#8211; Str. Matei Voievod nr. 75-77<\/p>\n\n\n\n<p><strong>Descriere:<\/strong> <em>Vers, teatralitatea poeziei<\/em><\/p>\n\n\n\n<p><strong><em>Arta marionetei <\/em><\/strong><strong><em>(Curs),<\/em><\/strong><strong><em><br><\/em><\/strong>Anul II, licen\u021b\u0103, coordonator: lect.univ.dr. Daniela Voicu<\/p>\n\n\n\n<p><strong>15.00-16.00<\/strong><strong>, <\/strong>Sala 3D, Sediul UNATC &#8211; Str. Matei Voievod nr. 75-77<\/p>\n\n\n\n<p><strong>Descriere:<\/strong> <em>Situa\u021bia comic\u0103<\/em><\/p>\n\n\n\n<p><strong><em>Arta m\u00e2nurii marinonetei cu tije<\/em><\/strong><strong><em>(Curs),<\/em><\/strong><strong><em><br><\/em><\/strong>Anul III, licen\u021b\u0103, coordonator: conf.univ.dr.Decebal Marin<\/p>\n\n\n\n<p><strong>14.00-14.30<\/strong><strong>, <\/strong>Sala 114, Sediul UNATC &#8211; Str. Matei Voievod nr. 75-77<\/p>\n\n\n\n<p><strong><em>Atelier de \u201eExpresevitate corporal\u0103(Atelier)<br><\/em><\/strong>Anul II, licen\u021b\u0103, coordonator: lect.univ.dr. Izabela Bostan<\/p>\n\n\n\n<p><strong>Ora: 17.00<\/strong><strong>,<\/strong> Sala 110A, Sediul UNATC &#8211; Str. Matei Voievod nr. 75-77<\/p>\n\n\n\n<p class=\"template-defaultBlock\"><strong><em>Atelier Exerci\u021bii cu m\u00e2na liber\u0103 \u201eWe are the puppets <\/em><\/strong><strong><em>(Atelier),<\/em><\/strong><strong><em><br><\/em><\/strong>Anul I, licen\u021b\u0103, coordonator: lect.univ.dr. Georgeta Dr\u0103gan<strong>Ora: 18.00<\/strong><strong>, <\/strong>Sala 3D, Sediul UNATC &#8211; Str. Matei Voievod nr. 75-77<\/p>\n<\/div><\/div><\/div>\n<\/div><\/div>\n\n\n\n<div class=\"wp-block-group\"><div class=\"wp-block-group__inner-container is-layout-constrained wp-block-group-is-layout-constrained\">\n<div class=\"wp-block-incas-blocks-section\"><svg xmlns=\"http:\/\/www.w3.org\/2000\/svg\" viewBox=\"0 0 448 448\" width=\"30\" height=\"30\"><circle cx=\"224.46\" cy=\"224.46\" r=\"224.46\" fill=\"#f54634\"><\/circle><\/svg><div class=\"columns\"><div class=\"section-heading\"><p class=\"section-heading-title\"><strong><strong><strong><strong><strong><strong>Regie de Teatru<\/strong><\/strong><\/strong><\/strong><\/strong><\/strong><\/p><div class=\"section-heading-subtitle\"><strong><em><em><em><strong><em><em><strong><em><em>Licen\u021b\u0103 &#8211; Facultatea de Teatru<\/em><\/em><\/strong><\/em><\/em><\/strong><\/em><\/em><\/em><\/strong><\/div><\/div><\/div><\/div>\n\n\n\n<div class=\"wp-block-incas-blocks-collapse\"><div class=\"columns heading-title undefined\"><blockquote class=\"flex-heading\"><div class=\"expand-bar\"><\/div><p class=\"block-heading-title\">Program<\/p><div class=\"block-heading-subtitle\"><strong>Joi &#8211; 27 martie<\/strong><\/div><\/blockquote><\/div><div class=\"collapse-body\"><p class=\"highlight-body\"><\/p><div class=\"wp-block-incas-blocks-collapse\">\n<p class=\"template-defaultBlock\"><strong><em>&nbsp;Fragment din romanul Eugenia de Lionel Duroy<\/em><\/strong><\/p>\n\n\n\n<p>Anul I, licen\u021b\u0103, student\u0103 Ana Zaharia<\/p>\n\n\n\n<p><strong>13.00-13.20<\/strong><strong>, <\/strong>Sala 303A, Sediul UNATC &#8211; Str. Matei Voievod nr. 75-77<strong><em><br><\/em><\/strong><strong><em>&nbsp;<\/em><\/strong><\/p>\n\n\n\n<p><strong>Detalii:<\/strong><\/p>\n\n\n\n<p>Distribu\u021bie:&nbsp;<\/p>\n\n\n\n<p><em>Eugenia<\/em> &#8211; Anna Zoril\u0103<br><em>\u0218tefan<\/em> &#8211; Gabriel Hri\u021bcu<\/p>\n\n\n\n<p><br>Sinopsis: Septembrie 1940, la dou\u0103 s\u0103pt\u0103m\u00e2ni de c\u00e2nd Generalul Ion Antonescu a preluat conducerea \u021b\u0103rii, Eugenia este chemat\u0103 la vicepre\u0219eden\u021bie de c\u0103tre fratele ei, \u0218tefan, comandat al G\u0103rzii de Fier \u0219i m\u00e2na dreapt\u0103 a lui Horia Sima.<br>Cei doi s-au vazut ultima data acum 5 ani, la o mas\u0103 \u00een familie care s-a transformat \u00eentr-o disput\u0103 \u00een contradictoriu, \u00eentre cei doi fra\u021bi, legat\u0103 de statutul evreilor. \u0218tefan decide s\u0103 o caute acum pe Eugenia pentru c\u0103 meseria ei de redactor la o agen\u021bie antinazist\u0103&nbsp; \u00eei pune \u00een pericol postul s\u0103u de conducere.<\/p>\n\n\n\n<p><strong><em>&nbsp;Fragment din Franny \u0219i Zooey de J.D. Salinger, traducerea de Mihaela Dumitrescu<\/em><\/strong><em>,<\/em><\/p>\n\n\n\n<p>Anul I, licen\u021b\u0103, student\u0103 Ilinca Jay St\u0103ncescu<\/p>\n\n\n\n<p><strong>13.30-13.50<\/strong><strong><em>, <\/em><\/strong>Sala 205 B, Sediul UNATC &#8211; Str. Matei Voievod nr. 75-77<strong><em><br><\/em><\/strong><\/p>\n\n\n\n<p><strong>Detalii:<\/strong><\/p>\n\n\n\n<p>Fragment din a doua parte a c\u0103r\u021bii, intitulat\u0103 &#8220;Zooey&#8221;<\/p>\n\n\n\n<p>Distribu\u021bie:<\/p>\n\n\n\n<p><em>Zooey<\/em> \u2013 David Ungurianu<br><em>Bessie<\/em> \u2013 Amalia Olaru<br><br>Sinopsis: \u00cen iarna anului 1955, la New York, rutina de diminea\u021b\u0103 a lui Zooey Glass e \u00eentrerupt\u0103 de mama lui, Bessie. Ea are nevoie de ajutorul lui pentru a decide, urgent, ce s\u0103 fac\u0103 \u00een leg\u0103tur\u0103 cu criza surorii lui, Franny. Zooey nu vrea s\u0103 se implice, iar Bessie refuz\u0103 s\u0103 plece f\u0103r\u0103 o solu\u021bie.<br><\/p>\n\n\n\n<p><strong><em>&nbsp;Fragment din romanul romanul Cel mai iubit dintre p\u0103m\u00e2nteni<\/em><\/strong><strong> <\/strong><strong><em>de Marin Preda<\/em><\/strong><\/p>\n\n\n\n<p>Anul I, licen\u021b\u0103, student Daniel S\u0103vescu<\/p>\n\n\n\n<p><strong>14.00-14.20<\/strong><strong>, <\/strong>Sala 303A, Sediul UNATC &#8211; Str. Matei Voievod nr. 75-7<strong>7<\/strong><strong><br><\/strong><strong>&nbsp;<\/strong><\/p>\n\n\n\n<p><strong>Detalii:<\/strong><\/p>\n\n\n\n<p>Distribu\u021bie:&nbsp;<\/p>\n\n\n\n<p><em>Matilda<\/em> &#8211; Diana Ionescu<br><em>Victor Petrini<\/em> \u2013 Daniel S\u0103vescu<br><br>Sinopsis: Matilda, o arhitect\u0103 cu origini ruse\u0219ti, membr\u0103 a Partidului Muncitoresc Rom\u00e2n a divor\u021bat de fostul ei so\u021b Petric\u0103 pentru a se c\u0103s\u0103tori cu Victor Petrini, un profesor universitar de filozofie. \u00cen ziua \u00een care Matilda trebuia s\u0103 fie prezent\u0103 la preg\u0103tirea paradei de 7 noiembrie (aceast\u0103 zi marcheaz\u0103 Revolu\u021bia din Octombrie 1917 care a dus la instaurarea regimului bol\u0219evic \u00een Rusia), Petrini se mut\u0103 \u00een apartamentul ei. Contextul politic le va influen\u021ba c\u0103snicia lor, ace\u0219tia av\u00e2nd idealuri politice diferite.<br><br><\/p>\n\n\n\n<p>&nbsp;<strong><em>&nbsp;Atelier Regizor pentru o zi<\/em><\/strong><strong><em> (<\/em><\/strong><strong><em>Atelier)<\/em><\/strong><\/p>\n\n\n\n<p>Coordonatori: lect. univ. dr. Eugen Gyemant, lector univ. dr. R\u0103svana Cernat<\/p>\n\n\n\n<p><strong>15.00-18.00<\/strong><strong>, <\/strong>Sala Ion Sava, Sediul UNATC &#8211; Str. Matei Voievod nr. 75-77<em><br><\/em><\/p>\n\n\n\n<p><strong>Detalii:<\/strong><\/p>\n\n\n\n<p>\u201eRegizor pentru o zi&#8221; este un atelier creativ \u0219i interactiv dedicat tuturor tinerilor interesa\u021bi de procesul form\u0103rii profesionale al unui viitor regizor de teatru. Participan\u021bii vor avea posibilitatea travers\u0103rii etapelor de lucru din spatele unui spectacol, de la analiza \u0219i \u00een\u021belegerea textului dramatic p\u00e2n\u0103 la interac\u021biunea cu actorul. Astfel, participan\u021bii se vor familiariza cu procesul de lucru \u0219i competen\u021bele dob\u00e2ndite \u00een cadrul celor patru ani de studii de licen\u021b\u0103 la specializarea Artele spectacolului \u2013 Regie.<\/p>\n\n\n\n<p>Eugen Gyemant a absolvit specializarea Regie de teatru \u00een 2008, \u00een cadrul U.N.A.T.C \u201eI.L.Caragiale\u201d din Bucure\u0219ti, urm\u00e2nd apoi studiile de Masterat \u0219i Doctorat \u00een aceea\u0219i universitate. P\u00e2n\u0103 \u00een prezent a realizat regia a 36 de spectacole \u00een teatre de stat din Bucure\u0219ti \u0219i din \u021bar\u0103 \u0219i \u00een teatrul independent. \u00cen 2018 a devenit cadru didactic al Universit\u0103\u021bii \u201eLucian Blaga\u201d din Sibiu, iar din 2019 s-a al\u0103turat echipei profesorale a U.N.A.T.C., unde pred\u0103 \u00een prezent \u00een cadrul Departamentului Regie Teatru.<\/p>\n\n\n\n<p class=\"template-defaultBlock\">R\u0103svana Cernat are 44 de ani \u0219i este regizoare de teatru. Absolvent\u0103 a U.N.A.T.C. \u201eI.L.Caragiale\u201d, specializarea Regie de teatru, \u00een anul 2004, R\u0103svana a finalizat studiile de Doctorat (2012) \u00een cadrul aceleia\u0219i universit\u0103\u021bi \u0219i din 2015 este cadru didactic al Departamentului Regie Teatru. R\u0103svana Cernat a lucrat at\u00e2t ca regizor de teatru, c\u00e2t \u0219i ca regizor de oper\u0103 \u0219i regizor artistic de televiziune.<\/p>\n\n\n\n<p><\/p>\n<\/div><\/div><\/div>\n<\/div><\/div>\n\n\n\n<div class=\"wp-block-group\"><div class=\"wp-block-group__inner-container is-layout-constrained wp-block-group-is-layout-constrained\">\n<div class=\"wp-block-incas-blocks-section\"><svg xmlns=\"http:\/\/www.w3.org\/2000\/svg\" viewBox=\"0 0 448 448\" width=\"30\" height=\"30\"><circle cx=\"224.46\" cy=\"224.46\" r=\"224.46\" fill=\"#f54634\"><\/circle><\/svg><div class=\"columns\"><div class=\"section-heading\"><p class=\"section-heading-title\"><strong><strong><strong><strong><strong><strong><strong>Scenografie<\/strong><\/strong><\/strong><\/strong><\/strong><\/strong><\/strong><\/p><div class=\"section-heading-subtitle\"><strong><em><em><em><strong><em><em><strong><em><em>Licen\u021b\u0103 &#8211; Facultatea de Teatru<\/em><\/em><\/strong><\/em><\/em><\/strong><\/em><\/em><\/em><\/strong><\/div><\/div><\/div><\/div>\n\n\n\n<div class=\"wp-block-incas-blocks-collapse\"><div class=\"columns heading-title undefined\"><blockquote class=\"flex-heading\"><div class=\"expand-bar\"><\/div><p class=\"block-heading-title\">Program<\/p><div class=\"block-heading-subtitle\"><strong>Joi &#8211; 27 martie<\/strong><\/div><\/blockquote><\/div><div class=\"collapse-body\"><p class=\"highlight-body\"><\/p><div class=\"wp-block-incas-blocks-collapse\">\n<p class=\"template-defaultBlock\"><strong><em>Atelier de crea\u021bie<\/em><\/strong><strong><em>, (Curs)<\/em><\/strong><\/p>\n\n\n\n<p>Anul I, licen\u021b\u0103, coordonator: lect.univ.dr. Maria Dore<\/p>\n\n\n\n<p><strong>12.00-14.00<\/strong><strong>, <\/strong>Sala \u0218tefania Cenean-et.IV, Sediul UNATC &#8211; Str. Matei Voievod nr. 75-77<\/p>\n\n\n\n<p><strong><em>Atelier de crea\u021bie<\/em><\/strong><strong><em>, (Curs)<\/em><\/strong><\/p>\n\n\n\n<p>Anul II, licen\u021b\u0103, coordonator: lect.univ.dr. Cristian St\u0103noiu<\/p>\n\n\n\n<p><strong>15.00-16.00<\/strong><strong>, <\/strong>Sala \u0218tefania Cenean-et.IV, Sediul UNATC &#8211; Str. Matei Voievod nr. 75-77<\/p>\n\n\n\n<p><strong><em>Expozi\u021bie de scenografie<\/em><\/strong><strong><em><br><\/em><\/strong><strong><em> <\/em><\/strong>Anii I, II, licen\u021b\u0103 \u0219i anul I masterat<br>Etajul IV-hol<\/p>\n\n\n\n<p class=\"template-defaultBlock\">(27-28 martie) <strong>10.00-18.00<\/strong><\/p>\n\n\n\n<p class=\"template-defaultBlock\">(29 martie) <strong>10.00-14.00<\/strong><\/p>\n\n\n\n<p><\/p>\n<\/div><\/div><\/div>\n<\/div><\/div>\n\n\n\n<div class=\"wp-block-group\"><div class=\"wp-block-group__inner-container is-layout-constrained wp-block-group-is-layout-constrained\">\n<div class=\"wp-block-incas-blocks-section\"><svg xmlns=\"http:\/\/www.w3.org\/2000\/svg\" viewBox=\"0 0 448 448\" width=\"30\" height=\"30\"><circle cx=\"224.46\" cy=\"224.46\" r=\"224.46\" fill=\"#f54634\"><\/circle><\/svg><div class=\"columns\"><div class=\"section-heading\"><p class=\"section-heading-title\"><strong><strong><strong><strong><strong><strong><strong><strong>Coregrafie<\/strong><\/strong><\/strong><\/strong><\/strong><\/strong><\/strong><\/strong><\/p><div class=\"section-heading-subtitle\"><strong><em><em><em><strong><em><em><strong><em><em>Licen\u021b\u0103 &#8211; Facultatea de Teatru<\/em><\/em><\/strong><\/em><\/em><\/strong><\/em><\/em><\/em><\/strong><\/div><\/div><\/div><\/div>\n\n\n\n<div class=\"wp-block-incas-blocks-collapse\"><div class=\"columns heading-title undefined\"><blockquote class=\"flex-heading\"><div class=\"expand-bar\"><\/div><p class=\"block-heading-title\">Program<\/p><div class=\"block-heading-subtitle\"><strong>Joi &#8211; 27 martie<\/strong><\/div><\/blockquote><\/div><div class=\"collapse-body\"><p class=\"highlight-body\"><\/p><div class=\"wp-block-incas-blocks-collapse\">\n<p class=\"template-defaultBlock\"><strong><em>Atelier Tehnici de dans<\/em><\/strong><strong><em> (Atelier)<\/em><\/strong><\/p>\n\n\n\n<p>Anul I, licen\u021b\u0103, coordonatori: lect.univ.dr. Valentina De Piante, conf.univ.dr. Liliana Iorgulescu<\/p>\n\n\n\n<p class=\"template-defaultBlock\"><strong>12.00-13.00<\/strong><strong>, <\/strong>Sala parter C, Sediul UNATC &#8211; Str. Matei Voievod nr. 75-77<\/p>\n\n\n\n<p><br><strong><em>Curs demonstrativ de Art\u0103 coregrafic\u0103 (Curs)<\/em><\/strong> &#8211; Studiul polimorfismelor corporale: metamorfoze ale spa\u0163iului, personajelor \u015fi ale ac\u0163iunilor \u015fi interac\u0163iunilor lor.<\/p>\n\n\n\n<p>Anul II, licen\u021b\u0103, coordonatori: lect.univ.dr. Elena Zamfirescu, drd. Teodora Velescu<\/p>\n\n\n\n<p><strong>15.00-16.00<\/strong><strong>, <\/strong>Sala parter C, Sediul UNATC &#8211; Str. Matei Voievod nr. 75-77<\/p>\n\n\n\n<p><\/p>\n\n\n\n<p>\ud835\udfd0\ud835\udfd5, \ud835\udfd0\ud835\udfd6, \ud835\udfd0\ud835\udfd7 \ud835\udc26\ud835\udc1a\ud835\udc2b\ud835\udc2d\ud835\udc22\ud835\udc1e<\/p>\n\n\n\n<p>Expozi\u021bie de fotografie de spectacol de Coregrafie<\/p>\n\n\n\n<p>Coordonator: conf.univ.dr. Simona \u0218om\u0103cescu<\/p>\n\n\n\n<p>Parter UNATC Expozi\u021bie preambul la International Conference on Creativity in Dance (2-4 aprilie &#8211; UNATC) &#8211;&nbsp;<a href=\"https:\/\/l.facebook.com\/l.php?u=http%3A%2F%2Ficcdance-unatc.com%2F%3Ffbclid%3DIwZXh0bgNhZW0CMTAAAR17ylSqA5DD8-4ynK19dLoMQq4MAf4cqcdqlqR1ZtxrOMPTeiISrunhJck_aem_6YRhtCECleu3Bo6GW4cOrQ&amp;h=AT0DyFvWx9wtou419N0_f4pjajzT6jcIrjdODd9J-k09_kKPq7UGikgK5nW8rdDswfWGpNRua76hqjwhTHY3ELRQGunRdf1Pfgawae-Wz2dX-f8CrsNI0VFYfVuVddJ14bSVKlGwmUPE-YuH&amp;__tn__=-UK-R&amp;c[0]=AT1MzjxQs1QukzXSeOQGVBguxUJ66MFGi5tt8LJRu72-wNHb9cpOqyhbkqL55YiWySlhjDqyfkOTDz5ZJtJ4By4XAZPqCUpJ7ubgRSaHTylHZGSU0wG0g3X4ev0hO5GjMmKKgieGZnGG4dvpuse__PDEFhowVGE_4GlO4CZ9brGwed9qOpExyS3FzBJWQx1EnA\" target=\"_blank\" rel=\"noreferrer noopener\">http:\/\/iccdance-unatc.com<\/a><\/p>\n<\/div><\/div><\/div>\n<\/div><\/div>\n\n\n\n<div class=\"wp-block-group\"><div class=\"wp-block-group__inner-container is-layout-constrained wp-block-group-is-layout-constrained\">\n<div class=\"wp-block-incas-blocks-section\"><svg xmlns=\"http:\/\/www.w3.org\/2000\/svg\" viewBox=\"0 0 448 448\" width=\"30\" height=\"30\"><circle cx=\"224.46\" cy=\"224.46\" r=\"224.46\" fill=\"#f54634\"><\/circle><\/svg><div class=\"columns\"><div class=\"section-heading\"><p class=\"section-heading-title\"><strong><strong><strong><strong><strong><strong><strong><strong><strong>Coregrafie \u0219i Performan\u021b\u0103 \u00een Dans<\/strong><\/strong><\/strong><\/strong><\/strong><\/strong><\/strong><\/strong><\/strong><\/p><div class=\"section-heading-subtitle\"><strong><em><em><em><strong><em><em><strong><em><em><em>Master &#8211; Coregrafie<\/em><strong><em> &#8211; <\/em><\/strong><em>Facultatea de Teatru<\/em><\/em><\/em><\/strong><\/em><\/em><\/strong><\/em><\/em><\/em><\/strong><\/div><\/div><\/div><\/div>\n\n\n\n<div class=\"wp-block-incas-blocks-collapse\"><div class=\"columns heading-title undefined\"><blockquote class=\"flex-heading\"><div class=\"expand-bar\"><\/div><p class=\"block-heading-title\">Program<\/p><div class=\"block-heading-subtitle\"><strong>Joi &#8211; 27 martie<\/strong><\/div><\/blockquote><\/div><div class=\"collapse-body\"><p class=\"highlight-body\"><\/p><div class=\"wp-block-incas-blocks-collapse\">\n<p class=\"template-defaultBlock\"><strong><em>Lec\u021bie de dans modern (Curs)<\/em><\/strong><\/p>\n\n\n\n<p>Anul II, masterat, pred\u0103: Maria \u0218erb\u0103noiu, coordonator: conf.univ.dr. Simona \u0218om\u0103cescu<\/p>\n\n\n\n<p><strong>18.00-18.25<\/strong><strong>, <\/strong>Sala parter C, Sediul UNATC &#8211; Str. Matei Voievod nr. 75-77<\/p>\n\n\n\n<p><br><strong><em>Lec\u021bie de dans clasic (Curs)<\/em><\/strong><\/p>\n\n\n\n<p>Anul I, masterat, pred\u0103: Amira Badro, coordonator: conf.univ.dr. Simona \u0218om\u0103cescu<\/p>\n\n\n\n<p class=\"template-defaultBlock\"><strong>18.30-18.55<\/strong><strong>, <\/strong>Sala parter C, Sediul UNATC &#8211; Str. Matei Voievod nr. 75-77<\/p>\n\n\n\n<p><\/p>\n<\/div><\/div><\/div>\n<\/div><\/div>\n\n\n\n<div class=\"wp-block-group\"><div class=\"wp-block-group__inner-container is-layout-constrained wp-block-group-is-layout-constrained\">\n<div class=\"wp-block-incas-blocks-section\"><svg xmlns=\"http:\/\/www.w3.org\/2000\/svg\" viewBox=\"0 0 448 448\" width=\"30\" height=\"30\"><circle cx=\"224.46\" cy=\"224.46\" r=\"224.46\" fill=\"#f54634\"><\/circle><\/svg><div class=\"columns\"><div class=\"section-heading\"><p class=\"section-heading-title\"><strong><strong><strong><strong><strong><strong><strong><strong><strong><strong>Teatrologie (Jurnalism teatral,&nbsp; Management cultural<\/strong><\/strong><\/strong><\/strong><\/strong><\/strong><\/strong><\/strong><\/strong><\/strong>)<\/p><div class=\"section-heading-subtitle\"><strong><em><em><em><strong><em><em><strong><em><em><em><em>Licen\u021b\u0103 &#8211; Facultatea de Teatru<\/em><\/em><\/em><\/em><\/strong><\/em><\/em><\/strong><\/em><\/em><\/em><\/strong><\/div><\/div><\/div><\/div>\n\n\n\n<div class=\"wp-block-incas-blocks-collapse\"><div class=\"columns heading-title undefined\"><blockquote class=\"flex-heading\"><div class=\"expand-bar\"><\/div><p class=\"block-heading-title\">Program<\/p><div class=\"block-heading-subtitle\"><strong>Joi &#8211; 27 martie<\/strong><\/div><\/blockquote><\/div><div class=\"collapse-body\"><p class=\"highlight-body\"><\/p><div class=\"wp-block-incas-blocks-collapse\">\n<p class=\"template-defaultBlock\"><strong><em>Comicul \u0219i mecanismele lui \u2013 de la Plaut la Moliere<\/em><\/strong><strong><em>(Curs)<\/em><\/strong><em><br><\/em>Istoria Teatrului Universal,<strong> <\/strong>licen\u021b\u0103 &#8211; conf. univ. dr. Anca Ioni\u021b\u0103<\/p>\n\n\n\n<p><strong>10.00-13.00<\/strong>, Sala 5 &#8211; Teatrologie, etajul III (Departamentul de Studii Teatrale), Sediul UNATC &#8211; Str. Matei Voievod nr. 75-77<\/p>\n\n\n\n<p><\/p>\n\n\n\n<p><strong><em><strong>Cum analiz\u0103m un spectacol de teatru?<\/strong><\/em><\/strong> <strong><em>(curs)<\/em><\/strong><em><br><\/em>Spectacologie,<strong> <\/strong>licen\u021b\u0103 &#8211; lect. univ. dr. Alina Ep\u00eengeac<\/p>\n\n\n\n<p class=\"template-defaultBlock\"><strong>14.00-15.30<\/strong>, Sala 5 &#8211; Teatrologie, etajul III (Departamentul de Studii Teatrale), Sediul UNATC &#8211; Str. Matei Voievod nr. 75-77<\/p>\n\n\n\n<p><\/p>\n\n\n\n<p><strong><em><strong>Cum analiz\u0103m un spectacol de teatru?<\/strong><\/em><\/strong> <strong><em>(curs)<\/em><\/strong><em><br><\/em>Spectacologie,<strong> <\/strong>licen\u021b\u0103 &#8211; lect. univ. dr. Alina Ep\u00eengeac<\/p>\n\n\n\n<p class=\"template-defaultBlock\"><strong>14.00-15.30<\/strong>, Sala 5 &#8211; Teatrologie, etajul III (Departamentul de Studii Teatrale), Sediul UNATC &#8211; Str. Matei Voievod nr. 75-77<\/p>\n\n\n\n<p><\/p>\n<\/div><\/div><\/div>\n<\/div><\/div>\n\n\n\n<div class=\"wp-block-group\"><div class=\"wp-block-group__inner-container is-layout-constrained wp-block-group-is-layout-constrained\">\n<div class=\"wp-block-incas-blocks-section\"><svg xmlns=\"http:\/\/www.w3.org\/2000\/svg\" viewBox=\"0 0 448 448\" width=\"30\" height=\"30\"><circle cx=\"224.46\" cy=\"224.46\" r=\"224.46\" fill=\"#f54634\"><\/circle><\/svg><div class=\"columns\"><div class=\"section-heading\"><p class=\"section-heading-title\"><strong>Teatrolog (Studii de teatru \u0219i Performance)<\/strong><\/p><div class=\"section-heading-subtitle\"><strong><em><em><em><strong><em><em><strong><em><em><em><em><em>Masterat &#8211; Facultatea de Teatru<\/em><\/em><\/em><\/em><\/em><\/strong><\/em><\/em><\/strong><\/em><\/em><\/em><\/strong><\/div><\/div><\/div><\/div>\n\n\n\n<div class=\"wp-block-incas-blocks-collapse\"><div class=\"columns heading-title undefined\"><blockquote class=\"flex-heading\"><div class=\"expand-bar\"><\/div><p class=\"block-heading-title\">Program<\/p><div class=\"block-heading-subtitle\"><strong>Joi &#8211; 27 martie<\/strong><\/div><\/blockquote><\/div><div class=\"collapse-body\"><p class=\"highlight-body\"><\/p><div class=\"wp-block-incas-blocks-collapse\">\n<p class=\"template-defaultBlock\"><strong><em>Impactul regiei \u0219i scenografiei rom\u00e2ne\u0219ti asupra teatrului mondial \u00een secolul 20<\/em><\/strong><strong><em>(Curs)<\/em><\/strong><em><br><\/em>Master Studii de Teatru \u0219i Performance dedicat Zilei Interna\u021bional\u0103 a Teatrului<strong> <\/strong>(curs) &#8211; conf. univ. dr. Anca Ioni\u021b\u0103<\/p>\n\n\n\n<p class=\"template-defaultBlock\"><strong>16.00-18.00<\/strong>, Sala 5 &#8211; Teatrologie, etajul III (Departamentul de Studii Teatrale), Sediul UNATC &#8211; Str. Matei Voievod nr. 75-77<\/p>\n\n\n\n<p><\/p>\n\n\n\n<p><strong>Teatrolog<\/strong><strong> (Studii de teatru \u0219i performance)<\/strong><\/p>\n\n\n\n<p><strong><em>Impactul regiei \u0219i scenografiei rom\u00e2ne\u0219ti asupra&nbsp; teatrului mondial \u00een secolul 20 <\/em><\/strong><strong><em>(Curs) <\/em><\/strong>sus\u021binut de lect.univ.dr. Oana Bor\u0219 \u0219i invitat &#8211; scenograful Adrian Damian<strong>16.00-18.00<\/strong>, Sala 5 &#8211; Teatrologie, etajul III<\/p>\n<\/div><\/div><\/div>\n<\/div><\/div>\n\n\n\n<div class=\"wp-block-group\"><div class=\"wp-block-group__inner-container is-layout-constrained wp-block-group-is-layout-constrained\">\n<div class=\"wp-block-incas-blocks-section\"><svg xmlns=\"http:\/\/www.w3.org\/2000\/svg\" viewBox=\"0 0 448 448\" width=\"30\" height=\"30\"><circle cx=\"224.46\" cy=\"224.46\" r=\"224.46\" fill=\"#f54634\"><\/circle><\/svg><div class=\"columns\"><div class=\"section-heading\"><p class=\"section-heading-title\"><strong><strong>Regie de Film \u0219i TV<\/strong><\/strong><\/p><div class=\"section-heading-subtitle\"><strong><em><em><em><strong><em><em><strong><em><em><em><em><em><em>Licen\u021b\u0103 &#8211; Facultatea de Film<\/em><\/em><\/em><\/em><\/em><\/em><\/strong><\/em><\/em><\/strong><\/em><\/em><\/em><\/strong><\/div><\/div><\/div><\/div>\n\n\n\n<div class=\"wp-block-incas-blocks-collapse\"><div class=\"columns heading-title undefined\"><blockquote class=\"flex-heading\"><div class=\"expand-bar\"><\/div><p class=\"block-heading-title\">Program<\/p><div class=\"block-heading-subtitle\"><strong>Joi &#8211; 27 martie<\/strong><\/div><\/blockquote><\/div><div class=\"collapse-body\"><p class=\"highlight-body\"><\/p><div class=\"wp-block-incas-blocks-collapse\">\n<p class=\"template-defaultBlock\"><strong><em>Curs regie de film<\/em><\/strong><strong><em>(Curs)<\/em><\/strong><\/p>\n\n\n\n<p>Anul II, licen\u021b\u0103, coordonatori: prof.univ.dr. Napoleon Helmis, lect.univ.dr. Tudor Cristian Jurgiu<\/p>\n\n\n\n<p><strong>11.00-17.00<\/strong>, Sala Cinema, Sediul UNATC &#8211; Str. Matei Voievod nr. 75-77<\/p>\n\n\n\n<p><\/p>\n\n\n\n<p><strong>Descriere:<\/strong><\/p>\n\n\n\n<p class=\"template-defaultBlock\">Se vor viziona al\u0103turi de studen\u021bii de anul II c\u00e2teva secven\u021be de film pe care le vom analiza \u0219i discuta \u00een detaliu \u00eempreun\u0103 cu studen\u021bii dar \u0219i cu elevi care vor s\u0103 se implice. \u00cen acela\u0219i timp vom discuta \u0219i 1-2 propuneri de proiect de film ale studen\u021bilor de anul 2 care vor prezenta povestea al\u0103turi de o parte din caietul de regie ( referin\u021be vizuale, propuneri de casting, propuneri de loca\u021bii, propuneri de casting).<\/p>\n\n\n\n<p><\/p>\n<\/div><\/div><\/div>\n<\/div><\/div>\n\n\n\n<div class=\"wp-block-group\"><div class=\"wp-block-group__inner-container is-layout-constrained wp-block-group-is-layout-constrained\">\n<div class=\"wp-block-incas-blocks-section\"><svg xmlns=\"http:\/\/www.w3.org\/2000\/svg\" viewBox=\"0 0 448 448\" width=\"30\" height=\"30\"><circle cx=\"224.46\" cy=\"224.46\" r=\"224.46\" fill=\"#f54634\"><\/circle><\/svg><div class=\"columns\"><div class=\"section-heading\"><p class=\"section-heading-title\"><strong><strong><strong>Imagine de film \u0219i TV<\/strong><\/strong><\/strong><\/p><div class=\"section-heading-subtitle\"><strong><em><em><em><strong><em><em><strong><em><em><em><em><em><em><em>Licen\u021b\u0103 &#8211; Facultatea de Film<\/em><\/em><\/em><\/em><\/em><\/em><\/em><\/strong><\/em><\/em><\/strong><\/em><\/em><\/em><\/strong><\/div><\/div><\/div><\/div>\n\n\n\n<div class=\"wp-block-incas-blocks-collapse\"><div class=\"columns heading-title undefined\"><blockquote class=\"flex-heading\"><div class=\"expand-bar\"><\/div><p class=\"block-heading-title\">Program<\/p><div class=\"block-heading-subtitle\"><strong>Joi &#8211; 27 martie<\/strong><\/div><\/blockquote><\/div><div class=\"collapse-body\"><p class=\"highlight-body\"><\/p><div class=\"wp-block-incas-blocks-collapse\">\n<p class=\"template-defaultBlock\"><strong><em>Atelier de iluminare. Curs deschis, Imagine de Film<\/em><\/strong><em>, <\/em><strong><em>(Curs)<\/em><\/strong><em><br><\/em>Anul III, specializare Imagine, coordonator: conf.univ.dr. Marius Iacob<\/p>\n\n\n\n<p><strong><em>10.00-12.00, <\/em><\/strong>Platoul de Filmare, UNATC, Sediul UNATC &#8211; Str. Matei Voievod nr. 75-77<\/p>\n\n\n\n<p><strong>Detalii:<\/strong><\/p>\n\n\n\n<p>Prezentarea sub form\u0103 de atelier interactiv a unui exerci\u021biu de iluminare pentru o<\/p>\n\n\n\n<p>secven\u021b\u0103 cinematografic\u0103 &#8211; varia\u021bii de atmosfer\u0103 pentru imaginea filmului de gen (horror, thriller, suspans) &#8211; utilitatea tehnic\u0103 \u0219i plastic\u0103 a surselor de iluminare \u0219i<\/p>\n\n\n\n<p>echipamentului de filmare (camera, obiective, etc.).<\/p>\n\n\n\n<p><\/p>\n<\/div><\/div><\/div>\n\n\n\n<div class=\"wp-block-incas-blocks-section\"><svg xmlns=\"http:\/\/www.w3.org\/2000\/svg\" viewBox=\"0 0 448 448\" width=\"30\" height=\"30\"><circle cx=\"224.46\" cy=\"224.46\" r=\"224.46\" fill=\"#f54634\"><\/circle><\/svg><div class=\"columns\"><div class=\"section-heading\"><p class=\"section-heading-title\">Fotografie<\/p><div class=\"section-heading-subtitle\"><strong><em><em><em><strong><em><em><strong><em><em><em><em><em><em><em>Licen\u021b\u0103 &#8211; Facultatea de Film<\/em><\/em><\/em><\/em><\/em><\/em><\/em><\/strong><\/em><\/em><\/strong><\/em><\/em><\/em><\/strong><\/div><\/div><\/div><\/div>\n\n\n\n<div class=\"wp-block-incas-blocks-collapse\"><div class=\"columns heading-title undefined\"><blockquote class=\"flex-heading\"><div class=\"expand-bar\"><\/div><p class=\"block-heading-title\">Program<\/p><div class=\"block-heading-subtitle\"><strong>Joi &#8211; 27 martie<\/strong><\/div><\/blockquote><\/div><div class=\"collapse-body\"><p class=\"highlight-body\"><\/p><div class=\"wp-block-incas-blocks-collapse\">\n<p>&nbsp;<strong><em>Atelier \u201eC\u00e2nd un obiect devine star &#8211; fotografia de produs<\/em><\/strong><em>, <\/em><strong><em><strong><em>(Atelier de Fotografie)<\/em><\/strong><\/em><\/strong><em><br><\/em>Anul III, specializarea Fotografie, coordonator: lect.univ.dr. Ronella Popescu<\/p>\n\n\n\n<p><strong><em>11.00-14.00, <\/em><\/strong>Platou Foto -et.II, UNATC, Sediul UNATC &#8211; Str. Matei Voievod nr. 75-77<\/p>\n\n\n\n<p><\/p>\n\n\n\n<p><strong>Detalii:<\/strong><\/p>\n\n\n\n<p>La acest workshop descoperi cum un simplu obiect poate deveni vedeta cadrului.<\/p>\n\n\n\n<p>Care sunt mecanismele prin care punem in evidenta atuu-urile unui produs?<\/p>\n\n\n\n<p class=\"template-defaultBlock\">Care sunt detaliile care conteaz\u0103, atmosfera potrivit\u0103 de lumin\u0103 \u0219i modul \u00een care imaginea poate sus\u021bine identitatea unui brand?<\/p>\n\n\n\n<p><\/p>\n<\/div><\/div><\/div>\n<\/div><\/div>\n\n\n\n<div class=\"wp-block-group\"><div class=\"wp-block-group__inner-container is-layout-constrained wp-block-group-is-layout-constrained\">\n<div class=\"wp-block-incas-blocks-section\"><svg xmlns=\"http:\/\/www.w3.org\/2000\/svg\" viewBox=\"0 0 448 448\" width=\"30\" height=\"30\"><circle cx=\"224.46\" cy=\"224.46\" r=\"224.46\" fill=\"#f54634\"><\/circle><\/svg><div class=\"columns\"><div class=\"section-heading\"><p class=\"section-heading-title\"><strong><strong><strong><strong>Comunicare Audiovizual\u0103 &#8211; <\/strong><em>Scenaristic\u0103, Filmologie<\/em><\/strong><\/strong><\/strong><\/p><div class=\"section-heading-subtitle\"><strong><em><em><em><strong><em><em><strong><em><em><em><em><em><em><em><em>Licen\u021b\u0103 &#8211; Facultatea de Film<\/em><\/em><\/em><\/em><\/em><\/em><\/em><\/em><\/strong><\/em><\/em><\/strong><\/em><\/em><\/em><\/strong><\/div><\/div><\/div><\/div>\n\n\n\n<div class=\"wp-block-incas-blocks-collapse\"><div class=\"columns heading-title undefined\"><blockquote class=\"flex-heading\"><div class=\"expand-bar\"><\/div><p class=\"block-heading-title\">Program<\/p><div class=\"block-heading-subtitle\"><strong>Joi &#8211; 27 martie<\/strong><\/div><\/blockquote><\/div><div class=\"collapse-body\"><p class=\"highlight-body\"><\/p><div class=\"wp-block-incas-blocks-collapse\">\n<p class=\"template-defaultBlock\"><strong><em>Proiec\u021bie: \u201eOpt ilustrate din lumea ideal\u0103\u201d (Rom\u00e2nia 2024<\/em><\/strong><strong> <\/strong><strong><em>(Proiec\u021bie)<\/em><\/strong><\/p>\n\n\n\n<p><strong>20:00 &#8211; 22:00<\/strong>, Sala Cinema &nbsp;Sediul UNATC \u2013 Str. Matei Voievod nr. 75-77<\/p>\n\n\n\n<p><strong>Detalii:<\/strong><\/p>\n\n\n\n<p>S\u0103 Film!<\/p>\n\n\n\n<p>Proiec\u021bie \u201eOpt ilustrate din lumea ideal\u0103\u201d (Rom\u00e2nia 2024, de Radu Jude &amp; Christian Ferencz-Flatz) urmat\u0103 de o discu\u021bie despre film \u0219i arhive audiovizuale cu Radu Jude \u0219i Christian Ferencz-Flatz, moderat\u0103 de Andrei Rus \u0219i de masteranzi ai programului de Arhive Audiovizuale: Prezervare \u0219i curatoriere, anul 1.&nbsp;<\/p>\n\n\n\n<p>Eveniment organizat de Centrul Sorin Boto\u0219eneanu \u0219i de departamentul Scenaristic\u0103-Filmologie<\/p>\n\n\n\n<p><strong><em>DERIVE \u00ceN GRUP<\/em><\/strong><strong> <\/strong><strong><em>(Club de lectur\u0103 interdisciplinar\u0103)<\/em><\/strong><\/p>\n\n\n\n<p>Moderatori: conf. univ. dr. Mihaela Michailov cercet\u0103tor Maria Dr\u0103ghici \u0219i conf. univ. dr. Andrei Rus<\/p>\n\n\n\n<p><strong>17:00 &#8211; 19:00<\/strong>, Sala Centrului Sorin Boto\u0219eneanu- et.II, Sediul UNATC \u2013 Str. Matei Voievod nr. 75-77<\/p>\n\n\n\n<p><strong>Detalii:<\/strong><\/p>\n\n\n\n<p>DERIVE \u00een GRUP &#8211; Club de lectur\u0103 interdisciplinar\u0103<\/p>\n\n\n\n<p>La aceast\u0103 prim\u0103 edi\u021bie a clubului se vor discuta trei eseuri din volumul lui Susan Sontag, \u201eStiluri de voin\u021b\u0103 radical\u0103\u201d, tradus de Liri Alienor Chapelan, \u0219i publicat la Editura Tact \u00een 2024.&nbsp;<\/p>\n\n\n\n<p><strong><em>Curs Creative Writing<\/em><\/strong><strong> <\/strong><strong><em>(Curs)<\/em><\/strong><\/p>\n\n\n\n<p>Anul I, licen\u021b\u0103, Comunicare Audiovizual\u0103, sus\u021binut de: conf. univ. dr. Ana Agopian, asist. univ. drd. Adrian Ionescu \u0219i asist.univ.drd. Andrei Voineag&nbsp;<\/p>\n\n\n\n<p><strong>10:00 &#8211; 13:00<\/strong>, Sala 208B, Sediul UNATC \u2013 Str. Matei Voievod nr. 75-77<\/p>\n\n\n\n<p><strong><em>Curs Scenaristic\u0103<\/em><\/strong><strong> <\/strong><strong><em>(Curs)<\/em><\/strong><\/p>\n\n\n\n<p>Anul II, licen\u021b\u0103, Comunicare Audiovizual\u0103, sus\u021binut de: lect. univ. dr. Alexandru Maftei \u0219i asist. univ. drd. Adrian Ionescu<\/p>\n\n\n\n<p class=\"template-defaultBlock\"><strong>14:00 &#8211; 17:00<\/strong>, Sala 208B, Sediul UNATC \u2013 Str. Matei Voievod nr. 75-77<\/p>\n\n\n\n<p><\/p>\n<\/div><\/div><\/div>\n<\/div><\/div>\n\n\n\n<div class=\"wp-block-group\"><div class=\"wp-block-group__inner-container is-layout-constrained wp-block-group-is-layout-constrained\">\n<div class=\"wp-block-incas-blocks-section\"><svg xmlns=\"http:\/\/www.w3.org\/2000\/svg\" viewBox=\"0 0 448 448\" width=\"30\" height=\"30\"><circle cx=\"224.46\" cy=\"224.46\" r=\"224.46\" fill=\"#f54634\"><\/circle><\/svg><div class=\"columns\"><div class=\"section-heading\"><p class=\"section-heading-title\"><strong><strong><strong><strong><strong><strong>Anima\u021bie \u0219i Interactivitate<\/strong><\/strong><\/strong><\/strong><\/strong><\/strong><br><strong><strong><strong><strong><strong><strong>Arta designului de jocuri<br>(Art of Game Design)<\/strong><\/strong><\/strong><\/strong><\/strong><\/strong><\/p><div class=\"section-heading-subtitle\"><strong><em><em><em><strong><em><em><strong><em><em><em><em><em><em><em><em><em>Master &#8211; Facultatea de Film<\/em><\/em><\/em><\/em><\/em><\/em><\/em><\/em><\/em><\/strong><\/em><\/em><\/strong><\/em><\/em><\/em><\/strong><\/div><\/div><\/div><\/div>\n\n\n\n<div class=\"wp-block-incas-blocks-collapse\"><div class=\"columns heading-title undefined\"><blockquote class=\"flex-heading\"><div class=\"expand-bar\"><\/div><p class=\"block-heading-title\">Program<\/p><div class=\"block-heading-subtitle\"><strong>Joi &#8211; 27 martie<\/strong><\/div><\/blockquote><\/div><div class=\"collapse-body\"><p class=\"highlight-body\"><\/p><div class=\"wp-block-incas-blocks-collapse\">\n<p class=\"template-defaultBlock\"><strong><em>Curs deschis<\/em><\/strong><strong><em>(Curs)<\/em><\/strong><\/p>\n\n\n\n<p>Curs deschis Game Production cu C\u0103t\u0103lin Butnariu, specialist din industria jocurilor \u0219i membru RGDA<\/p>\n\n\n\n<p><strong>14:00 &#8211; 16:00<\/strong>, Sala ITPMA, Sediul UNATC \u2013 Str. Matei Voievod nr. 75-77<\/p>\n\n\n\n<p><strong><em>Curs deschis<\/em><\/strong><strong><em>(Curs)<\/em><\/strong><\/p>\n\n\n\n<p>Playtest board games and video games designed by students cu Diana Dragomir \/ Maria Bucurenciu<\/p>\n\n\n\n<p><strong>16:00 &#8211; 18:00<\/strong>, Sala ITPMA, Sediul UNATC \u2013 Str. Matei Voievod nr. 75-77<\/p>\n\n\n\n<p><strong><em>Curs deschis<\/em><\/strong><strong><em>(Curs)<\/em><\/strong><\/p>\n\n\n\n<p>Curs deschis Arta Sunetului in jocuri cu \u0218tefan Ruc\u0103reanu<\/p>\n\n\n\n<p class=\"template-defaultBlock\"><strong>12:00 &#8211; 14:00<\/strong>, Studio sunet etaj I, Sediul UNATC \u2013 Str. Matei Voievod nr. 75-77<\/p>\n\n\n\n<p><\/p>\n<\/div><\/div><\/div>\n<\/div><\/div>\n\n\n\n<div class=\"wp-block-group\"><div class=\"wp-block-group__inner-container is-layout-constrained wp-block-group-is-layout-constrained\">\n<div class=\"wp-block-incas-blocks-section\"><svg xmlns=\"http:\/\/www.w3.org\/2000\/svg\" viewBox=\"0 0 448 448\" width=\"30\" height=\"30\"><circle cx=\"224.46\" cy=\"224.46\" r=\"224.46\" fill=\"#f54634\"><\/circle><\/svg><div class=\"columns\"><div class=\"section-heading\"><p class=\"section-heading-title\"><strong>Anima\u021bie<\/strong><\/p><div class=\"section-heading-subtitle\"><strong><em><em><em><strong><em><em><strong><em><em><em><em><em><em><em><em><em><em>Licen\u021b\u0103 &#8211; Facultatea de Film<\/em><\/em><\/em><\/em><\/em><\/em><\/em><\/em><\/em><\/em><\/strong><\/em><\/em><\/strong><\/em><\/em><\/em><\/strong><\/div><\/div><\/div><\/div>\n\n\n\n<div class=\"wp-block-incas-blocks-collapse\"><div class=\"columns heading-title undefined\"><blockquote class=\"flex-heading\"><div class=\"expand-bar\"><\/div><p class=\"block-heading-title\">Program<\/p><div class=\"block-heading-subtitle\"><strong>Joi &#8211; 27 martie<\/strong><\/div><\/blockquote><\/div><div class=\"collapse-body\"><p class=\"highlight-body\"><\/p><div class=\"wp-block-incas-blocks-collapse\">\n<p class=\"template-defaultBlock\"><strong>Proiec\u021bie Best Of Anima\u021bie 2024&nbsp;<\/strong>(Proiec\u021bie&nbsp;+ Q&amp;A)<\/p>\n\n\n\n<p>Coordonator: lect.univ.dr. Valeriu C\u0103liman,&nbsp;conf.univ.dr. Matei Branea<br>27 martie 17:30 &#8211; 18:30 PM<br><strong>Sala Cinema<\/strong><\/p>\n\n\n\n<p><\/p>\n\n\n\n<hr class=\"wp-block-separator has-alpha-channel-opacity\"\/>\n\n\n\n<p><\/p>\n\n\n\n<p class=\"template-defaultBlock\"><strong>(27, 28, 29 martie)<\/strong><\/p>\n\n\n\n<p><strong>Expozi\u021bie Flipbook&nbsp;<\/strong>(Expozi\u021bie)Anima\u021bie anii II &amp; III, licen\u021b\u0103<br>Coordonator: conf. univ.dr. Mirela Vlad<\/p>\n\n\n\n<p>27, 28 martie, 10:00-18:00<br>29 martie 10:00-14:00<br><strong>Anima\u021bie POD 2<\/strong><\/p>\n\n\n\n<p><\/p>\n\n\n\n<p><strong>Expozi\u021bie grafic\u0103 licen\u021b\u0103&nbsp;<\/strong>(Expozi\u021bie)<\/p>\n\n\n\n<p>Coordonator:&nbsp;lect.univ.dr.&nbsp;Constantina&nbsp;Mih\u0103il\u0103&nbsp;<\/p>\n\n\n\n<p>27, 28 martie, 10:00-18:00<\/p>\n\n\n\n<p>29 martie 10:00-14:00<\/p>\n\n\n\n<p><strong>Anima\u021bie POD 4<\/strong><\/p>\n\n\n\n<p><\/p>\n\n\n\n<p><strong>Expozi\u021bie afi\u0219 de Festival de Film Studen\u021besc CineMAiubit&nbsp;<\/strong>(Expozi\u021bie)<\/p>\n\n\n\n<p>Anima\u021bie anul I, licen\u021b\u0103<br>Coordonator:&nbsp;conf. univ. dr.&nbsp;Mirela Vlad<\/p>\n\n\n\n<p>27, 28, 29 martie, 10:00-18:00<br><strong>Et.1,&nbsp;Hol A<\/strong><\/p>\n\n\n\n<p><\/p>\n\n\n\n<p><strong>Expozi\u021bie&nbsp;Afi\u0219 de film de diplom\u0103&nbsp;<\/strong>(Expozi\u021bie)<\/p>\n\n\n\n<p>Anima\u021bie anul III, licen\u021b\u0103 &amp; anul II, masterat<br>Coordonator:&nbsp;conf univ. dr.&nbsp;Mirela Vlad<\/p>\n\n\n\n<p><strong>27, 28 martie, 10:00-18:00<\/strong><\/p>\n\n\n\n<p>29 martie 10:00-14:00<br><strong>Anima\u021bie POD 3<\/strong><\/p>\n\n\n\n<p><\/p>\n\n\n\n<p class=\"template-defaultBlock\"><em>Proiec\u021bie Best Of Anima\u021bie &amp; Interactivitate&nbsp;(Proiec\u021bie \u00een loop)<\/em><br>Coordonator: lect.univ.dr. Valeriu C\u0103liman, conf.univ.dr. Matei Branea<br>27, 28 martie, 10:00-18:00<br>29 martie 10:00-14:00<br><strong>Anima\u021bie POD 3<\/strong><\/p>\n\n\n\n<p class=\"template-defaultBlock\"><\/p>\n<\/div><\/div><\/div>\n<\/div><\/div>\n\n\n\n<div class=\"wp-block-group\"><div class=\"wp-block-group__inner-container is-layout-constrained wp-block-group-is-layout-constrained\">\n<div class=\"wp-block-incas-blocks-section\"><svg xmlns=\"http:\/\/www.w3.org\/2000\/svg\" viewBox=\"0 0 448 448\" width=\"30\" height=\"30\"><circle cx=\"224.46\" cy=\"224.46\" r=\"224.46\" fill=\"#f54634\"><\/circle><\/svg><div class=\"columns\"><div class=\"section-heading\"><p class=\"section-heading-title\"><strong><strong>Tehnologii Interactive pentru Arte Performative \u0219i Media<\/strong><\/strong><\/p><div class=\"section-heading-subtitle\"><strong><em><em><em><strong><em><em><strong><em><em><em><em><em><em><em><em><em><em><em>Masterat &#8211; Facultatea de Film<\/em><\/em><\/em><\/em><\/em><\/em><\/em><\/em><\/em><\/em><\/em><\/strong><\/em><\/em><\/strong><\/em><\/em><\/em><\/strong><\/div><\/div><\/div><\/div>\n\n\n\n<div class=\"wp-block-incas-blocks-collapse\"><div class=\"columns heading-title undefined\"><blockquote class=\"flex-heading\"><div class=\"expand-bar\"><\/div><p class=\"block-heading-title\">Program<\/p><div class=\"block-heading-subtitle\"><strong>Joi &#8211; 27 martie<\/strong><\/div><\/blockquote><\/div><div class=\"collapse-body\"><p class=\"highlight-body\"><\/p><div class=\"wp-block-incas-blocks-collapse\">\n<p class=\"template-defaultBlock\"><strong>(27, 28, 29 martie)&nbsp;&nbsp;<\/strong><\/p>\n\n\n\n<p><strong><em>Proiectie \/ TV interactiv<\/em><\/strong><\/p>\n\n\n\n<p class=\"template-defaultBlock\">UNATC &#8211; Str. Matei Voievod nr. 75-77<\/p>\n\n\n\n<p><\/p>\n<\/div><\/div><\/div>\n<\/div><\/div>\n\n\n\n<div class=\"wp-block-group\"><div class=\"wp-block-group__inner-container is-layout-constrained wp-block-group-is-layout-constrained\">\n<div class=\"wp-block-incas-blocks-section\"><svg xmlns=\"http:\/\/www.w3.org\/2000\/svg\" viewBox=\"0 0 448 448\" width=\"30\" height=\"30\"><circle cx=\"224.46\" cy=\"224.46\" r=\"224.46\" fill=\"#f54634\"><\/circle><\/svg><div class=\"columns\"><div class=\"section-heading\"><p class=\"section-heading-title\"><strong><strong><strong>Multimedia: Sunet-Montaj<\/strong><\/strong><\/strong><\/p><div class=\"section-heading-subtitle\"><strong><em><em><em><strong><em><em><strong><em><em><em><em><em><em><em><em><em><em><em><em>Licen\u021b\u0103 &#8211; Facultatea de Film<\/em><\/em><\/em><\/em><\/em><\/em><\/em><\/em><\/em><\/em><\/em><\/em><\/strong><\/em><\/em><\/strong><\/em><\/em><\/em><\/strong><\/div><\/div><\/div><\/div>\n\n\n\n<div class=\"wp-block-incas-blocks-collapse\"><div class=\"columns heading-title undefined\"><blockquote class=\"flex-heading\"><div class=\"expand-bar\"><\/div><p class=\"block-heading-title\">Program<\/p><div class=\"block-heading-subtitle\"><strong>Joi &#8211; 27 martie<\/strong><\/div><\/blockquote><\/div><div class=\"collapse-body\"><p class=\"highlight-body\"><\/p><div class=\"wp-block-incas-blocks-collapse\">\n<p class=\"template-defaultBlock\"><strong><em>Ritmul &#8211; \u00eentre senzorial \u0219i concret &#8211; o perspectiv\u0103 a montajului <\/em><\/strong><strong><em>&nbsp;&nbsp;<\/em><\/strong><em>(Curs)<\/em><em><br><\/em><em>Curs 1 Ritmul suflul filmului<\/em><\/p>\n\n\n\n<p><em>Curs 2 Ritmul sus\u021bine emo\u021biile filmului<\/em><\/p>\n\n\n\n<p>Sus\u021binute de: conf. univ. dr. Iulia Mure\u0219an, drd. Ilinca Miro\u0219anu<\/p>\n\n\n\n<p><strong>11:00-13.00<\/strong>, Sala Roz &#8211; et.3, Sediul UNATC &#8211; Str. Matei Voievod nr. 75-77<\/p>\n\n\n\n<p><strong><em>Computerul actual pentru audio-video \u0219i\/sau gaming<\/em><\/strong><strong><em>&nbsp; <\/em><\/strong><em>(Curs)<\/em><\/p>\n\n\n\n<p>Specifica\u021bii \u0219i variante de ales pentru procesoare, placi video, SSD\/HDD, USB \u0219i monitoare, sus\u021binut de: conf. univ. dr. Florian Nanu<\/p>\n\n\n\n<p><strong>13:30-15.00<\/strong>, Sala Mov &#8211; et.3, Sediul UNATC &#8211; Str. Matei Voievod nr. 75-77<\/p>\n\n\n\n<p><strong><em>Muzica de film<\/em><\/strong><strong><em>&nbsp; <\/em><\/strong><em>(Curs)<\/em><em><br><\/em>Importan\u021ba muzicii de film \u00een dramaturgia filmului \u0219i impactul senzorial asupra spectatorilor, \u00een sala de cinema sau acas\u0103, \u00een fa\u021ba televizorului sus\u021binut de: conf. univ. dr. Florian Nanu<\/p>\n\n\n\n<p class=\"template-defaultBlock\"><strong>15:30-17.00<\/strong>, Sala Mov &#8211; et.3, Sediul UNATC &#8211; Str. Matei Voievod nr. 75-77<\/p>\n\n\n\n<p><\/p>\n<\/div><\/div><\/div>\n<\/div><\/div>\n\n\n\n<div class=\"wp-block-group\"><div class=\"wp-block-group__inner-container is-layout-constrained wp-block-group-is-layout-constrained\">\n<div class=\"wp-block-incas-blocks-section\"><svg xmlns=\"http:\/\/www.w3.org\/2000\/svg\" viewBox=\"0 0 448 448\" width=\"30\" height=\"30\"><circle cx=\"224.46\" cy=\"224.46\" r=\"224.46\" fill=\"#f54634\"><\/circle><\/svg><div class=\"columns\"><div class=\"section-heading\"><p class=\"section-heading-title\"><strong><strong><strong><strong>Cercetare UNATC<\/strong><\/strong><\/strong><\/strong><\/p><div class=\"section-heading-subtitle\"><strong><em><em><em><strong><em><em><strong><em><em><em><em><em><em><em><em><em><em><em><em>Licen\u021b\u0103 &#8211; Facultatea de Film<\/em><\/em><\/em><\/em><\/em><\/em><\/em><\/em><\/em><\/em><\/em><\/em><\/strong><\/em><\/em><\/strong><\/em><\/em><\/em><\/strong><\/div><\/div><\/div><\/div>\n\n\n\n<div class=\"wp-block-incas-blocks-collapse\"><div class=\"columns heading-title undefined\"><blockquote class=\"flex-heading\"><div class=\"expand-bar\"><\/div><p class=\"block-heading-title\">Program<\/p><div class=\"block-heading-subtitle\"><strong>Joi &#8211; 27 martie<\/strong><\/div><\/blockquote><\/div><div class=\"collapse-body\"><p class=\"highlight-body\"><\/p><div class=\"wp-block-incas-blocks-collapse\">\n<p class=\"template-defaultBlock\"><strong><em>Atelier Bodymapping<\/em><\/strong><em> <\/em><strong><em>&nbsp;(Atelier)<\/em><\/strong><strong><em><br><\/em><\/strong>Coordonator asistent de cercetare dr. Maria Murgu<br><strong>Ora 11.00<\/strong><em>, Sala 302, <\/em>sediul<em> <\/em>UNATC, str. Tudor Arghezi nr. 3-B<\/p>\n\n\n\n<p><strong>Detalii:<\/strong>&nbsp;<\/p>\n\n\n\n<p>Bodymapping implic\u0103 trasarea \u00een jurul corpului unei persoane de c\u0103tre un alt membru al grupului sau de c\u0103tre facilitatorul \u00eent\u00e2lnirii a unui contur \u00een m\u0103rime natural\u0103. Acest contur este apoi re-desenat-fixat, pictat, animat etc printr-un proces contemplativ \u0219i creativ care \u00eel ajut\u0103 pe creator s\u0103 reflecteze \u0219i s\u0103-\u0219i exprime experien\u021bele subiective \u0219i&nbsp; personale de via\u021b\u0103. Procesul are valen\u021be de conectare la corp, autoreflexie privind corpul propriu, identitate, emo\u021bii, limitele personale, imagine proprie at\u00e2t la nivel de autopercep\u021bie c\u00e2t \u0219i \u00een raport cu grupul, standardele sociale \u0219i estetice legate de corp. Prin con\u0219tientizare \u0219i autoreflexie participan\u021bii dezvolt\u0103 modele proprii de a reac\u021biona asertiv prin perceperea \u0219i observarea propriilor limite \u00een ce prive\u0219te corpul \u0219i propriile emo\u021bii. Rezolvarea estetic\u0103 deschide un spa\u021biu dincolo de cuvinte.&nbsp;<\/p>\n\n\n\n<p>Ludicul \u0219i ambiguitatea sunt binevenite \u00een acest spa\u021biu.<\/p>\n\n\n\n<p><strong><em>Focus Arhiva UNATC&nbsp;<\/em><\/strong><\/p>\n\n\n\n<p><strong>(27 \u0219i 28 martie)<\/strong><\/p>\n\n\n\n<p>Coordonatoare Arhiva Fotografic\u0103 de Teatru UNATC: Ramona Iacob<\/p>\n\n\n\n<p><strong>12:00-17:00<\/strong><strong>, <\/strong>foyer<strong> <\/strong>sediul<em> <\/em>UNATC, str. Tudor Arghezi nr. 3-B<\/p>\n\n\n\n<p><strong>Detalii:<\/strong><\/p>\n\n\n\n<p>Focus Arhiva UNATC &#8211; Studioul de Teatru Casandra 1957-1989 este un video realizat \u00een cadrul proiectului de cercetare TabThePAst, care trece \u00een revist\u0103 spectacolele de absolvire ale studen\u021bilor IATC de la \u00eenfiin\u021barea Studioul de Teatru Casandra p\u00e2n\u0103 \u00een 1989 \u0219i include o mic\u0103 parte a fondului fotografic al Arhivei Fotografice de Teatru UNATC. Mai multe despre istoria \u00een imagini a UNATC pute\u021bi g\u0103si pe site-ul: arhiva-teatru.unatc.ro<\/p>\n\n\n\n<p><\/p>\n\n\n\n<p><\/p>\n<\/div><\/div><\/div>\n<\/div><\/div>\n\n\n\n<div class=\"wp-block-group\"><div class=\"wp-block-group__inner-container is-layout-constrained wp-block-group-is-layout-constrained\">\n<div class=\"wp-block-incas-blocks-section\"><svg xmlns=\"http:\/\/www.w3.org\/2000\/svg\" viewBox=\"0 0 448 448\" width=\"30\" height=\"30\"><circle cx=\"224.46\" cy=\"224.46\" r=\"224.46\" fill=\"#f54634\"><\/circle><\/svg><div class=\"columns\"><div class=\"section-heading\"><p class=\"section-heading-title\"><strong><strong><strong><strong><strong><strong><strong><strong><strong><strong><strong><strong><strong><strong><strong><strong><strong><strong><strong><strong>Tururi ghidate<\/strong><\/strong><\/strong><\/strong><\/strong><\/strong><\/strong><\/strong><\/strong><\/strong><\/strong><\/strong><\/strong><\/strong><\/strong><\/strong><\/strong><\/strong><\/strong><\/strong><\/p><div class=\"section-heading-subtitle\"><\/div><\/div><\/div><\/div>\n\n\n\n<div class=\"wp-block-incas-blocks-collapse\"><div class=\"columns heading-title undefined\"><blockquote class=\"flex-heading\"><div class=\"expand-bar\"><\/div><p class=\"block-heading-title\">Program<\/p><div class=\"block-heading-subtitle\"><strong>JOI &#8211; 27 martie<\/strong><\/div><\/blockquote><\/div><div class=\"collapse-body\"><p class=\"highlight-body\"><\/p><div class=\"wp-block-incas-blocks-collapse\">\n<p class=\"template-defaultBlock\"><strong>Tur ghidat al Facult\u0103\u021bii de Film<em><br><\/em><\/strong>Coordonator: Sebastian Condurache<\/p>\n\n\n\n<p><strong>12:00-14:00<\/strong>,&nbsp;Loc de \u00eent\u00e2lnire: Hol parter, lift<\/p>\n\n\n\n<p><\/p>\n\n\n\n<p><strong>Tur ghidat al Facult\u0103\u021bii de Teatru<\/strong><\/p>\n\n\n\n<p>Coordonator: Fabian Ciobanu<\/p>\n\n\n\n<p class=\"template-defaultBlock\"><strong>14:00-16:00<\/strong>,&nbsp;Loc de \u00eent\u00e2lnire: Hol parter, lift<\/p>\n\n\n\n<p><\/p>\n<\/div><\/div><\/div>\n<\/div><\/div>\n\n\n\n<div class=\"wp-block-group\"><div class=\"wp-block-group__inner-container is-layout-constrained wp-block-group-is-layout-constrained\"><\/div><\/div>\n\n\n\n<div class=\"wp-block-incas-blocks-section\"><svg xmlns=\"http:\/\/www.w3.org\/2000\/svg\" viewBox=\"0 0 448 448\" width=\"30\" height=\"30\"><circle cx=\"224.46\" cy=\"224.46\" r=\"224.46\" fill=\"#f54634\"><\/circle><\/svg><div class=\"columns\"><div class=\"section-heading\"><p class=\"section-heading-title\"><strong>Vineri &#8211; 28 martie<\/strong><\/p><div class=\"section-heading-subtitle\"><\/div><\/div><\/div><\/div>\n\n\n\n<div class=\"wp-block-group\"><div class=\"wp-block-group__inner-container is-layout-constrained wp-block-group-is-layout-constrained\">\n<div class=\"wp-block-incas-blocks-section\"><svg xmlns=\"http:\/\/www.w3.org\/2000\/svg\" viewBox=\"0 0 448 448\" width=\"30\" height=\"30\"><circle cx=\"224.46\" cy=\"224.46\" r=\"224.46\" fill=\"#f54634\"><\/circle><\/svg><div class=\"columns\"><div class=\"section-heading\"><p class=\"section-heading-title\"><strong><strong><strong><strong><strong><strong>Arta actorului<\/strong><\/strong><\/strong><\/strong><\/strong><\/strong><\/p><div class=\"section-heading-subtitle\"><strong><em><em><em><strong><em><em><strong><em><em><em><em><em><em><em><em><em><em><em><em><em>Licen\u021b\u0103 &#8211; Facultatea de Teatru<\/em><\/em><\/em><\/em><\/em><\/em><\/em><\/em><\/em><\/em><\/em><\/em><\/em><\/strong><\/em><\/em><\/strong><\/em><\/em><\/em><\/strong><\/div><\/div><\/div><\/div>\n\n\n\n<div class=\"wp-block-incas-blocks-collapse\"><div class=\"columns heading-title undefined\"><blockquote class=\"flex-heading\"><div class=\"expand-bar\"><\/div><p class=\"block-heading-title\">Program<\/p><div class=\"block-heading-subtitle\"><strong>Vineri &#8211; 28 martie<\/strong><\/div><\/blockquote><\/div><div class=\"collapse-body\"><p class=\"highlight-body\"><\/p><div class=\"wp-block-incas-blocks-collapse\">\n<p class=\"template-defaultBlock\"><strong><em>Arta Actorului<\/em><\/strong><strong><em> <\/em><\/strong><em>(Curs)<\/em>,<br>Anul II, grupa C, coordonator: conf.univ.dr. Marius G\u00eelea<br><strong>11.00-12.00<\/strong>, Sala 304 A, Sediul UNATC &#8211; Str. Matei Voievod nr. 75-77<\/p>\n\n\n\n<p><strong><em>Arta Actorului<\/em><\/strong><strong><em> <\/em><\/strong><em>(Curs)<\/em>,<br>Anul II, grupa A, coordonator: prof.univ.dr. Liviu Lucaci<br><strong>12.00-13.00<\/strong>, Sala 304 B, Sediul UNATC &#8211; Str. Matei Voievod nr. 75-77<\/p>\n\n\n\n<p><strong><em>Arta Actorului<\/em><\/strong><strong><em> <\/em><\/strong><em>(Curs)<\/em>,<br>Anul II, grupa B, coordonator: prof.univ.dr. Mihaela S\u00eerbu<br><strong>13.00-14.00<\/strong>, Sala 306 B, Sediul UNATC &#8211; Str. Matei Voievod nr. 75-77<\/p>\n\n\n\n<p><strong><em>Arta Actorului<\/em><\/strong><strong><em> <\/em><\/strong><em>(Curs &#8211; Vorbire scenic\u0103)<\/em>,<br>Anul II, grupa B, coordonator: conf.univ.dr. Thomas Cioc\u0219irescu<br><strong>15.00-16.00<\/strong>, Sala 307 B, Sediul UNATC &#8211; Str. Matei Voievod nr. 75-77<\/p>\n\n\n\n<p class=\"template-defaultBlock\"><strong><em>Arta Actorului<\/em><\/strong><strong><em> <\/em><\/strong><em>(Curs &#8211; Tehnic\u0103 vocal\u0103)<\/em>,<br>anul II, grupa C, coordonator: lect.univ.dr. R\u0103zvan Georgescu<br><strong>16.00-17.00<\/strong>, Sala 206 B, Sediul UNATC &#8211; Str. Matei Voievod nr. 75-77<br><strong><em>Arta Actorului<\/em><\/strong><strong><em> <\/em><\/strong><em>(Curs &#8211; Mi\u0219care scenic\u0103)<\/em>,<br>anul II, grupa D, coordonator: conf.univ.dr. Roxana Colceag<br><strong>17.00-18.00<\/strong>, Sala 204 B, Sediul UNATC &#8211; Str. Matei Voievod nr. 75-77<\/p>\n<\/div><\/div><\/div>\n<\/div><\/div>\n\n\n\n<div class=\"wp-block-group\"><div class=\"wp-block-group__inner-container is-layout-constrained wp-block-group-is-layout-constrained\">\n<div class=\"wp-block-incas-blocks-section\"><svg xmlns=\"http:\/\/www.w3.org\/2000\/svg\" viewBox=\"0 0 448 448\" width=\"30\" height=\"30\"><circle cx=\"224.46\" cy=\"224.46\" r=\"224.46\" fill=\"#f54634\"><\/circle><\/svg><div class=\"columns\"><div class=\"section-heading\"><p class=\"section-heading-title\"><strong><strong><strong><strong><strong><strong><strong>Pedagogie Teatral\u0103<\/strong><\/strong><\/strong><\/strong><\/strong><\/strong><\/strong><\/p><div class=\"section-heading-subtitle\"><strong><em><em><em><strong><em><em><strong><em><em><em><em><em><em><em><em><em><em><em><em><em><em>Masterat &#8211; Facultatea de Teatru<\/em><\/em><\/em><\/em><\/em><\/em><\/em><\/em><\/em><\/em><\/em><\/em><\/em><\/em><\/strong><\/em><\/em><\/strong><\/em><\/em><\/em><\/strong><\/div><\/div><\/div><\/div>\n\n\n\n<div class=\"wp-block-incas-blocks-collapse\"><div class=\"columns heading-title undefined\"><blockquote class=\"flex-heading\"><div class=\"expand-bar\"><\/div><p class=\"block-heading-title\">Program<\/p><div class=\"block-heading-subtitle\"><strong>Vineri &#8211; 28 martie<\/strong><\/div><\/blockquote><\/div><div class=\"collapse-body\"><p class=\"highlight-body\"><\/p><div class=\"wp-block-incas-blocks-collapse\">\n<p class=\"template-defaultBlock\"><strong><em>Jocuri Teatrale<\/em><\/strong><em> (Atelier)<\/em><strong>,<\/strong><\/p>\n\n\n\n<p>Pedagogie teatral\u0103, anul II, coordonator: conf.univ.dr. Dana Rotaru<\/p>\n\n\n\n<p class=\"template-defaultBlock\">Formular \u00eenscrieri: <a href=\"https:\/\/forms.gle\/J1DF1Z1AgWTRDcye9\">https:\/\/forms.gle\/J1DF1Z1AgWTRDcye9<\/a><\/p>\n\n\n\n<p class=\"template-defaultBlock\"><strong>14.00-16.00<\/strong>, Sala 303 &#8211; Sediul UNATC &#8211; Str. Tudor Arghezi 3-b<\/p>\n<\/div><\/div><\/div>\n<\/div><\/div>\n\n\n\n<div class=\"wp-block-group\"><div class=\"wp-block-group__inner-container is-layout-constrained wp-block-group-is-layout-constrained\">\n<div class=\"wp-block-incas-blocks-section\"><svg xmlns=\"http:\/\/www.w3.org\/2000\/svg\" viewBox=\"0 0 448 448\" width=\"30\" height=\"30\"><circle cx=\"224.46\" cy=\"224.46\" r=\"224.46\" fill=\"#f54634\"><\/circle><\/svg><div class=\"columns\"><div class=\"section-heading\"><p class=\"section-heading-title\"><strong><strong><strong><strong><strong><strong><strong><strong>Teatru Comunitar \u0219i Terapeutic<\/strong><\/strong><\/strong><\/strong><\/strong><\/strong><\/strong><\/strong><\/p><div class=\"section-heading-subtitle\"><strong><em><em><em><strong><em><em><strong><em><em><em><em><em><em><em><em><em><em><em><em><em><em><em>Masterat &#8211; Facultatea de Teatru<\/em><\/em><\/em><\/em><\/em><\/em><\/em><\/em><\/em><\/em><\/em><\/em><\/em><\/em><\/em><\/strong><\/em><\/em><\/strong><\/em><\/em><\/em><\/strong><\/div><\/div><\/div><\/div>\n\n\n\n<div class=\"wp-block-incas-blocks-collapse\"><div class=\"columns heading-title undefined\"><blockquote class=\"flex-heading\"><div class=\"expand-bar\"><\/div><p class=\"block-heading-title\">Program<\/p><div class=\"block-heading-subtitle\"><strong>Vineri &#8211; 28 martie<\/strong><\/div><\/blockquote><\/div><div class=\"collapse-body\"><p class=\"highlight-body\"><\/p><div class=\"wp-block-incas-blocks-collapse\">\n<p class=\"template-defaultBlock\">&nbsp;<strong><em>Atelier de improviza\u021bie \u0219i teatru invizivbil<\/em><\/strong><em> (Atelier)<\/em><strong>,<\/strong><\/p>\n\n\n\n<p class=\"template-defaultBlock\">Anul I, coordonator conf.univ.dr. Cristina Briciu<strong>11.00-13.00<\/strong>, Sala TCT, et. IV &#8211; Sediul UNATC &#8211; Str. Matei Voievod nr. 75-77<\/p>\n\n\n\n<p class=\"template-defaultBlock\"><\/p>\n<\/div><\/div><\/div>\n<\/div><\/div>\n\n\n\n<div class=\"wp-block-group\"><div class=\"wp-block-group__inner-container is-layout-constrained wp-block-group-is-layout-constrained\">\n<div class=\"wp-block-incas-blocks-section\"><svg xmlns=\"http:\/\/www.w3.org\/2000\/svg\" viewBox=\"0 0 448 448\" width=\"30\" height=\"30\"><circle cx=\"224.46\" cy=\"224.46\" r=\"224.46\" fill=\"#f54634\"><\/circle><\/svg><div class=\"columns\"><div class=\"section-heading\"><p class=\"section-heading-title\"><strong><strong><strong><strong><strong><strong><strong><strong>P\u0103pu\u0219i-Marionete<\/strong><\/strong><\/strong><\/strong><\/strong><\/strong><\/strong><\/strong><\/p><div class=\"section-heading-subtitle\"><strong><em><em><em><strong><em><em><strong><em><em><em><em><em><em><em><em><em><em><em><em><em><em><em><strong><em>Licen\u021b\u0103 &#8211; Facultatea de Teatru<\/em><\/strong><\/em><\/em><\/em><\/em><\/em><\/em><\/em><\/em><\/em><\/em><\/em><\/em><\/em><\/em><\/em><\/strong><\/em><\/em><\/strong><\/em><\/em><\/em><\/strong><\/div><\/div><\/div><\/div>\n\n\n\n<div class=\"wp-block-incas-blocks-collapse\"><div class=\"columns heading-title undefined\"><blockquote class=\"flex-heading\"><div class=\"expand-bar\"><\/div><p class=\"block-heading-title\">Program<\/p><div class=\"block-heading-subtitle\"><strong>Vineri &#8211; 28 martie<\/strong><\/div><\/blockquote><\/div><div class=\"collapse-body\"><p class=\"highlight-body\"><\/p><div class=\"wp-block-incas-blocks-collapse\">\n<p class=\"template-defaultBlock\">&nbsp;<strong><em>P\u0103pu\u0219ile bi-ba-bo: \u201eMe\u0219terii&#8221; <\/em><\/strong><strong><em>,<\/em><\/strong><strong><em><br><\/em><\/strong>Scene din \u201eVisul unei nop\u021bi de var\u0103, &nbsp;de William Shakespeare, anul II, licen\u021b\u0103, coordonator: lect.univ.dr. Georgeta Dr\u0103gan<\/p>\n\n\n\n<p><strong><em>Ora 11.00<\/em><\/strong><strong><em>, <\/em><\/strong>Sala&nbsp; 3D, Sediul UNATC &#8211; Str. Matei Voievod nr. 75-77<\/p>\n\n\n\n<p><strong><em>Pove\u0219ti muzicale (p\u0103pu\u0219a wayang),<br><\/em><\/strong>Anul II, licen\u021b\u0103, coordonator: conf.univ.dr. Liliana Gavrilescu<\/p>\n\n\n\n<p><strong><em>13.15-13.45<\/em><\/strong><strong><em>, <\/em><\/strong>Sala&nbsp; 3D, Sediul UNATC &#8211; Str. Matei Voievod nr. 75-77<\/p>\n\n\n\n<p><strong><em>P\u0103pu\u0219a cu articula\u021bii multiple,<br><\/em><\/strong>Anul III, licen\u021b\u0103, coordonator: conf.univ.dr. Liliana Gavrilescu<\/p>\n\n\n\n<p class=\"template-defaultBlock\"><strong><em>13.15-13.45<\/em><\/strong><strong><em>, <\/em><\/strong>Sala&nbsp; 3D, Sediul UNATC &#8211; Str. Matei Voievod nr. 75-77<\/p>\n\n\n\n<p class=\"template-defaultBlock\"><\/p>\n<\/div><\/div><\/div>\n<\/div><\/div>\n\n\n\n<div class=\"wp-block-group\"><div class=\"wp-block-group__inner-container is-layout-constrained wp-block-group-is-layout-constrained\">\n<div class=\"wp-block-incas-blocks-section\"><svg xmlns=\"http:\/\/www.w3.org\/2000\/svg\" viewBox=\"0 0 448 448\" width=\"30\" height=\"30\"><circle cx=\"224.46\" cy=\"224.46\" r=\"224.46\" fill=\"#f54634\"><\/circle><\/svg><div class=\"columns\"><div class=\"section-heading\"><p class=\"section-heading-title\"><strong><strong><strong><strong><strong><strong><strong><strong>Teatru anima\u021bie<\/strong><\/strong><\/strong><\/strong><\/strong><\/strong><\/strong><\/strong><\/p><div class=\"section-heading-subtitle\"><strong><em><em><em><strong><em><em><strong><em><em><em><em><em><em><em><em><em><em><em><em><em><em><em><strong><em><strong><em>Masterat &#8211; Facultatea de Teatru<\/em><\/strong><\/em><\/strong><\/em><\/em><\/em><\/em><\/em><\/em><\/em><\/em><\/em><\/em><\/em><\/em><\/em><\/em><\/em><\/strong><\/em><\/em><\/strong><\/em><\/em><\/em><\/strong><\/div><\/div><\/div><\/div>\n\n\n\n<div class=\"wp-block-incas-blocks-collapse\"><div class=\"columns heading-title undefined\"><blockquote class=\"flex-heading\"><div class=\"expand-bar\"><\/div><p class=\"block-heading-title\">Program<\/p><div class=\"block-heading-subtitle\"><strong>Vineri &#8211; 28 martie<\/strong><\/div><\/blockquote><\/div><div class=\"collapse-body\"><p class=\"highlight-body\"><\/p><div class=\"wp-block-incas-blocks-collapse\">\n<p class=\"template-defaultBlock\"><strong><em>Vasilache \u0219i M\u0103rioara <\/em><\/strong><strong><em>(Spectacol),<\/em><\/strong><strong><em><br><\/em><\/strong>Anul II, coordonator: conf.univ.dr. Daniel Stanciu<\/p>\n\n\n\n<p><strong><em>Ora 14.00<\/em><\/strong><strong><em>, <\/em><\/strong>Sala Atelier, Sediul UNATC &#8211; Str. Matei Voievod nr. 75-77<\/p>\n\n\n\n<p><strong><em>Exerci\u021bii de expresivitate cu marioneta<\/em><\/strong><strong><em>(Curs),<\/em><\/strong><strong><em><br><\/em><\/strong>Anul I, coordonator: lect.univ.dr. Mihai Dumitrescu<\/p>\n\n\n\n<p><strong><em>14.00-15.00<\/em><\/strong><strong><em>, <\/em><\/strong>Sala Dorina T\u0103n\u0103sescu &#8211; 114A, Sediul UNATC &#8211; Str. Matei Voievod nr. 75-77<\/p>\n\n\n\n<p class=\"template-defaultBlock\"><br><strong><em>Atelier de crea\u021bie teatral\u0103(Atelier),<br><\/em><\/strong>Anul I, coordonator: conf.univ.dr. Daniel Stanciu<\/p>\n\n\n\n<p class=\"template-defaultBlock\"><strong><em>Ora 15.30, <\/em><\/strong>Sala 110A, Sediul UNATC &#8211; Str. Matei Voievod nr. 75-77<\/p>\n\n\n\n<p class=\"template-defaultBlock\"><\/p>\n<\/div><\/div><\/div>\n<\/div><\/div>\n\n\n\n<div class=\"wp-block-group\"><div class=\"wp-block-group__inner-container is-layout-constrained wp-block-group-is-layout-constrained\">\n<div class=\"wp-block-incas-blocks-section\"><svg xmlns=\"http:\/\/www.w3.org\/2000\/svg\" viewBox=\"0 0 448 448\" width=\"30\" height=\"30\"><circle cx=\"224.46\" cy=\"224.46\" r=\"224.46\" fill=\"#f54634\"><\/circle><\/svg><div class=\"columns\"><div class=\"section-heading\"><p class=\"section-heading-title\"><strong><strong><strong><strong><strong><strong><strong><strong><strong>Regie de Teatru<\/strong><\/strong><\/strong><\/strong><\/strong><\/strong><\/strong><\/strong><\/strong><\/p><div class=\"section-heading-subtitle\"><strong><em><em><em><strong><em><em><strong><em><em><em><em><em><em><em><em><em><em><em><em><em><em><em><strong><em><strong><em><em><em>Licen\u021b\u0103 &#8211; Facultatea de Teatru<\/em><\/em><\/em><\/strong><\/em><\/strong><\/em><\/em><\/em><\/em><\/em><\/em><\/em><\/em><\/em><\/em><\/em><\/em><\/em><\/em><\/em><\/strong><\/em><\/em><\/strong><\/em><\/em><\/em><\/strong><\/div><\/div><\/div><\/div>\n\n\n\n<div class=\"wp-block-incas-blocks-collapse\"><div class=\"columns heading-title undefined\"><blockquote class=\"flex-heading\"><div class=\"expand-bar\"><\/div><p class=\"block-heading-title\">Program<\/p><div class=\"block-heading-subtitle\"><strong>Vineri &#8211; 28 martie<\/strong><\/div><\/blockquote><\/div><div class=\"collapse-body\"><p class=\"highlight-body\"><\/p><div class=\"wp-block-incas-blocks-collapse\">\n<p class=\"template-defaultBlock\">&nbsp;<strong><em>Atelier de Regie &#8211; \u201eRegizor pentru o zi&#8221; <\/em><\/strong><strong><em>(II),<\/em><\/strong><\/p>\n\n\n\n<p>Coordonatori: lect. univ. dr. Eugen Gyemant, lector univ. dr. R\u0103svana Cernat<\/p>\n\n\n\n<p><strong>14.30-17.30<\/strong>, Sala \u201eIon Sava\u201d, et.3, Sediul UNATC &#8211; Str. Matei Voievod nr. 75-77<\/p>\n\n\n\n<p><strong>Detalii:<\/strong><\/p>\n\n\n\n<p>\u201eRegizor pentru o zi&#8221; este un atelier creativ \u0219i interactiv dedicat tuturor tinerilor interesa\u021bi de procesul form\u0103rii profesionale al unui viitor regizor de teatru. Participan\u021bii vor avea posibilitatea travers\u0103rii etapelor de lucru din spatele unui spectacol, de la analiza \u0219i \u00een\u021belegerea textului dramatic p\u00e2n\u0103 la interac\u021biunea cu actorul. Astfel, participan\u021bii se vor familiariza cu procesul de lucru \u0219i competen\u021bele dob\u00e2ndite \u00een cadrul celor patru ani de studii de licen\u021b\u0103 la specializarea Artele spectacolului \u2013 Regie.<\/p>\n\n\n\n<p>Eugen Gyemant a absolvit specializarea Regie de teatru \u00een 2008, \u00een cadrul U.N.A.T.C \u201eI.L.Caragiale\u201d din Bucure\u0219ti, urm\u00e2nd apoi studiile de Masterat \u0219i Doctorat \u00een aceea\u0219i universitate. P\u00e2n\u0103 \u00een prezent a realizat regia a 36 de spectacole \u00een teatre de stat din Bucure\u0219ti \u0219i din \u021bar\u0103 \u0219i \u00een teatrul independent. \u00cen 2018 a devenit cadru didactic al Universit\u0103\u021bii \u201eLucian Blaga\u201d din Sibiu, iar din 2019 s-a al\u0103turat echipei profesorale a U.N.A.T.C., unde pred\u0103 \u00een prezent \u00een cadrul Departamentului Regie Teatru.<\/p>\n\n\n\n<p>R\u0103svana Cernat are 44 de ani \u0219i este regizoare de teatru. Absolvent\u0103 a U.N.A.T.C. \u201eI.L.Caragiale\u201d, specializarea Regie de teatru, \u00een anul 2004, R\u0103svana a finalizat studiile de Doctorat (2012) \u00een cadrul aceleia\u0219i universit\u0103\u021bi \u0219i din 2015 este cadru didactic al Departamentului Regie Teatru. R\u0103svana Cernat a lucrat at\u00e2t ca regizor de teatru, c\u00e2t \u0219i ca regizor de oper\u0103 \u0219i regizor artistic de televiziune.&nbsp;<\/p>\n\n\n\n<p><strong><em>&nbsp;Fragment din De ce fierbe copilul \u00een m\u0103m\u0103lig\u0103&nbsp; de Aglaja Veteranyi&nbsp;&nbsp;<\/em><\/strong><\/p>\n\n\n\n<p><em>anul I, licen\u021b\u0103, student\u0103 Catinca Alexan<\/em><\/p>\n\n\n\n<p><strong><em>11.00-11.20<\/em><\/strong><strong><em>, <\/em><\/strong><em>Sala C3, Sediul UNATC &#8211; Str. Matei Voievod nr. 75-77<\/em><strong><em><br><\/em><\/strong><strong><em>&nbsp;<\/em><\/strong><\/p>\n\n\n\n<p><strong>Detalii:<\/strong><\/p>\n\n\n\n<p>Distribu\u021bie:<\/p>\n\n\n\n<p>Aglaja \u2013 Anna Zoril\u0103<br>Josephina \u2013 Amalia Olaru<br><br>Sinopsis: Aglaja se confrunt\u0103 cu amintiri dureroase despre tat\u0103l s\u0103u, un b\u0103rbat autoritar \u0219i lipsit de afec\u021biune, despre sora sa pierdut\u0103, accidentul tragic al c\u00e2inelui s\u0103u, Bambi \u0219i despre frica de moarte. \u00centr-o lume \u00een care iluzia \u0219i realitatea se contopesc, Aglaja \u0219i mama ei Josephina \u00ee\u0219i caut\u0103 locul, oscil\u00e2nd \u00eentre dorin\u021ba de a reu\u0219i \u0219i neputin\u021ba de a sc\u0103pa de trecut<em>.<\/em><em><br><\/em><em><br><\/em><\/p>\n\n\n\n<p><strong><em>&nbsp;Fragment din romanul romanul Cel mai iubit dintre p\u0103m\u00e2nteni<\/em><\/strong> <strong><em>de Marin Preda<\/em><\/strong><\/p>\n\n\n\n<p><em>anul I, licen\u021b\u0103, student Matei Dumitru<\/em><\/p>\n\n\n\n<p><strong><em>11.30-11.50<\/em><\/strong><strong><em>, <\/em><\/strong><em>Sala 303A, Sediul UNATC &#8211; Str. Matei Voievod nr. 75-7<\/em><strong><em>7<\/em><\/strong><\/p>\n\n\n\n<p><strong>Detalii:<\/strong><\/p>\n\n\n\n<p>Distribu\u021bie:<\/p>\n\n\n\n<p>Matilda &#8211; Diana Ra\u021b\u0103<br>Victor Petrini \u2013 Daniel S\u0103vescu<br>Sinopsis: Dup\u0103 trei luni de c\u0103snicie, rela\u021bia dintre Matilda \u0219i Petrini s-a r\u0103cit tot mai mult. Apartenen\u021ba Matildei la Partidul Muncitoresc Rom\u00e2n \u00eei provoac\u0103 so\u021bului ei o stare constant\u0103 de ostilitate, fiind \u00een contradic\u021bie total\u0103 cu valorile \u00een care Petrini, profesor de filosofie, crede cu t\u0103rie. Pe m\u0103sur\u0103 ce sistemul din care face parte Matilda se consolideaz\u0103, se ad\u00e2nce\u0219te \u0219i pr\u0103pastia dintre cei doi so\u021bi, aliment\u00e2nd o atmosfer\u0103 tot mai ap\u0103s\u0103toare de ne\u00eencredere \u0219i nelini\u0219te.<\/p>\n\n\n\n<p>\u00centr-o sear\u0103, \u00een timp ce \u00eel a\u0219teapt\u0103 pe Petrini cu masa preg\u0103tit\u0103 \u00een birou, dorind s\u0103-i dea o veste important\u0103 despre viitorul lor ca familie, acesta \u00eent\u00e2rzie. Frustrat\u0103, Matilda decide s\u0103 \u00eencalce regulile impuse de so\u021bul ei \u0219i for\u021beaz\u0103 accesul \u00een biroul unde acesta \u00ee\u0219i p\u0103streaz\u0103 manuscrisul c\u0103r\u021bii la care lucreaz\u0103.<\/p>\n\n\n\n<p><strong><em>&nbsp;Fragment din romanul Raftul cu ultimele sufl\u0103ri&nbsp; de Aglaja Veteranyi&nbsp;&nbsp;<\/em><\/strong><\/p>\n\n\n\n<p><em>anul I, licen\u021b\u0103, student\u0103 Anna Zoril\u0103<\/em><\/p>\n\n\n\n<p><strong><em>12.00-12.20<\/em><\/strong><strong><em>, <\/em><\/strong><em>Sala Penciulescu, Sediul UNATC &#8211; Str. Matei Voievod nr. 75-77<\/em><strong><em><br><\/em><\/strong><strong><em>&nbsp;<\/em><\/strong><\/p>\n\n\n\n<p><strong>Detalii:<\/strong><\/p>\n\n\n\n<p>Distribu\u021bia:Unchiul Costel \u2013 Gabriel Hri\u021bcu<br>Aglaja \u2013 Catinca Alexan<\/p>\n\n\n\n<p class=\"template-defaultBlock\">Sinopsis: Dup\u0103 dou\u0103 zile nedormite \u00een care au stat la c\u0103p\u0103t\u00e2iul m\u0103tu\u0219ii Reta bolnave de cancer, unchiul Costel \u0219i nepoata Aglaja \u00eencep s\u0103 fac\u0103 preg\u0103tirile pentru priveghi. Experien\u021ba circului, dezr\u0103d\u0103cinarea, sentimentul mor\u021bii \u0219i al vidului se devoaleaz\u0103 sub forma unui ritual de \u00eenmorm\u00e2ntare specific acestei lumi fascinante \u0219i paradoxale, totodat\u0103.<\/p>\n\n\n\n<p class=\"template-defaultBlock\"><\/p>\n<\/div><\/div><\/div>\n<\/div><\/div>\n\n\n\n<div class=\"wp-block-group\"><div class=\"wp-block-group__inner-container is-layout-constrained wp-block-group-is-layout-constrained\">\n<div class=\"wp-block-incas-blocks-section\"><svg xmlns=\"http:\/\/www.w3.org\/2000\/svg\" viewBox=\"0 0 448 448\" width=\"30\" height=\"30\"><circle cx=\"224.46\" cy=\"224.46\" r=\"224.46\" fill=\"#f54634\"><\/circle><\/svg><div class=\"columns\"><div class=\"section-heading\"><p class=\"section-heading-title\"><strong><strong><strong><strong><strong><strong><strong><strong><strong><strong>Coregrafie<\/strong><\/strong><\/strong><\/strong><\/strong><\/strong><\/strong><\/strong><\/strong><\/strong><\/p><div class=\"section-heading-subtitle\"><strong><em><em><em><strong><em><em><strong><em><em><em><em><em><em><em><em><em><em><em><em><em><em><em><strong><em><strong><em><em><em>Licen\u021b\u0103 &#8211; Facultatea de Teatru<\/em><\/em><\/em><\/strong><\/em><\/strong><\/em><\/em><\/em><\/em><\/em><\/em><\/em><\/em><\/em><\/em><\/em><\/em><\/em><\/em><\/em><\/strong><\/em><\/em><\/strong><\/em><\/em><\/em><\/strong><\/div><\/div><\/div><\/div>\n\n\n\n<div class=\"wp-block-incas-blocks-collapse\"><div class=\"columns heading-title undefined\"><blockquote class=\"flex-heading\"><div class=\"expand-bar\"><\/div><p class=\"block-heading-title\">Program<\/p><div class=\"block-heading-subtitle\"><strong>Vineri &#8211; 28 martie<\/strong><\/div><\/blockquote><\/div><div class=\"collapse-body\"><p class=\"highlight-body\"><\/p><div class=\"wp-block-incas-blocks-collapse\">\n<p class=\"template-defaultBlock\">28 martie<\/p>\n\n\n\n<p><strong>Coregrafie<\/strong><\/p>\n\n\n\n<p><strong><em>Tehnici de dans<\/em><\/strong>&nbsp;<em>(Atelier)<\/em><\/p>\n\n\n\n<p>Anul II, coordonator: lect.univ.dr. Valentina De Piante, prof. coordonatori ai anului: lect.univ.dr. Elena Zamfirescu, drd. Teodora Velescu<\/p>\n\n\n\n<p>&nbsp;<strong>12:00-13:00<\/strong>, Sala Parter C<br><\/p>\n\n\n\n<p><strong><em>Construc\u021bia temelor de mi\u0219care \u00een raport cu planul cinematografic<\/em><\/strong>&nbsp;<em>(Curs)<\/em><\/p>\n\n\n\n<p class=\"template-defaultBlock\">Curs demonstrativ de Video Dans Anul III, coordonator lect.univ.dr. Andreea Du\u021b\u0103<\/p>\n\n\n\n<p class=\"template-defaultBlock\"><strong>13:00-14:00<\/strong>, Sala 204A<\/p>\n\n\n\n<p class=\"template-defaultBlock\"><br>\ud835\udfd0\ud835\udfd5, \ud835\udfd0\ud835\udfd6, \ud835\udfd0\ud835\udfd7 \ud835\udc26\ud835\udc1a\ud835\udc2b\ud835\udc2d\ud835\udc22\ud835\udc1e<\/p>\n\n\n\n<p>Expozi\u021bie de fotografie de spectacol de Coregrafie<\/p>\n\n\n\n<p>Coordonator: conf.univ.dr. Simona \u0218om\u0103cescu<\/p>\n\n\n\n<p class=\"template-defaultBlock\">Parter UNATC Expozi\u021bie preambul la International Conference on Creativity in Dance (2-4 aprilie &#8211; UNATC) &#8211;&nbsp;<a href=\"https:\/\/l.facebook.com\/l.php?u=http%3A%2F%2Ficcdance-unatc.com%2F%3Ffbclid%3DIwZXh0bgNhZW0CMTAAAR17ylSqA5DD8-4ynK19dLoMQq4MAf4cqcdqlqR1ZtxrOMPTeiISrunhJck_aem_6YRhtCECleu3Bo6GW4cOrQ&amp;h=AT0DyFvWx9wtou419N0_f4pjajzT6jcIrjdODd9J-k09_kKPq7UGikgK5nW8rdDswfWGpNRua76hqjwhTHY3ELRQGunRdf1Pfgawae-Wz2dX-f8CrsNI0VFYfVuVddJ14bSVKlGwmUPE-YuH&amp;__tn__=-UK-R&amp;c[0]=AT1MzjxQs1QukzXSeOQGVBguxUJ66MFGi5tt8LJRu72-wNHb9cpOqyhbkqL55YiWySlhjDqyfkOTDz5ZJtJ4By4XAZPqCUpJ7ubgRSaHTylHZGSU0wG0g3X4ev0hO5GjMmKKgieGZnGG4dvpuse__PDEFhowVGE_4GlO4CZ9brGwed9qOpExyS3FzBJWQx1EnA\" target=\"_blank\" rel=\"noreferrer noopener\">http:\/\/iccdance-unatc.com<\/a><\/p>\n<\/div><\/div><\/div>\n<\/div><\/div>\n\n\n\n<div class=\"wp-block-group\"><div class=\"wp-block-group__inner-container is-layout-constrained wp-block-group-is-layout-constrained\">\n<div class=\"wp-block-incas-blocks-section\"><svg xmlns=\"http:\/\/www.w3.org\/2000\/svg\" viewBox=\"0 0 448 448\" width=\"30\" height=\"30\"><circle cx=\"224.46\" cy=\"224.46\" r=\"224.46\" fill=\"#f54634\"><\/circle><\/svg><div class=\"columns\"><div class=\"section-heading\"><p class=\"section-heading-title\"><strong><strong><strong><strong><strong><strong><strong><strong><strong><strong><strong>Scenografie<\/strong><\/strong><\/strong><\/strong><\/strong><\/strong><\/strong><\/strong><\/strong><\/strong><\/strong><\/p><div class=\"section-heading-subtitle\"><strong><em><em><em><strong><em><em><strong><em><em><em><em><em><em><em><em><em><em><em><em><em><em><em><strong><em><strong><em><em><em><em>Licen\u021b\u0103, masterat &#8211; Facultatea de Teatru<\/em><\/em><\/em><\/em><\/strong><\/em><\/strong><\/em><\/em><\/em><\/em><\/em><\/em><\/em><\/em><\/em><\/em><\/em><\/em><\/em><\/em><\/em><\/strong><\/em><\/em><\/strong><\/em><\/em><\/em><\/strong><\/div><\/div><\/div><\/div>\n\n\n\n<div class=\"wp-block-incas-blocks-collapse\"><div class=\"columns heading-title undefined\"><blockquote class=\"flex-heading\"><div class=\"expand-bar\"><\/div><p class=\"block-heading-title\">Program<\/p><div class=\"block-heading-subtitle\"><strong>Vineri &#8211; 28 martie<\/strong><\/div><\/blockquote><\/div><div class=\"collapse-body\"><p class=\"highlight-body\"><\/p><div class=\"wp-block-incas-blocks-collapse\">\n<p class=\"template-defaultBlock\"><strong><em>Tehnica luminii de scen\u0103<\/em><\/strong><strong><em>,<\/em><\/strong><\/p>\n\n\n\n<p>Anul II, scenografie \u0219i regie de teatru, licen\u021b\u0103, coordonator: lect.univ.dr. Mihnea Golumbeanu<\/p>\n\n\n\n<p class=\"template-defaultBlock\"><strong>10.00-11.00, <\/strong>Sala 106B, Sediul UNATC &#8211; Str. Matei Voievod nr. 75-77<\/p>\n\n\n\n<p class=\"template-defaultBlock\"><\/p>\n<\/div><\/div><\/div>\n<\/div><\/div>\n\n\n\n<div class=\"wp-block-group\"><div class=\"wp-block-group__inner-container is-layout-constrained wp-block-group-is-layout-constrained\">\n<div class=\"wp-block-incas-blocks-section\"><svg xmlns=\"http:\/\/www.w3.org\/2000\/svg\" viewBox=\"0 0 448 448\" width=\"30\" height=\"30\"><circle cx=\"224.46\" cy=\"224.46\" r=\"224.46\" fill=\"#f54634\"><\/circle><\/svg><div class=\"columns\"><div class=\"section-heading\"><p class=\"section-heading-title\"><strong><strong><strong><strong><strong><strong><strong><strong><strong><strong><strong>Teatrologie (Jurnalism teatral, Management cultural)<\/strong><\/strong><\/strong><\/strong><\/strong><\/strong><\/strong><\/strong><\/strong><\/strong><\/strong><\/p><div class=\"section-heading-subtitle\"><strong><em><em><em><strong><em><em><strong><em><em><em><em><em><em><em><em><em><em><em><em><em><em><em><strong><em><strong><em><em><em><em><em>Licen\u021b\u0103 &#8211; Facultatea de Teatru<\/em><\/em><\/em><\/em><\/em><\/strong><\/em><\/strong><\/em><\/em><\/em><\/em><\/em><\/em><\/em><\/em><\/em><\/em><\/em><\/em><\/em><\/em><\/em><\/strong><\/em><\/em><\/strong><\/em><\/em><\/em><\/strong><\/div><\/div><\/div><\/div>\n\n\n\n<div class=\"wp-block-incas-blocks-collapse\"><div class=\"columns heading-title undefined\"><blockquote class=\"flex-heading\"><div class=\"expand-bar\"><\/div><p class=\"block-heading-title\">Program<\/p><div class=\"block-heading-subtitle\"><strong>Vineri &#8211; 28 martie<\/strong><\/div><\/blockquote><\/div><div class=\"collapse-body\"><p class=\"highlight-body\"><\/p><div class=\"wp-block-incas-blocks-collapse\">\n<p class=\"template-defaultBlock\"><strong><em>Cum e s\u0103 fii student la Teatrologier<\/em><\/strong><strong><em> <\/em><\/strong><em>(O&amp;A)<\/em><em><br><\/em>Sesiune Q&amp;A cu studen\u021bii anilor I, II \u0219i III, licen\u021b\u0103 Teatrologie &#8211; Jurnalism teatral<\/p>\n\n\n\n<p><strong>14:00-15.00<\/strong>, Sala 5 &#8211; Teatrologie, etajul III, Sediul UNATC &#8211; Str. Matei Voievod nr. 75-77<\/p>\n\n\n\n<p><strong><em>Managementul proiectului cultural<\/em><\/strong><strong><em> <\/em><\/strong><strong><em>(Curs)<\/em><\/strong><em><br><\/em>Curs sus\u021binut de lect.univ.dr. Maria Rotar<\/p>\n\n\n\n<p class=\"template-defaultBlock\"><strong>15:00-16.00<\/strong>, Sala 5 &#8211; Teatrologie, etajul III (Departamentul Studii Teatrale), Sediul UNATC &#8211; Str. Matei Voievod nr. 75-77<\/p>\n\n\n\n<p class=\"template-defaultBlock\"><\/p>\n<\/div><\/div><\/div>\n<\/div><\/div>\n\n\n\n<div class=\"wp-block-group\"><div class=\"wp-block-group__inner-container is-layout-constrained wp-block-group-is-layout-constrained\">\n<div class=\"wp-block-incas-blocks-section\"><svg xmlns=\"http:\/\/www.w3.org\/2000\/svg\" viewBox=\"0 0 448 448\" width=\"30\" height=\"30\"><circle cx=\"224.46\" cy=\"224.46\" r=\"224.46\" fill=\"#f54634\"><\/circle><\/svg><div class=\"columns\"><div class=\"section-heading\"><p class=\"section-heading-title\"><strong><strong><strong><strong><strong><strong><strong><strong><strong><strong><strong><strong>Regie de Film \u0219i TV<\/strong><\/strong><\/strong><\/strong><\/strong><\/strong><\/strong><\/strong><\/strong><\/strong><\/strong><\/strong><\/p><div class=\"section-heading-subtitle\"><strong><em><em><em><strong><em><em><strong><em><em><em><em><em><em><em><em><em><em><em><em><em><em><em><strong><em><strong><em><em><em><em><em><em>Licen\u021b\u0103 &#8211; Facultatea de Film<\/em><\/em><\/em><\/em><\/em><\/em><\/strong><\/em><\/strong><\/em><\/em><\/em><\/em><\/em><\/em><\/em><\/em><\/em><\/em><\/em><\/em><\/em><\/em><\/em><\/strong><\/em><\/em><\/strong><\/em><\/em><\/em><\/strong><\/div><\/div><\/div><\/div>\n\n\n\n<div class=\"wp-block-incas-blocks-collapse\"><div class=\"columns heading-title undefined\"><blockquote class=\"flex-heading\"><div class=\"expand-bar\"><\/div><p class=\"block-heading-title\">Program<\/p><div class=\"block-heading-subtitle\"><strong>Vineri &#8211; 28 martie<\/strong><\/div><\/blockquote><\/div><div class=\"collapse-body\"><p class=\"highlight-body\"><\/p><div class=\"wp-block-incas-blocks-collapse\">\n<p class=\"template-defaultBlock\">&nbsp;<strong><em>Forme \u0219i structuri vizuale <\/em><\/strong><strong><em>(Curs)<\/em><\/strong><em><br><\/em>Sus\u021binut de<strong><em> <\/em><\/strong>prof.univ.dr. Doru NI\u021aESCU<\/p>\n\n\n\n<p><strong>12:00-14:00<\/strong>, Sala Cinema, Sediul UNATC &#8211; Str. Matei Voievod nr. 75-77<\/p>\n\n\n\n<p><strong>Detalii:<\/strong> Se va discuta pe marginea unor fotografii faimoase \u0219i se vor analiza 1-2 scurtmetraje.&nbsp;<\/p>\n\n\n\n<p><strong><em>\u00cent\u00e2lnire informal\u0103 <\/em><\/strong><em>&nbsp;<\/em><strong><em>(Prezentare)<\/em><\/strong><em><br><\/em><strong><em> <\/em><\/strong>Sus\u021binut\u0103 de studen\u021bii anul II Regie \u0219i elevi<\/p>\n\n\n\n<p><strong>14:30-16:30<\/strong>, Sala Albastr\u0103, Sediul UNATC &#8211; Str. Matei Voievod nr. 75-77<\/p>\n\n\n\n<p><strong>Detalii:<\/strong> C\u00e2\u021biva dintre studen\u021bii anului II Regie de film (4-5 maxim) \u00ee\u0219i vor prezenta c\u00e2te un film realizat \u00een \u0219coal\u0103 \u0219i vor discuta cu elevii despre experien\u021ba lucrului la film \u0219i \u00een general experien\u021ba de p\u00e2n\u0103 acum \u00een UNATC.&nbsp;<\/p>\n\n\n\n<p><strong><em>Filmul hibrid: negocierea grani\u021belor \u00eentre documentar \u0219i fic\u021biune \u00een&nbsp; cinematografia contemporan\u0103&nbsp; <\/em><\/strong><em>&nbsp;<\/em><strong><em>(Prezentare)<\/em><\/strong><em><br><\/em>Sus\u021binut\u0103 de: lect.univ.dr. Ana Vlad, dr. Ioana Grigore<\/p>\n\n\n\n<p><strong>16:30-18:30<\/strong>, Sala Albastr\u0103, Sediul UNATC &#8211; Str. Matei Voievod nr. 75-77<\/p>\n\n\n\n<p class=\"template-defaultBlock\"><strong>Detalii:<\/strong> Studii de caz<\/p>\n\n\n\n<p class=\"template-defaultBlock\"><\/p>\n<\/div><\/div><\/div>\n<\/div><\/div>\n\n\n\n<div class=\"wp-block-group\"><div class=\"wp-block-group__inner-container is-layout-constrained wp-block-group-is-layout-constrained\">\n<div class=\"wp-block-incas-blocks-section\"><svg xmlns=\"http:\/\/www.w3.org\/2000\/svg\" viewBox=\"0 0 448 448\" width=\"30\" height=\"30\"><circle cx=\"224.46\" cy=\"224.46\" r=\"224.46\" fill=\"#f54634\"><\/circle><\/svg><div class=\"columns\"><div class=\"section-heading\"><p class=\"section-heading-title\"><strong><strong><strong><strong><strong><strong><strong><strong><strong><strong><strong><strong><strong>Imagine de film \u0219i TV<\/strong><\/strong><\/strong><\/strong><\/strong><\/strong><\/strong><\/strong><\/strong><\/strong><\/strong><\/strong><\/strong><\/p><div class=\"section-heading-subtitle\"><strong><em><em><em><strong><em><em><strong><em><em><em><em><em><em><em><em><em><em><em><em><em><em><em><strong><em><strong><em><em><em><em><em><em><em>Licen\u021b\u0103 &#8211; Facultatea de Film<\/em><\/em><\/em><\/em><\/em><\/em><\/em><\/strong><\/em><\/strong><\/em><\/em><\/em><\/em><\/em><\/em><\/em><\/em><\/em><\/em><\/em><\/em><\/em><\/em><\/em><\/strong><\/em><\/em><\/strong><\/em><\/em><\/em><\/strong><\/div><\/div><\/div><\/div>\n\n\n\n<div class=\"wp-block-incas-blocks-collapse\"><div class=\"columns heading-title undefined\"><blockquote class=\"flex-heading\"><div class=\"expand-bar\"><\/div><p class=\"block-heading-title\">Program<\/p><div class=\"block-heading-subtitle\"><strong>Vineri &#8211; 28 martie<\/strong><\/div><\/blockquote><\/div><div class=\"collapse-body\"><p class=\"highlight-body\"><\/p><div class=\"wp-block-incas-blocks-collapse\">\n<p class=\"template-defaultBlock\"><strong><em>Introducere \u00een tehnica film\u0103rii \u0219i ilumin\u0103rii pe un platou cinematografic<\/em><\/strong><em>, <\/em><strong><em>(Atelier)<\/em><\/strong><strong><em><br><\/em><\/strong><strong><em><br><\/em><\/strong>Sus\u021binut de studen\u021bii anilor II, masterat Imagine \u0219i Regie (Alex Hosu, Constantin Bo\u021bea \u0219i Maria Popescu), asista\u021bi de studen\u021bii anului I Imagine, licen\u021b\u0103.&nbsp;<\/p>\n\n\n\n<p>Coordonatori: Conf.Univ.Dr. Drago\u0219 Popescu, masterand Matei Reu<\/p>\n\n\n\n<p><strong>10.00-18.00<\/strong>, Platou Filmare UNATC, Sediul UNATC &#8211; Str. Matei Voievod nr. 75-77<\/p>\n\n\n\n<p><strong>Detalii:<\/strong><\/p>\n\n\n\n<p>Atelier interactiv ce va exemplifica metodele de lucru pe un platou cinematografic. Vom ilustra realizarea unei chei de iluminare clar-obscur \/ neo-noire \u00een platoul UNATC. Mai mult dec\u00e2t at\u00e2t, dorim s\u0103 ar\u0103tam cum prin mijloace tehnologice moderne, far\u0103 schimbarea punctului de sta\u021bie al surselor, ci doar prin schimbarea intensit\u0103\u021bii, caracterului luminii \u0219i a temperaturii de culoare, putem modifica major cheia de iluminare. Astfel, vom demonstra \u0219i trecerea de la zi la noapte \u0219i cum aceasta influen\u021beaz\u0103 percep\u021bia spectatorilor asupra dramaturgiei. Din punctul de vedere al mi\u0219c\u0103rii de camer\u0103, vom executa o mi\u0219care de travling ce va urm\u0103ri personajele pe parcursul jocului lor scenic. Se va putea observa astfel, conlucrarea mai multor specializ\u0103ri: Regie, Imagine de Film \u0219i Actorie. Tinerii vizitatori, \u00ee\u0219i pot crea o imagine de ansamblu asupra metodelor de lucru a unei echipe de filmare, pe un platou cinematografic profesionist. Ne dorim s\u0103 deschidem apetitul tinerilor vizitatori, pentru programele de studii ale Facult\u0103\u021bii de Film, \u00een care vor putea avea ocazia s\u0103 experimenteze cele prezentate.<\/p>\n\n\n\n<p><\/p>\n<\/div><\/div><\/div>\n\n\n\n<div class=\"wp-block-incas-blocks-section\"><svg xmlns=\"http:\/\/www.w3.org\/2000\/svg\" viewBox=\"0 0 448 448\" width=\"30\" height=\"30\"><circle cx=\"224.46\" cy=\"224.46\" r=\"224.46\" fill=\"#f54634\"><\/circle><\/svg><div class=\"columns\"><div class=\"section-heading\"><p class=\"section-heading-title\"><strong><strong><strong><strong><strong><strong><strong><strong><strong><strong><strong><strong><strong>Fotografie<\/strong><\/strong><\/strong><\/strong><\/strong><\/strong><\/strong><\/strong><\/strong><\/strong><\/strong><\/strong><\/strong><\/p><div class=\"section-heading-subtitle\"><strong><em><em><em><strong><em><em><strong><em><em><em><em><em><em><em><em><em><em><em><em><em><em><em><strong><em><strong><em><em><em><em><em><em><em>Licen\u021b\u0103 &#8211; Facultatea de Film<\/em><\/em><\/em><\/em><\/em><\/em><\/em><\/strong><\/em><\/strong><\/em><\/em><\/em><\/em><\/em><\/em><\/em><\/em><\/em><\/em><\/em><\/em><\/em><\/em><\/em><\/strong><\/em><\/em><\/strong><\/em><\/em><\/em><\/strong><\/div><\/div><\/div><\/div>\n\n\n\n<div class=\"wp-block-incas-blocks-collapse\"><div class=\"columns heading-title undefined\"><blockquote class=\"flex-heading\"><div class=\"expand-bar\"><\/div><p class=\"block-heading-title\">Program<\/p><div class=\"block-heading-subtitle\"><strong>Vineri &#8211; 28 martie<\/strong><\/div><\/blockquote><\/div><div class=\"collapse-body\"><p class=\"highlight-body\"><\/p><div class=\"wp-block-incas-blocks-collapse\">\n<p><strong><em>Portret, rela\u021bii \u00eentre personaje, costum de epoca &#8211; partea I <\/em><\/strong><strong><em>(Atelier de Fotografie)<\/em><\/strong><strong><em><br><\/em><\/strong><strong><em><br><\/em><\/strong>Atelier sus\u021binut de studen\u021bii anilor I \u0219i II Fotografie<\/p>\n\n\n\n<p>Coordonatori: Conf.Univ.Dr. Victor Velculescu \/ Lect.Univ.Dr. Cornel Lazia<\/p>\n\n\n\n<p><strong>10.00-13.00<\/strong>, Platou Foto, et. II, Sediul UNATC &#8211; Str. Matei Voievod nr. 75-77<\/p>\n\n\n\n<p><strong>Detalii:<\/strong><\/p>\n\n\n\n<p>La acest workshop vom studia compozi\u021bia (\u201eposing&#8221;, \u201emis en sc\u00e8ne&#8221;), farmecul<\/p>\n\n\n\n<p class=\"template-defaultBlock\">luminii \u0219i influen\u021ba diferitelor tipuri de obiective fotografice asupra esteticii cadrului.<\/p>\n\n\n\n<p class=\"template-defaultBlock\"><\/p>\n<\/div><\/div><\/div>\n<\/div><\/div>\n\n\n\n<div class=\"wp-block-group\"><div class=\"wp-block-group__inner-container is-layout-constrained wp-block-group-is-layout-constrained\">\n<div class=\"wp-block-incas-blocks-section\"><svg xmlns=\"http:\/\/www.w3.org\/2000\/svg\" viewBox=\"0 0 448 448\" width=\"30\" height=\"30\"><circle cx=\"224.46\" cy=\"224.46\" r=\"224.46\" fill=\"#f54634\"><\/circle><\/svg><div class=\"columns\"><div class=\"section-heading\"><p class=\"section-heading-title\"><strong><strong><strong><strong><strong><strong><strong><strong><strong><strong><strong><strong><strong><strong>Regie &#8211; Produc\u021bie de film<\/strong><\/strong><\/strong><\/strong><\/strong><\/strong><\/strong><\/strong><\/strong><\/strong><\/strong><\/strong><\/strong><\/strong><\/p><div class=\"section-heading-subtitle\"><strong><em><em><em><strong><em><em><strong><em><em><em><em><em><em><em><em><em><em><em><em><em><em><em><strong><em><strong><em><em><em><em><em><em><em><em>Masterat &#8211; Facultatea de Film<\/em><\/em><\/em><\/em><\/em><\/em><\/em><\/em><\/strong><\/em><\/strong><\/em><\/em><\/em><\/em><\/em><\/em><\/em><\/em><\/em><\/em><\/em><\/em><\/em><\/em><\/em><\/strong><\/em><\/em><\/strong><\/em><\/em><\/em><\/strong><\/div><\/div><\/div><\/div>\n\n\n\n<div class=\"wp-block-incas-blocks-collapse\"><div class=\"columns heading-title undefined\"><blockquote class=\"flex-heading\"><div class=\"expand-bar\"><\/div><p class=\"block-heading-title\">Program<\/p><div class=\"block-heading-subtitle\"><strong>Vineri &#8211; 28 martie<\/strong><\/div><\/blockquote><\/div><div class=\"collapse-body\"><p class=\"highlight-body\"><\/p><div class=\"wp-block-incas-blocks-collapse\">\n<p class=\"template-defaultBlock\"><strong><em>Atelier de machiaj <\/em><\/strong><strong><em>(Atelier)<\/em><\/strong><strong><em><br><\/em><\/strong>Coordonator: lect.univ.dr. Maria Peici<\/p>\n\n\n\n<p><strong>13.00-15.00<\/strong>, Sala 107B, Sediul UNATC &#8211; Str. Matei Voievod nr. 75-77<\/p>\n\n\n\n<p class=\"template-defaultBlock\"><strong>Detalii: <\/strong>Curs de machiaj pentru film &#8211; efecte speciale (v\u00e2n\u0103t\u0103i, r\u0103ni, cicatrici, transpira\u021bie, arsuri, \u00eemb\u0103tr\u00e2nire). Introducere \u00een machiajul de efecte speciale pentru film cu demonstra\u021bie de aplicare a produselor pe un subiect.<\/p>\n\n\n\n<p class=\"template-defaultBlock\"><\/p>\n<\/div><\/div><\/div>\n<\/div><\/div>\n\n\n\n<div class=\"wp-block-group\"><div class=\"wp-block-group__inner-container is-layout-constrained wp-block-group-is-layout-constrained\">\n<div class=\"wp-block-incas-blocks-section\"><svg xmlns=\"http:\/\/www.w3.org\/2000\/svg\" viewBox=\"0 0 448 448\" width=\"30\" height=\"30\"><circle cx=\"224.46\" cy=\"224.46\" r=\"224.46\" fill=\"#f54634\"><\/circle><\/svg><div class=\"columns\"><div class=\"section-heading\"><p class=\"section-heading-title\"><strong><strong><strong><strong><strong><strong><strong><strong><strong><strong><strong><strong><strong><strong>Anima\u021bie<\/strong><\/strong><\/strong><\/strong><\/strong><\/strong><\/strong><\/strong><\/strong><\/strong><\/strong><\/strong><\/strong><\/strong><\/p><div class=\"section-heading-subtitle\"><strong><em><em><em><strong><em><em><strong><em><em><em><em><em><em><em><em><em><em><em><em><em><em><em><strong><em><strong><em><em><em><em><em><em><em><em>Licen\u021b\u0103 &#8211; Facultatea de Film<\/em><\/em><\/em><\/em><\/em><\/em><\/em><\/em><\/strong><\/em><\/strong><\/em><\/em><\/em><\/em><\/em><\/em><\/em><\/em><\/em><\/em><\/em><\/em><\/em><\/em><\/em><\/strong><\/em><\/em><\/strong><\/em><\/em><\/em><\/strong><\/div><\/div><\/div><\/div>\n\n\n\n<div class=\"wp-block-incas-blocks-collapse\"><div class=\"columns heading-title undefined\"><blockquote class=\"flex-heading\"><div class=\"expand-bar\"><\/div><p class=\"block-heading-title\">Program<\/p><div class=\"block-heading-subtitle\"><strong>Vineri &#8211; 28 martie<\/strong><\/div><\/blockquote><\/div><div class=\"collapse-body\"><p class=\"highlight-body\"><\/p><div class=\"wp-block-incas-blocks-collapse\">\n<p class=\"template-defaultBlock\"><\/p>\n\n\n\n<p class=\"template-defaultBlock\"><strong>(27, 28, 29 martie)<\/strong><\/p>\n\n\n\n<p><strong>Expozi\u021bie Flipbook&nbsp;<\/strong>(Expozi\u021bie)Anima\u021bie anii II &amp; III, licen\u021b\u0103<br>Coordonator: conf. univ.dr. Mirela Vlad<\/p>\n\n\n\n<p>27, 28 martie, 10:00-18:00<br>29 martie 10:00-14:00<br><strong>Anima\u021bie POD 2<\/strong><\/p>\n\n\n\n<p><\/p>\n\n\n\n<p><strong>Expozi\u021bie grafic\u0103 licen\u021b\u0103&nbsp;<\/strong>(Expozi\u021bie)<\/p>\n\n\n\n<p>Coordonator:&nbsp;lect.univ.dr.&nbsp;Constantina&nbsp;Mih\u0103il\u0103&nbsp;<\/p>\n\n\n\n<p>27, 28 martie, 10:00-18:00<\/p>\n\n\n\n<p>29 martie 10:00-14:00<\/p>\n\n\n\n<p><strong>Anima\u021bie POD 4<\/strong><\/p>\n\n\n\n<p><\/p>\n\n\n\n<p><strong>Expozi\u021bie afi\u0219 de Festival de Film Studen\u021besc CineMAiubit&nbsp;<\/strong>(Expozi\u021bie)<\/p>\n\n\n\n<p>Anima\u021bie anul I, licen\u021b\u0103<br>Coordonator:&nbsp;conf. univ. dr.&nbsp;Mirela Vlad<\/p>\n\n\n\n<p>27, 28, 29 martie, 10:00-18:00<br><strong>Et.1,&nbsp;Hol A<\/strong><\/p>\n\n\n\n<p><\/p>\n\n\n\n<p><strong>Expozi\u021bie&nbsp;Afi\u0219 de film de diplom\u0103&nbsp;<\/strong>(Expozi\u021bie)<\/p>\n\n\n\n<p>Anima\u021bie anul III, licen\u021b\u0103 &amp; anul II, masterat<br>Coordonator:&nbsp;conf univ. dr.&nbsp;Mirela Vlad<\/p>\n\n\n\n<p><strong>27, 28 martie, 10:00-18:00<\/strong><\/p>\n\n\n\n<p>29 martie 10:00-14:00<br><strong>Anima\u021bie POD 3<\/strong><\/p>\n\n\n\n<p><\/p>\n\n\n\n<p class=\"template-defaultBlock\"><em>Proiec\u021bie Best Of Anima\u021bie &amp; Interactivitate&nbsp;(Proiec\u021bie \u00een loop)<\/em><br>Coordonator: lect.univ.dr. Valeriu C\u0103liman, conf.univ.dr. Matei Branea<br>27, 28 martie, 10:00-18:00<br>29 martie 10:00-14:00<br><strong>Anima\u021bie POD 3<\/strong><\/p>\n\n\n\n<p class=\"template-defaultBlock\"><\/p>\n<\/div><\/div><\/div>\n<\/div><\/div>\n\n\n\n<div class=\"wp-block-group\"><div class=\"wp-block-group__inner-container is-layout-constrained wp-block-group-is-layout-constrained\">\n<div class=\"wp-block-incas-blocks-section\"><svg xmlns=\"http:\/\/www.w3.org\/2000\/svg\" viewBox=\"0 0 448 448\" width=\"30\" height=\"30\"><circle cx=\"224.46\" cy=\"224.46\" r=\"224.46\" fill=\"#f54634\"><\/circle><\/svg><div class=\"columns\"><div class=\"section-heading\"><p class=\"section-heading-title\"><strong><strong><strong><strong><strong><strong><strong><strong><strong><strong><strong><strong><strong><strong><strong>Multimedia: Sunet-Montaj<\/strong><\/strong><\/strong><\/strong><\/strong><\/strong><\/strong><\/strong><\/strong><\/strong><\/strong><\/strong><\/strong><\/strong><\/strong><\/p><div class=\"section-heading-subtitle\"><strong><em><em><em><strong><em><em><strong><em><em><em><em><em><em><em><em><em><em><em><em><em><em><em><strong><em><strong><em><em><em><em><em><em><em><em><em>Licen\u021b\u0103 &#8211; Facultatea de Film<\/em><\/em><\/em><\/em><\/em><\/em><\/em><\/em><\/em><\/strong><\/em><\/strong><\/em><\/em><\/em><\/em><\/em><\/em><\/em><\/em><\/em><\/em><\/em><\/em><\/em><\/em><\/em><\/strong><\/em><\/em><\/strong><\/em><\/em><\/em><\/strong><\/div><\/div><\/div><\/div>\n\n\n\n<div class=\"wp-block-incas-blocks-collapse\"><div class=\"columns heading-title undefined\"><blockquote class=\"flex-heading\"><div class=\"expand-bar\"><\/div><p class=\"block-heading-title\">Program<\/p><div class=\"block-heading-subtitle\"><strong>Vineri &#8211; 28 martie<\/strong><\/div><\/blockquote><\/div><div class=\"collapse-body\"><p class=\"highlight-body\"><\/p><div class=\"wp-block-incas-blocks-collapse\">\n<p class=\"template-defaultBlock\"><strong><em>Workshop interactiv Foley<\/em><\/strong><strong> <\/strong><em>(Atelier)<\/em><\/p>\n\n\n\n<p>Conf. univ. dr. Laura L\u0103z\u0103rescu-Thois<br><strong>10.00-11.00,<\/strong> Studioul de Sunet Digital (etaj 1), Sediul UNATC &#8211; Str. Matei Voievod nr. 75-77<\/p>\n\n\n\n<p><strong>Detalii:<\/strong><\/p>\n\n\n\n<p>Participan\u021bii vor asista la o lec\u021bie deschis\u0103 \u00eempreun\u0103 cu studen\u021bii Multimedia: Sunet- Montaj. Vor \u00eenv\u0103\u021ba ce presupune o sesiune de Foley, ce recuzit\u0103 se folose\u0219te \u00een diverse situa\u021bii \u0219i cum se \u00eenregistreaz\u0103 diferite zgomote \u00een studio. Participan\u021bii vor putea experimenta cu recuzita pus\u0103 la dispozi\u021bie \u0219i \u00eenregistra propriile sunete \u00een sincron cu imaginea.<\/p>\n\n\n\n<p><strong><em>Trailer de film<\/em><\/strong><strong> <\/strong><em>(Atelier)<\/em><\/p>\n\n\n\n<p>Lect. univ. dr. Ana Branea, lect. univ. dr. \u0218tefan P\u00e2rlog<\/p>\n\n\n\n<p>Invita\u021bi: studen\u021bii anului II de masterat Arta Montajului de Film<br><strong>11.00-13.00,<\/strong> Sala 315 B, Sediul UNATC &#8211; Str. Matei Voievod nr. 75-77<\/p>\n\n\n\n<p><strong><em>Percep\u021bia timpului filmic &#8211; \u00eentre cadru-secven\u021b\u0103 \u0219i ac\u021biune decupat\u0103<\/em><\/strong><strong> <\/strong><em>(Atelier)<\/em><\/p>\n\n\n\n<p>Lect. univ. dr. Oana B\u0103il\u0103, lect.univ.dr. Roxana Szel<\/p>\n\n\n\n<p>Invitat\u0103: Elena Ion, student\u0103 Multimedia- montaj, anul 2<\/p>\n\n\n\n<p><br><strong>13.00-15.00,<\/strong> Sala 315 B, Sediul UNATC &#8211; Str. Matei Voievod nr. 75-77<\/p>\n\n\n\n<p><strong><em>Cui i-e fric\u0103 de I.A. (Inteligen\u021ba Artificial\u0103<\/em><\/strong><strong> <\/strong><em>(Atelier)<\/em><\/p>\n\n\n\n<p>Lect. univ. dr. Alexandru Balt\u0103<\/p>\n\n\n\n<p class=\"template-defaultBlock\"><strong>11.00-13.00,<\/strong> Sala 408 B, Sediul UNATC &#8211; Str. Matei Voievod nr. 75-77<\/p>\n\n\n\n<p class=\"template-defaultBlock\"><\/p>\n<\/div><\/div><\/div>\n<\/div><\/div>\n\n\n\n<div class=\"wp-block-group\"><div class=\"wp-block-group__inner-container is-layout-constrained wp-block-group-is-layout-constrained\">\n<div class=\"wp-block-incas-blocks-section\"><svg xmlns=\"http:\/\/www.w3.org\/2000\/svg\" viewBox=\"0 0 448 448\" width=\"30\" height=\"30\"><circle cx=\"224.46\" cy=\"224.46\" r=\"224.46\" fill=\"#f54634\"><\/circle><\/svg><div class=\"columns\"><div class=\"section-heading\"><p class=\"section-heading-title\"><strong><strong><strong><strong><strong><strong><strong><strong><strong><strong><strong><strong><strong><strong><strong><strong><em>Tehnologii Interactive pentru Arte Performative \u0219i Media<\/em><\/strong><\/strong><\/strong><\/strong><\/strong><\/strong><\/strong><\/strong><\/strong><\/strong><\/strong><\/strong><\/strong><\/strong><\/strong><\/strong><\/p><div class=\"section-heading-subtitle\"><strong><em><em><em><strong><em><em><strong><em><em><em><em><em><em><em><em><em><em><em><em><em><em><em><strong><em><strong><em><em><em><em><em><em><em><em><em><em>Masterat &#8211; Facultatea de Film<\/em><\/em><\/em><\/em><\/em><\/em><\/em><\/em><\/em><\/em><\/strong><\/em><\/strong><\/em><\/em><\/em><\/em><\/em><\/em><\/em><\/em><\/em><\/em><\/em><\/em><\/em><\/em><\/em><\/strong><\/em><\/em><\/strong><\/em><\/em><\/em><\/strong><\/div><\/div><\/div><\/div>\n\n\n\n<div class=\"wp-block-incas-blocks-collapse\"><div class=\"columns heading-title undefined\"><blockquote class=\"flex-heading\"><div class=\"expand-bar\"><\/div><p class=\"block-heading-title\">Program<\/p><div class=\"block-heading-subtitle\"><strong>Vineri &#8211; 28 martie<\/strong><\/div><\/blockquote><\/div><div class=\"collapse-body\"><p class=\"highlight-body\"><\/p><div class=\"wp-block-incas-blocks-collapse\">\n<p class=\"template-defaultBlock\"><strong><em>Creative Coding \u00een Max + Showcase proiecte ITPMA <\/em><\/strong><em>(Curs deschis)<\/em><\/p>\n\n\n\n<p>Lect.univ.dr. Grig Burloiu<\/p>\n\n\n\n<p>Studente master an I: Mara Olaru, Orsolya Rend<\/p>\n\n\n\n<p><strong>10.00-12.00,<\/strong> Sala ITPMA, Sediul UNATC &#8211; Str. Matei Voievod nr. 75-77<\/p>\n\n\n\n<p><\/p>\n\n\n\n<p><strong><em>Expozi\u021bie obiecte interactive <\/em><\/strong><em>(Expozi\u021bie)<\/em><\/p>\n\n\n\n<p><strong>18.00-21.00,\u00a0 <\/strong>Sala Multifunc\u021bional\u0103, Sediul UNATC &#8211; Str. Tudor Arghezi 3-b<\/p>\n\n\n\n<p><strong>Detalii:<\/strong><\/p>\n\n\n\n<p>Mara Olaru &#8211; Crochet Toy<\/p>\n\n\n\n<p>Orsolya Rend &#8211; Custom Design Tool<\/p>\n\n\n\n<p>Orsolya Rend &#8211; Touch Music<\/p>\n\n\n\n<p>Andrei Gheorghe &#8211; Recycled Drum<\/p>\n\n\n\n<p>Tony Deaibes &#8211; Holotouch<\/p>\n\n\n\n<p>Alexu Manolache &#8211; Timeslice<\/p>\n\n\n\n<p>Mara Olaru &#8211; History Is All We Have<\/p>\n\n\n\n<p>Diana Dragos &#8211; Neverlight<\/p>\n\n\n\n<p><\/p>\n\n\n\n<p><\/p>\n\n\n\n<p><strong><em>Interactive Summit<\/em><\/strong><em>(Conferin\u021b\u0103)<\/em><\/p>\n\n\n\n<p><strong>19.00-21.00,<\/strong> Sala Multifunc\u021bional\u0103, Sediul UNATC &#8211; Str. Tudor Arghezi 3-b<\/p>\n\n\n\n<p><strong>Detalii:<\/strong><\/p>\n\n\n\n<p class=\"template-defaultBlock\">Conferinta exploratorie aduce impreuna absolventii, studentii, profesorii si artistii din domeniul artelor interactive pentru a impartasi bune practici. Evenimentul va reuni cinci studii de caz cu proiecte interactive, demo-uri de proiect si o succinta sesiune de networking. Dintre speakerii confirmati fac parte: lect.univ.dr. Ioana Mischie, Cristina Bodnarescu, Adrian Tabacaru, Alina Rizi, Emil Dragan. Intrare libera pentru toti cei interesati.<\/p>\n\n\n\n<p class=\"template-defaultBlock\"><\/p>\n<\/div><\/div><\/div>\n<\/div><\/div>\n\n\n\n<div class=\"wp-block-group\"><div class=\"wp-block-group__inner-container is-layout-constrained wp-block-group-is-layout-constrained\">\n<div class=\"wp-block-incas-blocks-section\"><svg xmlns=\"http:\/\/www.w3.org\/2000\/svg\" viewBox=\"0 0 448 448\" width=\"30\" height=\"30\"><circle cx=\"224.46\" cy=\"224.46\" r=\"224.46\" fill=\"#f54634\"><\/circle><\/svg><div class=\"columns\"><div class=\"section-heading\"><p class=\"section-heading-title\"><strong><strong><strong><strong><strong><strong><strong><strong><strong><strong><strong><strong><strong><strong><strong><strong><strong><strong>Comunicare Audiovizual\u0103 &#8211; <em>Scenaristic\u0103, Filmologie<\/em><\/strong><\/strong><\/strong><\/strong><\/strong><\/strong><\/strong><\/strong><\/strong><\/strong><\/strong><\/strong><\/strong><\/strong><\/strong><\/strong><\/strong><\/strong><\/p><div class=\"section-heading-subtitle\"><strong><em><em><em><strong><em><em><strong><em><em><em><em><em><em><em><em><em><em><em><em><em><em><em><strong><em><strong><em><em><em><em><em><em><em><em><em><em><em><em>Masterat &#8211; Facultatea de Film<\/em><\/em><\/em><\/em><\/em><\/em><\/em><\/em><\/em><\/em><\/em><\/em><\/strong><\/em><\/strong><\/em><\/em><\/em><\/em><\/em><\/em><\/em><\/em><\/em><\/em><\/em><\/em><\/em><\/em><\/em><\/strong><\/em><\/em><\/strong><\/em><\/em><\/em><\/strong><\/div><\/div><\/div><\/div>\n\n\n\n<div class=\"wp-block-incas-blocks-collapse\"><div class=\"columns heading-title undefined\"><blockquote class=\"flex-heading\"><div class=\"expand-bar\"><\/div><p class=\"block-heading-title\">Program<\/p><div class=\"block-heading-subtitle\"><strong>Vineri &#8211; 28 martie<\/strong><\/div><\/blockquote><\/div><div class=\"collapse-body\"><p class=\"highlight-body\"><\/p><div class=\"wp-block-incas-blocks-collapse\">\n<p class=\"template-defaultBlock\"><strong><em>Istoria tehnologiilor cinematografice &#8211; Reinterpretarea proceselor fotografice istorice: Cianotipia color <\/em><\/strong><strong>&nbsp;<\/strong><em>(Curs)<\/em><\/p>\n\n\n\n<p>An I, masterat, Arhive audiovizuale: prezervare \u0219i curatoriere, sus\u021binut de lect.univ.dr. Vlad Ioachimescu<\/p>\n\n\n\n<p><strong>13:00 &#8211; 18:00<\/strong>, Laboratorul foto et.II, &nbsp;Sediul UNATC \u2013 Str. Matei Voievod nr. 75-77<\/p>\n\n\n\n<p><strong>T<\/strong><strong>em\u0103 curs:<\/strong> Reinterpretarea proceselor fotografice istorice: Cianotipia color<\/p>\n\n\n\n<p><strong><em>Istoria filmului universal <\/em><\/strong><strong>&nbsp;<\/strong><em>(Curs)<\/em><\/p>\n\n\n\n<p>An I, licen\u021b\u0103, Comunicare Audiovizual\u0103, sus\u021binut de: conf. univ. dr. Andrei Rus \u0219i asist. univ. drd. Andrei Voineag&nbsp;<\/p>\n\n\n\n<p><strong>10:00 &#8211; 12:00<\/strong>, Laboratorul foto et.II, &nbsp;Sediul UNATC \u2013 Str. Matei Voievod nr. 75-77<\/p>\n\n\n\n<p><strong>T<\/strong><strong>em\u0103 curs:<\/strong> Cinematografia francez\u0103 a perioadei 1930-1945<\/p>\n\n\n\n<p><strong><em>Teoria filmului <\/em><\/strong><strong>&nbsp;<\/strong><em>(Curs)<\/em><\/p>\n\n\n\n<p>An II, licen\u021b\u0103, Comunicare Audiovizual\u0103, sus\u021binut de conf.univ.dr. Andrei Gorzo<\/p>\n\n\n\n<p><strong>12:00 &#8211; 14:00<\/strong>, Sala 112A, Sediul UNATC \u2013 Str. Matei Voievod nr. 75-77<\/p>\n\n\n\n<p class=\"template-defaultBlock\"><strong>T<\/strong><strong>em\u0103 curs:<\/strong> Forme de modernitate radical\u0103: Susan Sontag despre \u201ePersona&#8221; lui Ingmar Bergman<\/p>\n\n\n\n<p class=\"template-defaultBlock\"><\/p>\n<\/div><\/div><\/div>\n<\/div><\/div>\n\n\n\n<div class=\"wp-block-group\"><div class=\"wp-block-group__inner-container is-layout-constrained wp-block-group-is-layout-constrained\">\n<div class=\"wp-block-incas-blocks-section\"><svg xmlns=\"http:\/\/www.w3.org\/2000\/svg\" viewBox=\"0 0 448 448\" width=\"30\" height=\"30\"><circle cx=\"224.46\" cy=\"224.46\" r=\"224.46\" fill=\"#f54634\"><\/circle><\/svg><div class=\"columns\"><div class=\"section-heading\"><p class=\"section-heading-title\"><strong><strong><strong><strong><strong><strong><strong><strong><strong>Coregrafie \u0219i Performan\u021b\u0103 \u00een Dans<\/strong><\/strong><\/strong><\/strong><\/strong><\/strong><\/strong><\/strong><\/strong><\/p><div class=\"section-heading-subtitle\"><strong><em><em><em><strong><em><em><strong><em><em><em>Master &#8211; Coregrafie<\/em><strong><em> &#8211; <\/em><\/strong><em>Facultatea de Teatru<\/em><\/em><\/em><\/strong><\/em><\/em><\/strong><\/em><\/em><\/em><\/strong><\/div><\/div><\/div><\/div>\n\n\n\n<div class=\"wp-block-incas-blocks-collapse\"><div class=\"columns heading-title undefined\"><blockquote class=\"flex-heading\"><div class=\"expand-bar\"><\/div><p class=\"block-heading-title\">Program<\/p><div class=\"block-heading-subtitle\"><strong>vineri &#8211; 28 martie<\/strong><\/div><\/blockquote><\/div><div class=\"collapse-body\"><p class=\"highlight-body\"><\/p><div class=\"wp-block-incas-blocks-collapse\">\n<p class=\"template-defaultBlock\"><strong>Coregrafie \u0219i Performan\u021b\u0103 \u00een dans<\/strong><\/p>\n\n\n\n<p><strong>Metodica dansului contemporan<\/strong>&nbsp;&#8211; ,,Antrenamentul dansatorului \u00een dansul contemporan\u201d (Atelier condus de studenta Maria \u0218erbanoiu, an II master pedagogie \u0219i performan\u021b\u0103 \u00een dans<em>, prof. Coordonator:)<\/em><\/p>\n\n\n\n<p class=\"template-defaultBlock\">Anul II, coordonator: studenta Maria \u0218erbanoiu, prof. coordonator: lect.univ. Dr. Andreea T\u0103n\u0103sescu<\/p>\n\n\n\n<p class=\"template-defaultBlock\"><strong>Ora 18.00<\/strong>, Sala Parter C<\/p>\n<\/div><\/div><\/div>\n<\/div><\/div>\n\n\n\n<div class=\"wp-block-group\"><div class=\"wp-block-group__inner-container is-layout-constrained wp-block-group-is-layout-constrained\">\n<div class=\"wp-block-incas-blocks-section\"><svg xmlns=\"http:\/\/www.w3.org\/2000\/svg\" viewBox=\"0 0 448 448\" width=\"30\" height=\"30\"><circle cx=\"224.46\" cy=\"224.46\" r=\"224.46\" fill=\"#f54634\"><\/circle><\/svg><div class=\"columns\"><div class=\"section-heading\"><p class=\"section-heading-title\"><strong><strong><strong><strong><strong><strong><strong><strong><strong><strong><strong><strong><strong><strong><strong><strong><strong><strong><strong>Cercetare UNATC<\/strong><\/strong><\/strong><\/strong><\/strong><\/strong><\/strong><\/strong><\/strong><\/strong><\/strong><\/strong><\/strong><\/strong><\/strong><\/strong><\/strong><\/strong><\/strong><\/p><div class=\"section-heading-subtitle\"><strong><em><em><em><strong><em><em><strong><em><em><em><em><em><em><em><em><em><em><em><em><em><em><em><strong><em><strong><em><em><em><em><em><em><em><em><em><em><em><em>Masterat &#8211; Facultatea de Film<\/em><\/em><\/em><\/em><\/em><\/em><\/em><\/em><\/em><\/em><\/em><\/em><\/strong><\/em><\/strong><\/em><\/em><\/em><\/em><\/em><\/em><\/em><\/em><\/em><\/em><\/em><\/em><\/em><\/em><\/em><\/strong><\/em><\/em><\/strong><\/em><\/em><\/em><\/strong><\/div><\/div><\/div><\/div>\n\n\n\n<div class=\"wp-block-incas-blocks-collapse\"><div class=\"columns heading-title undefined\"><blockquote class=\"flex-heading\"><div class=\"expand-bar\"><\/div><p class=\"block-heading-title\">Program<\/p><div class=\"block-heading-subtitle\"><strong>Vineri &#8211; 28 martie<\/strong><\/div><\/blockquote><\/div><div class=\"collapse-body\"><p class=\"highlight-body\"><\/p><div class=\"wp-block-incas-blocks-collapse\">\n<p class=\"template-defaultBlock\"><strong><em>TabThePAST.IMMERSED<\/em><\/strong>,<br><strong>17:00 &#8211; 20:00<\/strong><strong><em>,<\/em><\/strong><em> <\/em>laboratorul CAVE, str. Tudor Arghezi nr. 3-b<\/p>\n\n\n\n<p><strong>Detalii:<\/strong><\/p>\n\n\n\n<p>Departamentul de Cercetare, Dezvoltare, Inovare din cadrul UNATC prezint\u0103 \u00een cadrul U\u0219ilor Deschise o serie de instala\u021bii de realitate virtual\u0103 dezvoltate \u00een cadrul proiectelor de cercetare <strong><em>TabThePAST.Taboo History<\/em><\/strong>.<\/p>\n\n\n\n<p><strong>TabThePAST.IMMERSED<\/strong> urm\u0103re\u0219te s\u0103 transpun\u0103 &#8211; \u00eentr-un format experien\u021bial virtual imersiv &#8211; demersul de recuperare a unor fragmente de istorie necunoscute publicului larg. Rezultat al unei cercet\u0103ri interdisciplinare de arhivare \u0219i dramatizare utiliz\u00e2nd tehnologiile inovativ-creative, experien\u021ba MR \u0219i VR exploreaz\u0103 interactiv atmosfera conturat\u0103 de procesul de cercetare <strong><em>TabThePAST.Taboo History<\/em><\/strong><em> <\/em>al Arhivei UNATC.&nbsp;<\/p>\n\n\n\n<p>Complementat de cercetarea de arhiv\u0103, scenariul \u0219i regia lui Radu Cr\u0103ciun<strong> TabThePAST.IMMERSED <\/strong>recupereaz\u0103 din dosarul P128628 din arhiva C.N.S.A.S. ancheta penal\u0103 \u0219i procesul instrumentat de c\u0103pitanul de Securitate Haralambie S\u0103biescu \u00eempotriva regizorului Crin Teodorescu, pentru infrac\u021biunea prev\u0103zut\u0103 la art. 209 Cod Penal, punctul 2, litera a) \u201euneltire \u00eempotriva or\u00e2nduirii sociale\u201d. Fragmentele transpuse \u00een mediul virtual sunt extrase din jurnalul personal al regizorului Crin Teodorescu, din confruntarea regizorului cu martorul principal al acuz\u0103rii \u0219i din pledoaria final\u0103, \u00eenainte de pronun\u021barea sentin\u021bei.&nbsp;<\/p>\n\n\n\n<p>Regie experien\u021bial\u0103 \u0219i scenografie virtual\u0103 &#8211; Ciprian F\u0103c\u0103eru<\/p>\n\n\n\n<p>Scenariu \u0219i Regie &#8211; Radu Cr\u0103ciun<\/p>\n\n\n\n<p>Sound design \u0219i compozi\u021bie muzical\u0103 &#8211; \u0218tefan Damian<\/p>\n\n\n\n<p>Actori: Mihai Ni\u021b\u0103 &#8211; Crin Teodorescu; R\u0103zvan R\u0103du\u021b\u0103 &#8211; cpt. Haralambie S\u0103biescu<\/p>\n\n\n\n<p>Rasvana Cernat &#8211; vocea arhivei TabThePast<\/p>\n\n\n\n<p>Design interac\u021biuni virtuale \u0219i programare &#8211; Dan F\u0103c\u0103eru<\/p>\n\n\n\n<p>Asistent scenografie virtual\u0103 &#8211; Drago\u0219 Dogioiu<\/p>\n\n\n\n<p>Programare &#8211; Sabin \u0218erban<\/p>\n\n\n\n<p>Scanare 3D &#8211; Marius Hodea<\/p>\n\n\n\n<p class=\"template-defaultBlock\">Comunicare &#8211; Elena Belciu&nbsp;<\/p>\n\n\n\n<p class=\"template-defaultBlock\"><\/p>\n\n\n\n<p><strong>Pre-lansare Album MIRABOR &amp; Proiec\u021bie de Film&nbsp;<\/strong><\/p>\n\n\n\n<p><strong>28 martie<\/strong><\/p>\n\n\n\n<p>Coordonatori: cercet\u0103tor dr. Iuliana Gherghescu, C\u0103lin Boto<\/p>\n\n\n\n<p><strong>Ora 19.00,<\/strong><strong> <\/strong>Sala Cinema, sediul UNATC din Str. Matei Voievod 75-77<\/p>\n\n\n\n<p class=\"template-defaultBlock\"><strong>Detalii:&nbsp;<\/strong>Editura UNATC Press, Departamentul de Cercetare, Dezvoltare, Inovare din cadrul UNATC \u0219i colectivul studen\u021besc Film Menu anun\u021b\u0103 prezen\u021ba unui tiraj limitat, doar \u00een re\u021beaua Bibliotecii UNATC, a albumului grafic <em>MIRABOR \u2013 Miruna si Radu Boruzescu. O monografie artistic\u0103<\/em>, autori Radu Boruzescu, Anca Ioni\u021b\u0103 \u0219i Iuliana Gherghescu. Cu ocazia pre-lans\u0103rii volumului, Cineclubul Film Menu organizeaz\u0103 o proiec\u021bie a filmului-cult <em>Sweet Movie<\/em> (1974) \u00een regia iconoclastului Du\u0161an Makavejev, a c\u0103rui scenografie a fost realizat\u0103 de Radu si Miruna Boruzescu. Proiec\u021bia va avea loc \u00een prezen\u021ba co-autoarelor Anca Ioni\u021b\u0103 \u0219i Iuliana Gherghescu, a redactorilor Film Menu, \u0219i va fi precedat\u0103 de un interviu pre-\u00eenregistrat cu scenograful Radu Boruzescu.<\/p>\n<\/div><\/div><\/div>\n<\/div><\/div>\n\n\n\n<div class=\"wp-block-group\"><div class=\"wp-block-group__inner-container is-layout-constrained wp-block-group-is-layout-constrained\">\n<div class=\"wp-block-incas-blocks-section\"><svg xmlns=\"http:\/\/www.w3.org\/2000\/svg\" viewBox=\"0 0 448 448\" width=\"30\" height=\"30\"><circle cx=\"224.46\" cy=\"224.46\" r=\"224.46\" fill=\"#f54634\"><\/circle><\/svg><div class=\"columns\"><div class=\"section-heading\"><p class=\"section-heading-title\"><strong><strong><strong><strong><strong><strong><strong><strong><strong><strong><strong><strong><strong><strong><strong><strong><strong><strong><strong><strong>Tururi ghidate<\/strong><\/strong><\/strong><\/strong><\/strong><\/strong><\/strong><\/strong><\/strong><\/strong><\/strong><\/strong><\/strong><\/strong><\/strong><\/strong><\/strong><\/strong><\/strong><\/strong><\/p><div class=\"section-heading-subtitle\"><\/div><\/div><\/div><\/div>\n\n\n\n<div class=\"wp-block-incas-blocks-collapse\"><div class=\"columns heading-title undefined\"><blockquote class=\"flex-heading\"><div class=\"expand-bar\"><\/div><p class=\"block-heading-title\">Program<\/p><div class=\"block-heading-subtitle\"><strong>Vineri &#8211; 28 martie<\/strong><\/div><\/blockquote><\/div><div class=\"collapse-body\"><p class=\"highlight-body\"><\/p><div class=\"wp-block-incas-blocks-collapse\">\n<p class=\"template-defaultBlock\"><strong>Tur ghidat al Facult\u0103\u021bii de Film<em><br><\/em><\/strong>Coordonator: Sebastian Condurache<\/p>\n\n\n\n<p><strong>12:00-14:00<\/strong>,&nbsp;Loc de \u00eent\u00e2lnire: Hol parter, lift<\/p>\n\n\n\n<p><\/p>\n\n\n\n<p><strong>Tur ghidat al Facult\u0103\u021bii de Teatru<\/strong><\/p>\n\n\n\n<p>Coordonator: Fabian Ciobanu<\/p>\n\n\n\n<p class=\"template-defaultBlock\"><strong>14:00-16:00<\/strong>,&nbsp;Loc de \u00eent\u00e2lnire: Hol parter, lift<\/p>\n\n\n\n<p><\/p>\n<\/div><\/div><\/div>\n<\/div><\/div>\n\n\n\n<div style=\"height:100px\" aria-hidden=\"true\" class=\"wp-block-spacer\"><\/div>\n\n\n\n<div class=\"wp-block-group\"><div class=\"wp-block-group__inner-container is-layout-constrained wp-block-group-is-layout-constrained\">\n<div class=\"wp-block-incas-blocks-section\"><svg xmlns=\"http:\/\/www.w3.org\/2000\/svg\" viewBox=\"0 0 448 448\" width=\"30\" height=\"30\"><circle cx=\"224.46\" cy=\"224.46\" r=\"224.46\" fill=\"#f54634\"><\/circle><\/svg><div class=\"columns\"><div class=\"section-heading\"><p class=\"section-heading-title\"><strong><strong><strong><strong><strong><strong><strong><strong><strong><strong><strong><strong><strong><strong><strong><strong><strong><strong><strong><strong><strong>S\u00e2mb\u0103t\u0103 &#8211; 29 martie<\/strong><\/strong><\/strong><\/strong><\/strong><\/strong><\/strong><\/strong><\/strong><\/strong><\/strong><\/strong><\/strong><\/strong><\/strong><\/strong><\/strong><\/strong><\/strong><\/strong><\/strong><\/p><div class=\"section-heading-subtitle\"><\/div><\/div><\/div><\/div>\n<\/div><\/div>\n\n\n\n<div style=\"height:100px\" aria-hidden=\"true\" class=\"wp-block-spacer\"><\/div>\n\n\n\n<div class=\"wp-block-group\"><div class=\"wp-block-group__inner-container is-layout-constrained wp-block-group-is-layout-constrained\">\n<div class=\"wp-block-incas-blocks-section\"><svg xmlns=\"http:\/\/www.w3.org\/2000\/svg\" viewBox=\"0 0 448 448\" width=\"30\" height=\"30\"><circle cx=\"224.46\" cy=\"224.46\" r=\"224.46\" fill=\"#f54634\"><\/circle><\/svg><div class=\"columns\"><div class=\"section-heading\"><p class=\"section-heading-title\"><strong><strong><strong><strong><strong><strong><strong><strong><strong><strong><strong><strong><strong><strong><strong><strong><strong><strong><strong><strong><strong><strong>Teatru anima\u021bie<\/strong><\/strong><\/strong><\/strong><\/strong><\/strong><\/strong><\/strong><\/strong><\/strong><\/strong><\/strong><\/strong><\/strong><\/strong><\/strong><\/strong><\/strong><\/strong><\/strong><\/strong><\/strong><\/p><div class=\"section-heading-subtitle\"><em>Masterat &#8211; Facultatea de Teatru<\/em><\/div><\/div><\/div><\/div>\n\n\n\n<div class=\"wp-block-incas-blocks-collapse\"><div class=\"columns heading-title undefined\"><blockquote class=\"flex-heading\"><div class=\"expand-bar\"><\/div><p class=\"block-heading-title\">Program<\/p><div class=\"block-heading-subtitle\"><strong><strong><strong><strong><strong><strong><strong><strong><strong><strong><strong><strong><strong><strong><strong><strong><strong><strong><strong><strong><strong>S\u00e2mb\u0103t\u0103 &#8211; 29 martie<\/strong><\/strong><\/strong><\/strong><\/strong><\/strong><\/strong><\/strong><\/strong><\/strong><\/strong><\/strong><\/strong><\/strong><\/strong><\/strong><\/strong><\/strong><\/strong><\/strong><\/strong><\/div><\/blockquote><\/div><div class=\"collapse-body\"><p class=\"highlight-body\"><\/p><div class=\"wp-block-incas-blocks-collapse\">\n<p class=\"template-defaultBlock\"><strong><em>Bunul Promoroac\u0103<\/em><\/strong><strong><em> <\/em><\/strong><em>(Specacol)<\/em>,<br>anul II, regia: Ion Ambrosi<\/p>\n\n\n\n<p><strong>Ora 11.00<\/strong>, Sala 3D, Sediul UNATC &#8211; Str. Matei Voievod nr. 75-77<\/p>\n\n\n\n<p><strong><em>Vasilache \u0219i M\u0103rioara<\/em><\/strong><strong><em> <\/em><\/strong><em>(Specacol)<\/em>,<br>anul II, regia: conf.univ.dr. Daniel Stanciu<\/p>\n\n\n\n<p class=\"template-defaultBlock\"><strong>Ora 18.00<\/strong>, Sala 3D, Sediul UNATC &#8211; Str. Matei Voievod nr. 75-77<\/p>\n<\/div><\/div><\/div>\n<\/div><\/div>\n\n\n\n<div class=\"wp-block-group\"><div class=\"wp-block-group__inner-container is-layout-constrained wp-block-group-is-layout-constrained\">\n<div class=\"wp-block-incas-blocks-section\"><svg xmlns=\"http:\/\/www.w3.org\/2000\/svg\" viewBox=\"0 0 448 448\" width=\"30\" height=\"30\"><circle cx=\"224.46\" cy=\"224.46\" r=\"224.46\" fill=\"#f54634\"><\/circle><\/svg><div class=\"columns\"><div class=\"section-heading\"><p class=\"section-heading-title\"><strong><strong><strong><strong><strong><strong><strong><strong><strong><strong><strong><strong><strong><strong><strong><strong><strong><strong><strong><strong><strong><strong><strong>Spectacol Double Fiesta <em>(Spectacol)<\/em><\/strong><\/strong><\/strong><\/strong><\/strong><\/strong><\/strong><\/strong><\/strong><\/strong><\/strong><\/strong><\/strong><\/strong><\/strong><\/strong><\/strong><\/strong><\/strong><\/strong><\/strong><\/strong><\/strong><\/p><div class=\"section-heading-subtitle\"><em><strong><strong><strong><strong><strong><strong><strong><strong><strong><strong><strong><strong><strong><strong><strong><strong><strong><strong><strong><strong><strong><strong><strong><em>Spectacol<\/em><\/strong><\/strong><\/strong><\/strong><\/strong><\/strong><\/strong><\/strong><\/strong><\/strong><\/strong><\/strong><\/strong><\/strong><\/strong><\/strong><\/strong><\/strong><\/strong><\/strong><\/strong><\/strong><\/strong><\/em><\/div><\/div><\/div><\/div>\n\n\n\n<div class=\"wp-block-incas-blocks-collapse\"><div class=\"columns heading-title undefined\"><blockquote class=\"flex-heading\"><div class=\"expand-bar\"><\/div><p class=\"block-heading-title\">Program<\/p><div class=\"block-heading-subtitle\"><strong><strong><strong><strong><strong><strong><strong><strong><strong><strong><strong><strong><strong><strong><strong><strong><strong><strong><strong><strong><strong>S\u00e2mb\u0103t\u0103 &#8211; 29 martie<\/strong><\/strong><\/strong><\/strong><\/strong><\/strong><\/strong><\/strong><\/strong><\/strong><\/strong><\/strong><\/strong><\/strong><\/strong><\/strong><\/strong><\/strong><\/strong><\/strong><\/strong><\/div><\/blockquote><\/div><div class=\"collapse-body\"><p class=\"highlight-body\"><\/p><div class=\"wp-block-incas-blocks-collapse\">\n<p class=\"template-defaultBlock\"><em>Coordonator: lect. univ. dr. Andrea Gavriliu<\/em><\/p>\n\n\n\n<p class=\"template-defaultBlock\"><em>Spectacolul este realizat \u00een cadrul Licen\u0163ei de Actorie<\/em><\/p>\n\n\n\n<p class=\"template-defaultBlock\"><strong>Ora 14.00 <\/strong>Sala Atelier, Sediul UNATC &#8211; Str. Matei Voievod nr. 75-77<\/p>\n<\/div><\/div><\/div>\n<\/div><\/div>\n\n\n\n<div class=\"wp-block-group\"><div class=\"wp-block-group__inner-container is-layout-constrained wp-block-group-is-layout-constrained\">\n<div class=\"wp-block-incas-blocks-section\"><svg xmlns=\"http:\/\/www.w3.org\/2000\/svg\" viewBox=\"0 0 448 448\" width=\"30\" height=\"30\"><circle cx=\"224.46\" cy=\"224.46\" r=\"224.46\" fill=\"#f54634\"><\/circle><\/svg><div class=\"columns\"><div class=\"section-heading\"><p class=\"section-heading-title\"><strong><strong><strong><strong><strong><strong><strong><strong><strong><strong><strong><strong><strong><strong><strong><strong><strong><strong><strong><strong><strong><strong><strong><strong>Regie de Teatru<\/strong><\/strong><\/strong><\/strong><\/strong><\/strong><\/strong><\/strong><\/strong><\/strong><\/strong><\/strong><\/strong><\/strong><\/strong><\/strong><\/strong><\/strong><\/strong><\/strong><\/strong><\/strong><\/strong><\/strong><\/p><div class=\"section-heading-subtitle\"><em><strong><strong><strong><strong><strong><strong><strong><strong><strong><strong><strong><strong><strong><strong><strong><strong><strong><strong><strong><strong><strong><strong><strong><em><em>Licen\u021b\u0103 &#8211; Facultatea de Teatru<\/em><\/em><\/strong><\/strong><\/strong><\/strong><\/strong><\/strong><\/strong><\/strong><\/strong><\/strong><\/strong><\/strong><\/strong><\/strong><\/strong><\/strong><\/strong><\/strong><\/strong><\/strong><\/strong><\/strong><\/strong><\/em><\/div><\/div><\/div><\/div>\n\n\n\n<div class=\"wp-block-incas-blocks-collapse\"><div class=\"columns heading-title undefined\"><blockquote class=\"flex-heading\"><div class=\"expand-bar\"><\/div><p class=\"block-heading-title\">Program<\/p><div class=\"block-heading-subtitle\"><strong><strong><strong><strong><strong><strong><strong><strong><strong><strong><strong><strong><strong><strong><strong><strong><strong><strong><strong><strong><strong>S\u00e2mb\u0103t\u0103 &#8211; 29 martie<\/strong><\/strong><\/strong><\/strong><\/strong><\/strong><\/strong><\/strong><\/strong><\/strong><\/strong><\/strong><\/strong><\/strong><\/strong><\/strong><\/strong><\/strong><\/strong><\/strong><\/strong><\/div><\/blockquote><\/div><div class=\"collapse-body\"><p class=\"highlight-body\"><\/p><div class=\"wp-block-incas-blocks-collapse\">\n<p class=\"template-defaultBlock\"><strong><em>Baal de Bertolt Brecht<\/em><\/strong> <em>(Spectacol)<\/em>,<\/p>\n\n\n\n<p>Student Erasmus, an III, Rodrigo Struka (Letonia)<\/p>\n\n\n\n<p><strong>14.30-15.10<\/strong>, Sala Ion Sava, Sediul UNATC &#8211; Str. Matei Voievod nr. 75-77<\/p>\n\n\n\n<p><strong>Detalii:<\/strong><\/p>\n\n\n\n<p><em>Distribu\u021bie<\/em>:<\/p>\n\n\n\n<p><em>Baal \u2013 <\/em>&nbsp;Vlad Corb \u2013 clasa conf. univ. dr. \u0218tefana Samfira<\/p>\n\n\n\n<p><em>Piller \/ Ekart \u2013<\/em> Norbert Leon \u2013 clasa conf. univ. dr. \u0218tefana Samfira<\/p>\n\n\n\n<p><em>Pschierer \/ Johanna \/ Fata \u2013<\/em> Elina Grama \u2013 clasa conf. univ. dr. \u0218tefana Samfira<\/p>\n\n\n\n<p><em>Emilie \/ Chelnerita \u2013<\/em> Denisa Codi\u021b\u0103 \u2013 clasa conf. univ. dr. Mihaela Be\u021biu<\/p>\n\n\n\n<p><em>Johannes<\/em> \u2013 Mihai Florea \u2013 clasa conf. univ. dr. Mihaela Be\u021biu<\/p>\n\n\n\n<p><em>Mech \/ Watzmann<\/em> \u2013 Cosmin Lipovanu \u2013 clasa conf. univ. dr. Mihaela Be\u021biu<\/p>\n\n\n\n<p>Scenografie: Dara Vulc \u2013 anul II, clasa Conf. univ. dr. \u0218tefan Caragiu<\/p>\n\n\n\n<p>Coregrafie: Elena Dumitru<\/p>\n\n\n\n<p>Sinopsisul piesei: <em>Baal<\/em> spune povestea unui poet \u0219i muzician rebel, care sfideaz\u0103 normele sociale \u0219i tr\u0103ie\u0219te dup\u0103 propriile instincte. Consumat de pl\u0103ceri, alcool \u0219i rela\u021bii efemere \u0219i dispre\u021buitor fa\u021b\u0103 de conven\u021biile morale, Baal se afund\u0103 \u00eentr-o existen\u021b\u0103 marcat\u0103 de excese, rela\u021bii destr\u0103mate \u0219i autodistrugere. Pe m\u0103sur\u0103 ce \u00ee\u0219i urmeaz\u0103 calea haotic\u0103, devine tot mai izolat, p\u00e2n\u0103 la o degradare complet\u0103. Prin acest personaj provocator, Bertolt Brecht analizeaz\u0103 libertatea dus\u0103 la extrem, instinctele primare \u0219i ipocrizia societ\u0103\u021bii, oferind o reflec\u021bie puternic\u0103 asupra destinului artistului nonconformist.<\/p>\n\n\n\n<p><strong><em>Fragment din Vr\u0103jitoarele din Salem de Arthur Miller<\/em><\/strong> <em>(Spectacol)<\/em>,<\/p>\n\n\n\n<p>Student\u0103 anul II, Teodora Simion<\/p>\n\n\n\n<p><strong>15.20-16.00<\/strong>, Sala Subsol Pedagogie, Sediul UNATC &#8211; Str. Matei Voievod nr. 75-77<\/p>\n\n\n\n<p><strong>Detalii:<\/strong><\/p>\n\n\n\n<p>Traducerea de Mihnea Gheorghiu \u0219i Alf Adania, fragment de la \u00eenceputul actului II<\/p>\n\n\n\n<p>Distribu\u021bia:<\/p>\n\n\n\n<p><em>Elizabeth Proctor<\/em> \u2013 Iris Maria Nica \u2013 grupa B, coord. de prof. univ. dr. Mihaela S\u00eerbu<\/p>\n\n\n\n<p><em>John Proctor<\/em> \u2013 David Dumitriu \u2013&nbsp; grupa B, coord. de prof. univ. dr. Mihaela S\u00eerbu<\/p>\n\n\n\n<p><em>Mary Warren<\/em> \u2013 C\u0103t\u0103lina Botnaru \u2013 grupa B, coord. de prof. univ. dr. Mihaela S\u00eerbu<\/p>\n\n\n\n<p>Scenografia \u0219i luminile: Iulian Stoian \u2013 anul II, conf. univ. dr. \u0218tefan Caragiu<\/p>\n\n\n\n<p>Mul\u021bumiri speciale: Andreea Bichir (teatrologie) \u0219i Vlad L\u0103z\u0103rescu, C\u0103t\u0103lina Ni\u021bu (lumini)<\/p>\n\n\n\n<p>Sinopsis pies\u0103: \u00cen 1692, \u00een ora\u0219ul american Salem, un grup de fete, \u00een frunte cu r\u0103zbun\u0103toarea \u0219i geloasa Abigail, acuz\u0103 mai mul\u021bi cet\u0103\u021beni de vr\u0103jitorie \u0219i de trecerea de partea Diavolului. Astfel, \u00eentr-o societate \u00een care singura de\u021bin\u0103toare de putere e religia, se instaleaz\u0103 printre oameni o isterie general\u0103, \u00een lan\u021b, care demonstreaz\u0103 cum sistemele opresive ajung s\u0103 for\u021beze omul c\u0103tre dezumanizare, \u00een scopul salv\u0103rii propriei pieli.<\/p>\n\n\n\n<p>Sinopsis scen\u0103 : La 8 zile de la primul arest f\u0103cut \u00een numele vr\u0103jitoriei, Proctor se \u00eentoarce acas\u0103, dup\u0103 o zi lung\u0103 de munc\u0103 pe c\u00e2mp. \u00ce\u0219i g\u0103se\u0219te so\u021bia \u00eengrijorat\u0103, distant\u0103. Fiindc\u0103 Elizabeth men\u021bioneaz\u0103 frica resim\u021bit\u0103 din cauza haosului, care a cuprins \u00eentreaga comunitate, cei doi so\u021bi sunt for\u021ba\u021bi s\u0103 adreseze, pentru prima dat\u0103, motivul surp\u0103rii mariajului lor. Confruntarea lor e \u00eentrerupt\u0103 de venirea slujnicei Mary, de la care afl\u0103 c\u0103 Elizabeth a fost \u0219i ea acuzat\u0103 de vr\u0103jitorie. Astfel, at\u00e2t via\u021ba familiei Proctor, c\u00e2t \u0219i a celorlal\u021bi oameni din comunitate se schimb\u0103 fundamental.<\/p>\n\n\n\n<p>&nbsp;<strong><em>Fragment din ,,\u0160vejk\u201d de Bertolt Brecht<\/em><\/strong> <em>(Spectacol)<\/em>,<\/p>\n\n\n\n<p>Student\u0103 anul III, Alexandra Ispas<\/p>\n\n\n\n<p><strong>16.10-16.40<\/strong>, Sala Ion Sava, Sediul UNATC &#8211; Str. Matei Voievod nr. 75-77<\/p>\n\n\n\n<p><strong>Detalii:<\/strong><\/p>\n\n\n\n<p>Traducerea Vlad Arghir<\/p>\n\n\n\n<p>Distribu\u021bia:<\/p>\n\n\n\n<p><em>\u0160vejk <\/em>\u2013 Alexandru Galbenu\u2013 grupa A, prof. univ. dr. Mircea Gheorghiu<\/p>\n\n\n\n<p><em>Baloun&nbsp; <\/em>\u2013 Drago\u0219 Uretyan\u2013 grupa B, conf. univ. dr. Andreea Vulpe<\/p>\n\n\n\n<p><em>Bretschneider <\/em>\u2014 Robert Herea\u2014 grupa B, conf. univ. dr. Andreea Vulpe<\/p>\n\n\n\n<p><em>Bullinger <\/em>\u2014 Constantin Stochi\u021ba\u2014 grupa B, conf. univ. dr. Andreea Vulpe<\/p>\n\n\n\n<p><em>Doamna Kopecka <\/em>\u2014 Antonia Croitoriu\u2014 grupa B, conf. univ. dr. Andreea Vulpe<\/p>\n\n\n\n<p><em>SS-istul <\/em>\u2014 Alexandru M\u00eernea\u2014 grupa B, conf. univ. dr. Andreea Vulpe<\/p>\n\n\n\n<p>Scenografia: Matei Fulga \u2014 clasa lect. univ. dr. Imelda Manu<\/p>\n\n\n\n<p>Lighting design: C\u0103t\u0103lina Ni\u021bu<\/p>\n\n\n\n<p>Compozi\u021bie muzical\u0103: Drago\u0219 Uretyan<\/p>\n\n\n\n<p>Sinopsis: Piesa prezint\u0103 aventurile lui \u0160vejk, un negustor de c\u00e2ini ceh dintr-o \u021bar\u0103 aflat\u0103 sub ocupa\u021bie nazist\u0103. Cu ajutorul m\u0103\u0219tii de prostie pe care o \u00eenf\u0103\u021bi\u0219eaz\u0103, \u0160vejk submineaz\u0103 constant ordinele \u0219i sistemul ierarhic, demonstr\u00e2nd \u00een acela\u0219i timp complexitatea naturii umane \u0219i ipocrizia r\u0103zboiului.<\/p>\n\n\n\n<p><strong><em>Fragment din \u201eMenajeria de sticl\u0103 de Tennessee Williams<\/em><\/strong> <em>(Spectacol)<\/em>,<\/p>\n\n\n\n<p>Student\u0103 anul II, Maria Filipache<\/p>\n\n\n\n<p><strong>16.50-17.20<\/strong>, Sala 203A, Sediul UNATC &#8211; Str. Matei Voievod nr. 75-77<\/p>\n\n\n\n<p><strong>Detalii:<\/strong><\/p>\n\n\n\n<p>Traducerea Bogdan-Alexandru St\u0103nescu, fragment din scena 7<\/p>\n\n\n\n<p>Distribu\u021bia:<\/p>\n\n\n\n<p><em>Jim<\/em> \u2013 Andrei Vasile<em> <\/em>\u2013 grupa C, prof. coord, Marius G\u00eelea,<\/p>\n\n\n\n<p><em>Laura<\/em> <strong>\u2013 <\/strong>Andreea Istrate<em> <\/em>\u2013 grupa C, prof. coord, Marius G\u00eelea<\/p>\n\n\n\n<p>Scenografia: Maria Morariu-Br\u00eenzei<em> <\/em>\u2013 anul II, clasa conf. univ. dr. \u0218tefan Caragiu<\/p>\n\n\n\n<p>Sinopsis: Piesa este centrat\u0103 asupra destinului familiei Wingfield. Amanda, mama lui Tom \u0219i a Laurei, a fost p\u0103r\u0103sit\u0103 de so\u021bul ei \u0219i nevoit\u0103 s\u0103 se descurce singur\u0103 \u00een timpul Marii Crize Economice.<\/p>\n\n\n\n<p>Sinopsis scen\u0103 \u2013 Jim O\u2019Connor este invitat la cin\u0103 de Tom, fiind colegi de munc\u0103. \u00cen ciuda faptului c\u0103 \u00eentre Jim \u0219i Laura dinamica se dovede\u0219te a fi una amoroas\u0103, Jim dezv\u0103luie faptul c\u0103 este deja logodit, rup\u00e2nd vraja.<\/p>\n\n\n\n<p><strong><em>Fragment din \u201eExcep\u021bia \u0219i regula\u201d de Bertolt Brecht<\/em><\/strong> <em>(Spectacol)<\/em>,<\/p>\n\n\n\n<p>Student\u0103 anul III, Carla Oncescu<\/p>\n\n\n\n<p><strong>17.30-18.00<\/strong>, Sala Ion Sava, Sediul UNATC &#8211; Str. Matei Voievod nr. 75-77<\/p>\n\n\n\n<p><strong>Detalii:<\/strong><\/p>\n\n\n\n<p>Traducerea \u0219i adaptarea Carla Oncescu<\/p>\n\n\n\n<p>Distribu\u021bie:<\/p>\n\n\n\n<p><em>Culi, Judec\u0103torul<\/em> \u2013 Alexandre No\u00ebl, anul II, grupa C,<\/p>\n\n\n\n<p><em>C\u0103l\u0103uza<\/em> \u2013 Alexandru Raia<\/p>\n\n\n\n<p><em>Negustorul<\/em> \u2013 Ionu\u021b Ionescu<\/p>\n\n\n\n<p>Scenografie: Alesia Istrate<\/p>\n\n\n\n<p>Compozi\u021bie muzical\u0103: Drago\u0219 Uretyan<\/p>\n\n\n\n<p>Sinopsis pies\u0103: Excep\u021bia \u0219i regula\u201d este o pies\u0103 didactic\u0103 construit\u0103 sub forma unei parabole care urm\u0103re\u0219te nedreptatea cauzat\u0103 de diferen\u021bele de clas\u0103. Asist\u0103m la o poveste dur\u0103, spus\u0103 cu mult umor, despre rela\u021bia dintre un negustor bogat \u0219i a angaja\u021bii s\u0103i, care traverseaz\u0103 \u00eempreun\u0103 un de\u0219ert.<\/p>\n\n\n\n<p class=\"template-defaultBlock\">Sinopsis scen\u0103: \u00cen timpul c\u0103l\u0103toriei, negustorul \u00ee\u0219i exercit\u0103 \u00eenc\u0103 de la \u00eenceput puterea asupra oamenilor s\u0103i: hamalul \u00eendur\u0103 umilin\u021be \u0219i violen\u021be, iar c\u0103l\u0103uza este rapid concediat\u0103. F\u0103r\u0103 ghid, cei doi r\u0103ma\u0219i se pierd \u00een de\u0219ert, negustorul \u00eencepe s\u0103-l suspecteze pe hamal \u0219i, speriat c\u0103 va fi atacat, \u00eel \u00eempu\u0219c\u0103 mortal. Cazul ajunge la tribunal, iar sentin\u021ba este una surprinz\u0103toare. Astfel, spectacolul propune un final deschis, care \u00eendeamn\u0103 la dezbatere<\/p>\n<\/div><\/div><\/div>\n<\/div><\/div>\n\n\n\n<div class=\"wp-block-group\"><div class=\"wp-block-group__inner-container is-layout-constrained wp-block-group-is-layout-constrained\">\n<div class=\"wp-block-incas-blocks-section\"><svg xmlns=\"http:\/\/www.w3.org\/2000\/svg\" viewBox=\"0 0 448 448\" width=\"30\" height=\"30\"><circle cx=\"224.46\" cy=\"224.46\" r=\"224.46\" fill=\"#f54634\"><\/circle><\/svg><div class=\"columns\"><div class=\"section-heading\"><p class=\"section-heading-title\"><strong><strong><strong><strong><strong><strong><strong><strong><strong><strong><strong><strong><strong><strong><strong><strong><strong><strong><strong><strong><strong><strong><strong><strong><strong>Coregrafie<\/strong><\/strong><\/strong><\/strong><\/strong><\/strong><\/strong><\/strong><\/strong><\/strong><\/strong><\/strong><\/strong><\/strong><\/strong><\/strong><\/strong><\/strong><\/strong><\/strong><\/strong><\/strong><\/strong><\/strong><\/strong><\/p><div class=\"section-heading-subtitle\"><em><strong><strong><strong><strong><strong><strong><strong><strong><strong><strong><strong><strong><strong><strong><strong><strong><strong><strong><strong><strong><strong><strong><strong><em><em><em>Licen\u021b\u0103 &#8211; Facultatea de Teatru<\/em><\/em><\/em><\/strong><\/strong><\/strong><\/strong><\/strong><\/strong><\/strong><\/strong><\/strong><\/strong><\/strong><\/strong><\/strong><\/strong><\/strong><\/strong><\/strong><\/strong><\/strong><\/strong><\/strong><\/strong><\/strong><\/em><\/div><\/div><\/div><\/div>\n\n\n\n<div class=\"wp-block-incas-blocks-collapse\"><div class=\"columns heading-title undefined\"><blockquote class=\"flex-heading\"><div class=\"expand-bar\"><\/div><p class=\"block-heading-title\">Program<\/p><div class=\"block-heading-subtitle\"><strong><strong><strong><strong><strong><strong><strong><strong><strong><strong><strong><strong><strong><strong><strong><strong><strong><strong><strong><strong><strong>S\u00e2mb\u0103t\u0103 &#8211; 29 martie<\/strong><\/strong><\/strong><\/strong><\/strong><\/strong><\/strong><\/strong><\/strong><\/strong><\/strong><\/strong><\/strong><\/strong><\/strong><\/strong><\/strong><\/strong><\/strong><\/strong><\/strong><\/div><\/blockquote><\/div><div class=\"collapse-body\"><p class=\"highlight-body\"><\/p><div class=\"wp-block-incas-blocks-collapse\">\n<p class=\"template-defaultBlock\"><strong><em>Exerci\u021bii de compozi\u021bie, Atelier de crea\u021bie<\/em><\/strong><strong> <\/strong><strong><em>(Atelier)<\/em><\/strong><strong><em><br><\/em><\/strong>Anul I, coordonatori: conf.univ.dr. Liliana Iorgulescu, lect.univ.dr. Valentina De Piante<\/p>\n\n\n\n<p class=\"template-defaultBlock\"><strong>12.00-13.00, <\/strong>Sala 204 A,<strong> <\/strong>Sediul UNATC &#8211; Str. Matei Voievod nr. 75-77<\/p>\n\n\n\n<p class=\"template-defaultBlock\"><\/p>\n<\/div><\/div><\/div>\n<\/div><\/div>\n\n\n\n<div class=\"wp-block-group\"><div class=\"wp-block-group__inner-container is-layout-constrained wp-block-group-is-layout-constrained\">\n<div class=\"wp-block-incas-blocks-collapse\"><div class=\"columns heading-title undefined\"><blockquote class=\"flex-heading\"><div class=\"expand-bar\"><\/div><p class=\"block-heading-title\">Program<\/p><div class=\"block-heading-subtitle\"><strong><strong><strong><strong><strong><strong><strong><strong><strong><strong><strong><strong><strong><strong><strong><strong><strong><strong><strong><strong><strong>S\u00e2mb\u0103t\u0103 &#8211; 29 martie<\/strong><\/strong><\/strong><\/strong><\/strong><\/strong><\/strong><\/strong><\/strong><\/strong><\/strong><\/strong><\/strong><\/strong><\/strong><\/strong><\/strong><\/strong><\/strong><\/strong><\/strong><\/div><\/blockquote><\/div><div class=\"collapse-body\"><p class=\"highlight-body\"><\/p><div class=\"wp-block-incas-blocks-collapse\">\n<p class=\"template-defaultBlock\"><strong><em>Art\u0103 coregrafic\u0103<\/em><\/strong><strong> <\/strong><strong><em>(Curs)<\/em><\/strong><strong><em><br><\/em><\/strong>Curs demonstrativ, an III, coordonator lect.univ.dr. Andreea Du\u021b\u0103. Demonstra\u021bia va fi construit\u0103 \u00een dou\u0103 etape, Prima parte se va axa pe un parcurs improvizatoric \u00een care se vor folosi elemente specifice compozi\u021biei \u00een timp real (real time composition). \u00cen a doua parte va fi prezentat\u0103 o crea\u021bie colectiv\u0103 construit\u0103 pe principii de crea\u021bie studiate anul acesta.&nbsp;<\/p>\n\n\n\n<p>Suport muzical prof. asoc. Maria Chifu<\/p>\n\n\n\n<p class=\"template-defaultBlock\"><strong>16.00-17.00<\/strong><strong>, <\/strong>Sala 204 A,<strong> <\/strong>Sediul UNATC &#8211; Str. Matei Voievod nr. 75-77<\/p>\n\n\n\n<p><\/p>\n\n\n\n<p>\ud835\udfd0\ud835\udfd5, \ud835\udfd0\ud835\udfd6, \ud835\udfd0\ud835\udfd7 \ud835\udc26\ud835\udc1a\ud835\udc2b\ud835\udc2d\ud835\udc22\ud835\udc1e<\/p>\n\n\n\n<p>Expozi\u021bie de fotografie de spectacol de Coregrafie<\/p>\n\n\n\n<p>Coordonator: conf.univ.dr. Simona \u0218om\u0103cescu<\/p>\n\n\n\n<p>Parter UNATC Expozi\u021bie preambul la International Conference on Creativity in Dance (2-4 aprilie &#8211; UNATC) &#8211;&nbsp;<a href=\"https:\/\/l.facebook.com\/l.php?u=http%3A%2F%2Ficcdance-unatc.com%2F%3Ffbclid%3DIwZXh0bgNhZW0CMTAAAR17ylSqA5DD8-4ynK19dLoMQq4MAf4cqcdqlqR1ZtxrOMPTeiISrunhJck_aem_6YRhtCECleu3Bo6GW4cOrQ&amp;h=AT0DyFvWx9wtou419N0_f4pjajzT6jcIrjdODd9J-k09_kKPq7UGikgK5nW8rdDswfWGpNRua76hqjwhTHY3ELRQGunRdf1Pfgawae-Wz2dX-f8CrsNI0VFYfVuVddJ14bSVKlGwmUPE-YuH&amp;__tn__=-UK-R&amp;c[0]=AT1MzjxQs1QukzXSeOQGVBguxUJ66MFGi5tt8LJRu72-wNHb9cpOqyhbkqL55YiWySlhjDqyfkOTDz5ZJtJ4By4XAZPqCUpJ7ubgRSaHTylHZGSU0wG0g3X4ev0hO5GjMmKKgieGZnGG4dvpuse__PDEFhowVGE_4GlO4CZ9brGwed9qOpExyS3FzBJWQx1EnA\" target=\"_blank\" rel=\"noreferrer noopener\">http:\/\/iccdance-unatc.com<\/a><\/p>\n<\/div><\/div><\/div>\n<\/div><\/div>\n\n\n\n<div class=\"wp-block-group\"><div class=\"wp-block-group__inner-container is-layout-constrained wp-block-group-is-layout-constrained\">\n<div class=\"wp-block-incas-blocks-section\"><svg xmlns=\"http:\/\/www.w3.org\/2000\/svg\" viewBox=\"0 0 448 448\" width=\"30\" height=\"30\"><circle cx=\"224.46\" cy=\"224.46\" r=\"224.46\" fill=\"#f54634\"><\/circle><\/svg><div class=\"columns\"><div class=\"section-heading\"><p class=\"section-heading-title\"><strong><strong><strong><strong><strong><strong><strong><strong><strong><strong><strong><strong><strong><strong><strong><strong><strong><strong><strong><strong><strong><strong><strong><strong><strong><strong><strong>Scenografie<\/strong><\/strong><\/strong><\/strong><\/strong><\/strong><\/strong><\/strong><\/strong><\/strong><\/strong><\/strong><\/strong><\/strong><\/strong><\/strong><\/strong><\/strong><\/strong><\/strong><\/strong><\/strong><\/strong><\/strong><\/strong><\/strong><\/strong><\/p><div class=\"section-heading-subtitle\"><em><strong><strong><strong><strong><strong><strong><strong><strong><strong><strong><strong><strong><strong><strong><strong><strong><strong><strong><strong><strong><strong><strong><strong><em><em><em><em><strong><em>Licen\u021b\u0103 &#8211; Facultatea de Teatru<\/em><\/strong><\/em><\/em><\/em><\/em><\/strong><\/strong><\/strong><\/strong><\/strong><\/strong><\/strong><\/strong><\/strong><\/strong><\/strong><\/strong><\/strong><\/strong><\/strong><\/strong><\/strong><\/strong><\/strong><\/strong><\/strong><\/strong><\/strong><\/em><\/div><\/div><\/div><\/div>\n\n\n\n<div class=\"wp-block-incas-blocks-collapse\"><div class=\"columns heading-title undefined\"><blockquote class=\"flex-heading\"><div class=\"expand-bar\"><\/div><p class=\"block-heading-title\">Program<\/p><div class=\"block-heading-subtitle\"><strong><strong><strong><strong><strong><strong><strong><strong><strong><strong><strong><strong><strong><strong><strong><strong><strong><strong><strong><strong><strong>S\u00e2mb\u0103t\u0103 &#8211; 29 martie<\/strong><\/strong><\/strong><\/strong><\/strong><\/strong><\/strong><\/strong><\/strong><\/strong><\/strong><\/strong><\/strong><\/strong><\/strong><\/strong><\/strong><\/strong><\/strong><\/strong><\/strong><\/div><\/blockquote><\/div><div class=\"collapse-body\"><p class=\"highlight-body\"><\/p><div class=\"wp-block-incas-blocks-collapse\">\n<p class=\"template-defaultBlock\"><strong><em>Expozi\u021bie scenografie<\/em><\/strong><strong><em> (Expozi\u021bie)<\/em><\/strong><\/p>\n\n\n\n<p>Lucr\u0103ri studen\u021bi: an II Scenografie, an I Arta scenografului<\/p>\n\n\n\n<p class=\"template-defaultBlock\"><strong>10.00-14.00 <\/strong><strong>, <\/strong>etaj 4,- hol Sediul UNATC &#8211; Str. Matei Voievod nr. 75-77<\/p>\n<\/div><\/div><\/div>\n<\/div><\/div>\n\n\n\n<div class=\"wp-block-group\"><div class=\"wp-block-group__inner-container is-layout-constrained wp-block-group-is-layout-constrained\">\n<div class=\"wp-block-incas-blocks-section\"><svg xmlns=\"http:\/\/www.w3.org\/2000\/svg\" viewBox=\"0 0 448 448\" width=\"30\" height=\"30\"><circle cx=\"224.46\" cy=\"224.46\" r=\"224.46\" fill=\"#f54634\"><\/circle><\/svg><div class=\"columns\"><div class=\"section-heading\"><p class=\"section-heading-title\"><strong><strong><strong><strong><strong><strong><strong><strong><strong><strong><strong><strong><strong><strong><strong><strong><strong><strong><strong><strong><strong><strong><strong><strong><strong><strong><strong><strong>Teatrologie (Jurnalism teatral,&nbsp; Management cultural)<\/strong><\/strong><\/strong><\/strong><\/strong><\/strong><\/strong><\/strong><\/strong><\/strong><\/strong><\/strong><\/strong><\/strong><\/strong><\/strong><\/strong><\/strong><\/strong><\/strong><\/strong><\/strong><\/strong><\/strong><\/strong><\/strong><\/strong><\/strong><\/p><div class=\"section-heading-subtitle\"><em><strong><strong><strong><strong><strong><strong><strong><strong><strong><strong><strong><strong><strong><strong><strong><strong><strong><strong><strong><strong><strong><strong><strong><em><em><em><em><strong><em><strong><em>Licen\u021b\u0103, masterat &#8211; Facultatea de Teatru<\/em><\/strong><\/em><\/strong><\/em><\/em><\/em><\/em><\/strong><\/strong><\/strong><\/strong><\/strong><\/strong><\/strong><\/strong><\/strong><\/strong><\/strong><\/strong><\/strong><\/strong><\/strong><\/strong><\/strong><\/strong><\/strong><\/strong><\/strong><\/strong><\/strong><\/em><\/div><\/div><\/div><\/div>\n\n\n\n<div class=\"wp-block-incas-blocks-collapse\"><div class=\"columns heading-title undefined\"><blockquote class=\"flex-heading\"><div class=\"expand-bar\"><\/div><p class=\"block-heading-title\">Program<\/p><div class=\"block-heading-subtitle\"><strong><strong><strong><strong><strong><strong><strong><strong><strong><strong><strong><strong><strong><strong><strong><strong><strong><strong><strong><strong><strong>S\u00e2mb\u0103t\u0103 &#8211; 29 martie<\/strong><\/strong><\/strong><\/strong><\/strong><\/strong><\/strong><\/strong><\/strong><\/strong><\/strong><\/strong><\/strong><\/strong><\/strong><\/strong><\/strong><\/strong><\/strong><\/strong><\/strong><\/div><\/blockquote><\/div><div class=\"collapse-body\"><p class=\"highlight-body\"><\/p><div class=\"wp-block-incas-blocks-collapse\">\n<p class=\"template-defaultBlock\"><strong><em>Meet the Artist @Teatrologie <\/em><\/strong><strong><em>&nbsp;(O&amp;A)<\/em><\/strong><strong><em><br><\/em><\/strong>Invitat: actri\u021ba Ofelia Popii, moderator lect.univ.dr. Alina Ep\u00eengeac &#8211; Jurnalism teatral<\/p>\n\n\n\n<p><strong>11:00-12.00<\/strong><strong>, <\/strong>Sala 1 &#8211; Teatrologie, etajul III<\/p>\n\n\n\n<p><\/p>\n\n\n\n<p><strong><em>Cum se produce un audio-book (drepturi de autor, <\/em><\/strong><strong><em>&nbsp;(Atelier)<\/em><\/strong><strong><em><br><\/em><\/strong>Atelier coordonat de lector Raluca Moianu (Jurnalism radio, tv \u0219i online)<\/p>\n\n\n\n<p><strong>12:30-14.00<\/strong><strong>, <\/strong>Sala 5 &#8211; Teatrologie, etajul III<\/p>\n\n\n\n<p>Pentru aceast\u0103 lucrare practic\u0103, participan\u021bii (grupe de c\u00e2te 5) se vor<\/p>\n\n\n\n<p>\u00eenscrie cu o zi \u00eenainte, la adresa de email<\/p>\n\n\n\n<p>natalia.oprea@student.unatc.ro (aceasta este adresa corect\u0103 de email)<\/p>\n\n\n\n<p>Grupa 1 12:30 \u2013 13:00<\/p>\n\n\n\n<p>Grupa 2 13:00 &#8211; 13:30<\/p>\n\n\n\n<p class=\"template-defaultBlock\">Grupa 3 13:30 \u2013 14:00<\/p>\n\n\n\n<p><\/p>\n<\/div><\/div><\/div>\n<\/div><\/div>\n\n\n\n<div class=\"wp-block-group\"><div class=\"wp-block-group__inner-container is-layout-constrained wp-block-group-is-layout-constrained\">\n<div class=\"wp-block-incas-blocks-section\"><svg xmlns=\"http:\/\/www.w3.org\/2000\/svg\" viewBox=\"0 0 448 448\" width=\"30\" height=\"30\"><circle cx=\"224.46\" cy=\"224.46\" r=\"224.46\" fill=\"#f54634\"><\/circle><\/svg><div class=\"columns\"><div class=\"section-heading\"><p class=\"section-heading-title\"><strong><strong><strong><strong><strong>Comunicare Audiovizual\u0103 &#8211; <\/strong><em>Scenaristic\u0103, Filmologie<\/em><\/strong><\/strong><\/strong><\/strong><\/p><div class=\"section-heading-subtitle\"><strong><em><em><em><strong><em><em><strong><em><em><em><em><em><em><em><em><em>Masterat &#8211; Facultatea de Film<\/em><\/em><\/em><\/em><\/em><\/em><\/em><\/em><\/em><\/strong><\/em><\/em><\/strong><\/em><\/em><\/em><\/strong><\/div><\/div><\/div><\/div>\n\n\n\n<div class=\"wp-block-incas-blocks-collapse\"><div class=\"columns heading-title undefined\"><blockquote class=\"flex-heading\"><div class=\"expand-bar\"><\/div><p class=\"block-heading-title\">Program<\/p><div class=\"block-heading-subtitle\"><strong>Joi &#8211; 29 martie<\/strong><\/div><\/blockquote><\/div><div class=\"collapse-body\"><p class=\"highlight-body\"><\/p><div class=\"wp-block-incas-blocks-collapse\">\n<p class=\"template-defaultBlock\"><strong>Prezentare Album MIRABOR &amp; Cineclub Film Meniu<\/strong><\/p>\n\n\n\n<p>Seara Radu \u0219i Miruna Boruzescu&nbsp;<\/p>\n\n\n\n<p>SWEET MOVIE (1974)<\/p>\n\n\n\n<p>Moderatori: Anca Ioni\u021b\u0103, Iulia Gherghescu<\/p>\n\n\n\n<p class=\"template-defaultBlock\"><strong>Ora 19.00<\/strong>, Sala Cinema, Sediul UNATC \u2013 Str. Matei Voievod nr. 75-77<\/p>\n\n\n\n<p><\/p>\n<\/div><\/div><\/div>\n<\/div><\/div>\n\n\n\n<div class=\"wp-block-group\"><div class=\"wp-block-group__inner-container is-layout-constrained wp-block-group-is-layout-constrained\">\n<div class=\"wp-block-incas-blocks-section\"><svg xmlns=\"http:\/\/www.w3.org\/2000\/svg\" viewBox=\"0 0 448 448\" width=\"30\" height=\"30\"><circle cx=\"224.46\" cy=\"224.46\" r=\"224.46\" fill=\"#f54634\"><\/circle><\/svg><div class=\"columns\"><div class=\"section-heading\"><p class=\"section-heading-title\"><strong><strong><strong><strong><strong><strong><strong><strong><strong><strong><strong><strong><strong><strong><strong><strong><strong><strong><strong><strong><strong><strong><strong><strong><strong><strong><strong><strong><strong>Anima\u021bie<\/strong><\/strong><\/strong><\/strong><\/strong><\/strong><\/strong><\/strong><\/strong><\/strong><\/strong><\/strong><\/strong><\/strong><\/strong><\/strong><\/strong><\/strong><\/strong><\/strong><\/strong><\/strong><\/strong><\/strong><\/strong><\/strong><\/strong><\/strong><\/strong><\/p><div class=\"section-heading-subtitle\"><em><strong><strong><strong><strong><strong><strong><strong><strong><strong><strong><strong><strong><strong><strong><strong><strong><strong><strong><strong><strong><strong><strong><strong><em><em><em><em><strong><em><strong><em><em>Licen\u021b\u0103 &#8211; Facultatea de Film<\/em><\/em><\/strong><\/em><\/strong><\/em><\/em><\/em><\/em><\/strong><\/strong><\/strong><\/strong><\/strong><\/strong><\/strong><\/strong><\/strong><\/strong><\/strong><\/strong><\/strong><\/strong><\/strong><\/strong><\/strong><\/strong><\/strong><\/strong><\/strong><\/strong><\/strong><\/em><\/div><\/div><\/div><\/div>\n\n\n\n<div class=\"wp-block-incas-blocks-collapse\"><div class=\"columns heading-title undefined\"><blockquote class=\"flex-heading\"><div class=\"expand-bar\"><\/div><p class=\"block-heading-title\">Program<\/p><div class=\"block-heading-subtitle\"><strong><strong><strong><strong><strong><strong><strong><strong><strong><strong><strong><strong><strong><strong><strong><strong><strong><strong><strong><strong><strong>S\u00e2mb\u0103t\u0103 &#8211; 29 martie<\/strong><\/strong><\/strong><\/strong><\/strong><\/strong><\/strong><\/strong><\/strong><\/strong><\/strong><\/strong><\/strong><\/strong><\/strong><\/strong><\/strong><\/strong><\/strong><\/strong><\/strong><\/div><\/blockquote><\/div><div class=\"collapse-body\"><p class=\"highlight-body\"><\/p><div class=\"wp-block-incas-blocks-collapse\">\n<p class=\"template-defaultBlock\"><strong>(27, 28, 29 martie)<\/strong><\/p>\n\n\n\n<p><strong>Expozi\u021bie Flipbook&nbsp;<\/strong>(Expozi\u021bie)Anima\u021bie anii II &amp; III, licen\u021b\u0103<br>Coordonator: conf. univ.dr. Mirela Vlad<\/p>\n\n\n\n<p>27, 28 martie, 10:00-18:00<br>29 martie 10:00-14:00<br><strong>Anima\u021bie POD 2<\/strong><\/p>\n\n\n\n<p><\/p>\n\n\n\n<p><strong>Expozi\u021bie grafic\u0103 licen\u021b\u0103&nbsp;<\/strong>(Expozi\u021bie)<\/p>\n\n\n\n<p>Coordonator:&nbsp;lect.univ.dr.&nbsp;Constantina&nbsp;Mih\u0103il\u0103&nbsp;<\/p>\n\n\n\n<p>27, 28 martie, 10:00-18:00<\/p>\n\n\n\n<p>29 martie 10:00-14:00<\/p>\n\n\n\n<p><strong>Anima\u021bie POD 4<\/strong><\/p>\n\n\n\n<p><\/p>\n\n\n\n<p><strong>Expozi\u021bie afi\u0219 de Festival de Film Studen\u021besc CineMAiubit&nbsp;<\/strong>(Expozi\u021bie)<\/p>\n\n\n\n<p>Anima\u021bie anul I, licen\u021b\u0103<br>Coordonator:&nbsp;conf. univ. dr.&nbsp;Mirela Vlad<\/p>\n\n\n\n<p>27, 28, 29 martie, 10:00-18:00<br><strong>Et.1,&nbsp;Hol A<\/strong><\/p>\n\n\n\n<p><\/p>\n\n\n\n<p><strong>Expozi\u021bie&nbsp;Afi\u0219 de film de diplom\u0103&nbsp;<\/strong>(Expozi\u021bie)<\/p>\n\n\n\n<p>Anima\u021bie anul III, licen\u021b\u0103 &amp; anul II, masterat<br>Coordonator:&nbsp;conf univ. dr.&nbsp;Mirela Vlad<\/p>\n\n\n\n<p><strong>27, 28 martie, 10:00-18:00<\/strong><\/p>\n\n\n\n<p>29 martie 10:00-14:00<br><strong>Anima\u021bie POD 3<\/strong><\/p>\n\n\n\n<p><\/p>\n\n\n\n<p class=\"template-defaultBlock\"><em>Proiec\u021bie Best Of Anima\u021bie &amp; Interactivitate&nbsp;(Proiec\u021bie \u00een loop)<\/em><br>Coordonator: lect.univ.dr. Valeriu C\u0103liman, conf.univ.dr. Matei Branea<br>27, 28 martie, 10:00-18:00<br>29 martie 10:00-14:00<br><strong>Anima\u021bie POD 3<\/strong><\/p>\n\n\n\n<p class=\"template-defaultBlock\"><\/p>\n<\/div><\/div><\/div>\n<\/div><\/div>\n\n\n\n<div class=\"wp-block-group\"><div class=\"wp-block-group__inner-container is-layout-constrained wp-block-group-is-layout-constrained\">\n<div class=\"wp-block-incas-blocks-section\"><svg xmlns=\"http:\/\/www.w3.org\/2000\/svg\" viewBox=\"0 0 448 448\" width=\"30\" height=\"30\"><circle cx=\"224.46\" cy=\"224.46\" r=\"224.46\" fill=\"#f54634\"><\/circle><\/svg><div class=\"columns\"><div class=\"section-heading\"><p class=\"section-heading-title\"><strong><strong><strong><strong><strong><strong><strong><strong><strong><strong><strong><strong><strong><strong><strong><strong><strong><strong><strong><strong><strong><strong><strong><strong><strong><strong><strong><strong><strong>Fotografie<\/strong><\/strong><\/strong><\/strong><\/strong><\/strong><\/strong><\/strong><\/strong><\/strong><\/strong><\/strong><\/strong><\/strong><\/strong><\/strong><\/strong><\/strong><\/strong><\/strong><\/strong><\/strong><\/strong><\/strong><\/strong><\/strong><\/strong><\/strong><\/strong><\/p><div class=\"section-heading-subtitle\"><em><strong><strong><strong><strong><strong><strong><strong><strong><strong><strong><strong><strong><strong><strong><strong><strong><strong><strong><strong><strong><strong><strong><strong><em><em><em><em><strong><em><strong><em><em>Licen\u021b\u0103 &#8211; Facultatea de Film<\/em><\/em><\/strong><\/em><\/strong><\/em><\/em><\/em><\/em><\/strong><\/strong><\/strong><\/strong><\/strong><\/strong><\/strong><\/strong><\/strong><\/strong><\/strong><\/strong><\/strong><\/strong><\/strong><\/strong><\/strong><\/strong><\/strong><\/strong><\/strong><\/strong><\/strong><\/em><\/div><\/div><\/div><\/div>\n\n\n\n<div class=\"wp-block-incas-blocks-collapse\"><div class=\"columns heading-title undefined\"><blockquote class=\"flex-heading\"><div class=\"expand-bar\"><\/div><p class=\"block-heading-title\">Program<\/p><div class=\"block-heading-subtitle\"><strong><strong><strong><strong><strong><strong><strong><strong><strong><strong><strong><strong><strong><strong><strong><strong><strong><strong><strong><strong><strong>S\u00e2mb\u0103t\u0103 &#8211; 29 martie<\/strong><\/strong><\/strong><\/strong><\/strong><\/strong><\/strong><\/strong><\/strong><\/strong><\/strong><\/strong><\/strong><\/strong><\/strong><\/strong><\/strong><\/strong><\/strong><\/strong><\/strong><\/div><\/blockquote><\/div><div class=\"collapse-body\"><p class=\"highlight-body\"><\/p><div class=\"wp-block-incas-blocks-collapse\">\n<p class=\"template-defaultBlock\"><strong><em>Portret, rela\u021bii \u00eentre personaje, copstum de epoc\u0103- partea a II-a <strong><em>(Atelier de Fotografie)<\/em><\/strong><\/em><\/strong><\/p>\n\n\n\n<p>Sus\u021binut de studen\u021bii anilor I \u0219i II Fotografie, coordonatori: conf.Univ.Dr. Victor Velculescu, lect.Univ.Dr. Cornel Lazia<strong><em><br><\/em><\/strong><strong>10:00-13.00<\/strong>, Platou Foto, et. II UNATC, Sediul UNATC &#8211; Str. Matei Voievod nr. 75-77<\/p>\n\n\n\n<p><strong>Detalii:<\/strong><\/p>\n\n\n\n<p>La acest workshop vom studia compozi\u021bia (\u201eposing&#8221;, \u201emis en sc\u00e8ne&#8221;), farmecul<\/p>\n\n\n\n<p class=\"template-defaultBlock\">luminii \u0219i influen\u021ba diferitelor tipuri de obiective fotografice asupra esteticii cadrului.<\/p>\n<\/div><\/div><\/div>\n<\/div><\/div>\n\n\n\n<div class=\"wp-block-group\"><div class=\"wp-block-group__inner-container is-layout-constrained wp-block-group-is-layout-constrained\">\n<div class=\"wp-block-incas-blocks-section\"><svg xmlns=\"http:\/\/www.w3.org\/2000\/svg\" viewBox=\"0 0 448 448\" width=\"30\" height=\"30\"><circle cx=\"224.46\" cy=\"224.46\" r=\"224.46\" fill=\"#f54634\"><\/circle><\/svg><div class=\"columns\"><div class=\"section-heading\"><p class=\"section-heading-title\">Tehnologii Interactive pentru Arte Performative \u0219i Media<\/p><div class=\"section-heading-subtitle\"><em><strong><strong><strong><strong><strong><strong><strong><strong><strong><strong><strong><strong><strong><strong><strong><strong><strong><strong><strong><strong><strong><strong><strong><em><em><em><em><strong><em><strong><em><em><em>Masterat &#8211; Facultatea de Film<\/em><\/em><\/em><\/strong><\/em><\/strong><\/em><\/em><\/em><\/em><\/strong><\/strong><\/strong><\/strong><\/strong><\/strong><\/strong><\/strong><\/strong><\/strong><\/strong><\/strong><\/strong><\/strong><\/strong><\/strong><\/strong><\/strong><\/strong><\/strong><\/strong><\/strong><\/strong><\/em><\/div><\/div><\/div><\/div>\n\n\n\n<div class=\"wp-block-incas-blocks-collapse\"><div class=\"columns heading-title undefined\"><blockquote class=\"flex-heading\"><div class=\"expand-bar\"><\/div><p class=\"block-heading-title\">Program<\/p><div class=\"block-heading-subtitle\"><strong><strong><strong><strong><strong><strong><strong><strong><strong><strong><strong><strong><strong><strong><strong><strong><strong><strong><strong><strong><strong>S\u00e2mb\u0103t\u0103 &#8211; 29 martie<\/strong><\/strong><\/strong><\/strong><\/strong><\/strong><\/strong><\/strong><\/strong><\/strong><\/strong><\/strong><\/strong><\/strong><\/strong><\/strong><\/strong><\/strong><\/strong><\/strong><\/strong><\/div><\/blockquote><\/div><div class=\"collapse-body\"><p class=\"highlight-body\"><\/p><div class=\"wp-block-incas-blocks-collapse\">\n<p class=\"template-defaultBlock\"><strong><em>Workshop Sound Design Max<\/em><\/strong><strong><em> (Atelier)<\/em><\/strong><\/p>\n\n\n\n<p>Coordonator Lect.univ.dr. \u0218tefan Damian<\/p>\n\n\n\n<p class=\"template-defaultBlock\"><strong>11:00-14.00<\/strong>, Sala ITPMA, Sediul UNATC &#8211; Str. Matei Voievod nr. 75-77<\/p>\n<\/div><\/div><\/div>\n<\/div><\/div>\n\n\n\n<div class=\"wp-block-group\"><div class=\"wp-block-group__inner-container is-layout-constrained wp-block-group-is-layout-constrained\">\n<div class=\"wp-block-incas-blocks-section\"><svg xmlns=\"http:\/\/www.w3.org\/2000\/svg\" viewBox=\"0 0 448 448\" width=\"30\" height=\"30\"><circle cx=\"224.46\" cy=\"224.46\" r=\"224.46\" fill=\"#f54634\"><\/circle><\/svg><div class=\"columns\"><div class=\"section-heading\"><p class=\"section-heading-title\"><strong>Comunicare Audiovizual\u0103 &#8211; <em>Scenaristic\u0103, Filmologie<\/em><\/strong><\/p><div class=\"section-heading-subtitle\"><em><strong><strong><strong><strong><strong><strong><strong><strong><strong><strong><strong><strong><strong><strong><strong><strong><strong><strong><strong><strong><strong><strong><strong><em><em><em><em><strong><em><strong><em><em><em><em>Licen\u021b\u0103 &#8211; Facultatea de Film<\/em><\/em><\/em><\/em><\/strong><\/em><\/strong><\/em><\/em><\/em><\/em><\/strong><\/strong><\/strong><\/strong><\/strong><\/strong><\/strong><\/strong><\/strong><\/strong><\/strong><\/strong><\/strong><\/strong><\/strong><\/strong><\/strong><\/strong><\/strong><\/strong><\/strong><\/strong><\/strong><\/em><\/div><\/div><\/div><\/div>\n\n\n\n<div class=\"wp-block-incas-blocks-collapse\"><div class=\"columns heading-title undefined\"><blockquote class=\"flex-heading\"><div class=\"expand-bar\"><\/div><p class=\"block-heading-title\">Program<\/p><div class=\"block-heading-subtitle\"><strong><strong><strong><strong><strong><strong><strong><strong><strong><strong><strong><strong><strong><strong><strong><strong><strong><strong><strong><strong><strong>S\u00e2mb\u0103t\u0103 &#8211; 29 martie<\/strong><\/strong><\/strong><\/strong><\/strong><\/strong><\/strong><\/strong><\/strong><\/strong><\/strong><\/strong><\/strong><\/strong><\/strong><\/strong><\/strong><\/strong><\/strong><\/strong><\/strong><\/div><\/blockquote><\/div><div class=\"collapse-body\"><p class=\"highlight-body\"><\/p><div class=\"wp-block-incas-blocks-collapse\">\n<p class=\"template-defaultBlock\"><strong><em>Scurtmetraje din Arhiva UNATC<\/em><\/strong><em>(Proiec\u021bie)<\/em><\/p>\n\n\n\n<p>Programul nou de scurtmetraje cuprinde filme realizate preponderent de cadre didactice din cadrul Facult\u0103\u021bii de Film din UNATC<\/p>\n\n\n\n<p>*proiec\u021bia va fi urmat\u0103 de o discu\u021bie cu realizatorii filmelor \u0219i cu o parte a echipei Arhiva Activ\u0103<\/p>\n\n\n\n<p>Moderatori: conf. univ. dr. Andrei Rus, lect. univ. dr. Gabriela Filippi \u0219i asist. univ. drd. Ana Szel<\/p>\n\n\n\n<p><strong>19:00 &#8211; 21:30<\/strong>,&nbsp;Sala Cinema , Sediul UNATC &#8211;&nbsp; Str. Matei Voievod nr. 75-77<\/p>\n\n\n\n<p><\/p>\n\n\n\n<p><strong>Detalii:<\/strong><\/p>\n\n\n\n<p>Golgota (Ovidiu Georgescu, 1998-1999) 14 minute<\/p>\n\n\n\n<p>Fragile (Doru Ni\u021bescu) 8 minute<\/p>\n\n\n\n<p>O zi (Marta Marmeliuc, 1997) 13 minute<\/p>\n\n\n\n<p>Lep\u0103da\u021bii (Napoleon Helmis ) 10 minute<\/p>\n\n\n\n<p>Daniela (Bogdan Musta\u021b\u0103, 2000) 10 minute<\/p>\n\n\n\n<p>Eclipsa (Mitko Serafimovici) 8 minute &#8211; montat de Vlad Ioachimescu<\/p>\n\n\n\n<p>Mimi (Lucian Georgescu, Cornel Lazia, 1992) 7 minute<\/p>\n\n\n\n<p>El \u0219i-a pus cafea \u00een cea\u0219c\u0103 (Andreea P\u0103duraru) 6 minute<\/p>\n\n\n\n<p>Stai cu mine (Lucian Muntean) 4 minute<\/p>\n\n\n\n<p>Adrian Copilu (C\u0103t\u0103lin Mitulescu, 1997-1998) 10 minute<\/p>\n\n\n\n<p>Diabolique 3 (Sokol Keraj, 1998-1999) 11 minute &#8211; scenariu de Matei Branea&nbsp;<\/p>\n\n\n\n<p class=\"template-defaultBlock\">Marea aventur\u0103 (Valentin Hotea, 1994) 7 minute<\/p>\n\n\n\n<p><\/p>\n<\/div><\/div><\/div>\n<\/div><\/div>\n\n\n\n<div class=\"wp-block-group\"><div class=\"wp-block-group__inner-container is-layout-constrained wp-block-group-is-layout-constrained\">\n<div class=\"wp-block-incas-blocks-section\"><svg xmlns=\"http:\/\/www.w3.org\/2000\/svg\" viewBox=\"0 0 448 448\" width=\"30\" height=\"30\"><circle cx=\"224.46\" cy=\"224.46\" r=\"224.46\" fill=\"#f54634\"><\/circle><\/svg><div class=\"columns\"><div class=\"section-heading\"><p class=\"section-heading-title\"><strong><strong><strong>Scriere dramatic\u0103<\/strong><\/strong><\/strong><\/p><div class=\"section-heading-subtitle\"><em><strong><strong><strong><strong><strong><strong><strong><strong><strong><strong><strong><strong><strong><strong><strong><strong><strong><strong><strong><strong><strong><strong><strong><em><em><em><em><strong><em><strong><em><em><em><em><strong><strong><strong>Masterat<\/strong><\/strong><\/strong> &#8211; Facultatea de Teatru<\/em><\/em><\/em><\/em><\/strong><\/em><\/strong><\/em><\/em><\/em><\/em><\/strong><\/strong><\/strong><\/strong><\/strong><\/strong><\/strong><\/strong><\/strong><\/strong><\/strong><\/strong><\/strong><\/strong><\/strong><\/strong><\/strong><\/strong><\/strong><\/strong><\/strong><\/strong><\/strong><\/em><\/div><\/div><\/div><\/div>\n\n\n\n<div class=\"wp-block-incas-blocks-collapse\"><div class=\"columns heading-title undefined\"><blockquote class=\"flex-heading\"><div class=\"expand-bar\"><\/div><p class=\"block-heading-title\">Program<\/p><div class=\"block-heading-subtitle\"><strong><strong><strong><strong><strong><strong><strong><strong><strong><strong><strong><strong><strong><strong><strong><strong><strong><strong><strong><strong><strong>S\u00e2mb\u0103t\u0103 &#8211; 29 martie<\/strong><\/strong><\/strong><\/strong><\/strong><\/strong><\/strong><\/strong><\/strong><\/strong><\/strong><\/strong><\/strong><\/strong><\/strong><\/strong><\/strong><\/strong><\/strong><\/strong><\/strong><\/div><\/blockquote><\/div><div class=\"collapse-body\"><p class=\"highlight-body\"><\/p><div class=\"wp-block-incas-blocks-collapse\">\n<p class=\"template-defaultBlock\"><strong>15:00 \u2013 17:00 \/ Sala 5, Etajul III, Teatrologie<\/strong><\/p>\n\n\n\n<p><strong>Workshop de scriere dramatic\u0103<\/strong><\/p>\n\n\n\n<p>Atelier coordonat de studenta Daria ANCU\u021aA (Master Studii de Teatru \u0219i Performance, anul I)<\/p>\n\n\n\n<p class=\"template-defaultBlock\">Pentru acest atelier, locurile sunt limitate: participan\u021bii (8-10 persoane) se pot \u00eenscrie cu formularul:&nbsp;<a href=\"https:\/\/docs.google.com\/forms\/d\/e\/1FAIpQLSdSmpVib4lv9WKJ-u-LBM6SopXLA0fkPJQBVxgVaImT4Kw4lQ\/viewform\" target=\"_blank\" rel=\"noreferrer noopener\">https:\/\/docs.google.com\/forms\/d\/e\/1FAIpQLSdSmpVib4lv9WKJ-u-LBM6SopXLA0fkPJQBVxgVaImT4Kw4lQ\/viewform<\/a><\/p>\n\n\n\n<p><\/p>\n<\/div><\/div><\/div>\n<\/div><\/div>\n\n\n\n<p><\/p>\n\n\n\n<div class=\"wp-block-incas-blocks-section\"><svg xmlns=\"http:\/\/www.w3.org\/2000\/svg\" viewBox=\"0 0 448 448\" width=\"30\" height=\"30\"><circle cx=\"224.46\" cy=\"224.46\" r=\"224.46\" fill=\"#f54634\"><\/circle><\/svg><div class=\"columns\"><div class=\"section-heading\"><p class=\"section-heading-title\"><strong><strong><strong><strong><strong><strong><strong><strong><strong><strong><strong><strong><strong><strong><strong><strong><strong><strong><strong><strong>Tururi ghidate<\/strong><\/strong><\/strong><\/strong><\/strong><\/strong><\/strong><\/strong><\/strong><\/strong><\/strong><\/strong><\/strong><\/strong><\/strong><\/strong><\/strong><\/strong><\/strong><\/strong><\/p><div class=\"section-heading-subtitle\"><\/div><\/div><\/div><\/div>\n\n\n\n<div class=\"wp-block-group\"><div class=\"wp-block-group__inner-container is-layout-constrained wp-block-group-is-layout-constrained\">\n<div class=\"wp-block-incas-blocks-collapse\"><div class=\"columns heading-title undefined\"><blockquote class=\"flex-heading\"><div class=\"expand-bar\"><\/div><p class=\"block-heading-title\">Program<\/p><div class=\"block-heading-subtitle\"><strong>S\u00c2MB\u0102T\u0102 &#8211; 29 martie<\/strong><\/div><\/blockquote><\/div><div class=\"collapse-body\"><p class=\"highlight-body\"><\/p><div class=\"wp-block-incas-blocks-collapse\">\n<p><\/p>\n\n\n\n<p><strong>Tur ghidat al Facult\u0103\u021bii de Teatru<\/strong><\/p>\n\n\n\n<p>Coordonator: Fabian Ciobanu<\/p>\n\n\n\n<p class=\"template-defaultBlock\"><strong>14:00-16:00<\/strong>,&nbsp;Loc de \u00eent\u00e2lnire: Hol parter, lift<\/p>\n\n\n\n<p><\/p>\n<\/div><\/div><\/div>\n\n\n\n<div class=\"wp-block-incas-blocks-section\"><svg xmlns=\"http:\/\/www.w3.org\/2000\/svg\" viewBox=\"0 0 448 448\" width=\"30\" height=\"30\"><circle cx=\"224.46\" cy=\"224.46\" r=\"224.46\" fill=\"#f54634\"><\/circle><\/svg><div class=\"columns\"><div class=\"section-heading\"><p class=\"section-heading-title\"><strong><strong><strong><strong><strong><strong><strong><strong><strong><strong><strong><strong><strong><strong><strong><strong><strong><strong><strong><strong>Expozi\u021bii permanente<\/strong><\/strong><\/strong><\/strong><\/strong><\/strong><\/strong><\/strong><\/strong><\/strong><\/strong><\/strong><\/strong><\/strong><\/strong><\/strong><\/strong><\/strong><\/strong><\/strong><\/p><div class=\"section-heading-subtitle\"><\/div><\/div><\/div><\/div>\n\n\n\n<div class=\"wp-block-incas-blocks-collapse\"><div class=\"columns heading-title undefined\"><blockquote class=\"flex-heading\"><div class=\"expand-bar\"><\/div><p class=\"block-heading-title\">Program<\/p><div class=\"block-heading-subtitle\"><strong>27-28-29 martie<\/strong><\/div><\/blockquote><\/div><div class=\"collapse-body\"><p class=\"highlight-body\"><\/p><div class=\"wp-block-incas-blocks-collapse\">\n<p class=\"template-defaultBlock\"><strong>Fotografie<\/strong><\/p>\n\n\n\n<p><strong><em>Expozi\u021bie de fotografie \u201eParticipativ\u201d<\/em><\/strong><\/p>\n\n\n\n<p>Parter UNATC<\/p>\n\n\n\n<p>Coordonator: conf.univ.dr. Victor Velculescu, lector univ.dr. Cornel Lazia<\/p>\n\n\n\n<p><\/p>\n\n\n\n<p><strong>Fotografie<\/strong><\/p>\n\n\n\n<p><strong><em>Expozi\u021bie de fotografie \u201eCinemaiubit\u201d<\/em><\/strong><\/p>\n\n\n\n<p>Sala Cinema UNATC<\/p>\n\n\n\n<p>Coordonator: conf.univ.dr. Victor Velculescu, lector univ.dr. Cornel Lazia<\/p>\n\n\n\n<p><\/p>\n\n\n\n<p><strong>Fotografie<\/strong><\/p>\n\n\n\n<p><strong><em>Expozi\u021bie de fotografie Licen\u021b\u0103 \u201eBetween Worlds\u201d<\/em><\/strong><\/p>\n\n\n\n<p>Etajul I UNATC<\/p>\n\n\n\n<p>Coordonator: conf.univ.dr. Victor Velculescu, lector univ.dr. Cornel Lazia<\/p>\n\n\n\n<p><\/p>\n\n\n\n<p><\/p>\n\n\n\n<p><strong>Scenografie<\/strong><br><strong><em>Expozi\u021bie de scenografie<\/em><\/strong><strong><em><br><\/em><\/strong>Anii I, II, licen\u021b\u0103 \u0219i anul I masterat<br>Etajul IV-hol<\/p>\n\n\n\n<p>(27-28 martie) <strong>10.00-18.00<\/strong><\/p>\n\n\n\n<p>(29 martie) <strong>10.00-14.00<\/strong><\/p>\n\n\n\n<p><\/p>\n\n\n\n<p><\/p>\n\n\n\n<p><strong>Anima\u021bie<\/strong><em><br><\/em><strong><em>Expozi\u021bie grafic\u0103 licen\u021b\u0103 I<\/em><\/strong><em>(Expozi\u021bie)<\/em><br>Coordonator: lect.univ.dr. Constantina Mih\u0103il\u0103<br>Anima\u021bie POD 4<\/p>\n\n\n\n<p><\/p>\n\n\n\n<p><strong><em>Expozi\u021bie afi\u0219 de Festival de Film Studen\u021besc CineMAiubit&nbsp;<\/em><\/strong><\/p>\n\n\n\n<p>Anima\u021bie, an I, licen\u021b\u0103, coordonator: conf.univ.dr. Mirela Vlad<\/p>\n\n\n\n<p>Et. I, hol UNATC<\/p>\n\n\n\n<p><\/p>\n\n\n\n<p><strong><em>Expo Afi\u0219 de film de diplom\u0103&nbsp;<\/em><\/strong><\/p>\n\n\n\n<p>Anima\u021bie, an III licen\u021b\u0103, an II masterat, Coordonator: conf.univ.dr. Mirela Vlad<\/p>\n\n\n\n<p>Anima\u021bie POD 3<\/p>\n\n\n\n<p><\/p>\n\n\n\n<p><strong><em>Expo Flipbook&nbsp;<\/em><\/strong><\/p>\n\n\n\n<p>Anima\u021bie, anii II, III licen\u021b\u0103, Coordonator: conf.univ.dr. Mirela Vlad<\/p>\n\n\n\n<p>Anima\u021bie POD 2<\/p>\n\n\n\n<p><\/p>\n\n\n\n<p><\/p>\n\n\n\n<p><strong>Coregrafie<\/strong><\/p>\n\n\n\n<p><strong><em>Expozi\u021bie de fotografie de spectacol de Coregrafie<\/em><\/strong><\/p>\n\n\n\n<p>Coordonator: conf.univ.dr. Simona \u0218om\u0103cescu<\/p>\n\n\n\n<p>Parter UNATCExpozi\u021bie preambul la International Conference on Creativity in Dance (2-4 aprilie &#8211; UNATC) &#8211; <a href=\"http:\/\/iccdance-unatc.com\">http:\/\/iccdance-unatc.com<\/a><\/p>\n<\/div><\/div><\/div>\n<\/div><\/div>\n\n\n\n<p>\u00cen perioada 27-29 martie, Universitatea Na\u021bional\u0103 de Art\u0103 Teatral\u0103 \u0219i Cinematografic\u0103 \u201eI. L. Caragiale\u201d din Bucure\u0219ti invit\u0103 publicul interesat la cea de-a XXVI-a edi\u021bie a <strong>U\u0219ilor Deschise<\/strong>, \u00een cele dou\u0103 sedii ale sale, din Str. Matei Voievod nr. 75-77 \u0219i Str. Tudor Arghezi nr. 3b.<\/p>\n\n\n\n<p>Anul acesta universitar UNATC \u00ee\u0219i desf\u0103\u0219oar\u0103 activitatea sub tema \u0219i energia conceptului \u201eBetter Together\u201d\/<strong>\u201e\u00cempreun\u0103, mai bine\u201d<\/strong>.<br>Tr\u0103im \u00eentr-o lume \u00een continu\u0103 schimbare, unde grani\u021bele fizice \u0219i culturale sunt tot mai u\u0219or de dep\u0103\u0219it. \u00cen acest context globalizat, educa\u021bia artistic\u0103 \u0219i arta au puterea unic\u0103 de a ne conecta, de a sparge barierele \u0219i de a ne aduce \u00eempreun\u0103. Credem cu t\u0103rie c\u0103, unindu-ne for\u021bele, talentele \u0219i perspectivele diverse, putem realiza lucruri extraordinare. Putem crea un mediu academic \u00een care fiecare voce este auzit\u0103 \u0219i apreciat\u0103, un spa\u021biu \u00een care ideile \u0219i creativitatea sunt \u00eemp\u0103rt\u0103\u0219ite liber.<\/p>\n\n\n\n<p>UNATC este un mediu educa\u021bional viu, o lume cu totul aparte, divers\u0103, vibrant\u0103, colorat\u0103, un&nbsp; adev\u0103rat hub cultural global, unde talentele celor tineri se \u00eent\u00e2lnesc \u0219i creeaz\u0103 \u00eempreun\u0103, colaborativ, \u00een echip\u0103. Credem c\u0103 arta nu cunoa\u0219te frontiere \u0219i c\u0103, prin colaborare, putem dep\u0103\u0219i orice obstacol. \u00cempreun\u0103, suntem mai puternici, mai creativi \u0219i mai inspira\u021bi.<\/p>\n\n\n\n<p>Timp de trei zile pline, Universitatea Na\u021bional\u0103 de Art\u0103 Teatral\u0103 \u0219i Cinematografic\u0103 \u201eI. L. Caragiale\u201d \u00ee\u0219i deschide larg u\u0219ile \u0219i invit\u0103 \u00een spa\u021biile sale proasp\u0103t modernizate pe to\u021bi cei interesa\u021bi s\u0103 experimenteze pe viu via\u021ba de student \u0219i de membru deplin al unei unice comunit\u0103\u021bi artistice \u0219i universitare.<\/p>\n\n\n\n<p>Cei care \u00ee\u0219i doresc o carier\u0103 artistic\u0103 \u00een domeniul teatral, cinematografic sau media vor putea participa la Ateliere, Cursuri, Examene, Spectacole de teatru, Expozi\u021bii, Proiec\u021bii de filme, Tururi ghidate.&nbsp;<\/p>\n\n\n\n<p>UNATC te invit\u0103 \u0219i a\u0219teapt\u0103 s\u0103 cuno\u0219ti programele noastre educa\u021bionale din domenii ca Teatru, Film, Cercetare artistic\u0103, Actorie, Regie de Film \u0219i Teatru, Pedagogie, P\u0103pu\u0219i \u0219i Marionete, Coregrafie, Scenografie, Teatrologie, Imagine de Film, Fotografie, Multimedia, Sunet, Montaj de Film, Scenaristic\u0103, Film documentar, Comunicare audiovizual\u0103, Anima\u021bie, Game Design, experien\u021be \u0219i tehnologii VR.&nbsp;<\/p>\n\n\n\n<p>Programul complet al evenimentului va fi public pe <a href=\"http:\/\/www.unatc.ro\">www.unatc.ro<\/a> \u0219i pe re\u021belele de socializare ale UNATC. Participarea este gratuit\u0103.<\/p>\n\n\n\n<p>Sus\u021bin\u0103torul principal al celei de-a XVI-a edi\u021bie a U\u0219ilor Deschise UNATC este Aqua Carpatica, al\u0103turi de Mega Image, iar partenerii media Societatea de Transport Bucure\u0219ti, Radio Guerilla \u0219i Radio Rom\u00e2nia Cultural.<\/p>\n","protected":false},"excerpt":{"rendered":"<p class=\"no-padding\">\u00cen perioada 27-29 martie, Universitatea Na\u021bional\u0103 de Art\u0103 Teatral\u0103 \u0219i Cinematografic\u0103 \u201eI. L. Caragiale\u201d din Bucure\u0219ti invit\u0103 publicul interesat la&#8230;<\/p>\n","protected":false},"author":1,"featured_media":14743,"parent":0,"menu_order":0,"comment_status":"closed","ping_status":"closed","template":"template-generic.php","meta":{"footnotes":""},"class_list":["post-14718","page","type-page","status-publish","has-post-thumbnail","hentry"],"acf":{"galerie_foto":null,"alternative_page_title":"","page_contact_email":""},"yoast_head":"<!-- This site is optimized with the Yoast SEO plugin v27.4 - https:\/\/yoast.com\/product\/yoast-seo-wordpress\/ -->\n<title>\u201eU\u0219i Deschise\u201d UNATC \u2013 2025 - UNATC<\/title>\n<meta name=\"robots\" content=\"index, follow, max-snippet:-1, max-image-preview:large, max-video-preview:-1\" \/>\n<link rel=\"canonical\" href=\"https:\/\/unatc.ro\/devunatc\/usi-deschise-unatc-2025\/\" \/>\n<meta property=\"og:locale\" content=\"en_US\" \/>\n<meta property=\"og:type\" content=\"article\" \/>\n<meta property=\"og:title\" content=\"\u201eU\u0219i Deschise\u201d UNATC \u2013 2025 - UNATC\" \/>\n<meta property=\"og:description\" content=\"\u00cen perioada 27-29 martie, Universitatea Na\u021bional\u0103 de Art\u0103 Teatral\u0103 \u0219i Cinematografic\u0103 \u201eI. L. Caragiale\u201d din Bucure\u0219ti invit\u0103 publicul interesat la...\" \/>\n<meta property=\"og:url\" content=\"https:\/\/unatc.ro\/devunatc\/usi-deschise-unatc-2025\/\" \/>\n<meta property=\"og:site_name\" content=\"UNATC\" \/>\n<meta property=\"article:publisher\" content=\"https:\/\/www.facebook.com\/UNATC.ILC\/\" \/>\n<meta property=\"article:modified_time\" content=\"2025-03-28T10:01:44+00:00\" \/>\n<meta property=\"og:image\" content=\"https:\/\/unatc.ro\/devunatc\/wp-content\/uploads\/2025\/03\/DESCHIDERE_UNACT_2025_USI_DESCHISEcover.webp\" \/>\n\t<meta property=\"og:image:width\" content=\"3840\" \/>\n\t<meta property=\"og:image:height\" content=\"2160\" \/>\n\t<meta property=\"og:image:type\" content=\"image\/webp\" \/>\n<meta name=\"twitter:card\" content=\"summary_large_image\" \/>\n<meta name=\"twitter:label1\" content=\"Est. reading time\" \/>\n\t<meta name=\"twitter:data1\" content=\"45 minutes\" \/>\n<script type=\"application\/ld+json\" class=\"yoast-schema-graph\">{\"@context\":\"https:\\\/\\\/schema.org\",\"@graph\":[{\"@type\":\"WebPage\",\"@id\":\"https:\\\/\\\/unatc.ro\\\/devunatc\\\/usi-deschise-unatc-2025\\\/\",\"url\":\"https:\\\/\\\/unatc.ro\\\/devunatc\\\/usi-deschise-unatc-2025\\\/\",\"name\":\"\u201eU\u0219i Deschise\u201d UNATC \u2013 2025 - UNATC\",\"isPartOf\":{\"@id\":\"https:\\\/\\\/unatc.ro\\\/devunatc\\\/#website\"},\"primaryImageOfPage\":{\"@id\":\"https:\\\/\\\/unatc.ro\\\/devunatc\\\/usi-deschise-unatc-2025\\\/#primaryimage\"},\"image\":{\"@id\":\"https:\\\/\\\/unatc.ro\\\/devunatc\\\/usi-deschise-unatc-2025\\\/#primaryimage\"},\"thumbnailUrl\":\"https:\\\/\\\/unatc.ro\\\/devunatc\\\/wp-content\\\/uploads\\\/2025\\\/03\\\/DESCHIDERE_UNACT_2025_USI_DESCHISEcover.webp\",\"datePublished\":\"2025-03-18T09:08:22+00:00\",\"dateModified\":\"2025-03-28T10:01:44+00:00\",\"breadcrumb\":{\"@id\":\"https:\\\/\\\/unatc.ro\\\/devunatc\\\/usi-deschise-unatc-2025\\\/#breadcrumb\"},\"inLanguage\":\"en-US\",\"potentialAction\":[{\"@type\":\"ReadAction\",\"target\":[\"https:\\\/\\\/unatc.ro\\\/devunatc\\\/usi-deschise-unatc-2025\\\/\"]}]},{\"@type\":\"ImageObject\",\"inLanguage\":\"en-US\",\"@id\":\"https:\\\/\\\/unatc.ro\\\/devunatc\\\/usi-deschise-unatc-2025\\\/#primaryimage\",\"url\":\"https:\\\/\\\/unatc.ro\\\/devunatc\\\/wp-content\\\/uploads\\\/2025\\\/03\\\/DESCHIDERE_UNACT_2025_USI_DESCHISEcover.webp\",\"contentUrl\":\"https:\\\/\\\/unatc.ro\\\/devunatc\\\/wp-content\\\/uploads\\\/2025\\\/03\\\/DESCHIDERE_UNACT_2025_USI_DESCHISEcover.webp\",\"width\":3840,\"height\":2160},{\"@type\":\"BreadcrumbList\",\"@id\":\"https:\\\/\\\/unatc.ro\\\/devunatc\\\/usi-deschise-unatc-2025\\\/#breadcrumb\",\"itemListElement\":[{\"@type\":\"ListItem\",\"position\":1,\"name\":\"Home\",\"item\":\"https:\\\/\\\/unatc.ro\\\/devunatc\\\/\"},{\"@type\":\"ListItem\",\"position\":2,\"name\":\"\u201eU\u0219i Deschise\u201d UNATC \u2013 2025\"}]},{\"@type\":\"WebSite\",\"@id\":\"https:\\\/\\\/unatc.ro\\\/devunatc\\\/#website\",\"url\":\"https:\\\/\\\/unatc.ro\\\/devunatc\\\/\",\"name\":\"UNATC\",\"description\":\"\",\"publisher\":{\"@id\":\"https:\\\/\\\/unatc.ro\\\/devunatc\\\/#organization\"},\"potentialAction\":[{\"@type\":\"SearchAction\",\"target\":{\"@type\":\"EntryPoint\",\"urlTemplate\":\"https:\\\/\\\/unatc.ro\\\/devunatc\\\/?s={search_term_string}\"},\"query-input\":{\"@type\":\"PropertyValueSpecification\",\"valueRequired\":true,\"valueName\":\"search_term_string\"}}],\"inLanguage\":\"en-US\"},{\"@type\":\"Organization\",\"@id\":\"https:\\\/\\\/unatc.ro\\\/devunatc\\\/#organization\",\"name\":\"UNATC\",\"url\":\"https:\\\/\\\/unatc.ro\\\/devunatc\\\/\",\"logo\":{\"@type\":\"ImageObject\",\"inLanguage\":\"en-US\",\"@id\":\"https:\\\/\\\/unatc.ro\\\/devunatc\\\/#\\\/schema\\\/logo\\\/image\\\/\",\"url\":\"https:\\\/\\\/unatc.ro\\\/devunatc\\\/wp-content\\\/uploads\\\/2025\\\/07\\\/unatc_logo.png\",\"contentUrl\":\"https:\\\/\\\/unatc.ro\\\/devunatc\\\/wp-content\\\/uploads\\\/2025\\\/07\\\/unatc_logo.png\",\"width\":480,\"height\":469,\"caption\":\"UNATC\"},\"image\":{\"@id\":\"https:\\\/\\\/unatc.ro\\\/devunatc\\\/#\\\/schema\\\/logo\\\/image\\\/\"},\"sameAs\":[\"https:\\\/\\\/www.facebook.com\\\/UNATC.ILC\\\/\",\"https:\\\/\\\/www.youtube.com\\\/c\\\/unatcilcaragiale\",\"https:\\\/\\\/www.instagram.com\\\/unatc_ilcaragiale\\\/?hl=en\",\"https:\\\/\\\/www.tiktok.com\\\/@unatc?lang=en\"]}]}<\/script>\n<!-- \/ Yoast SEO plugin. -->","yoast_head_json":{"title":"\u201eU\u0219i Deschise\u201d UNATC \u2013 2025 - UNATC","robots":{"index":"index","follow":"follow","max-snippet":"max-snippet:-1","max-image-preview":"max-image-preview:large","max-video-preview":"max-video-preview:-1"},"canonical":"https:\/\/unatc.ro\/devunatc\/usi-deschise-unatc-2025\/","og_locale":"en_US","og_type":"article","og_title":"\u201eU\u0219i Deschise\u201d UNATC \u2013 2025 - UNATC","og_description":"\u00cen perioada 27-29 martie, Universitatea Na\u021bional\u0103 de Art\u0103 Teatral\u0103 \u0219i Cinematografic\u0103 \u201eI. L. Caragiale\u201d din Bucure\u0219ti invit\u0103 publicul interesat la...","og_url":"https:\/\/unatc.ro\/devunatc\/usi-deschise-unatc-2025\/","og_site_name":"UNATC","article_publisher":"https:\/\/www.facebook.com\/UNATC.ILC\/","article_modified_time":"2025-03-28T10:01:44+00:00","og_image":[{"width":3840,"height":2160,"url":"https:\/\/unatc.ro\/devunatc\/wp-content\/uploads\/2025\/03\/DESCHIDERE_UNACT_2025_USI_DESCHISEcover.webp","type":"image\/webp"}],"twitter_card":"summary_large_image","twitter_misc":{"Est. reading time":"45 minutes"},"schema":{"@context":"https:\/\/schema.org","@graph":[{"@type":"WebPage","@id":"https:\/\/unatc.ro\/devunatc\/usi-deschise-unatc-2025\/","url":"https:\/\/unatc.ro\/devunatc\/usi-deschise-unatc-2025\/","name":"\u201eU\u0219i Deschise\u201d UNATC \u2013 2025 - UNATC","isPartOf":{"@id":"https:\/\/unatc.ro\/devunatc\/#website"},"primaryImageOfPage":{"@id":"https:\/\/unatc.ro\/devunatc\/usi-deschise-unatc-2025\/#primaryimage"},"image":{"@id":"https:\/\/unatc.ro\/devunatc\/usi-deschise-unatc-2025\/#primaryimage"},"thumbnailUrl":"https:\/\/unatc.ro\/devunatc\/wp-content\/uploads\/2025\/03\/DESCHIDERE_UNACT_2025_USI_DESCHISEcover.webp","datePublished":"2025-03-18T09:08:22+00:00","dateModified":"2025-03-28T10:01:44+00:00","breadcrumb":{"@id":"https:\/\/unatc.ro\/devunatc\/usi-deschise-unatc-2025\/#breadcrumb"},"inLanguage":"en-US","potentialAction":[{"@type":"ReadAction","target":["https:\/\/unatc.ro\/devunatc\/usi-deschise-unatc-2025\/"]}]},{"@type":"ImageObject","inLanguage":"en-US","@id":"https:\/\/unatc.ro\/devunatc\/usi-deschise-unatc-2025\/#primaryimage","url":"https:\/\/unatc.ro\/devunatc\/wp-content\/uploads\/2025\/03\/DESCHIDERE_UNACT_2025_USI_DESCHISEcover.webp","contentUrl":"https:\/\/unatc.ro\/devunatc\/wp-content\/uploads\/2025\/03\/DESCHIDERE_UNACT_2025_USI_DESCHISEcover.webp","width":3840,"height":2160},{"@type":"BreadcrumbList","@id":"https:\/\/unatc.ro\/devunatc\/usi-deschise-unatc-2025\/#breadcrumb","itemListElement":[{"@type":"ListItem","position":1,"name":"Home","item":"https:\/\/unatc.ro\/devunatc\/"},{"@type":"ListItem","position":2,"name":"\u201eU\u0219i Deschise\u201d UNATC \u2013 2025"}]},{"@type":"WebSite","@id":"https:\/\/unatc.ro\/devunatc\/#website","url":"https:\/\/unatc.ro\/devunatc\/","name":"UNATC","description":"","publisher":{"@id":"https:\/\/unatc.ro\/devunatc\/#organization"},"potentialAction":[{"@type":"SearchAction","target":{"@type":"EntryPoint","urlTemplate":"https:\/\/unatc.ro\/devunatc\/?s={search_term_string}"},"query-input":{"@type":"PropertyValueSpecification","valueRequired":true,"valueName":"search_term_string"}}],"inLanguage":"en-US"},{"@type":"Organization","@id":"https:\/\/unatc.ro\/devunatc\/#organization","name":"UNATC","url":"https:\/\/unatc.ro\/devunatc\/","logo":{"@type":"ImageObject","inLanguage":"en-US","@id":"https:\/\/unatc.ro\/devunatc\/#\/schema\/logo\/image\/","url":"https:\/\/unatc.ro\/devunatc\/wp-content\/uploads\/2025\/07\/unatc_logo.png","contentUrl":"https:\/\/unatc.ro\/devunatc\/wp-content\/uploads\/2025\/07\/unatc_logo.png","width":480,"height":469,"caption":"UNATC"},"image":{"@id":"https:\/\/unatc.ro\/devunatc\/#\/schema\/logo\/image\/"},"sameAs":["https:\/\/www.facebook.com\/UNATC.ILC\/","https:\/\/www.youtube.com\/c\/unatcilcaragiale","https:\/\/www.instagram.com\/unatc_ilcaragiale\/?hl=en","https:\/\/www.tiktok.com\/@unatc?lang=en"]}]}},"jetpack_sharing_enabled":true,"_links":{"self":[{"href":"https:\/\/unatc.ro\/devunatc\/wp-json\/wp\/v2\/pages\/14718","targetHints":{"allow":["GET"]}}],"collection":[{"href":"https:\/\/unatc.ro\/devunatc\/wp-json\/wp\/v2\/pages"}],"about":[{"href":"https:\/\/unatc.ro\/devunatc\/wp-json\/wp\/v2\/types\/page"}],"author":[{"embeddable":true,"href":"https:\/\/unatc.ro\/devunatc\/wp-json\/wp\/v2\/users\/1"}],"replies":[{"embeddable":true,"href":"https:\/\/unatc.ro\/devunatc\/wp-json\/wp\/v2\/comments?post=14718"}],"version-history":[{"count":76,"href":"https:\/\/unatc.ro\/devunatc\/wp-json\/wp\/v2\/pages\/14718\/revisions"}],"predecessor-version":[{"id":14899,"href":"https:\/\/unatc.ro\/devunatc\/wp-json\/wp\/v2\/pages\/14718\/revisions\/14899"}],"wp:featuredmedia":[{"embeddable":true,"href":"https:\/\/unatc.ro\/devunatc\/wp-json\/wp\/v2\/media\/14743"}],"wp:attachment":[{"href":"https:\/\/unatc.ro\/devunatc\/wp-json\/wp\/v2\/media?parent=14718"}],"curies":[{"name":"wp","href":"https:\/\/api.w.org\/{rel}","templated":true}]}}