{"id":1391,"date":"2020-11-01T18:32:56","date_gmt":"2020-11-01T16:32:56","guid":{"rendered":"https:\/\/unatc.ro\/devunatc\/?page_id=1391"},"modified":"2025-10-31T20:11:24","modified_gmt":"2025-10-31T18:11:24","slug":"senat","status":"publish","type":"page","link":"https:\/\/unatc.ro\/devunatc\/despre-universitate\/senat\/","title":{"rendered":"Senat"},"content":{"rendered":"\n<p><strong>Senatul reprezint\u0103 cel mai \u00eenalt for de reprezentare al comunit\u0103\u0163ii universitare \u00een mediul academic na\u0163ional \u015fi interna\u0163ional, fiind, totodat\u0103, forul de decizie \u015fi deliberare de la nivelul universit\u0103\u0163ii.<\/strong><\/p>\n\n\n\n<p>Senatul func\u021bioneaz\u0103 pe baza principiilor libert\u0103\u0163ii academice, a autonomiei universitare \u0219i a transparen\u021bei. Senatul are \u00een componen\u021ba sa un num\u0103r de 23 membri, dintre care 17 cadre didactice \u0219i 6 studen\u021bi.<br><\/p>\n\n\n\n<p>Senatul garanteaz\u0103 libertatea academic\u0103 \u015fi autonomia universitar\u0103, aprob\u00e2nd planul strategic de dezvoltare institu\u021bional\u0103 \u015fi planurile opera\u021bionale, la propunerea rectorului.<\/p>\n\n\n\n<div style=\"height:50px\" aria-hidden=\"true\" class=\"wp-block-spacer\"><\/div>\n\n\n\n<div class=\"grid_container\"><div class=\"grid_item text_item\"><div class=\"content_container\"><h2><font style=\"vertical-align: inherit;\"><font style=\"vertical-align: inherit;\">Pre\u0219edinte Senat<\/font><\/font><\/h2>\n                    <table align=\"\" style=\"\" class=\"contenttable stacktable large-only\">\n                        <thead>\n                         <tr>\n                            <th scope=\"col\">\n                                <font style=\"vertical-align: inherit;\">\n                                    <font style=\"vertical-align: inherit;\">Nume<\/font>\n                                <\/font>\n                            <\/th>\n\n                            <th scope=\"col\">\n                                <font style=\"vertical-align: inherit;\">\n                                    <font style=\"vertical-align: inherit;\">e-mail<\/font>\n                                <\/font>\n                            <\/th>\n                        <\/tr>\n                                    \n                    \n\n                                \n                    \n\n                                        <tr>\n                            <td>\n                                <font style=\"vertical-align: inherit;\">\n                                    <font style=\"vertical-align: inherit;\"><sup>prof.univ.dr.<\/sup> Doru Ni\u021bescu<\/font>                                <\/font>\n                                <font style=\"vertical-align: inherit;\">\n                                    <font style=\"vertical-align: inherit;\"> <\/font>\n                                <\/font>\n                            <\/td>\n                            <td>\n                                <font style=\"vertical-align: inherit;\">\n                                    <font style=\"vertical-align: inherit;\">doru.nitescu@unatc.ro<\/font>\n                                  \n                                <\/font>\n                            <\/td>\n                        <\/tr>\n                <\/thead><\/table><h2><font style=\"vertical-align: inherit;\"><font style=\"vertical-align: inherit;\">Membri Senat<\/font><\/font><\/h2>\n                    <table align=\"\" style=\"\" class=\"contenttable stacktable large-only\">\n                        <thead>\n                         <tr>\n                            <th scope=\"col\">\n                                <font style=\"vertical-align: inherit;\">\n                                    <font style=\"vertical-align: inherit;\">Nume<\/font>\n                                <\/font>\n                            <\/th>\n\n                            <th scope=\"col\">\n                                <font style=\"vertical-align: inherit;\">\n                                    <font style=\"vertical-align: inherit;\">e-mail<\/font>\n                                <\/font>\n                            <\/th>\n                        <\/tr>\n                                    \n                    \n\n                                \n                    \n\n                                        <tr>\n                            <td>\n                                <font style=\"vertical-align: inherit;\">\n                                    <font style=\"vertical-align: inherit;\"><sup>prof.univ.dr.<\/sup> Bogdana-Adina Cre\u021bu<\/font>                                <\/font>\n                                <font style=\"vertical-align: inherit;\">\n                                    <font style=\"vertical-align: inherit;\"> <\/font>\n                                <\/font>\n                            <\/td>\n                            <td>\n                                <font style=\"vertical-align: inherit;\">\n                                    <font style=\"vertical-align: inherit;\">bogdana.darie@unatc.ro<\/font>\n                                  \n                                <\/font>\n                            <\/td>\n                        <\/tr>\n                                \n                    \n\n                                        <tr>\n                            <td>\n                                <font style=\"vertical-align: inherit;\">\n                                    <font style=\"vertical-align: inherit;\"><sup>prof.univ.dr.<\/sup> Liviu Lucaci<\/font>                                <\/font>\n                                <font style=\"vertical-align: inherit;\">\n                                    <font style=\"vertical-align: inherit;\"> <\/font>\n                                <\/font>\n                            <\/td>\n                            <td>\n                                <font style=\"vertical-align: inherit;\">\n                                    <font style=\"vertical-align: inherit;\">liviu.lucaci@unatc.ro<\/font>\n                                  \n                                <\/font>\n                            <\/td>\n                        <\/tr>\n                                \n                    \n\n                                        <tr>\n                            <td>\n                                <font style=\"vertical-align: inherit;\">\n                                    <font style=\"vertical-align: inherit;\"><sup>prof.univ.dr.<\/sup> Mihaela S\u00eerbu<\/font>                                <\/font>\n                                <font style=\"vertical-align: inherit;\">\n                                    <font style=\"vertical-align: inherit;\"> <\/font>\n                                <\/font>\n                            <\/td>\n                            <td>\n                                <font style=\"vertical-align: inherit;\">\n                                    <font style=\"vertical-align: inherit;\">mihaela.sirbu@unatc.ro<\/font>\n                                  \n                                <\/font>\n                            <\/td>\n                        <\/tr>\n                                \n                    \n\n                                        <tr>\n                            <td>\n                                <font style=\"vertical-align: inherit;\">\n                                    <font style=\"vertical-align: inherit;\"><sup>prof.univ.dr.<\/sup> Alexandru Sterian<\/font>                                <\/font>\n                                <font style=\"vertical-align: inherit;\">\n                                    <font style=\"vertical-align: inherit;\"> <\/font>\n                                <\/font>\n                            <\/td>\n                            <td>\n                                <font style=\"vertical-align: inherit;\">\n                                    <font style=\"vertical-align: inherit;\">alex.sterian@unatc.ro<\/font>\n                                  \n                                <\/font>\n                            <\/td>\n                        <\/tr>\n                                \n                    \n\n                                        <tr>\n                            <td>\n                                <font style=\"vertical-align: inherit;\">\n                                    <font style=\"vertical-align: inherit;\"><sup>conf.univ.dr.<\/sup> Radu Mircea Apostol<\/font>                                <\/font>\n                                <font style=\"vertical-align: inherit;\">\n                                    <font style=\"vertical-align: inherit;\"> <\/font>\n                                <\/font>\n                            <\/td>\n                            <td>\n                                <font style=\"vertical-align: inherit;\">\n                                    <font style=\"vertical-align: inherit;\">radu.apostol@unatc.ro<\/font>\n                                  \n                                <\/font>\n                            <\/td>\n                        <\/tr>\n                                \n                    \n\n                                        <tr>\n                            <td>\n                                <font style=\"vertical-align: inherit;\">\n                                    <font style=\"vertical-align: inherit;\"><sup>conf.univ.dr.<\/sup> Mihaela Be\u021biu<\/font>                                <\/font>\n                                <font style=\"vertical-align: inherit;\">\n                                    <font style=\"vertical-align: inherit;\"> <\/font>\n                                <\/font>\n                            <\/td>\n                            <td>\n                                <font style=\"vertical-align: inherit;\">\n                                    <font style=\"vertical-align: inherit;\">mihaela.betiu@unatc.ro<\/font>\n                                  \n                                <\/font>\n                            <\/td>\n                        <\/tr>\n                                \n                    \n\n                                        <tr>\n                            <td>\n                                <font style=\"vertical-align: inherit;\">\n                                    <font style=\"vertical-align: inherit;\"><sup>conf.univ.dr.<\/sup> Anca Bradu<\/font>                                <\/font>\n                                <font style=\"vertical-align: inherit;\">\n                                    <font style=\"vertical-align: inherit;\"> <\/font>\n                                <\/font>\n                            <\/td>\n                            <td>\n                                <font style=\"vertical-align: inherit;\">\n                                    <font style=\"vertical-align: inherit;\">anca.bradu@unatc.ro<\/font>\n                                  \n                                <\/font>\n                            <\/td>\n                        <\/tr>\n                                \n                    \n\n                                        <tr>\n                            <td>\n                                <font style=\"vertical-align: inherit;\">\n                                    <font style=\"vertical-align: inherit;\"><sup>lect.univ.dr.<\/sup> Sandra Rasvana Cernat<\/font>                                <\/font>\n                                <font style=\"vertical-align: inherit;\">\n                                    <font style=\"vertical-align: inherit;\"> <\/font>\n                                <\/font>\n                            <\/td>\n                            <td>\n                                <font style=\"vertical-align: inherit;\">\n                                    <font style=\"vertical-align: inherit;\">rasvana.cernat@unatc.ro<\/font>\n                                  \n                                <\/font>\n                            <\/td>\n                        <\/tr>\n                                \n                    \n\n                                        <tr>\n                            <td>\n                                <font style=\"vertical-align: inherit;\">\n                                    <font style=\"vertical-align: inherit;\"><sup>conf.univ.dr.<\/sup> Andrei Gorzo<\/font>                                <\/font>\n                                <font style=\"vertical-align: inherit;\">\n                                    <font style=\"vertical-align: inherit;\"> <\/font>\n                                <\/font>\n                            <\/td>\n                            <td>\n                                <font style=\"vertical-align: inherit;\">\n                                    <font style=\"vertical-align: inherit;\">andrei.gorzo@unatc.ro<\/font>\n                                  \n                                <\/font>\n                            <\/td>\n                        <\/tr>\n                                \n                    \n\n                                        <tr>\n                            <td>\n                                <font style=\"vertical-align: inherit;\">\n                                    <font style=\"vertical-align: inherit;\"><sup>conf.univ.dr.<\/sup> Anca Ioni\u021b\u0103<\/font>                                <\/font>\n                                <font style=\"vertical-align: inherit;\">\n                                    <font style=\"vertical-align: inherit;\"> <\/font>\n                                <\/font>\n                            <\/td>\n                            <td>\n                                <font style=\"vertical-align: inherit;\">\n                                    <font style=\"vertical-align: inherit;\">anca.ionita@unatc.ro<\/font>\n                                  \n                                <\/font>\n                            <\/td>\n                        <\/tr>\n                                \n                    \n\n                                        <tr>\n                            <td>\n                                <font style=\"vertical-align: inherit;\">\n                                    <font style=\"vertical-align: inherit;\"><sup>conf.univ.dr.<\/sup> Andrei Rus<\/font>                                <\/font>\n                                <font style=\"vertical-align: inherit;\">\n                                    <font style=\"vertical-align: inherit;\"> <\/font>\n                                <\/font>\n                            <\/td>\n                            <td>\n                                <font style=\"vertical-align: inherit;\">\n                                    <font style=\"vertical-align: inherit;\">andrei.rus@unatc.ro<\/font>\n                                  \n                                <\/font>\n                            <\/td>\n                        <\/tr>\n                                \n                    \n\n                                        <tr>\n                            <td>\n                                <font style=\"vertical-align: inherit;\">\n                                    <font style=\"vertical-align: inherit;\"><sup>prof.univ.dr.<\/sup> Daniel Stanciu<\/font>                                <\/font>\n                                <font style=\"vertical-align: inherit;\">\n                                    <font style=\"vertical-align: inherit;\"> <\/font>\n                                <\/font>\n                            <\/td>\n                            <td>\n                                <font style=\"vertical-align: inherit;\">\n                                    <font style=\"vertical-align: inherit;\">daniel.stanciu@unatc.ro<\/font>\n                                  \n                                <\/font>\n                            <\/td>\n                        <\/tr>\n                                \n                    \n\n                                        <tr>\n                            <td>\n                                <font style=\"vertical-align: inherit;\">\n                                    <font style=\"vertical-align: inherit;\"><sup>conf.univ.dr.<\/sup> Mihaela Michailov<\/font>                                <\/font>\n                                <font style=\"vertical-align: inherit;\">\n                                    <font style=\"vertical-align: inherit;\"> <\/font>\n                                <\/font>\n                            <\/td>\n                            <td>\n                                <font style=\"vertical-align: inherit;\">\n                                    <font style=\"vertical-align: inherit;\">mihaela.michailov@unatc.ro<\/font>\n                                  \n                                <\/font>\n                            <\/td>\n                        <\/tr>\n                                \n                    \n\n                                        <tr>\n                            <td>\n                                <font style=\"vertical-align: inherit;\">\n                                    <font style=\"vertical-align: inherit;\"><sup>lect.univ.dr.<\/sup> Vlad Ioachimescu<\/font>                                <\/font>\n                                <font style=\"vertical-align: inherit;\">\n                                    <font style=\"vertical-align: inherit;\"> <\/font>\n                                <\/font>\n                            <\/td>\n                            <td>\n                                <font style=\"vertical-align: inherit;\">\n                                    <font style=\"vertical-align: inherit;\">vlad.ioachimescu@unatc.ro<\/font>\n                                  \n                                <\/font>\n                            <\/td>\n                        <\/tr>\n                                \n                    \n\n                                        <tr>\n                            <td>\n                                <font style=\"vertical-align: inherit;\">\n                                    <font style=\"vertical-align: inherit;\"><sup>lect.univ.dr.<\/sup> Bogdan Musta\u021b\u0103<\/font>                                <\/font>\n                                <font style=\"vertical-align: inherit;\">\n                                    <font style=\"vertical-align: inherit;\"> <\/font>\n                                <\/font>\n                            <\/td>\n                            <td>\n                                <font style=\"vertical-align: inherit;\">\n                                    <font style=\"vertical-align: inherit;\">bogdan.mustata@unatc.ro<\/font>\n                                  \n                                <\/font>\n                            <\/td>\n                        <\/tr>\n                                \n                    \n\n                                        <tr>\n                            <td>\n                                <font style=\"vertical-align: inherit;\">\n                                    <font style=\"vertical-align: inherit;\"><sup>lect.univ.dr.<\/sup> Gabriela Suciu-P\u0103dure\u021bu<\/font>                                <\/font>\n                                <font style=\"vertical-align: inherit;\">\n                                    <font style=\"vertical-align: inherit;\"> <\/font>\n                                <\/font>\n                            <\/td>\n                            <td>\n                                <font style=\"vertical-align: inherit;\">\n                                    <font style=\"vertical-align: inherit;\">gabriela.suciu@unatc.ro<\/font>\n                                  \n                                <\/font>\n                            <\/td>\n                        <\/tr>\n                <\/thead><\/table><h2><font style=\"vertical-align: inherit;\"><font style=\"vertical-align: inherit;\">Studen\u021bi<\/font><\/font><\/h2>\n                    <table align=\"\" style=\"\" class=\"contenttable stacktable large-only\">\n                        <thead>\n                         <tr>\n                            <th scope=\"col\">\n                                <font style=\"vertical-align: inherit;\">\n                                    <font style=\"vertical-align: inherit;\">Nume<\/font>\n                                <\/font>\n                            <\/th>\n\n                            <th scope=\"col\">\n                                <font style=\"vertical-align: inherit;\">\n                                    <font style=\"vertical-align: inherit;\">e-mail<\/font>\n                                <\/font>\n                            <\/th>\n                        <\/tr>\n                                    \n                    \n\n                                \n                    \n\n                                        <tr>\n                            <td>\n                                <font style=\"vertical-align: inherit;\">\n                                    <font style=\"vertical-align: inherit;\">Ionu\u021b Du\u021bu<\/font>                                <\/font>\n                                <font style=\"vertical-align: inherit;\">\n                                    <font style=\"vertical-align: inherit;\"> <\/font>\n                                <\/font>\n                            <\/td>\n                            <td>\n                                <font style=\"vertical-align: inherit;\">\n                                    <font style=\"vertical-align: inherit;\">ionut.dutu@student.unatc.ro<\/font>\n                                  \n                                <\/font>\n                            <\/td>\n                        <\/tr>\n                                \n                    \n\n                                        <tr>\n                            <td>\n                                <font style=\"vertical-align: inherit;\">\n                                    <font style=\"vertical-align: inherit;\">Alexandra Ispas<\/font>                                <\/font>\n                                <font style=\"vertical-align: inherit;\">\n                                    <font style=\"vertical-align: inherit;\"> <\/font>\n                                <\/font>\n                            <\/td>\n                            <td>\n                                <font style=\"vertical-align: inherit;\">\n                                    <font style=\"vertical-align: inherit;\">alexandra.ispas@student.unatc.ro<\/font>\n                                  \n                                <\/font>\n                            <\/td>\n                        <\/tr>\n                                \n                    \n\n                                        <tr>\n                            <td>\n                                <font style=\"vertical-align: inherit;\">\n                                    <font style=\"vertical-align: inherit;\">\u0218tefan V\u0103t\u0103\u0219oiu<\/font>                                <\/font>\n                                <font style=\"vertical-align: inherit;\">\n                                    <font style=\"vertical-align: inherit;\"> <\/font>\n                                <\/font>\n                            <\/td>\n                            <td>\n                                <font style=\"vertical-align: inherit;\">\n                                    <font style=\"vertical-align: inherit;\">octavian.vatasoiu@student.unatc.ro<\/font>\n                                  \n                                <\/font>\n                            <\/td>\n                        <\/tr>\n                                \n                    \n\n                                        <tr>\n                            <td>\n                                <font style=\"vertical-align: inherit;\">\n                                    <font style=\"vertical-align: inherit;\">Elena \u021aarc\u0103<\/font>                                <\/font>\n                                <font style=\"vertical-align: inherit;\">\n                                    <font style=\"vertical-align: inherit;\"> <\/font>\n                                <\/font>\n                            <\/td>\n                            <td>\n                                <font style=\"vertical-align: inherit;\">\n                                    <font style=\"vertical-align: inherit;\">tarca.elena@student.unatc.ro<\/font>\n                                  \n                                <\/font>\n                            <\/td>\n                        <\/tr>\n                                \n                    \n\n                                        <tr>\n                            <td>\n                                <font style=\"vertical-align: inherit;\">\n                                    <font style=\"vertical-align: inherit;\">Larisa Ariton<\/font>                                <\/font>\n                                <font style=\"vertical-align: inherit;\">\n                                    <font style=\"vertical-align: inherit;\"> <\/font>\n                                <\/font>\n                            <\/td>\n                            <td>\n                                <font style=\"vertical-align: inherit;\">\n                                    <font style=\"vertical-align: inherit;\">larisa.ariton@student.unatc.ro<\/font>\n                                  \n                                <\/font>\n                            <\/td>\n                        <\/tr>\n                                \n                    \n\n                                        <tr>\n                            <td>\n                                <font style=\"vertical-align: inherit;\">\n                                    <font style=\"vertical-align: inherit;\">Andrei Petrea<\/font>                                <\/font>\n                                <font style=\"vertical-align: inherit;\">\n                                    <font style=\"vertical-align: inherit;\"> <\/font>\n                                <\/font>\n                            <\/td>\n                            <td>\n                                <font style=\"vertical-align: inherit;\">\n                                    <font style=\"vertical-align: inherit;\">andrei.petrea@unatc.ro<\/font>\n                                  \n                                <\/font>\n                            <\/td>\n                        <\/tr>\n                <\/thead><\/table><\/div><\/div><\/div>","protected":false},"excerpt":{"rendered":"<p class=\"no-padding\">Senatul reprezint\u0103 cel mai \u00eenalt for de reprezentare al comunit\u0103\u0163ii universitare \u00een mediul academic na\u0163ional \u015fi interna\u0163ional, fiind, totodat\u0103, forul&#8230;<\/p>\n","protected":false},"author":1,"featured_media":0,"parent":879,"menu_order":0,"comment_status":"closed","ping_status":"closed","template":"template-tab-group-color.php","meta":{"footnotes":""},"class_list":["post-1391","page","type-page","status-publish","hentry"],"acf":{"galerie_foto":null,"titlu_prezentare_departament":"Organizare","text_prezentare_departament":"","alternative_page_title":"universitate","page_contact_email":""},"yoast_head":"<!-- This site is optimized with the Yoast SEO plugin v27.4 - https:\/\/yoast.com\/product\/yoast-seo-wordpress\/ -->\n<title>Senat - UNATC<\/title>\n<meta name=\"robots\" content=\"index, follow, max-snippet:-1, max-image-preview:large, max-video-preview:-1\" \/>\n<link rel=\"canonical\" href=\"https:\/\/unatc.ro\/devunatc\/despre-universitate\/senat\/\" \/>\n<meta property=\"og:locale\" content=\"en_US\" \/>\n<meta property=\"og:type\" content=\"article\" \/>\n<meta property=\"og:title\" content=\"Senat - UNATC\" \/>\n<meta property=\"og:description\" content=\"Senatul reprezint\u0103 cel mai \u00eenalt for de reprezentare al comunit\u0103\u0163ii universitare \u00een mediul academic na\u0163ional \u015fi interna\u0163ional, fiind, totodat\u0103, forul...\" \/>\n<meta property=\"og:url\" content=\"https:\/\/unatc.ro\/devunatc\/despre-universitate\/senat\/\" \/>\n<meta property=\"og:site_name\" content=\"UNATC\" \/>\n<meta property=\"article:publisher\" content=\"https:\/\/www.facebook.com\/UNATC.ILC\/\" \/>\n<meta property=\"article:modified_time\" content=\"2025-10-31T18:11:24+00:00\" \/>\n<meta name=\"twitter:card\" content=\"summary_large_image\" \/>\n<meta name=\"twitter:label1\" content=\"Est. reading time\" \/>\n\t<meta name=\"twitter:data1\" content=\"1 minute\" \/>\n<script type=\"application\/ld+json\" class=\"yoast-schema-graph\">{\"@context\":\"https:\\\/\\\/schema.org\",\"@graph\":[{\"@type\":\"WebPage\",\"@id\":\"https:\\\/\\\/unatc.ro\\\/devunatc\\\/despre-universitate\\\/senat\\\/\",\"url\":\"https:\\\/\\\/unatc.ro\\\/devunatc\\\/despre-universitate\\\/senat\\\/\",\"name\":\"Senat - UNATC\",\"isPartOf\":{\"@id\":\"https:\\\/\\\/unatc.ro\\\/devunatc\\\/#website\"},\"datePublished\":\"2020-11-01T16:32:56+00:00\",\"dateModified\":\"2025-10-31T18:11:24+00:00\",\"breadcrumb\":{\"@id\":\"https:\\\/\\\/unatc.ro\\\/devunatc\\\/despre-universitate\\\/senat\\\/#breadcrumb\"},\"inLanguage\":\"en-US\",\"potentialAction\":[{\"@type\":\"ReadAction\",\"target\":[\"https:\\\/\\\/unatc.ro\\\/devunatc\\\/despre-universitate\\\/senat\\\/\"]}]},{\"@type\":\"BreadcrumbList\",\"@id\":\"https:\\\/\\\/unatc.ro\\\/devunatc\\\/despre-universitate\\\/senat\\\/#breadcrumb\",\"itemListElement\":[{\"@type\":\"ListItem\",\"position\":1,\"name\":\"Home\",\"item\":\"https:\\\/\\\/unatc.ro\\\/devunatc\\\/\"},{\"@type\":\"ListItem\",\"position\":2,\"name\":\"Universitate\",\"item\":\"https:\\\/\\\/unatc.ro\\\/devunatc\\\/despre-universitate\\\/\"},{\"@type\":\"ListItem\",\"position\":3,\"name\":\"Senat\"}]},{\"@type\":\"WebSite\",\"@id\":\"https:\\\/\\\/unatc.ro\\\/devunatc\\\/#website\",\"url\":\"https:\\\/\\\/unatc.ro\\\/devunatc\\\/\",\"name\":\"UNATC\",\"description\":\"\",\"publisher\":{\"@id\":\"https:\\\/\\\/unatc.ro\\\/devunatc\\\/#organization\"},\"potentialAction\":[{\"@type\":\"SearchAction\",\"target\":{\"@type\":\"EntryPoint\",\"urlTemplate\":\"https:\\\/\\\/unatc.ro\\\/devunatc\\\/?s={search_term_string}\"},\"query-input\":{\"@type\":\"PropertyValueSpecification\",\"valueRequired\":true,\"valueName\":\"search_term_string\"}}],\"inLanguage\":\"en-US\"},{\"@type\":\"Organization\",\"@id\":\"https:\\\/\\\/unatc.ro\\\/devunatc\\\/#organization\",\"name\":\"UNATC\",\"url\":\"https:\\\/\\\/unatc.ro\\\/devunatc\\\/\",\"logo\":{\"@type\":\"ImageObject\",\"inLanguage\":\"en-US\",\"@id\":\"https:\\\/\\\/unatc.ro\\\/devunatc\\\/#\\\/schema\\\/logo\\\/image\\\/\",\"url\":\"https:\\\/\\\/unatc.ro\\\/devunatc\\\/wp-content\\\/uploads\\\/2025\\\/07\\\/unatc_logo.png\",\"contentUrl\":\"https:\\\/\\\/unatc.ro\\\/devunatc\\\/wp-content\\\/uploads\\\/2025\\\/07\\\/unatc_logo.png\",\"width\":480,\"height\":469,\"caption\":\"UNATC\"},\"image\":{\"@id\":\"https:\\\/\\\/unatc.ro\\\/devunatc\\\/#\\\/schema\\\/logo\\\/image\\\/\"},\"sameAs\":[\"https:\\\/\\\/www.facebook.com\\\/UNATC.ILC\\\/\",\"https:\\\/\\\/www.youtube.com\\\/c\\\/unatcilcaragiale\",\"https:\\\/\\\/www.instagram.com\\\/unatc_ilcaragiale\\\/?hl=en\",\"https:\\\/\\\/www.tiktok.com\\\/@unatc?lang=en\"]}]}<\/script>\n<!-- \/ Yoast SEO plugin. -->","yoast_head_json":{"title":"Senat - UNATC","robots":{"index":"index","follow":"follow","max-snippet":"max-snippet:-1","max-image-preview":"max-image-preview:large","max-video-preview":"max-video-preview:-1"},"canonical":"https:\/\/unatc.ro\/devunatc\/despre-universitate\/senat\/","og_locale":"en_US","og_type":"article","og_title":"Senat - UNATC","og_description":"Senatul reprezint\u0103 cel mai \u00eenalt for de reprezentare al comunit\u0103\u0163ii universitare \u00een mediul academic na\u0163ional \u015fi interna\u0163ional, fiind, totodat\u0103, forul...","og_url":"https:\/\/unatc.ro\/devunatc\/despre-universitate\/senat\/","og_site_name":"UNATC","article_publisher":"https:\/\/www.facebook.com\/UNATC.ILC\/","article_modified_time":"2025-10-31T18:11:24+00:00","twitter_card":"summary_large_image","twitter_misc":{"Est. reading time":"1 minute"},"schema":{"@context":"https:\/\/schema.org","@graph":[{"@type":"WebPage","@id":"https:\/\/unatc.ro\/devunatc\/despre-universitate\/senat\/","url":"https:\/\/unatc.ro\/devunatc\/despre-universitate\/senat\/","name":"Senat - UNATC","isPartOf":{"@id":"https:\/\/unatc.ro\/devunatc\/#website"},"datePublished":"2020-11-01T16:32:56+00:00","dateModified":"2025-10-31T18:11:24+00:00","breadcrumb":{"@id":"https:\/\/unatc.ro\/devunatc\/despre-universitate\/senat\/#breadcrumb"},"inLanguage":"en-US","potentialAction":[{"@type":"ReadAction","target":["https:\/\/unatc.ro\/devunatc\/despre-universitate\/senat\/"]}]},{"@type":"BreadcrumbList","@id":"https:\/\/unatc.ro\/devunatc\/despre-universitate\/senat\/#breadcrumb","itemListElement":[{"@type":"ListItem","position":1,"name":"Home","item":"https:\/\/unatc.ro\/devunatc\/"},{"@type":"ListItem","position":2,"name":"Universitate","item":"https:\/\/unatc.ro\/devunatc\/despre-universitate\/"},{"@type":"ListItem","position":3,"name":"Senat"}]},{"@type":"WebSite","@id":"https:\/\/unatc.ro\/devunatc\/#website","url":"https:\/\/unatc.ro\/devunatc\/","name":"UNATC","description":"","publisher":{"@id":"https:\/\/unatc.ro\/devunatc\/#organization"},"potentialAction":[{"@type":"SearchAction","target":{"@type":"EntryPoint","urlTemplate":"https:\/\/unatc.ro\/devunatc\/?s={search_term_string}"},"query-input":{"@type":"PropertyValueSpecification","valueRequired":true,"valueName":"search_term_string"}}],"inLanguage":"en-US"},{"@type":"Organization","@id":"https:\/\/unatc.ro\/devunatc\/#organization","name":"UNATC","url":"https:\/\/unatc.ro\/devunatc\/","logo":{"@type":"ImageObject","inLanguage":"en-US","@id":"https:\/\/unatc.ro\/devunatc\/#\/schema\/logo\/image\/","url":"https:\/\/unatc.ro\/devunatc\/wp-content\/uploads\/2025\/07\/unatc_logo.png","contentUrl":"https:\/\/unatc.ro\/devunatc\/wp-content\/uploads\/2025\/07\/unatc_logo.png","width":480,"height":469,"caption":"UNATC"},"image":{"@id":"https:\/\/unatc.ro\/devunatc\/#\/schema\/logo\/image\/"},"sameAs":["https:\/\/www.facebook.com\/UNATC.ILC\/","https:\/\/www.youtube.com\/c\/unatcilcaragiale","https:\/\/www.instagram.com\/unatc_ilcaragiale\/?hl=en","https:\/\/www.tiktok.com\/@unatc?lang=en"]}]}},"jetpack_sharing_enabled":true,"_links":{"self":[{"href":"https:\/\/unatc.ro\/devunatc\/wp-json\/wp\/v2\/pages\/1391","targetHints":{"allow":["GET"]}}],"collection":[{"href":"https:\/\/unatc.ro\/devunatc\/wp-json\/wp\/v2\/pages"}],"about":[{"href":"https:\/\/unatc.ro\/devunatc\/wp-json\/wp\/v2\/types\/page"}],"author":[{"embeddable":true,"href":"https:\/\/unatc.ro\/devunatc\/wp-json\/wp\/v2\/users\/1"}],"replies":[{"embeddable":true,"href":"https:\/\/unatc.ro\/devunatc\/wp-json\/wp\/v2\/comments?post=1391"}],"version-history":[{"count":24,"href":"https:\/\/unatc.ro\/devunatc\/wp-json\/wp\/v2\/pages\/1391\/revisions"}],"predecessor-version":[{"id":15811,"href":"https:\/\/unatc.ro\/devunatc\/wp-json\/wp\/v2\/pages\/1391\/revisions\/15811"}],"up":[{"embeddable":true,"href":"https:\/\/unatc.ro\/devunatc\/wp-json\/wp\/v2\/pages\/879"}],"wp:attachment":[{"href":"https:\/\/unatc.ro\/devunatc\/wp-json\/wp\/v2\/media?parent=1391"}],"curies":[{"name":"wp","href":"https:\/\/api.w.org\/{rel}","templated":true}]}}