{"id":12920,"date":"2024-03-08T16:19:55","date_gmt":"2024-03-08T14:19:55","guid":{"rendered":"https:\/\/unatc.ro\/devunatc\/?page_id=12920"},"modified":"2024-03-13T12:42:38","modified_gmt":"2024-03-13T10:42:38","slug":"usi-deschise-unatc-editia-xxv-2024","status":"publish","type":"page","link":"https:\/\/unatc.ro\/devunatc\/usi-deschise-unatc-editia-xxv-2024\/","title":{"rendered":"\u201eU\u0219i Deschise\u201d UNATC \u2013 Edi\u021bia XXV 2024"},"content":{"rendered":"\n<p><em>Educa\u021bie artistic\u0103 &amp; Experien\u021b\u0103 de via\u021b\u0103<\/em><\/p>\n\n\n\n<p>\u00cen perioada 12-15 martie 2024, Universitatea Na\u021bional\u0103 de Art\u0103 Teatral\u0103 \u0219i Cinematografic\u0103 \u201eI. L. Caragiale\u201d din Bucure\u0219ti organizeaz\u0103 cea de-a XXV-a edi\u021bie a U\u0219ilor Deschise, \u00een cele dou\u0103 sedii ale sale, din Str. Matei Voievod nr. 75-77 \u0219i Str. Tudor Arghezi nr. 3b.<\/p>\n\n\n\n<p>Timp de patru zile, Universitatea Na\u021bional\u0103 de Art\u0103 Teatral\u0103 \u0219i Cinematografic\u0103 \u201eI. L. Caragiale\u201d devine un teritoriu cu totul deschis tuturor celor interesa\u021bi s\u0103 experimenteze pe viu via\u021ba de student \u0219i de membru deplin al celei mai mari comunit\u0103\u021bi artistice din Rom\u00e2nia<\/p>\n\n\n\n<p>Cei care \u00ee\u0219i doresc o carier\u0103 artistic\u0103 \u00een domeniul teatral, cinematografic sau media vor putea participa la Ateliere, Cursuri, Examene, Spectacole de teatru, Expozi\u021bii, Proiec\u021bii de filme.&nbsp;<\/p>\n\n\n\n<p>UNATC deschide por\u021bile educa\u021biei artistice c\u0103tre Teatru, Film, Cercetare, Actorie, Regie de Film \u0219i Teatru, Pedagogie, P\u0103pu\u0219i \u0219i Marionete, Coregrafie, Scenografie, Teatrologie, Imagine de Film, Fotografie, Multimedia, Sunet, Montaj de Film, Scenaristic\u0103, Film documentar, Comunicare audiovizual\u0103, Anima\u021bie, Game Design, experien\u021be \u0219i tehnologii VR.&nbsp;<\/p>\n\n\n\n<figure class=\"wp-block-video\"><video height=\"1056\" style=\"aspect-ratio: 1056 \/ 1056;\" width=\"1056\" autoplay controls loop muted src=\"https:\/\/unatc.ro\/devunatc\/wp-content\/uploads\/2024\/03\/UD2024-MIG3.mp4\" playsinline><\/video><\/figure>\n\n\n\n<p><strong>Participarea este gratuit\u0103.<\/strong><\/p>\n\n\n\n<p><strong>Loca\u021bii:<\/strong><\/p>\n\n\n\n<ul class=\"wp-block-list\">\n<li>Sediul UNATC &#8211; Str. Matei Voievod nr. 75-77<\/li>\n\n\n\n<li>Sediul UNATC &#8211; Str. Tudor Arghezi, nr. 3b<br><br><\/li>\n<\/ul>\n\n\n\n<p>Sus\u021bin\u0103torii celei de-a XV-a edi\u021bie a U\u0219ilor Deschise UNATC sunt Aqua Carpatica \u0219i Mega Image, iar partenerii media Radio Guerilla, Radio Rom\u00e2nia Cultural, Radio France International \u0219i Phoenix Media.<\/p>\n\n\n\n<div style=\"height:100px\" aria-hidden=\"true\" class=\"wp-block-spacer\"><\/div>\n\n\n\n<h2 class=\"wp-block-heading has-large-font-size\"><\/h2>\n\n\n\n<div class=\"wp-block-incas-blocks-collapse\"><div class=\"columns heading-title undefined\"><blockquote class=\"flex-heading\"><div class=\"expand-bar\"><\/div><p class=\"block-heading-title\"><strong><strong>Mar\u021bi &#8211; 12 martie<\/strong><\/strong><\/p><div class=\"block-heading-subtitle\">Facultatea de TEATRU<\/div><\/blockquote><\/div><div class=\"collapse-body\"><p class=\"highlight-body\"><\/p><div class=\"wp-block-incas-blocks-collapse\">\n<div class=\"wp-block-incas-blocks-section\"><svg xmlns=\"http:\/\/www.w3.org\/2000\/svg\" viewBox=\"0 0 448 448\" width=\"30\" height=\"30\"><circle cx=\"224.46\" cy=\"224.46\" r=\"224.46\" fill=\"#f54634\"><\/circle><\/svg><div class=\"columns\"><div class=\"section-heading\"><p class=\"section-heading-title\"><strong>Spectacole<\/strong><\/p><div class=\"section-heading-subtitle\"><\/div><\/div><\/div><\/div>\n\n\n\n<p>Spectacolul educa\u021bional <strong>\u201e\u0218apte minute\u201d<\/strong>, ora 19.00, Sala Multifunc\u021bional\u0103, sediul Tudor Argezi 3 B<\/p>\n\n\n\n<p>Ana este o fat\u0103 de 13 ani, pasionat\u0103 de citit, care are dificult\u0103\u021bi \u00een a se integra \u00eentr-o lume dominat\u0103 de selfi-uri, tik-tok-uri, re\u021bele de socializare, mod\u0103, machiaje, petreceri, muzic\u0103 trash. \u00cen ciuda acestora, ea este determinat\u0103 s\u0103 fac\u0103 mari eforturi pentru a fi acceptat\u0103 de c\u0103tre colegii ei, care \u00ee\u0219i petrec timpul batjocorind-o. Nici propria familie nu pare s\u0103 \u00een\u021beleag\u0103 cine este cu adev\u0103rat Ana. \u00cen timpul unei petreceri, lucrurile iau o \u00eentors\u0103tur\u0103 diferit\u0103. Ana descoper\u0103 o nou\u0103 lume, care o \u00eenva\u021b\u0103 despre ea \u0219i o ajut\u0103 s\u0103 vad\u0103 via\u021ba dintr-o alt\u0103 perspectiv\u0103. <\/p>\n\n\n\n<p><\/p>\n\n\n\n<p>Proiectul \u0218apte minute a luat na\u0219tere \u00een urma unui laborator teatral de Clovnerie, s-a dezvoltat prin intermediul teatrului Devised, rezult\u00e2nd un spectacol de teatru educa\u021bional realizat \u00een cadrul<\/p>\n\n\n\n<p><\/p>\n\n\n\n<p>V\u00e2rsta recomandat\u0103: +10 ani <br>regia Ioana Rufu, dramaturgia Ilinca Ionescu si Ioana Rufu, asistent regie Ilinca Ionescu, scenografie Maria-Alexandra Ivan, coregrafie Valentina Boldurescu, dans Tik-tok Daria Ciucan, lighting design Tudor Nicorici, video Paul Pristavu. <\/p>\n\n\n\n<p><\/p>\n\n\n\n<p>Distribu\u021bie: Briana R\u0103doane, Denisa Vraja, Emanuela Ciucan, Vlad Anghel, Paul Pristavu.<\/p>\n\n\n\n<p><\/p>\n\n\n\n<p><\/p>\n\n\n\n<p><\/p>\n\n\n\n<div class=\"wp-block-incas-blocks-section\"><svg xmlns=\"http:\/\/www.w3.org\/2000\/svg\" viewBox=\"0 0 448 448\" width=\"30\" height=\"30\"><circle cx=\"224.46\" cy=\"224.46\" r=\"224.46\" fill=\"#f54634\"><\/circle><\/svg><div class=\"columns\"><div class=\"section-heading\"><p class=\"section-heading-title\">Arta actorului<\/p><div class=\"section-heading-subtitle\">(Licen\u021b\u0103 &#8211; Facultatea de Teatru)<\/div><\/div><\/div><\/div>\n\n\n\n<p><strong>Anul I (12-15 martie)<\/strong><\/p>\n\n\n\n<p>Arta actorului, prof.univ.dr. Liviu Lucaci<br>Drd. Simona Pustianu &amp; drd. Ionu\u021b Niculae<br>12:00-14:00, Sala 304b, Grupa A<\/p>\n\n\n\n<p><\/p>\n\n\n\n<p>Arta actorului, prof.univ.dr. Mihaela S\u00eerbu<br>Drd. Andrei Atabay<br>12:00-14:00, Sala 306b, Grupa B<\/p>\n\n\n\n<p><\/p>\n\n\n\n<p>Arta actorului, prof.univ.dr. Marius G\u00eelea<br>Drd. Vlad Galer<br>12:00-14:00, Sala 304a, Grupa C<\/p>\n\n\n\n<p><\/p>\n\n\n\n<p>Arta actorului, prof.univ.dr. Bogdana Darie<br>Drd. Gabriel Hristu<br>12:00-14:00, Sala 306a, Grupa D<\/p>\n\n\n\n<p><\/p>\n\n\n\n<p><strong>Anul II&nbsp;<\/strong><\/p>\n\n\n\n<p>Arta actorului, prof.univ.dr. Mircea Gheorghiu<br>Lector univ.dr. Raluca Di\u021b\u0103<br>12 martie, 16.30 &#8211; 18.00, Sala 306a, anul II,&nbsp; Grupa A&nbsp;<\/p>\n\n\n\n<p><\/p>\n\n\n\n<p><\/p>\n\n\n\n<div class=\"wp-block-incas-blocks-section\"><svg xmlns=\"http:\/\/www.w3.org\/2000\/svg\" viewBox=\"0 0 448 448\" width=\"30\" height=\"30\"><circle cx=\"224.46\" cy=\"224.46\" r=\"224.46\" fill=\"#f54634\"><\/circle><\/svg><div class=\"columns\"><div class=\"section-heading\"><p class=\"section-heading-title\">P\u0103pu\u0219i-Marionete<\/p><div class=\"section-heading-subtitle\">(Licen\u021b\u0103 &#8211; Facultatea de Teatru)<\/div><\/div><\/div><\/div>\n\n\n\n<p><strong>Mar\u021bi -12 martie, 2024,&nbsp; <\/strong>\u00een intervalul orar:10.00 &#8211; 13.00, sala 3D<br>Curs <strong>Arta Actorului<\/strong>: anul II \u2013P\u0103pu\u0219i-Marionete<br>Coordonator:&nbsp; lector univ. dr. Dana Voicu<br>Descriere: <em>Situa\u021bia comic\u0103. Desfacerea textului pe \u201eUn b\u0103rbat \u0219i mai multe femei\u201c<\/em>de Leonid Zorin.<\/p>\n\n\n\n<p><\/p>\n\n\n\n<p><strong>Mar\u021bi -12 martie,2024, <\/strong>\u00een intervalul orar: 14,00-17,00, Sala: 408<br>Cursul: <strong>Atelier de crea\u021bie teatral\u0103<\/strong>, Anul I- P\u0103pu\u0219i-Marionete :&nbsp;<br><em>Personaje, tipologii<\/em> : <em>idee si&nbsp; realizare.<\/em><br>Coordonator:&nbsp; lector univ. dr. Georgeta&nbsp; Dr\u0103gan&nbsp;<br>Descriere: Studen\u021bii vor prezenta c\u00e2teva dintre realiz\u0103rile personale, pornind de la concept, mood board \u0219i realizarea unui personaj. Vor prezenta posibilit\u0103\u021bile de mi\u0219care ale personajelor realizate, exploat\u00e2nd materialitatea, caracterul \u0219i dinamica figurilor animate.<\/p>\n\n\n\n<p><\/p>\n\n\n\n<p><strong>Mar\u021bi -12 martie,2024<\/strong>, \u00een intervalul orar: 14.00 \u2013 18.00, Sala: 110 A<br>Cursul: <strong>Arta m\u00e2nuirii p\u0103pu\u0219ii<\/strong>, An II- P\u0103pu\u0219i-Marionete<br>Coordonator: conf. univ. dr. Ioan Brancu<br>Scurt\u0103 prezentare: Tema cursului este c\u0103utarea mijloacelor prin care p\u0103pu\u0219a de tip Wayang poate interpreta un text de teatru realist, un monolog sau o poezie.<\/p>\n\n\n\n<p><\/p>\n\n\n\n<p><strong>Mar\u021bi -12 martie, 2024, <\/strong>\u00een intervalul orar: 14.00 \u2013 18.00, Sala:114A<br>Cursul: <strong>Arta m\u00e2nuirii marionetei<\/strong> &#8211; Anul III- P\u0103pu\u0219i-Marionete<br>Coordonator: conf. univ. dr. Decebal Marin<br>Descriere: Modalit\u0103\u021bi de m\u00e2nuire a marionetelor la pasarela \u00eenalt\u0103-dificult\u0103\u021bi progresive.<\/p>\n\n\n\n<p><\/p>\n\n\n\n<p><\/p>\n\n\n\n<div class=\"wp-block-incas-blocks-section\"><svg xmlns=\"http:\/\/www.w3.org\/2000\/svg\" viewBox=\"0 0 448 448\" width=\"30\" height=\"30\"><circle cx=\"224.46\" cy=\"224.46\" r=\"224.46\" fill=\"#f54634\"><\/circle><\/svg><div class=\"columns\"><div class=\"section-heading\"><p class=\"section-heading-title\">Regie de Teatru<\/p><div class=\"section-heading-subtitle\">(Licen\u021b\u0103 &#8211; Facultatea de Teatru)<\/div><\/div><\/div><\/div>\n\n\n\n<p><strong>Anul I<\/strong><\/p>\n\n\n\n<p><strong>12 martie<\/strong> \u2013 ora 19:00 Prezent\u0103ri Momente extratext<\/p>\n\n\n\n<p>Profesori coordonatori: conf.univ.dr Radu Apostol, lector .univ.dr. R\u0103svana Cernat, lector univ.dr. Diana P\u0103curar<br>Sc\u0103ri culoar A etajul III \u2013 <em>Hedda Gabler<\/em>* de Henrik Ibsen, regia Beatrice Ple\u0219can<br>*Spa\u021biul este mic, intr\u0103 un num\u0103r mic de spectatori, dar se poate juca de dou\u0103 ori, consecutiv<\/p>\n\n\n\n<p><\/p>\n\n\n\n<p>Sala 203A \u2013 <em>\u00cengeri \u00een America<\/em> de Tony Kushner,&nbsp; regia Maria Filipache<\/p>\n\n\n\n<p><\/p>\n\n\n\n<p><strong>Anul II<\/strong><\/p>\n\n\n\n<p><strong>12 martie <\/strong>\u2013 ora 19 \u2013 Sala 306B<br>Scen\u0103 din <em>\u00cendoiala<\/em> de John Patrick Shanley<br><strong>Regia:<\/strong> Daria Gherghel (clasa Prof.univ.dr. Theodor Cristian Popescu, Lect.univ.dr. Eugen Gyemant)<br><strong>Scenografia<\/strong>: Remus Pa\u0219cu (clasa Conf.univ.dr. Imelda Manu)<br><strong>Distribu\u021bie<\/strong>: R\u0103zvan Gherasim (prof.univ.dr. Mircea Gheorghiu), Ana Panait (conf.univ.dr. \u0218tefana Samfira), Sandra Boroghin\u0103 (conf.univ.dr. Andreea Vulpe)<\/p>\n\n\n\n<p><\/p>\n\n\n\n<p><strong>12 \u2013 15 martie, Atelier <em>Modalit\u0103\u021bi de explorare a monologului shakespearian<\/em> <\/strong>coordonat de Kiss Csaba. Sunt implica\u021bi studen\u021bii anului III Regie \u0219i anul III Actorie.<\/p>\n\n\n\n<ul class=\"wp-block-list\">\n<li>Orele 10 \u2013 12 Sala 104 B<\/li>\n\n\n\n<li>Orele 16 \u2013 18 Sala Penciulescu<\/li>\n<\/ul>\n\n\n\n<p><\/p>\n\n\n\n<p><strong>Anul III<\/strong><br><strong>12 martie, ora 14:00-16:00<\/strong> \u2013 <strong>Sala Ion Sava<\/strong> Repeti\u021bie deschis\u0103*** \u2013 <em>Afar\u0103, \u00een fa\u021ba u\u0219ii<\/em> de Wolfgang Borchert&nbsp;<\/p>\n\n\n\n<p>*** Se poate stabili un interval de 2 ore \u00een cele dou\u0103 zile<\/p>\n\n\n\n<p><strong>Regia<\/strong>: Alexandru Ian\u0103\u0219i (Prof.univ.dr. Anca Bradu, Lect.univ.dr. Vladimir Anton, Lect.univ.dr. David Schwartz)<\/p>\n\n\n\n<p><strong>Scenografia<\/strong>: Tinatin Gobejishvili (Conf.univ.dr. \u0218tefan Caragiu)<\/p>\n\n\n\n<p><strong>Asistent scenografie<\/strong>: Alesia Istrate (Lect.univ.dr. Maria Dore)<\/p>\n\n\n\n<p><strong>Distributia<\/strong>: Andrei Neagoe, Tatiana Andrei, Filip Popescu, Nicholas Bohor, Diana Pompar\u0103u, Marcel Veselu, Cristina D\u0103nciulescu, Patricia Flack. (profesori coordonatori: Prof.univ.dr. Valeria Sitaru, Conf.univ.dr. Mihai Br\u0103til\u0103, Conf.univ.dr. George&nbsp;Iva\u0219cu)<\/p>\n\n\n\n<p><strong>Sound design<\/strong>: Robert G\u0103geata<\/p>\n\n\n\n<p><strong>Lighting design<\/strong>: Vlad L\u0103z\u0103rescu&nbsp;<\/p>\n\n\n\n<p><strong>Coregrafia<\/strong>: Anastasia Preotu (Conf.univ.dr. Liliana Iorgulescu)<br><strong>Teatrolog<\/strong>: Simona Vlad, anul III Teatrologie (conf. univ. Dr.&nbsp; Anca Ioni\u021b\u0103, lect. univ. dr. Oana Bor\u0219)<\/p>\n\n\n\n<p><\/p>\n\n\n\n<p><\/p>\n\n\n\n<div class=\"wp-block-incas-blocks-section\"><svg xmlns=\"http:\/\/www.w3.org\/2000\/svg\" viewBox=\"0 0 448 448\" width=\"30\" height=\"30\"><circle cx=\"224.46\" cy=\"224.46\" r=\"224.46\" fill=\"#f54634\"><\/circle><\/svg><div class=\"columns\"><div class=\"section-heading\"><p class=\"section-heading-title\">Pedagogie Teatral\u0103<\/p><div class=\"section-heading-subtitle\">(Masterat &#8211; Facultatea de Teatru)<\/div><\/div><\/div><\/div>\n\n\n\n<p>Spectacolul educa\u021bional \u201e\u0218apte minute\u201d, ora 19.00, Sala Multifunc\u021bional\u0103, sediul Tudor Argezi 3 B<\/p>\n\n\n\n<p>Ana este o fat\u0103 de 13 ani, pasionat\u0103 de citit, care are dificult\u0103\u021bi \u00een a se integra \u00eentr-o lume dominat\u0103 de selfi-uri, tik-tok-uri, re\u021bele de socializare, mod\u0103, machiaje, petreceri, muzic\u0103 trash. \u00cen ciuda acestora, ea este determinat\u0103 s\u0103 fac\u0103 mari eforturi pentru a fi acceptat\u0103 de c\u0103tre colegii ei, care \u00ee\u0219i petrec timpul batjocorind-o. Nici propria familie nu pare s\u0103 \u00een\u021beleag\u0103 cine este cu adev\u0103rat Ana. \u00cen timpul unei petreceri, lucrurile iau o \u00eentors\u0103tur\u0103 diferit\u0103. Ana descoper\u0103 o nou\u0103 lume, care o \u00eenva\u021b\u0103 despre ea \u0219i o ajut\u0103 s\u0103 vad\u0103 via\u021ba dintr-o alt\u0103 perspectiv\u0103. <\/p>\n\n\n\n<p><\/p>\n\n\n\n<p>Proiectul \u0218apte minute a luat na\u0219tere \u00een urma unui laborator teatral de Clovnerie, s-a dezvoltat prin intermediul teatrului Devised, rezult\u00e2nd un spectacol de teatru educa\u021bional realizat \u00een cadrul.<\/p>\n\n\n\n<p><\/p>\n\n\n\n<p>V\u00e2rsta recomandat\u0103: +10 ani <br>regia Ioana Rufu, dramaturgia Ilinca Ionescu si Ioana Rufu, asistent regie Ilinca Ionescu, scenografie Maria-Alexandra Ivan, coregrafie Valentina Boldurescu, dans Tik-tok Daria Ciucan, lighting design Tudor Nicorici, video Paul Pristavu. <\/p>\n\n\n\n<p><\/p>\n\n\n\n<p>Distribu\u021bie: Briana R\u0103doane, Denisa Vraja, Emanuela Ciucan, Vlad Anghel, Paul Pristavu.<\/p>\n\n\n\n<p><\/p>\n\n\n\n<p><\/p>\n\n\n\n<p><\/p>\n\n\n\n<div class=\"wp-block-incas-blocks-section\"><svg xmlns=\"http:\/\/www.w3.org\/2000\/svg\" viewBox=\"0 0 448 448\" width=\"30\" height=\"30\"><circle cx=\"224.46\" cy=\"224.46\" r=\"224.46\" fill=\"#f54634\"><\/circle><\/svg><div class=\"columns\"><div class=\"section-heading\"><p class=\"section-heading-title\">Coregrafie<\/p><div class=\"section-heading-subtitle\">(Licen\u021b\u0103 &#8211; Facultatea de Teatru)<\/div><\/div><\/div><\/div>\n\n\n\n<p><strong><em>16.00- 18.00<\/em><\/strong><em> -\u201eSunet, cuv\u00e2nt, corp\u201d,Atelier de crea\u021bie<\/em><br><em>Licen\u021b\u0103, anul II, coordonator lect.univ.dr. Andreea Du\u021b\u0103, sala parter C<\/em><\/p>\n\n\n\n<p><\/p>\n\n\n\n<p><\/p>\n\n\n\n<div class=\"wp-block-incas-blocks-section\"><svg xmlns=\"http:\/\/www.w3.org\/2000\/svg\" viewBox=\"0 0 448 448\" width=\"30\" height=\"30\"><circle cx=\"224.46\" cy=\"224.46\" r=\"224.46\" fill=\"#f54634\"><\/circle><\/svg><div class=\"columns\"><div class=\"section-heading\"><p class=\"section-heading-title\">Coregrafie \u0219i Performan\u021b\u0103 \u00een Dans<\/p><div class=\"section-heading-subtitle\">(Masterat &#8211; Facultatea de Teatru)<\/div><\/div><\/div><\/div>\n\n\n\n<p><strong>18.00 -18.30 <\/strong>&#8211; <em>Evolu\u021bia antrenamentului \u00een tehnica dansului clasic \u00een perioada cuprins\u0103 \u00eentre secolele XIX &#8211; XXI<\/em>; demonstra\u021bie practic\u0103 elaborat\u0103 de Ruxandra Necula, student Anul I \u2013 Master Coregrafie \u0219i Performan\u021b\u0103 \u00een Dans, coordonator conf.univ.dr.Simona \u0218om\u0103cescu, sala Parter C<\/p>\n\n\n\n<p><\/p>\n\n\n\n<p><\/p>\n\n\n\n<p><strong>18.30-19.00<\/strong> &#8211; <em>Asem\u0103n\u0103ri \u0219i deosebiri \u00eentre tehnicile dansului modern, respectiv ale dansului contemopran<\/em>; demonstra\u021bie practic\u0103 elaborat\u0103 de Alexandra St\u0103nil\u0103, student Anul II &#8211; Master Coregrafie \u0219i Performan\u021b\u0103 \u00een Dans, anul&nbsp; II, coordonator conf.univ.dr.Simona \u0218om\u0103cescu, sala Parter C&nbsp;&nbsp;<\/p>\n\n\n\n<p><\/p>\n\n\n\n<p><\/p>\n\n\n\n<div class=\"wp-block-incas-blocks-section\"><svg xmlns=\"http:\/\/www.w3.org\/2000\/svg\" viewBox=\"0 0 448 448\" width=\"30\" height=\"30\"><circle cx=\"224.46\" cy=\"224.46\" r=\"224.46\" fill=\"#f54634\"><\/circle><\/svg><div class=\"columns\"><div class=\"section-heading\"><p class=\"section-heading-title\">Scenografie<\/p><div class=\"section-heading-subtitle\">(Licen\u021b\u0103 &#8211; Facultatea de Teatru)<\/div><\/div><\/div><\/div>\n\n\n\n<p>Toate cursurile se vor desf\u0103\u0219ura la etajul 4, la Departamentul Scenografie<br>12-15 martie, 10.00-16.00, Hol etaj 4&nbsp;<\/p>\n\n\n\n<p><\/p>\n\n\n\n<p><em>Expozi\u021bie de scenografie<\/em> cu lucr\u0103rile studen\u021bilor din anii I, II, III licen\u021b\u0103<br>Mar\u021bi 12.00-14.00, sala \u0218tefania Cenean, etj. 4&nbsp;<br><em>Arte vizuale<\/em> (curs) \/ lect. univ. dr. Ana Stanciu<\/p>\n\n\n\n<p><\/p>\n\n\n\n<p><\/p>\n\n\n\n<div class=\"wp-block-incas-blocks-section\"><svg xmlns=\"http:\/\/www.w3.org\/2000\/svg\" viewBox=\"0 0 448 448\" width=\"30\" height=\"30\"><circle cx=\"224.46\" cy=\"224.46\" r=\"224.46\" fill=\"#f54634\"><\/circle><\/svg><div class=\"columns\"><div class=\"section-heading\"><p class=\"section-heading-title\"><strong>Teatrologie &#8211; Jurnalism teatral&nbsp; &amp; Management cultural<\/strong><\/p><div class=\"section-heading-subtitle\">(Licen\u021b\u0103 &#8211; Facultatea de Teatru)<\/div><\/div><\/div><\/div>\n\n\n\n<p><strong>12:00&nbsp; \u2013 14:00<\/strong> , sala 5, etj. 3 &#8211; Departamentul Studii Teatrale<br><strong><em>Produc\u021bie de spectacol \u0219i eveniment<\/em><\/strong> (curs \u0219i seminar) &#8211; anul III licen\u021b\u0103 Teatrologie \/ lect. univ. dr. Oana BOR\u0218<\/p>\n\n\n\n<p><\/p>\n\n\n\n<p><strong>14:00&nbsp; \u2013 16:00<\/strong>, sala 5, etj. 3 &#8211; Departamentul Studii Teatrale<br><strong><em>Spectacologie<\/em> <\/strong>(curs): <em>\u201cRomeo \u0219i Julieta\u201d: pistoalele lui Baz Luhrmann \u021bintesc spre mitul creat de Franco Zeffirelli. O analiz\u0103 comparativ\u0103 a dou\u0103 ecraniz\u0103ri cult ale piesei lui Shakespeare<\/em>,&nbsp; anul III licen\u021b\u0103 Teatrologie \/ lect. univ. dr. Alina EP\u00ceNGEAC<\/p>\n\n\n\n<p><\/p>\n\n\n\n<p><\/p>\n\n\n\n<div class=\"wp-block-incas-blocks-section\"><svg xmlns=\"http:\/\/www.w3.org\/2000\/svg\" viewBox=\"0 0 448 448\" width=\"30\" height=\"30\"><circle cx=\"224.46\" cy=\"224.46\" r=\"224.46\" fill=\"#f54634\"><\/circle><\/svg><div class=\"columns\"><div class=\"section-heading\"><p class=\"section-heading-title\"><strong>Teatrologie &#8211; Master Studii teatrale \u0219i performance<\/strong><\/p><div class=\"section-heading-subtitle\">(Masterat &#8211; Facultatea de Teatru)<\/div><\/div><\/div><\/div>\n\n\n\n<p><strong>16:00 \u2013 18:00, <\/strong>sala 5, etj. 3 &#8211; Departamentul Studii Teatrale<br><strong><em>Metode critice<\/em> <\/strong>(curs)<strong> &#8211; <\/strong>anul I Master Studii de Teatru \u0219i Performance \/ conf. univ. dr. Carmen STANCIU<\/p>\n\n\n\n<p><\/p>\n<\/div><\/div><\/div>\n\n\n\n<div class=\"wp-block-incas-blocks-collapse\"><div class=\"columns heading-title undefined\"><blockquote class=\"flex-heading\"><div class=\"expand-bar\"><\/div><p class=\"block-heading-title\"><strong><strong>Mar\u021bi &#8211; 12 martie<\/strong><\/strong><\/p><div class=\"block-heading-subtitle\">Facultatea de film<\/div><\/blockquote><\/div><div class=\"collapse-body\"><p class=\"highlight-body\"><\/p><div class=\"wp-block-incas-blocks-collapse\">\n<div class=\"wp-block-incas-blocks-section\"><svg xmlns=\"http:\/\/www.w3.org\/2000\/svg\" viewBox=\"0 0 448 448\" width=\"30\" height=\"30\"><circle cx=\"224.46\" cy=\"224.46\" r=\"224.46\" fill=\"#f54634\"><\/circle><\/svg><div class=\"columns\"><div class=\"section-heading\"><p class=\"section-heading-title\"><strong><strong>Proiec\u021bii de filme<\/strong><\/strong><\/p><div class=\"section-heading-subtitle\"><strong>19:00, Sala Cinema, <\/strong>Sediul UNATC &#8211; Str. Matei Voievod nr. 75-77<\/div><\/div><\/div><\/div>\n\n\n\n<p>Program de scurtmetraje recente realizate de profesori \u0219i asisten\u021bi din UNATC<br>1. Somnoro\u0219ii (2023, Tudor Jurgiu), 15 minute<br>2. Berliner Kindl (2023, Lucia Chico\u0219), 22 de minute&nbsp;<br>3. Apropieri (2020, Ioana Grigore), 32 de minute<br>4. Exterior \u00een izolare (2020, Matei Branea), 3 minute&nbsp;&nbsp;<br>5. I\u2019m OK with your last wish (2023, Catrinel D\u0103n\u0103ia\u021b\u0103), 16 minute<br>6. When Night Meets Dawn (2020, Andreea Bor\u021bun), 19 minute<\/p>\n\n\n\n<p>proiec\u021bie urmat\u0103 de o discu\u021bie cu realizatorii<\/p>\n\n\n\n<p><\/p>\n\n\n\n<p><\/p>\n\n\n\n<div class=\"wp-block-incas-blocks-section\"><svg xmlns=\"http:\/\/www.w3.org\/2000\/svg\" viewBox=\"0 0 448 448\" width=\"30\" height=\"30\"><circle cx=\"224.46\" cy=\"224.46\" r=\"224.46\" fill=\"#f54634\"><\/circle><\/svg><div class=\"columns\"><div class=\"section-heading\"><p class=\"section-heading-title\">Fotografie<\/p><div class=\"section-heading-subtitle\">(Licen\u021b\u0103 &#8211; Facultatea de Film &#8211; Imagine de film \u0219i TV )<\/div><\/div><\/div><\/div>\n\n\n\n<p><strong>Expozi\u021bie de Fotografie a studen\u021bilor UNATC<\/strong><br>12-15 martie<br>Etajul I, sediul UNATC Matei Voievod nr. 75-77<\/p>\n\n\n\n<p><\/p>\n\n\n\n<p><\/p>\n\n\n\n<div class=\"wp-block-incas-blocks-section\"><svg xmlns=\"http:\/\/www.w3.org\/2000\/svg\" viewBox=\"0 0 448 448\" width=\"30\" height=\"30\"><circle cx=\"224.46\" cy=\"224.46\" r=\"224.46\" fill=\"#f54634\"><\/circle><\/svg><div class=\"columns\"><div class=\"section-heading\"><p class=\"section-heading-title\">Multimedia: Sunet-Montaj<\/p><div class=\"section-heading-subtitle\">(Licen\u021b\u0103 &#8211; Facultatea de Film)<\/div><\/div><\/div><\/div>\n\n\n\n<p><strong>Tehnici de restaurare a sunetului<\/strong><br>Lect. univ. dr. Girleanu Iolanda<br>Studioul de Sunet Digital, etajul 1<br>Interval orar 11:00-12:00<\/p>\n\n\n\n<p><\/p>\n\n\n\n<p><\/p>\n\n\n\n<div class=\"wp-block-incas-blocks-section\"><svg xmlns=\"http:\/\/www.w3.org\/2000\/svg\" viewBox=\"0 0 448 448\" width=\"30\" height=\"30\"><circle cx=\"224.46\" cy=\"224.46\" r=\"224.46\" fill=\"#f54634\"><\/circle><\/svg><div class=\"columns\"><div class=\"section-heading\"><p class=\"section-heading-title\">Expozi\u021bii permanente<\/p><div class=\"section-heading-subtitle\">Facultatea de Film<\/div><\/div><\/div><\/div>\n\n\n\n<p><strong>Afi\u0219 de film<\/strong><br>expozi\u021bie<strong> <\/strong>cu lucr\u0103rile studen\u021bilor anului III, licen\u021b\u0103 Anima\u021bie<br>prof. coordonator: Mirela Vlad<br>Hol etajul I, sediul UNATC Matei Voievod nr. 75-77<br><strong>Interval orar:<\/strong> permanent<\/p>\n\n\n\n<p><\/p>\n\n\n\n<p><strong>Afi\u0219 de Festival &#8211; CineMaIubit<\/strong><br>expozi\u021bie<strong> <\/strong>cu lucr\u0103rile studen\u021bilor din anii I &amp; II, licen\u021b\u0103 Anima\u021bie<br>prof. coordonator: Mirela Vlad<br>Hol etajul I, sediul UNATC Matei Voievod nr. 75-77<br><strong>Interval orar:<\/strong> permanent<\/p>\n\n\n\n<p><\/p>\n\n\n\n<p><strong>Character Design 3D Show<\/strong><br>selec\u021bie din lucr\u0103rile studen\u021bilor din anii I &amp; II, licen\u021b\u0103 Anima\u021bie<br>prof. coordonator: Mirela Vlad<br>Pod 3 Anima\u021bie, sediul UNATC Matei Voievod nr. 75-77<br><strong>Interval orar: <\/strong>14:00-15:00<br><\/p>\n\n\n\n<p><strong>Showreel &amp; Filme Licen\u021b\u0103 \u0219i Master Anima\u021bie \u0219i Game Design<\/strong><br>coordonatori: conf. univ. dr. Valeriu C\u0103liman, conf. univ. dr. Mirela Vlad, conf. univ. dr. Matei Branea, lect. univ. dr. Diana Dragomir<br>Pod 3 Anima\u021bie, sediul UNATC Matei Voievod nr. 75-77<br><strong>Interval orar: <\/strong>14:00-15:00<br><\/p>\n\n\n\n<p><strong>Expozi\u021bie BD<\/strong><br>expozi\u021bie<strong>&nbsp;<\/strong><br>Coordonatoare: lect.univ.dr. Constantina Mih\u0103il\u0103<br>Anima\u021bie Pod4, sediul UNATC Matei Voievod nr. 75-77<strong>Interval orar:<\/strong> 14:00-15:00<\/p>\n\n\n\n<p><\/p>\n\n\n\n<p><\/p>\n\n\n\n<div class=\"wp-block-incas-blocks-section\"><svg xmlns=\"http:\/\/www.w3.org\/2000\/svg\" viewBox=\"0 0 448 448\" width=\"30\" height=\"30\"><circle cx=\"224.46\" cy=\"224.46\" r=\"224.46\" fill=\"#f54634\"><\/circle><\/svg><div class=\"columns\"><div class=\"section-heading\"><p class=\"section-heading-title\"><strong>Tehnologii Interactive pentru Arte Performative \u0219i Media<\/strong><\/p><div class=\"section-heading-subtitle\">(Masterat &#8211; Facultatea de Film)<\/div><\/div><\/div><\/div>\n\n\n\n<p><strong>SHOWCASE artistic interactiv: BANAT IN BANAT<\/strong><br>Holul UNATC<br><strong>Interval orar:<\/strong> 11:00-20:00 (proiectul va putea fi explorat on a rolling basis)<br><strong>Descriere:<\/strong> Suntem invitati sa exploram un ritual din anul 3000. Mai multe stiluri muzicale au fost de mult timp interzise. Publicul este pus \u00een ipostaza unui explorator spa\u021bial care descoper\u0103 un portal ce \u00eei permite s\u0103 reconstituie primul dintre aceste genuri muzicale pierdute definitiv: o manea. Prin recombinarea notelor muzicale, exploratorii sunt invitati sa recompuna o melodie.<br>Proiect creat \u00een atelierul colaborativ an I, ITPMA @ UNATC Bucure\u0219ti.&nbsp;<br>Studentii de la Tehnologii Interactive: Andrada Baleanu, Lorena Cocora, Radu Condrache<br>Anul productiei: 2023<br>Link-uri externe:&nbsp;<\/p>\n\n\n\n<ul class=\"wp-block-list\">\n<li><\/li>\n\n\n\n<li><a href=\"https:\/\/itpma.notion.site\/Interactive-Technologies-for-Performing-and-Media-Arts-MA-cd956fc088f242638d627561f9d65a61\">itpma.notion.site<\/a><\/li>\n<\/ul>\n\n\n\n<p><\/p>\n\n\n\n<p><strong>INSTALA\u021aII INTERACTIVE ITPMA an I<\/strong><br>Sala 109b<br>(expuse pe intreaga durata a Usilor Deschise)<br><strong>Unfortunate Fortune Teller <\/strong>(Lorena Cocora)<br>A fusion of an interactive lamp with a music generator. It emits computer-generated sounds that are hidden beneath a layer of noise which gradually dissipates as your hands hover around the 6 faces.<\/p>\n\n\n\n<p><\/p>\n\n\n\n<p><strong>Woman, Heroine, Queen, Goddess <\/strong>(Andrada B\u0103leanu)<br>Inspired by The Epic of Gilgamesh\u2019s main character who is described in the text as a \u201cman, hero, king, god\u201d, this installation is an exploration of feminine archetypes. In the story, the female characters are portrayed as unidimensional beings, \u201cserving\u201d only one purpose as either mother, mistress or maiden and acting as driving pillars for the plot and development of the hero\u2019s journey.<br>Here, one central figure is used as an expression of these roles, acknowledging womanhood as a multifaceted experience.<\/p>\n\n\n\n<p><\/p>\n\n\n\n<p><strong>Dandori <\/strong>(Radu Condrache)<br>A text-based game about a 20 year old non-binary person who lives in isolation during the DANDORI pandemic and is struggling with depression.<\/p>\n\n\n\n<p><\/p>\n\n\n\n<p><\/p>\n\n\n\n<div class=\"wp-block-incas-blocks-section\"><svg xmlns=\"http:\/\/www.w3.org\/2000\/svg\" viewBox=\"0 0 448 448\" width=\"30\" height=\"30\"><circle cx=\"224.46\" cy=\"224.46\" r=\"224.46\" fill=\"#f54634\"><\/circle><\/svg><div class=\"columns\"><div class=\"section-heading\"><p class=\"section-heading-title\"><strong>Arta designului de jocuri (Art of Game Design)<\/strong><\/p><div class=\"section-heading-subtitle\">(Masterat &#8211; Facultatea de Film)<\/div><\/div><\/div><\/div>\n\n\n\n<p><strong><em>Cursuri deschise<\/em><\/strong><\/p>\n\n\n\n<p><strong>Luni, 11 marite, ora 16:00-18:00<br><\/strong>curs: <strong>Game Art<\/strong> (Master, anul 1, Art of Game Design)<br>sus\u021binut de: drd. Maria Bucurenciu<br>loc: Anima\u021bie Pod 4 (pod, UNATC, sediul Matei Voievod, nr. 75-77)<\/p>\n\n\n\n<p><\/p>\n\n\n\n<p><strong>Mar\u021bi, 12 martie, ora 14-16:00<br><\/strong>curs: <strong>Game Design<\/strong> (Master, anul 1, Art of Game Design)<br>sus\u021binut de: lect. univ. dr. Diana Dragomir<br>loc: Anima\u021bie Pod4 (pod, UNATC, sediul Matei Voievod, nr. 75-77)<\/p>\n\n\n\n<p><\/p>\n\n\n\n<p><strong>Expozi\u021bii permanente&nbsp;<\/strong><br><strong>Showreel jocuri Game Design \u0219i Filme Licen\u021b\u0103 \u0219i Master Anima\u021bie<\/strong><br>coordonatori: conf. univ. dr. Valeriu C\u0103liman, conf. univ. dr. Mirela Vlad, conf. univ. dr. Matei Branea, lect. univ. dr. Diana Dragomir<br>Pod 3 Anima\u021bie, sediul UNATC Matei Voievod nr. 75-77<br><strong>Interval orar: <\/strong>14:00-15:00<\/p>\n\n\n\n<p><\/p>\n\n\n\n<p><\/p>\n\n\n\n<div class=\"wp-block-incas-blocks-section\"><svg xmlns=\"http:\/\/www.w3.org\/2000\/svg\" viewBox=\"0 0 448 448\" width=\"30\" height=\"30\"><circle cx=\"224.46\" cy=\"224.46\" r=\"224.46\" fill=\"#f54634\"><\/circle><\/svg><div class=\"columns\"><div class=\"section-heading\"><p class=\"section-heading-title\"><strong>Comunicare Audiovizual\u0103 &#8211; Scenaristic\u0103, Filmologie<\/strong><\/p><div class=\"section-heading-subtitle\">(Licen\u021b\u0103 &#8211; Facultatea de Film)<\/div><\/div><\/div><\/div>\n\n\n\n<p><strong><em>Cursuri deschise<\/em><\/strong><\/p>\n\n\n\n<p><strong>Mar\u021bi, 12 martie, ora 9:00-11:00<\/strong><\/p>\n\n\n\n<p><strong>curs: Istoria filmului universal <\/strong>(Licen\u021b\u0103 anul 1, CAV &#8211; Regie &#8211; Imagine &#8211; Multimedia &#8211; Fotografie)<br>tema cursului: Cinematografia francez\u0103 \u00een perioada 1930-1945.<br>sus\u021binut de: conf. univ. dr. Andrei Rus \u0219i asist. univ. drd. Vlad Belcin<br>loc: sala cinema (curtea interioar\u0103 UNATC, etajul 3)<\/p>\n\n\n\n<p><\/p>\n\n\n\n<p><strong>Mar\u021bi, 12 martie, ora 12:00-14:00<\/strong><\/p>\n\n\n\n<p><strong>curs: Creative Writing<\/strong> (Licen\u021b\u0103 Comunicare audiovizual\u0103, anul 1)<br>sus\u021binut de: lect. univ. dr. Alexandru Maftei \u0219i asist. univ. Adrian Ionescu<br>loc: sala 208B (etajul 2, cl\u0103direa principal\u0103)<\/p>\n\n\n\n<p><\/p>\n\n\n\n<p><strong><em>Convorbiri cu alumni <\/em><\/strong><br>Dou\u0103 discu\u021bii propuse de departamentul Scenaristic\u0103 &#8211; Filmologie cu alumni care au continuat s\u0103 profeseze \u00een domeniul pe care l-au studiat la licen\u021b\u0103 \u0219i\/sau master. Prima \u00eent\u00e2lnire va fi cu absolventele \u0219i absolven\u021bii care s-au \u00eendreptat spre scenaristic\u0103, iar a doua discu\u021bie cu cele\/cei care s-au axat \u00een principal pe filmologie.<\/p>\n\n\n\n<p><\/p>\n\n\n\n<p><strong><em>Convorbiri cu alumni <\/em><\/strong><em>(scenaristic\u0103)<\/em><br><strong>Mar\u021bi 12 martie, ora 16<\/strong><br>Sala Centrului de Pedagogie \u0219i Studiul Imaginii \u201eSorin Boto\u0219eneanu\u201d (etajul 2 al cl\u0103dirii principale, la cap\u0103tul coridorului din partea st\u00e2ng\u0103)<br>Invita\u021bi: Oana R\u0103suceanu, Andreea Bor\u021bun, Roxana B\u0103l\u0103neanu, Adrian Ionescu, Emil Vasilache<br>Moderatoare: Ana Agopian<\/p>\n\n\n\n<p><\/p>\n<\/div><\/div><\/div>\n\n\n\n<div class=\"wp-block-incas-blocks-collapse\"><div class=\"columns heading-title undefined\"><blockquote class=\"flex-heading\"><div class=\"expand-bar\"><\/div><p class=\"block-heading-title\"><strong><strong><strong>Mar\u021bi &#8211; 12 martie<\/strong><\/strong><\/strong><\/p><div class=\"block-heading-subtitle\">Cercetare UNATC<\/div><\/blockquote><\/div><div class=\"collapse-body\"><p class=\"highlight-body\"><\/p><div class=\"wp-block-incas-blocks-collapse\">\n<div class=\"wp-block-incas-blocks-section\"><svg xmlns=\"http:\/\/www.w3.org\/2000\/svg\" viewBox=\"0 0 448 448\" width=\"30\" height=\"30\"><circle cx=\"224.46\" cy=\"224.46\" r=\"224.46\" fill=\"#f54634\"><\/circle><\/svg><div class=\"columns\"><div class=\"section-heading\"><p class=\"section-heading-title\"><strong>ATELIER DE COLORIZARE<\/strong><\/p><div class=\"section-heading-subtitle\"><\/div><\/div><\/div><\/div>\n\n\n\n<p><strong>12 martie, ora 14:00-17:00<\/strong><\/p>\n\n\n\n<p><strong>Str,Tudor Arghezi 3-B,Sector 2, Bucure\u0219ti, 020941, ( \u00een spatele Teatrului Na\u021bional) &#8211; Camera 307<br><\/strong>Atelierul de colorizare \u00ee\u0219i propune s\u0103 ini\u021bieze participan\u021bii \u00een ordinea etapelor de postproduc\u021bie, no\u021biuni de limbaj specifice folosite \u00een practica coloriz\u0103rii \u0219i postproces\u0103rii expresive a imaginii. Atelierul urm\u0103re\u0219te ini\u021bierea teoretic\u0103, dar \u0219i practic\u0103 \u00een procesul coloriz\u0103rii \u0219i echipamentele profesionale specifice.<\/p>\n\n\n\n<p>Num\u0103r limitat de participan\u021bi-8 persoane, \u00eenscrieri la adresa maria.murgu@unatc.ro<\/p>\n\n\n\n<ol class=\"wp-block-list\">\n<li>Etape de lucru \u00een postproduc\u021bie.<\/li>\n<\/ol>\n\n\n\n<ol class=\"wp-block-list\" start=\"2\">\n<li>Elemente de limbaj specific coloriz\u0103rii \u0219i postproduc\u021biei.<\/li>\n<\/ol>\n\n\n\n<ol class=\"wp-block-list\" start=\"3\">\n<li>Nuan\u021b\u0103, satura\u021bie, ton, luminan\u021b\u0103, contrast \u00een post-procesarea imaginii digitale.<\/li>\n<\/ol>\n\n\n\n<ol class=\"wp-block-list\" start=\"4\">\n<li>Dozarea tonal\u0103 \u00een post procesare-contrast tonal \u0219i&nbsp; luminan\u021b\u0103<\/li>\n<\/ol>\n\n\n\n<ol class=\"wp-block-list\" start=\"5\">\n<li>Contraste cromatice&nbsp;<\/li>\n<\/ol>\n\n\n\n<ol class=\"wp-block-list\" start=\"6\">\n<li>Dozarea cromatic\u0103 vs dozare tonal\u0103- interac\u021biuni \u0219i percep\u021bie vizual\u0103<\/li>\n<\/ol>\n\n\n\n<ol class=\"wp-block-list\" start=\"7\">\n<li>Cercul cromatic \u00een postprocesare<\/li>\n<\/ol>\n\n\n\n<ol class=\"wp-block-list\" start=\"8\">\n<li>Finisaje \u0219i stilistic\u0103(look-uri) \u00een postproduc\u021bie valorific\u0103nd contrastul culorii pure \u0219i cald- rece -atmosfera finisata \u00een postproduc\u021bie<\/li>\n<\/ol>\n\n\n\n<p><\/p>\n\n\n\n<p><\/p>\n<\/div><\/div><\/div>\n\n\n\n<div class=\"wp-block-incas-blocks-collapse\"><div class=\"columns heading-title undefined\"><blockquote class=\"flex-heading\"><div class=\"expand-bar\"><\/div><p class=\"block-heading-title\"><strong><strong>Miercuri &#8211; 13 martie<\/strong><\/strong><\/p><div class=\"block-heading-subtitle\">Facultatea de TEATRU<\/div><\/blockquote><\/div><div class=\"collapse-body\"><p class=\"highlight-body\"><\/p><div class=\"wp-block-incas-blocks-collapse\">\n<div class=\"wp-block-incas-blocks-section\"><svg xmlns=\"http:\/\/www.w3.org\/2000\/svg\" viewBox=\"0 0 448 448\" width=\"30\" height=\"30\"><circle cx=\"224.46\" cy=\"224.46\" r=\"224.46\" fill=\"#f54634\"><\/circle><\/svg><div class=\"columns\"><div class=\"section-heading\"><p class=\"section-heading-title\"><strong>Spectacole<\/strong><\/p><div class=\"section-heading-subtitle\"><\/div><\/div><\/div><\/div>\n\n\n\n<p>Miercuri, 13 martie, spectacol de teatru, &#8220;Obiceiuri necurate&#8221;<br>Sala Berlogea, ora 18:00<\/p>\n\n\n\n<p><\/p>\n\n\n\n<p><\/p>\n\n\n\n<div class=\"wp-block-incas-blocks-section\"><svg xmlns=\"http:\/\/www.w3.org\/2000\/svg\" viewBox=\"0 0 448 448\" width=\"30\" height=\"30\"><circle cx=\"224.46\" cy=\"224.46\" r=\"224.46\" fill=\"#f54634\"><\/circle><\/svg><div class=\"columns\"><div class=\"section-heading\"><p class=\"section-heading-title\">Arta actorului<\/p><div class=\"section-heading-subtitle\">(Licen\u021b\u0103 &#8211; Facultatea de Teatru)<\/div><\/div><\/div><\/div>\n\n\n\n<p><strong>Anul I (12-15 martie)<\/strong><br>Arta actorului, prof.univ.dr. Liviu Lucaci<br>Drd. Simona Pustianu<br>12:00-14:00, Sala 304b, Grupa A<\/p>\n\n\n\n<p><\/p>\n\n\n\n<p>Arta actorului, prof.univ.dr. Mihaela S\u00eerbu<br>Drd. Andrei Atabay<br>12:00-14:00, Sala 306b, Grupa B<\/p>\n\n\n\n<p><\/p>\n\n\n\n<p>Arta actorului, prof.univ.dr. Marius G\u00eelea<br>Drd. Vlad Galer<br>12:00-14:00, Sala 304a, Grupa C<\/p>\n\n\n\n<p><\/p>\n\n\n\n<p>Arta actorului, prof.univ.dr. Bogdana Darie<br>Drd. Gabriel Hristu<br>12:00-14:00, Sala 306a, Grupa D<\/p>\n\n\n\n<p><\/p>\n\n\n\n<p><strong>Anul II&nbsp;<\/strong><br>Arta actorului, conf.univ.dr. Andreea Vulpe<br>Lector univ.dr. Florin Grigora\u0219<br>13 martie, 16.30 &#8211; 18.00, Sala 304a, anul II,&nbsp; Grupa B<\/p>\n\n\n\n<p>&nbsp;<\/p>\n\n\n\n<p><\/p>\n\n\n\n<div class=\"wp-block-incas-blocks-section\"><svg xmlns=\"http:\/\/www.w3.org\/2000\/svg\" viewBox=\"0 0 448 448\" width=\"30\" height=\"30\"><circle cx=\"224.46\" cy=\"224.46\" r=\"224.46\" fill=\"#f54634\"><\/circle><\/svg><div class=\"columns\"><div class=\"section-heading\"><p class=\"section-heading-title\">Actorie<\/p><div class=\"section-heading-subtitle\">(Licen\u021b\u0103 &#8211; Facultatea de Teatru)<\/div><\/div><\/div><\/div>\n\n\n\n<p><strong>ACTORIE \u2013 An I<\/strong><br><strong>Miercuri, 13 martie<br>15:00-16:00&nbsp;<\/strong><\/p>\n\n\n\n<p><\/p>\n\n\n\n<p>Sala 204 B \u2013 Educa\u021bie fizic\u0103 (mi\u0219care scenic\u0103), gr. B \u2013 conf.univ.dr. Roxana Colceag<br>Sala 104B \u2013 Limbajul corporal \u00een arta actorului, gr. C \u2013 lect.univ.dr. Andrea Gavriliu<br>Sala 307 B \u2013 Curs Vorbire scenic\u0103, gr. D \u2013 conf.univ.dr. Viorica Vatmanu<\/p>\n\n\n\n<p><\/p>\n\n\n\n<p><strong>ACTORIE &#8211; An II<\/strong><br>Miercuri, 13 martie<br>10:00-12:00&nbsp;<\/p>\n\n\n\n<p><\/p>\n\n\n\n<p>Sala 306A &#8211; Tehnica vocal\u0103, gr. A \u2013 prof.univ.dr. Mircea Gheorghiu, lect.univ.dr. Raluca Dit\u0103<br>Sala 204B &#8211; Educa\u021bie fizic\u0103 (mi\u0219care scenic\u0103), gr. B \u2013 lect.univ.dr. Andrea Gavriliu<br>Sala POD ALB \u2013 Limbaj corporal, gr. C \u2013 lect.univ.dr. \u0218tefan Lupu<br>Sala 307B \u2013 Vorbire scenic\u0103, gr. D \u2013 lect.univ.dr. Thomas Cioc\u0219irescu<br>Sala 206 B \u2013 Curs Tehnic\u0103 vocal\u0103, gr. A \u2013 lect.univ.dr. R\u0103zvan Georgescu<\/p>\n\n\n\n<p><\/p>\n\n\n\n<p><\/p>\n\n\n\n<p><\/p>\n\n\n\n<div class=\"wp-block-incas-blocks-section\"><svg xmlns=\"http:\/\/www.w3.org\/2000\/svg\" viewBox=\"0 0 448 448\" width=\"30\" height=\"30\"><circle cx=\"224.46\" cy=\"224.46\" r=\"224.46\" fill=\"#f54634\"><\/circle><\/svg><div class=\"columns\"><div class=\"section-heading\"><p class=\"section-heading-title\">P\u0103pu\u0219i-Marionete<\/p><div class=\"section-heading-subtitle\">(Licen\u021b\u0103 &#8211; Facultatea de Teatru)<\/div><\/div><\/div><\/div>\n\n\n\n<p><strong>Miercuri, 13 MARTIE, 2024<\/strong>, \u00een intervalul orar: 11,00-13,00, S\u0103lile: 408A \u0219i 414A<\/p>\n\n\n\n<p><\/p>\n\n\n\n<p>Cursul:<strong> Practica de specialitate &#8211;<em>&nbsp; P\u0103pu\u0219a bi-ba-bo: de la schi\u021b\u0103 la reprezentarea plastic\u0103 &#8211;<\/em><\/strong> Anul I- P\u0103pu\u0219i-Marionete.<br>Coordonator:&nbsp; lector univ. dr. Georgeta&nbsp; Dr\u0103gan&nbsp;<br>Descriere: Personajele&nbsp; care ajung la ramp\u0103 \u00een teatrul de anima\u021bie sunt rezultatul unui proces extrem de laborios, documentat \u0219i aplicat. Pentru \u00eentregul parcurs, studen\u021bii fac apel la imagina\u021bie, creativitate \u0219i ajung, \u00een timp, la st\u0103p\u00e2nirea unei tehnici de lucru specifice.<\/p>\n\n\n\n<p><\/p>\n\n\n\n<p><\/p>\n\n\n\n<p><strong>Miercuri,&nbsp; 13 MARTIE, 2024, <\/strong>\u00een intervalul orar:14.00-16.00, Sala: 408<br>Cursul : <strong>Atelier de Crea\u021bie \u0219i Cercetare &#8211; <\/strong>Anul I \u2013Master Teatru de anima\u021bie<br>Coordonator : Lector univ.dr. Anca Bodolan Opri\u0219an&nbsp;<br>Descriere:,,Plasticitatea formei \u00een mi\u0219care&#8221;. Spontaneitate \u0219i elaborare \u00een conceperea unor momente, scene, cu obiecte, p\u0103pu\u0219i \u0219i\/sau elemente care compun o p\u0103pu\u0219\u0103, un personaj. Realizarea unei rela\u021bii \u00eentre personaje .<\/p>\n\n\n\n<p><\/p>\n\n\n\n<p><\/p>\n\n\n\n<div class=\"wp-block-incas-blocks-section\"><svg xmlns=\"http:\/\/www.w3.org\/2000\/svg\" viewBox=\"0 0 448 448\" width=\"30\" height=\"30\"><circle cx=\"224.46\" cy=\"224.46\" r=\"224.46\" fill=\"#f54634\"><\/circle><\/svg><div class=\"columns\"><div class=\"section-heading\"><p class=\"section-heading-title\">Regie de Teatru<\/p><div class=\"section-heading-subtitle\">(Licen\u021b\u0103 &#8211; Facultatea de Teatru)<\/div><\/div><\/div><\/div>\n\n\n\n<p><strong>Anul I<\/strong><\/p>\n\n\n\n<p><strong>13 martie<\/strong> \u2013 ora 19:00 Prezent\u0103ri Momente extratext<\/p>\n\n\n\n<p>Profesori coordonatori: conf.univ.dr Radu Apostol, lector .univ.dr. R\u0103svana Cernat, lector univ.dr. Diana P\u0103curar<br>Hol Sunet Etajul III (l\u00e2ng\u0103 pasarela dinspre Sala Sava) \u2013 <em>Pesc\u0103ru\u0219ul<\/em>* de A. P. Cehov, regia Alessio Gabor<br>Sala 203A \u2013 <em>Pesc\u0103ru\u0219ul<\/em> de A. P. Cehov, regia Andrei \u0218erban<br>Etajul IV Toalet\u0103 femei \u2013 <em>Menajeria de sticl\u0103<\/em>* \u2013 de Tennessee Williams, regia Teodora Simion<\/p>\n\n\n\n<p>*Spa\u021biul este mic, intr\u0103 un num\u0103r mic de spectatori, dar se poate juca de dou\u0103 ori, consecutiv<\/p>\n\n\n\n<p><\/p>\n\n\n\n<p><strong>12 \u2013 15 martie, Atelier <\/strong><strong><em>Modalit\u0103\u021bi de explorare a monologului shakespearian<\/em><\/strong><strong> <\/strong>coordonat de Kiss Csaba. Sunt implica\u021bi studen\u021bii anului III Regie \u0219i anul III Actorie.&nbsp;<\/p>\n\n\n\n<ul class=\"wp-block-list\">\n<li>Orele 10 \u2013 12 Sala 104 B<\/li>\n\n\n\n<li>Orele 16 \u2013 18 Sala Penciulescu<\/li>\n<\/ul>\n\n\n\n<p><\/p>\n\n\n\n<p><\/p>\n\n\n\n<div class=\"wp-block-incas-blocks-section\"><svg xmlns=\"http:\/\/www.w3.org\/2000\/svg\" viewBox=\"0 0 448 448\" width=\"30\" height=\"30\"><circle cx=\"224.46\" cy=\"224.46\" r=\"224.46\" fill=\"#f54634\"><\/circle><\/svg><div class=\"columns\"><div class=\"section-heading\"><p class=\"section-heading-title\">Coregrafie<\/p><div class=\"section-heading-subtitle\">(Licen\u021b\u0103 &#8211; Facultatea de Teatru)<\/div><\/div><\/div><\/div>\n\n\n\n<p><strong>12.00-13.00<\/strong> \u201eTehnologiile corpului\u201d,Tehnici de dans- Licen\u021b\u0103, anul I, lect.univ.dr.Valentina De Piante, sala Parter C<\/p>\n\n\n\n<p><\/p>\n\n\n\n<p><strong>14.00-18.00<\/strong> \u201eDinamica raporturilor muzic\u0103- mi\u0219care\u201d, Atelier de crea\u021bie- Licen\u021b\u0103, anul I, lect.univ.dr. Elena Zamfirescu, sala Parter C<br>(pauze de 10 min la 50 minute pentru schimb, acces vizitatori)<\/p>\n\n\n\n<p><\/p>\n\n\n\n<p><\/p>\n\n\n\n<div class=\"wp-block-incas-blocks-section\"><svg xmlns=\"http:\/\/www.w3.org\/2000\/svg\" viewBox=\"0 0 448 448\" width=\"30\" height=\"30\"><circle cx=\"224.46\" cy=\"224.46\" r=\"224.46\" fill=\"#f54634\"><\/circle><\/svg><div class=\"columns\"><div class=\"section-heading\"><p class=\"section-heading-title\">Scenografie<\/p><div class=\"section-heading-subtitle\">(Licen\u021b\u0103 &#8211; Facultatea de Teatru)<br>Toate cursurile se vor desf\u0103\u0219ura la etajul 4, la Departamentul Scenografie<\/div><\/div><\/div><\/div>\n\n\n\n<p><strong>12-15 martie, 10.00-16.00<\/strong>, Hol etaj 4<br><em>Expozi\u021bie de scenografie<\/em> cu lucr\u0103rile studen\u021bilor din anii I, II, III licen\u021b\u0103<\/p>\n\n\n\n<p><\/p>\n\n\n\n<p><strong>Miercuri 12.00-14.00<\/strong>,&nbsp; sala 2 <br><em>Scenografie<\/em> (curs),&nbsp; anul I \/&nbsp; lect. univ. dr. Maria Dore<\/p>\n\n\n\n<p><\/p>\n\n\n\n<p><\/p>\n\n\n\n<div class=\"wp-block-incas-blocks-section\"><svg xmlns=\"http:\/\/www.w3.org\/2000\/svg\" viewBox=\"0 0 448 448\" width=\"30\" height=\"30\"><circle cx=\"224.46\" cy=\"224.46\" r=\"224.46\" fill=\"#f54634\"><\/circle><\/svg><div class=\"columns\"><div class=\"section-heading\"><p class=\"section-heading-title\">Teatrologie &#8211; Jurnalism teatral &amp; Management cultural<\/p><div class=\"section-heading-subtitle\">(Licen\u021b\u0103 &#8211; Facultatea de Teatru)<\/div><\/div><\/div><\/div>\n\n\n\n<p>Toate cursurile vor avea loc la etajul 3<\/p>\n\n\n\n<p><strong>10:00 \u2013 13:00, <\/strong>Sala 3, etaj. 3&nbsp;&#8211; Departamentul Studii Teatrale<\/p>\n\n\n\n<p><strong>Jurnalism \u00een mediul digital <\/strong>(lucrare practic\u0103):<em> Cum se produce&nbsp; un audio-book?<\/em> &#8211; anul III Teatrologie \/ lect. Raluca MOIANU&nbsp;<\/p>\n\n\n\n<p>Pentru aceast\u0103 lucrare practic\u0103, participan\u021bii (grupe de c\u00e2te 5) se vor \u00eenscrie cu o zi \u00eenainte, prin completarea unui <a href=\"https:\/\/forms.gle\/hniTdqg4ziywFDgA8\" data-type=\"link\" data-id=\"https:\/\/forms.gle\/hniTdqg4ziywFDgA8\" target=\"_blank\" rel=\"noreferrer noopener\">formular online.<\/a> <\/p>\n\n\n\n<p>10:00 \u2013 10:30 \u2013 Grupa 1 \/ 10:45 \u2013 11:15 \u2013 Grupa 2 \/ 11:30 \u2013 12:00 \u2013 Grupa 3 \/ 12:15 \u2013 12:45 \u2013 Grupa 4<\/p>\n\n\n\n<p><\/p>\n\n\n\n<p><strong>14:00 \u2013 16:00, <\/strong>Sala 5, etaj, 3 &#8211; Departamentul Studii Teatrale<\/p>\n\n\n\n<p><strong>Istoria teatrului universal,<\/strong> (curs) &#8211; anul III licen\u021b\u0103 Teatrologie \/ prof. univ. dr. Ana Maria Nistor<\/p>\n\n\n\n<p><\/p>\n\n\n\n<p><\/p>\n\n\n\n<div class=\"wp-block-incas-blocks-section\"><svg xmlns=\"http:\/\/www.w3.org\/2000\/svg\" viewBox=\"0 0 448 448\" width=\"30\" height=\"30\"><circle cx=\"224.46\" cy=\"224.46\" r=\"224.46\" fill=\"#f54634\"><\/circle><\/svg><div class=\"columns\"><div class=\"section-heading\"><p class=\"section-heading-title\"><strong>Teatrologie &#8211; Master Studii teatrale \u0219i performance<\/strong><\/p><div class=\"section-heading-subtitle\">(Masterat &#8211; Facultatea de Teatru)<\/div><\/div><\/div><\/div>\n\n\n\n<p><strong>16:00 \u2013 18:00, <\/strong>sala 5, etj, 3 &#8211; Departamentul Studii Teatrale<br><strong>Teoria performance-ului<\/strong><em> <\/em>(curs): <em>Neo-avangarda american\u0103. Teatrul &#8211; un spa\u021biu al ac\u021biunii \u0219i un laborator al experimentelor teatrale<\/em> &#8211; anul I Master Studii Teatrale \u0219i Performance \/ conf. univ. dr. Anca IONI\u021a\u0102<\/p>\n<\/div><\/div><\/div>\n\n\n\n<div class=\"wp-block-incas-blocks-collapse\"><div class=\"columns heading-title undefined\"><blockquote class=\"flex-heading\"><div class=\"expand-bar\"><\/div><p class=\"block-heading-title\"><strong><strong>Miercuri &#8211; 13 martie<\/strong><\/strong><\/p><div class=\"block-heading-subtitle\">Facultatea de film<\/div><\/blockquote><\/div><div class=\"collapse-body\"><p class=\"highlight-body\"><\/p><div class=\"wp-block-incas-blocks-collapse\">\n<div class=\"wp-block-incas-blocks-section\"><svg xmlns=\"http:\/\/www.w3.org\/2000\/svg\" viewBox=\"0 0 448 448\" width=\"30\" height=\"30\"><circle cx=\"224.46\" cy=\"224.46\" r=\"224.46\" fill=\"#f54634\"><\/circle><\/svg><div class=\"columns\"><div class=\"section-heading\"><p class=\"section-heading-title\"><strong><strong>Prezentare Proiect<\/strong><\/strong><\/p><div class=\"section-heading-subtitle\"><\/div><\/div><\/div><\/div>\n\n\n\n<p><a href=\"https:\/\/www.animest.ro\/ochi-si-urechi-animest-lanseaza-primul-proiect-de-accesibilizare-a-filmelor-pentru-copii-cu-deficiente-de-auz\">Ochi&amp;Urechi<\/a> <strong>de accesibilizare a filmelor de anima\u021bie pentru copii &#8211; Program \u00een parteneriat cu <\/strong><a href=\"http:\/\/animest.ro\/\"><strong>Animest<\/strong><\/a><br>18:30 &#8211; Sala Cinema, introducere despre proiect<br>19:00 &#8211; Proiec\u021bia filmelor cu subtitrare SDH&nbsp;<\/p>\n\n\n\n<p><\/p>\n\n\n\n<p>De cur\u00e2nd am lansat un proiect amplu de accesibilizare a filmelor de anima\u021bie pentru copii, intitulat <a href=\"https:\/\/www.animest.ro\/ochi-si-urechi-animest-lanseaza-primul-proiect-de-accesibilizare-a-filmelor-pentru-copii-cu-deficiente-de-auz\">Ochi&amp;Urechi<\/a>, ce se va derula pe parcursul \u00eentregului an \u0219i care cuprinde diverse activit\u0103\u021bi cu \u0219i pentru comunitatea de neauzitori din Rom\u00e2nia.<\/p>\n\n\n\n<p>Prima activitate este un Curs practic pentru traduc\u0103torii audiovizuali care doresc s\u0103 se specializeze pe subtitrarea accesibilizat\u0103 SDH (subtitles for the Deaf and hard of hearing), sus\u021binut de <a href=\"https:\/\/www.edx.org\/bio\/dr-joselia-neves\">Dr. Jos\u00e9lia Neves<\/a>.<\/p>\n\n\n\n<p>Ca finalitate a cursului, \u00een data de 13 martie am dori s\u0103 organiz\u0103m o <strong>proiec\u021bie public\u0103 \u0219i gratuit\u0103 a filmelor subtitrate de cursan\u021bi<\/strong>, iar Sala Cinema a UNATC ni se pare ideal\u0103 pentru g\u0103zduirea evenimentului.&nbsp;<\/p>\n\n\n\n<p><\/p>\n\n\n\n<p>Programul provizoriu propus pentru 13 martie:<br>18:00 &#8211; Bistro UNATC, welcome cocktail (costuri acoperite de Asocia\u021bia Animest)<br>18:30 &#8211; Sala Cinema, introducere despre proiect<br>19:00 &#8211; Proiec\u021bia filmelor cu subtitrare SDH&nbsp;<\/p>\n\n\n\n<p><\/p>\n\n\n\n<p><\/p>\n\n\n\n<p>Consider\u0103m c\u0103 proiectul este relevant pentru mediul academic, acoperind un domeniu foarte pu\u021bin explorat \u00een Rom\u00e2nia, dar absolut necesar pentru promovarea unei experien\u021be culturale incluzive. Bine\u00een\u021beles, la proiec\u021bie sunt bineveni\u021bi studen\u021bii tuturor specializ\u0103rilor.<\/p>\n\n\n\n<p><\/p>\n\n\n\n<p><\/p>\n\n\n\n<div class=\"wp-block-incas-blocks-section\"><svg xmlns=\"http:\/\/www.w3.org\/2000\/svg\" viewBox=\"0 0 448 448\" width=\"30\" height=\"30\"><circle cx=\"224.46\" cy=\"224.46\" r=\"224.46\" fill=\"#f54634\"><\/circle><\/svg><div class=\"columns\"><div class=\"section-heading\"><p class=\"section-heading-title\">Fotografie<\/p><div class=\"section-heading-subtitle\">(Licen\u021b\u0103 &#8211; Facultatea de Film &#8211; Imagine de film \u0219i TV )<\/div><\/div><\/div><\/div>\n\n\n\n<p><strong>Expozi\u021bie de Fotografie a studen\u021bilor UNATC<\/strong><br>12-15 martie<br>Etajul I, sediul UNATC Matei Voievod nr. 75-77<br>Workshop<br><\/p>\n\n\n\n<p><strong>Portretul \u00een fotografie &amp; Lumina \u0219i compozi\u021bie cinematografic\u0103<\/strong><br><strong>13 martie<\/strong><\/p>\n\n\n\n<p>Platoul Foto, etajul II, sediul UNATC Matei Voievod nr. 75-77<br>10:00 &#8211; 11:00 Introducere<br>11:00 -13:00 Obiective fotografice \u0219i elemente de compozi\u021bie.<br>13:00-13:30 Pauz\u0103<br>13:30-16:30 tipuri de lumini &#8220;picturale&#8221; \u0219i &#8220;cinematografice&#8221;.&nbsp;<br>Lucr\u0103ri practice<br>Sesiune de Q&amp;A<br>Concluzii&nbsp;<br>Workshopul va fi sus\u021binut de conf.univ.dr Victor Velculescu, lector univ.dr Ronella Sezonov \u0219i studen\u021bii UNATC de la specializarea Fotografie<\/p>\n\n\n\n<p><\/p>\n\n\n\n<p><\/p>\n\n\n\n<div class=\"wp-block-incas-blocks-section\"><svg xmlns=\"http:\/\/www.w3.org\/2000\/svg\" viewBox=\"0 0 448 448\" width=\"30\" height=\"30\"><circle cx=\"224.46\" cy=\"224.46\" r=\"224.46\" fill=\"#f54634\"><\/circle><\/svg><div class=\"columns\"><div class=\"section-heading\"><p class=\"section-heading-title\">Multimedia: Sunet-Montaj<\/p><div class=\"section-heading-subtitle\">(Licen\u021b\u0103 &#8211; Facultatea de Film)<\/div><\/div><\/div><\/div>\n\n\n\n<p><strong>Workshop interactiv de foley<\/strong><br>Participan\u021bii vor asista la o lec\u021bie deschis\u0103 \u00eempreun\u0103 cu studen\u021bii Multimedia. Vor \u00eenv\u0103\u021ba ce presupune o sesiune de Foley, de ce este indispensabil\u0103 \u00een orice gen de produc\u021bie cinematografic\u0103, ce recuzit\u0103 se folose\u0219te \u00een diverse situa\u021bii \u0219i cum se \u00eenregistreaz\u0103 diferite zgomote \u00een studio. Participan\u021bii vor putea experimenta ei \u00een\u0219i\u0219i cu recuzita pus\u0103 la dispozi\u021bie \u0219i \u00eenregistra propriile sunete \u00een sincron cu imaginea.<br>Conf. univ. dr. Laura L\u0103z\u0103rescu-Thois<br>Studioul de Sunet Digital, etajul 1<br>Interval orar 14:00-15:30<\/p>\n\n\n\n<p><\/p>\n\n\n\n<p><strong>Montaj de trailer<\/strong><br>Lect. univ. dr. Ana Branea si lect. univ. dr. \u0218tefan Parlog<br>Sala 407B, etajul 4<br>Interval orar 13:00-15:00<\/p>\n\n\n\n<p><\/p>\n\n\n\n<p><\/p>\n\n\n\n<div class=\"wp-block-incas-blocks-section\"><svg xmlns=\"http:\/\/www.w3.org\/2000\/svg\" viewBox=\"0 0 448 448\" width=\"30\" height=\"30\"><circle cx=\"224.46\" cy=\"224.46\" r=\"224.46\" fill=\"#f54634\"><\/circle><\/svg><div class=\"columns\"><div class=\"section-heading\"><p class=\"section-heading-title\">Expozi\u021bii permanente<\/p><div class=\"section-heading-subtitle\">Facultatea de Film<\/div><\/div><\/div><\/div>\n\n\n\n<p><strong>Afi\u0219 de film<\/strong><br>expozi\u021bie<strong> <\/strong>cu lucr\u0103rile studen\u021bilor anului III, licen\u021b\u0103 Anima\u021bie<br>prof. coordonator: Mirela Vlad<br>Hol etajul I, sediul UNATC Matei Voievod nr. 75-77<br><strong>Interval orar:<\/strong> permanent<\/p>\n\n\n\n<p><\/p>\n\n\n\n<p><strong>Afi\u0219 de Festival &#8211; CineMaIubit<\/strong><br>expozi\u021bie<strong> <\/strong>cu lucr\u0103rile studen\u021bilor din anii I &amp; II, licen\u021b\u0103 Anima\u021bie<br>prof. coordonator: Mirela Vlad<br>Hol etajul I, sediul UNATC Matei Voievod nr. 75-77<br><strong>Interval orar:<\/strong> permanent<\/p>\n\n\n\n<p><\/p>\n\n\n\n<p><strong>Character Design 3D Show<\/strong><br>selec\u021bie din lucr\u0103rile studen\u021bilor din anii I &amp; II, licen\u021b\u0103 Anima\u021bie<br>prof. coordonator: Mirela Vlad<br>Pod 3 Anima\u021bie, sediul UNATC Matei Voievod nr. 75-77<br><strong>Interval orar: <\/strong>14:00-15:00<\/p>\n\n\n\n<p><\/p>\n\n\n\n<p><strong>Showreel &amp; Filme Licen\u021b\u0103 \u0219i Master Anima\u021bie&nbsp;<\/strong><br>coordonatori:lector. univ. dr. Valeriu C\u0103liman, conf. univ. dr. Mirela Vlad, conf. univ. dr. Matei Branea<br>Pod 3 Anima\u021bie, sediul UNATC Matei Voievod nr. 75-77<br><strong>Interval orar: <\/strong>14:00-15:00<\/p>\n\n\n\n<p><\/p>\n\n\n\n<p><strong>Expozi\u021bie BD<\/strong><br>expozi\u021bie<strong>&nbsp;<\/strong><br>Coordonatoare: lect.univ.dr. Constantina Mih\u0103il\u0103<br>Anima\u021bie Pod4, sediul UNATC Matei Voievod nr. 75-77<br><strong>Interval orar:<\/strong> 14:00-15:00<\/p>\n\n\n\n<p><\/p>\n\n\n\n<p><\/p>\n\n\n\n<div class=\"wp-block-incas-blocks-section\"><svg xmlns=\"http:\/\/www.w3.org\/2000\/svg\" viewBox=\"0 0 448 448\" width=\"30\" height=\"30\"><circle cx=\"224.46\" cy=\"224.46\" r=\"224.46\" fill=\"#f54634\"><\/circle><\/svg><div class=\"columns\"><div class=\"section-heading\"><p class=\"section-heading-title\"><strong>Comunicare Audiovizual\u0103 &#8211; Scenaristic\u0103, Filmologie<\/strong><\/p><div class=\"section-heading-subtitle\">(Licen\u021b\u0103 \u0219i Master &#8211; Facultatea de Film)<\/div><\/div><\/div><\/div>\n\n\n\n<p><strong>Cursuri deschise<\/strong><\/p>\n\n\n\n<p><strong>Miercuri, 13 martie, ora 12:00-15:00<\/strong><\/p>\n\n\n\n<p><strong>curs: Critic\u0103 \u0219i analiz\u0103 de film<\/strong> (Licen\u021b\u0103 Comunicare audiovizual\u0103, anul 1)<br>tema cursului: Critica filmelor de gen<br>sus\u021binut de: lect. univ. dr. Cezar Gheorghe<br>loc: sala 208B (etajul 2, cl\u0103direa principal\u0103)<\/p>\n\n\n\n<p><\/p>\n\n\n\n<p><strong>Miercuri, 13 martie, ora 14:00-17:00<\/strong><\/p>\n\n\n\n<p><strong>curs: Critic\u0103 \u0219i analiz\u0103 de film <\/strong>(Licen\u021b\u0103 Comunicare audiovizual\u0103, anul 2)<br>tema cursului: Zero Dark Thirty (2012). Filmul de r\u0103zboi dup\u0103 o poveste (aproape) adev\u0103rat\u0103<br>sus\u021binut de: lect. univ. dr. Irina Trocan \u0219i asist. univ. Theodor Inelu\u0219<br>loc: sala 108A (etajul 1, cl\u0103direa principal\u0103)<\/p>\n\n\n\n<p><\/p>\n\n\n\n<p><strong>Miercuri, 13 martie, ora 14:00-17:00<\/strong><\/p>\n\n\n\n<p><strong>curs: Analiza formal\u0103 a cinematografului <\/strong>(Masteratul de Filmologie, anul 2)<br>tema cursului: Cinema de criz\u0103; studiu de caz: Anima\u021bia iranian\u0103.<br>sus\u021binut de: lect. univ. dr. Irina Trocan \u0219i asist. univ. drd. Cristina Iliescu<br>loc: sala 108A (etajul 1, cl\u0103direa principal\u0103)<\/p>\n\n\n\n<p><\/p>\n\n\n\n<p><strong>PREZENTAREA MASTERATULUI DE ARHIVE AUDIOVIZUALE: PREZERVARE \u0218I CURATORIERE<\/strong><\/p>\n\n\n\n<p>(Master &#8211; Facultatea de Film, Departament: Scenaristic\u0103 &#8211; Filmologie)<br>Miercuri 13 martie, ora 13<br>punct de \u00eent\u00e2lnire: sala Centrului Sorin Boto\u0219eneanu (etajul 2, cap\u0103tul culoarului din st\u00e2nga)&nbsp;<br>*include un tur al arhivei audiovizuale a UNATC \u0219i a muzeului de aparate vechi \u0219i prezentarea proiectului ARHIVA ACTIV\u0102.<\/p>\n\n\n\n<p>ghizii turului \u0219i prezent\u0103rii: Vlad Ioachimescu, Liri Chapelan \u0219i Andrei Rus.<\/p>\n\n\n\n<p><\/p>\n\n\n\n<p><\/p>\n\n\n\n<div class=\"wp-block-incas-blocks-section\"><svg xmlns=\"http:\/\/www.w3.org\/2000\/svg\" viewBox=\"0 0 448 448\" width=\"30\" height=\"30\"><circle cx=\"224.46\" cy=\"224.46\" r=\"224.46\" fill=\"#f54634\"><\/circle><\/svg><div class=\"columns\"><div class=\"section-heading\"><p class=\"section-heading-title\"><strong>Tehnologii Interactive pentru Arte Performative \u0219i Media<\/strong><\/p><div class=\"section-heading-subtitle\">(Masterat &#8211; Facultatea de Film)<\/div><\/div><\/div><\/div>\n\n\n\n<p><strong>SHOWCASE artistic interactiv: BANAT IN BANAT<\/strong><br>Locatie: Holul UNATC<br><strong>Interval orar:<\/strong> 11:00-20:00 (proiectul va putea fi explorat)<br><strong>Descriere:<\/strong> Suntem invitati sa exploram un ritual din anul 3000. Mai multe stiluri muzicale au fost de mult timp interzise. Publicul este pus \u00een ipostaza unui explorator spa\u021bial care descoper\u0103 un portal ce \u00eei permite s\u0103 reconstituie primul dintre aceste genuri muzicale pierdute definitiv: o manea. Prin recombinarea notelor muzicale, exploratorii sunt invitati sa recompuna o melodie.<\/p>\n\n\n\n<p><\/p>\n\n\n\n<p>Proiect creat \u00een atelierul colaborativ an I, ITPMA @ UNATC Bucure\u0219ti.&nbsp;<br>Studentii de la Tehnologii Interactive: Andrada Baleanu, Lorena Cocora, Radu Condrache<br>Anul productiei: 2023<\/p>\n\n\n\n<p>Link-uri externe:&nbsp;<\/p>\n\n\n\n<ul class=\"wp-block-list\">\n<li><\/li>\n\n\n\n<li><a href=\"https:\/\/itpma.notion.site\/Interactive-Technologies-for-Performing-and-Media-Arts-MA-cd956fc088f242638d627561f9d65a61\">itpma.notion.site<\/a><\/li>\n<\/ul>\n\n\n\n<p><\/p>\n\n\n\n<p><strong>INSTALA\u021aII INTERACTIVE ITPMA an I<\/strong><br>Sala 109b<br>(expuse pe intreaga durata a Usilor Deschise)<\/p>\n\n\n\n<p><\/p>\n\n\n\n<p><strong>Unfortunate Fortune Teller <\/strong>(Lorena Cocora)<br>A fusion of an interactive lamp with a music generator. It emits computer-generated sounds that are hidden beneath a layer of noise which gradually dissipates as your hands hover around the 6 faces.<\/p>\n\n\n\n<p><\/p>\n\n\n\n<p><strong>Woman, Heroine, Queen, Goddess <\/strong>(Andrada B\u0103leanu)<br>Inspired by The Epic of Gilgamesh\u2019s main character who is described in the text as a \u201cman, hero, king, god\u201d, this installation is an exploration of feminine archetypes. In the story, the female characters are portrayed as unidimensional beings, \u201cserving\u201d only one purpose as either mother, mistress or maiden and acting as driving pillars for the plot and development of the hero\u2019s journey. Here, one central figure is used as an expression of these roles, acknowledging womanhood as a multifaceted experience.<\/p>\n\n\n\n<p><\/p>\n\n\n\n<p><strong>Dandori <\/strong>(Radu Condrache)<br>A text-based game about a 20 year old non-binary person who lives in isolation during the DANDORI pandemic and is struggling with depression.<\/p>\n\n\n\n<p><\/p>\n\n\n\n<p><strong>SHOWCASE artistic interactiv: Popular Playthings. A showcase of AI assisted playdates.&nbsp;<\/strong><br>Descriere EN: \u201cFor the past 10 years, I have been collecting old toys, figurines and objects. What started as a process of rescuing damaged, uncollectable toys has more recently transformed into a process of collecting informed by possible scenes that the playthings can be engaged in. Videomaking functions as an interface for playfulness as well as a medium for showcasing the collection and an experiment in creating a digital archive of (old) toys. I have developed a practice of video production based on experimenting with AI software and platforms such as ChatGPT, Midjourney, RunwayML and various text to speech applications. I am exploring the potential of this practice as a research methodology into our collective storytelling practices facilitated by the ChatGPT database and as a means of engaging the public with various social and political topics of concern.\u201d<br>Artist: Maria Nastase<br>Loc: CINETic, Strada Tudor Arghezi, 3B&nbsp;<br>Interval orar: 11:00 &#8211; 20:00 (proiectul va fi expus pe intreaga durata a Usilor Deschise)<\/p>\n\n\n\n<p><\/p>\n\n\n\n<p><\/p>\n\n\n\n<p><\/p>\n<\/div><\/div><\/div>\n\n\n\n<div class=\"wp-block-incas-blocks-collapse\"><div class=\"columns heading-title undefined\"><blockquote class=\"flex-heading\"><div class=\"expand-bar\"><\/div><p class=\"block-heading-title\"><strong><strong>Joi &#8211; 14 martie<\/strong><\/strong><\/p><div class=\"block-heading-subtitle\">Facultatea de TEATRU<\/div><\/blockquote><\/div><div class=\"collapse-body\"><p class=\"highlight-body\"><\/p><div class=\"wp-block-incas-blocks-collapse\">\n<div class=\"wp-block-incas-blocks-section\"><svg xmlns=\"http:\/\/www.w3.org\/2000\/svg\" viewBox=\"0 0 448 448\" width=\"30\" height=\"30\"><circle cx=\"224.46\" cy=\"224.46\" r=\"224.46\" fill=\"#f54634\"><\/circle><\/svg><div class=\"columns\"><div class=\"section-heading\"><p class=\"section-heading-title\"><strong>Spectacole<\/strong><\/p><div class=\"section-heading-subtitle\"><\/div><\/div><\/div><\/div>\n\n\n\n<p><strong>Joi, 14 martie<\/strong>, spectacol de teatru, &#8220;A dou\u0103sprezecea noapte&#8221;<br>Sala Berlogea, ora 18:00<\/p>\n\n\n\n<p><\/p>\n\n\n\n<p><strong>Joi,&nbsp; 14 martie, ora 19.00<\/strong>, sala 3D<br>Spectacol coupe \u201c<strong>Un spectacol la gr\u0103dini\u021b\u0103<\/strong> \u201c de Ana Turo\u0219 &amp; \u201c<strong>Copii r\u0103i<\/strong>\u201d de Mihaela Michailov<br>Anul III &#8211; P\u0103pu\u0219i Marionete<br>Coordonator: lector univ. dr. Dana Voicu<br>Descriere: spectacol urmat de discu\u021bii cu participan\u021bii. Teme care ne intereseaz\u0103 \u00een teatrul contemporan.<\/p>\n\n\n\n<p><\/p>\n\n\n\n<p><\/p>\n\n\n\n<div class=\"wp-block-incas-blocks-section\"><svg xmlns=\"http:\/\/www.w3.org\/2000\/svg\" viewBox=\"0 0 448 448\" width=\"30\" height=\"30\"><circle cx=\"224.46\" cy=\"224.46\" r=\"224.46\" fill=\"#f54634\"><\/circle><\/svg><div class=\"columns\"><div class=\"section-heading\"><p class=\"section-heading-title\">Arta actorului<\/p><div class=\"section-heading-subtitle\">(Licen\u021b\u0103 &#8211; Facultatea de Teatru)<\/div><\/div><\/div><\/div>\n\n\n\n<p><strong>Anul I (12-15 martie)<\/strong><br>Arta actorului, prof.univ.dr. Liviu Lucaci<br>Drd. Simona Pustianu<br>12:00-14:00, Sala 304b, Grupa A<\/p>\n\n\n\n<p><\/p>\n\n\n\n<p>Arta actorului, prof.univ.dr. Mihaela S\u00eerbu<br>Drd. Andrei Atabay<br>12:00-14:00, Sala 306b, Grupa B<br><\/p>\n\n\n\n<p>Arta actorului, prof.univ.dr. Marius G\u00eelea<br>Drd. Vlad Galer<br>12:00-14:00, Sala 304a, Grupa C<\/p>\n\n\n\n<p><\/p>\n\n\n\n<p>Arta actorului, prof.univ.dr. Bogdana Darie<br>Drd. Gabriel Hristu<br>12:00-14:00, Sala 306a, Grupa D<\/p>\n\n\n\n<p><\/p>\n\n\n\n<p><\/p>\n\n\n\n<p><\/p>\n\n\n\n<div class=\"wp-block-incas-blocks-section\"><svg xmlns=\"http:\/\/www.w3.org\/2000\/svg\" viewBox=\"0 0 448 448\" width=\"30\" height=\"30\"><circle cx=\"224.46\" cy=\"224.46\" r=\"224.46\" fill=\"#f54634\"><\/circle><\/svg><div class=\"columns\"><div class=\"section-heading\"><p class=\"section-heading-title\">Actorie<\/p><div class=\"section-heading-subtitle\">(Licen\u021b\u0103 &#8211; Facultatea de Teatru)<\/div><\/div><\/div><\/div>\n\n\n\n<p><strong>Joi, 14 martie<\/strong><br>15:00-16:00&nbsp;<\/p>\n\n\n\n<p><\/p>\n\n\n\n<p>Sala 204 B \u2013 Educa\u021bie fizic\u0103 (mi\u0219care scenic\u0103), gr. A \u2013 conf.univ.dr. Roxana Colceag<br>Sala 104B \u2013 Limbajul corporal \u00een arta actorului, gr. B \u2013 lect.univ.dr. Andrea Gavriliu<br>Sala 307 B \u2013 Curs Vorbire scenic\u0103, gr. C \u2013 conf.univ.dr. Viorica Vatmanu<br>Sala 206 B \u2013 Curs Tehnic\u0103 vocal\u0103, gr. D \u2013 lect.univ.dr. Irina S\u00eerbu<\/p>\n\n\n\n<p><\/p>\n\n\n\n<p><strong>Joi, 14 martie<\/strong><br>10:00-12:00&nbsp;<\/p>\n\n\n\n<p><\/p>\n\n\n\n<p>Sala 204B &#8211; Educa\u021bie fizic\u0103 (mi\u0219care scenic\u0103), gr. A \u2013 lect.univ.dr. Andrea Gavriliu<br>Sala POD ALB \u2013 Limbaj corporal, gr. B \u2013 lect.univ.dr. \u0218tefan Lupu<br>Sala 307B \u2013 Vorbire scenic\u0103, gr. C \u2013 lect.univ.dr. Thomas Cioc\u0219irescu<br>Sala 206 B \u2013 Curs Tehnic\u0103 vocal\u0103, gr. D \u2013 lect.univ.dr. R\u0103zvan Georgescu<\/p>\n\n\n\n<p><\/p>\n\n\n\n<p><\/p>\n\n\n\n<p><\/p>\n\n\n\n<div class=\"wp-block-incas-blocks-section\"><svg xmlns=\"http:\/\/www.w3.org\/2000\/svg\" viewBox=\"0 0 448 448\" width=\"30\" height=\"30\"><circle cx=\"224.46\" cy=\"224.46\" r=\"224.46\" fill=\"#f54634\"><\/circle><\/svg><div class=\"columns\"><div class=\"section-heading\"><p class=\"section-heading-title\">P\u0103pu\u0219i-Marionete<\/p><div class=\"section-heading-subtitle\">(Licen\u021b\u0103 &#8211; Facultatea de Teatru)<\/div><\/div><\/div><\/div>\n\n\n\n<p><strong>Joi,&nbsp; 14 martie 2024<\/strong>, \u00een intervalul orar: 9.00 \u2013 11.00, Sala: 114 A<br>Cursul: <strong>Pantomim\u0103<\/strong>&#8211; An II- P\u0103pu\u0219i-Marionete<br>Coordonator: conf. univ. dr. Ioan Brancu<br>Scurt\u0103 prezentare: Tema cursului este antrenamentul mijloacelor prin care actorul poate juca f\u0103r\u0103 cuvinte, utiliz\u00e2nd ca instrument propriul s\u0103u corp. Jocul cu masca.<\/p>\n\n\n\n<p><\/p>\n\n\n\n<p><strong>Joi,&nbsp; 14 martie 2024, <\/strong>\u00een intervalul orar: 11.00-13.00, Sala: 3D&nbsp;<br>Cursul<strong>: Actorie &#8211; Commedia dell&#8217;Arte<\/strong>&nbsp;, Anul III- P\u0103pu\u0219i-Marionete<br>Coordonator: conf.univ.dr. Liliana Gavrilescu<br>Descriere: Tipologii Commedia dell&#8217;Arte: Arlecchino, Colombina, Brighella<\/p>\n\n\n\n<p><\/p>\n\n\n\n<p><strong>Joi,&nbsp; 14 martie 2024<\/strong>, \u00een intervalul orar: 11.00 \u2013 13.00, Sala: 114 A<br>Cursul: <strong>Pantomim\u0103<\/strong>&#8211; Anul I- P\u0103pu\u0219i-Marionete<br>Coordonator: conf. univ. dr. Ioan Brancu<br>Scurt\u0103 prezentare: Tema cursului este antrenamentul mijloacelor de expresivitate corporal\u0103. Jocul cu masca.<\/p>\n\n\n\n<p><\/p>\n\n\n\n<p><strong>Joi,&nbsp; 14 martie 2024<\/strong>, \u00een intervalul orar: 14.00 &#8211; 17.00 , Sala: 114 A<br>Cursul: <strong>Arta Marionetei<\/strong>&nbsp;&#8211; Anul II- P\u0103pu\u0219i-Marionete<br>Coordonator: lector univ.dr. Anca Bodolan Opri\u0219an<br>Scurt\u0103 prezentare:,,Principiul muzical- coregrafic \u00een Arta Marionetei&#8221;,&nbsp;,,Strings&#8221; &#8211; Fragmente din spectacol, urmate de dou\u0103 sesiuni de discu\u021bii \u0219i workshop, cu o pauz\u0103 de 15 minute.<\/p>\n\n\n\n<p><\/p>\n\n\n\n<p><strong>Joi,&nbsp; 14 martie 2024, <\/strong>\u00een intervalul orar: 14,00-20,00, Sala: 110A<br>Cursul: <\/p>\n\n\n\n<p><strong>Arta m\u00e2nuirii p\u0103pu\u0219ii &#8211;<em>Principiile mi\u0219c\u0103rii p\u0103pu\u0219ii bi-ba-bo.&nbsp;Particularit\u0103\u021bi.<\/em><\/strong><\/p>\n\n\n\n<p>Coordonator: lector univ. dr. Georgeta&nbsp; Dr\u0103gan\/Anul I<br>Descriere: Cursul are ca obiective principale \u00eensu\u0219irea tehnicii de m\u00e2nuire a sistemului bi-ba-bo, cu accent pe elementele procesului scenic, reprezentarea plastic\u0103 a p\u0103pu\u0219ii, ob\u021binerea unui control general \u0219i interpretarea unui&nbsp; personaj.<\/p>\n\n\n\n<p><\/p>\n\n\n\n<p><strong>Joi,&nbsp; 14 martie 2024<\/strong>, \u00een intervalul orar:<strong> <\/strong>14,00-17,00, Sala: 408A<br>Curs: <strong>Expresia sonor\u0103 \u00een teatrul de anima\u021bie<\/strong> -Anul I \u2013Master \u2013Teatru de Animatie<br>Coordonator: conf. univ. dr. Daniel Stanciu<br>Descriere: Arhitectura sonor\u0103 a spectacolului de teatru de anima\u021bie. Macheta muzical\u0103.<\/p>\n\n\n\n<p><\/p>\n\n\n\n<p><\/p>\n\n\n\n<p><\/p>\n\n\n\n<div class=\"wp-block-incas-blocks-section\"><svg xmlns=\"http:\/\/www.w3.org\/2000\/svg\" viewBox=\"0 0 448 448\" width=\"30\" height=\"30\"><circle cx=\"224.46\" cy=\"224.46\" r=\"224.46\" fill=\"#f54634\"><\/circle><\/svg><div class=\"columns\"><div class=\"section-heading\"><p class=\"section-heading-title\">Regie de Teatru<\/p><div class=\"section-heading-subtitle\">(Licen\u021b\u0103 &#8211; Facultatea de Teatru)<\/div><\/div><\/div><\/div>\n\n\n\n<p><strong>12 \u2013 15 martie, Atelier <em>Modalit\u0103\u021bi de explorare a monologului shakespearian<\/em> <\/strong>coordonat de Kiss Csaba. Sunt implica\u021bi studen\u021bii anului III Regie \u0219i anul III Actorie.<\/p>\n\n\n\n<ul class=\"wp-block-list\">\n<li>Orele 10 \u2013 12 Sala 104 B<\/li>\n\n\n\n<li>Orele 16 \u2013 18 Sala Penciulescu<\/li>\n<\/ul>\n\n\n\n<p><\/p>\n\n\n\n<p><strong>14, 15 martie<\/strong> \u2013 orele 11 \u2013 14 Atelier de regie <em>Regizor pentru o zi<\/em>, coordonat de lect.univ.dr. Diana P\u0103curar, lect.univ.dr.Eugen Gyemant<br><em>\u201eRegizor pentru o zi&#8221; este un atelier creativ \u0219i interactiv dedicat tuturor tinerilor interesa\u021bi de procesul form\u0103rii profesionale al unui viitor regizor de teatru. Participan\u021bii vor avea posibilitatea travers\u0103rii etapelor de lucru din spatele unui spectacol, de la analiza \u0219i \u00een\u021belegerea textului dramatic p\u00e2n\u0103 la interac\u021biunea cu actorul. Astfel, participan\u021bii se vor familiariza cu procesul de lucru \u0219i competen\u021bele dob\u00e2ndite \u00een cadrul celor patru ani de studii de licen\u021b\u0103 la specializarea Artele spectacolului \u2013 Regie.&nbsp;&nbsp;<\/em><\/p>\n\n\n\n<p><br><\/p>\n\n\n\n<p><\/p>\n\n\n\n<div class=\"wp-block-incas-blocks-section\"><svg xmlns=\"http:\/\/www.w3.org\/2000\/svg\" viewBox=\"0 0 448 448\" width=\"30\" height=\"30\"><circle cx=\"224.46\" cy=\"224.46\" r=\"224.46\" fill=\"#f54634\"><\/circle><\/svg><div class=\"columns\"><div class=\"section-heading\"><p class=\"section-heading-title\">Pedagogie Teatral\u0103<\/p><div class=\"section-heading-subtitle\">(Masterat &#8211; Facultatea de Teatru)<\/div><\/div><\/div><\/div>\n\n\n\n<p>Atelier de Jocuri Teatrale \u00een vederea dezvolt\u0103rii abilit\u0103\u021bilor specifice artei actorului 11.00-13.00<\/p>\n\n\n\n<p><\/p>\n\n\n\n<p><\/p>\n\n\n\n<div class=\"wp-block-incas-blocks-section\"><svg xmlns=\"http:\/\/www.w3.org\/2000\/svg\" viewBox=\"0 0 448 448\" width=\"30\" height=\"30\"><circle cx=\"224.46\" cy=\"224.46\" r=\"224.46\" fill=\"#f54634\"><\/circle><\/svg><div class=\"columns\"><div class=\"section-heading\"><p class=\"section-heading-title\">Coregrafie<\/p><div class=\"section-heading-subtitle\">(Licen\u021b\u0103 &#8211; Facultatea de Teatru)<\/div><\/div><\/div><\/div>\n\n\n\n<p><strong>11.00-13.00<\/strong> &#8211; <em>\u201eTehnologiile corpului\u201d,<\/em> Tehnici de dans, Licen\u021b\u0103, anul II, lect.univ.dr. Valentina de Piante, sala Parter C<\/p>\n\n\n\n<p><\/p>\n\n\n\n<p><strong>14.00-18.00<\/strong> &#8211;<em>\u201eAspectul expresiv al mi\u0219c\u0103rii\u201d<\/em>, Art\u0103 coregrafic\u0103, Licen\u021b\u0103, anul I, lect.univ.dr.Elena Zamfirescu, sala Parter C<br>(pauze de 10 min la 50 minute pentru schimb, acces vizitatori)<\/p>\n\n\n\n<p><\/p>\n\n\n\n<p><\/p>\n\n\n\n<div class=\"wp-block-incas-blocks-section\"><svg xmlns=\"http:\/\/www.w3.org\/2000\/svg\" viewBox=\"0 0 448 448\" width=\"30\" height=\"30\"><circle cx=\"224.46\" cy=\"224.46\" r=\"224.46\" fill=\"#f54634\"><\/circle><\/svg><div class=\"columns\"><div class=\"section-heading\"><p class=\"section-heading-title\"><strong>Scenografie<\/strong><\/p><div class=\"section-heading-subtitle\">(Licen\u021b\u0103 &#8211; Facultatea de Teatru)<\/div><\/div><\/div><\/div>\n\n\n\n<p><strong>12-15 martie<\/strong>, 10.00-16.00, Hol etaj 4&nbsp;<\/p>\n\n\n\n<p><em>Expozi\u021bie de scenografie<\/em> cu lucr\u0103rile studen\u021bilor din anii I, II, III licen\u021b\u0103<br><\/p>\n\n\n\n<p>Joi &#8211; 12.00-14.00, sala 6,<\/p>\n\n\n\n<p><em>Scenografie<\/em> (curs),&nbsp; anul III \/ conf. univ. dr. \u0218tefan Caragiu.<br><\/p>\n\n\n\n<p>Joi &#8211; 14.00-16.00, sala catedra&nbsp;<\/p>\n\n\n\n<p><em>Scenotehnic\u0103<\/em> (curs),&nbsp; anul II&nbsp; \/ lect. Cristian St\u0103noiu<\/p>\n\n\n\n<p><\/p>\n\n\n\n<p><\/p>\n\n\n\n<p><\/p>\n\n\n\n<div class=\"wp-block-incas-blocks-section\"><svg xmlns=\"http:\/\/www.w3.org\/2000\/svg\" viewBox=\"0 0 448 448\" width=\"30\" height=\"30\"><circle cx=\"224.46\" cy=\"224.46\" r=\"224.46\" fill=\"#f54634\"><\/circle><\/svg><div class=\"columns\"><div class=\"section-heading\"><p class=\"section-heading-title\">Teatrologie &#8211; Jurnalism teatral &amp; Management cultural<\/p><div class=\"section-heading-subtitle\">(Licen\u021b\u0103 &#8211; Facultatea de Teatru)<\/div><\/div><\/div><\/div>\n\n\n\n<p><strong>10:00 \u2013 13:00 , <\/strong>sala 5, etj. 3 &#8211; Departamentul Studii Teatrale<br><strong><em>Istoria teatrului universal<\/em><\/strong><em> <\/em>(curs): <em>Comedia \u0219i mecanismele comicului<\/em> &#8211; anul I licen\u021b\u0103 Teatrologie \/ conf. univ. dr. Anca IONI\u021a\u0102<\/p>\n\n\n\n<p><\/p>\n\n\n\n<p><strong>14:00 \u2013 16:00 , <\/strong>sala 5, etj. 3 &#8211; Departamentul Studii Teatrale<br><strong><em>Managementul proiectului cultural <\/em><\/strong><em>(curs) <\/em>&#8211; anul II licen\u021b\u0103 Teatrologie \/ lect. dr. Maria ROTAR<\/p>\n\n\n\n<p><\/p>\n\n\n\n<p><\/p>\n\n\n\n<p><\/p>\n\n\n\n<p><\/p>\n\n\n\n<div class=\"wp-block-incas-blocks-section\"><svg xmlns=\"http:\/\/www.w3.org\/2000\/svg\" viewBox=\"0 0 448 448\" width=\"30\" height=\"30\"><circle cx=\"224.46\" cy=\"224.46\" r=\"224.46\" fill=\"#f54634\"><\/circle><\/svg><div class=\"columns\"><div class=\"section-heading\"><p class=\"section-heading-title\"><strong><strong>Master Teatrologie &#8211; Management \u0219i Marketing cultural<\/strong><\/strong><\/p><div class=\"section-heading-subtitle\">(Masterat &#8211; Facultatea de Teatru)<\/div><\/div><\/div><\/div>\n\n\n\n<p><strong>16:00 \u2013 18:00 , <\/strong>sala 5, etj. 3 &#8211; Departamentul Studii Teatrale<br><strong><em>Marketing cultural<\/em><\/strong> (curs) &#8211; anul II Master \/ conf. univ.dr. Carmen CROITORU<\/p>\n<\/div><\/div><\/div>\n\n\n\n<div class=\"wp-block-incas-blocks-collapse\"><div class=\"columns heading-title undefined\"><blockquote class=\"flex-heading\"><div class=\"expand-bar\"><\/div><p class=\"block-heading-title\"><strong><strong>Joi &#8211; 14 martie<\/strong><\/strong><\/p><div class=\"block-heading-subtitle\">Facultatea de film<\/div><\/blockquote><\/div><div class=\"collapse-body\"><p class=\"highlight-body\"><\/p><div class=\"wp-block-incas-blocks-collapse\">\n<div class=\"wp-block-incas-blocks-section\"><svg xmlns=\"http:\/\/www.w3.org\/2000\/svg\" viewBox=\"0 0 448 448\" width=\"30\" height=\"30\"><circle cx=\"224.46\" cy=\"224.46\" r=\"224.46\" fill=\"#f54634\"><\/circle><\/svg><div class=\"columns\"><div class=\"section-heading\"><p class=\"section-heading-title\"><strong><strong>Proiec\u021bie<\/strong><\/strong><\/p><div class=\"section-heading-subtitle\"><strong>19:00, Sala Cinema, <\/strong>Sediul UNATC &#8211; Str. Matei Voievod nr. 75-77<\/div><\/div><\/div><\/div>\n\n\n\n<p>Program de filme scurte recente realizate de studen\u021bi \u0219i masteranzi din UNATC<br>1. \u0218i ea de ce nu? (2023, Mariam Sadi Awad), 23 de minute<br>2. Dialog f\u0103r\u0103 r\u0103spuns (2023, Alina Gheorghe, Bianca Preda, Ruxandra Socor), 5 minute<br>3. Dansez \u0219i eu la nunta p\u0103rin\u021bilor mei (2023, Andreea Chiper) , 23 de minute<br>4. Antrenamentul de noapte (2023, Bogdan Alecsandru), 16 minute<br>5. 99999% (2023, Alexandra Roberta \u0218erban), 30 de minute<\/p>\n\n\n\n<p><\/p>\n\n\n\n<p>proiec\u021bie urmat\u0103 de o discu\u021bie cu realizatorii<\/p>\n\n\n\n<p><\/p>\n\n\n\n<p><\/p>\n\n\n\n<p><\/p>\n\n\n\n<div class=\"wp-block-incas-blocks-section\"><svg xmlns=\"http:\/\/www.w3.org\/2000\/svg\" viewBox=\"0 0 448 448\" width=\"30\" height=\"30\"><circle cx=\"224.46\" cy=\"224.46\" r=\"224.46\" fill=\"#f54634\"><\/circle><\/svg><div class=\"columns\"><div class=\"section-heading\"><p class=\"section-heading-title\">Fotografie<\/p><div class=\"section-heading-subtitle\">(Licen\u021b\u0103 &#8211; Facultatea de Film &#8211; Imagine de film \u0219i TV )<\/div><\/div><\/div><\/div>\n\n\n\n<p><strong>Expozi\u021bie de Fotografie a studen\u021bilor UNATC<\/strong><br>12-15 martie<br>Etajul I, sediul UNATC Matei Voievod nr. 75-77<\/p>\n\n\n\n<p><\/p>\n\n\n\n<p><\/p>\n\n\n\n<p><\/p>\n\n\n\n<div class=\"wp-block-incas-blocks-section\"><svg xmlns=\"http:\/\/www.w3.org\/2000\/svg\" viewBox=\"0 0 448 448\" width=\"30\" height=\"30\"><circle cx=\"224.46\" cy=\"224.46\" r=\"224.46\" fill=\"#f54634\"><\/circle><\/svg><div class=\"columns\"><div class=\"section-heading\"><p class=\"section-heading-title\">Multimedia: Sunet-Montaj<\/p><div class=\"section-heading-subtitle\">(Licen\u021b\u0103 &#8211; Facultatea de Film)<\/div><\/div><\/div><\/div>\n\n\n\n<p><strong>1. Computer hardware &#8211; Laptopul multimedia pentru sunet si montaj. Componente importante \u0219i alegerea sistemului complet.<\/strong><br>Conf. univ. dr. hab. Florian Nanu<br>Sala Mov, etajul 3<br>Interval orar 14:00-15:00<\/p>\n\n\n\n<p><\/p>\n\n\n\n<p><strong>2. Muzica de film &#8211; importan\u021ba muzicii originale \u00een filmul de top.<\/strong><br>Conf. univ. dr. hab. Florian Nanu<br>Sala Mov, etajul 3<br>Interval orar 15:00-16:00<\/p>\n\n\n\n<p><\/p>\n\n\n\n<p><strong>3. Birdscape&nbsp;<\/strong><br>&#8220;Birdscape&#8221; este o instala\u021bie sonor\u0103 interactiv\u0103 hexafonic\u0103 focusat\u00e3 pe ecologie acustic\u0103. Publicul poate elimina din ambientul 360 elementele sonore urbane poluante, evidentiind astfel sunetele naturale aproape uitate, ale p\u0103s\u0103rilor si ale p\u0103durilor ce \u00eenconjoar\u0103 ora\u0219ul.&nbsp;<br>Dr. Stefan Damian<br>CINETIc UNATC &#8211; str Tudor Arghezi, 3b<br>Interval orar 17:00-20:00<\/p>\n\n\n\n<p><\/p>\n\n\n\n<p><strong>Mod de func\u021bionare:<\/strong><br>Ia senzorul \u0219i intr\u00e3 \u00een spa\u021biul instala\u021biei. Ascult\u0103 ambientul sonor \u0219i descoper\u0103 direc\u021biile din care provin zgomotele urbane, sunetele p\u0103s\u0103rilor \u0219i ale naturii. Rote\u0219te senzorul \u0219i afl\u00e3 ce sunete naturale se ascund dincolo de oras, din direc\u021bia spre care rotesti.<\/p>\n\n\n\n<p><\/p>\n\n\n\n<p><em>Instala\u021bie realizat\u0103 \u00een cadrul festivalului RADAR 2023 \u00een parteneriat cu Societatea Ornitologic\u0103 Rom\u00e2n\u0103.<\/em><\/p>\n\n\n\n<p><\/p>\n\n\n\n<p><\/p>\n\n\n\n<p><\/p>\n\n\n\n<div class=\"wp-block-incas-blocks-section\"><svg xmlns=\"http:\/\/www.w3.org\/2000\/svg\" viewBox=\"0 0 448 448\" width=\"30\" height=\"30\"><circle cx=\"224.46\" cy=\"224.46\" r=\"224.46\" fill=\"#f54634\"><\/circle><\/svg><div class=\"columns\"><div class=\"section-heading\"><p class=\"section-heading-title\">Expozi\u021bii permanente<\/p><div class=\"section-heading-subtitle\">Facultatea de Film<\/div><\/div><\/div><\/div>\n\n\n\n<p><strong>Afi\u0219 de film<\/strong><br>expozi\u021bie<strong> <\/strong>cu lucr\u0103rile studen\u021bilor anului III, licen\u021b\u0103 Anima\u021bie<br>prof. coordonator: Mirela Vlad<br>Hol etajul I, sediul UNATC Matei Voievod nr. 75-77<br><strong>Interval orar:<\/strong> permanent<\/p>\n\n\n\n<p><\/p>\n\n\n\n<p><strong>Afi\u0219 de Festival &#8211; CineMaIubit<\/strong><br>expozi\u021bie<strong> <\/strong>cu lucr\u0103rile studen\u021bilor din anii I &amp; II, licen\u021b\u0103 Anima\u021bie<br>prof. coordonator: Mirela Vlad<br>Hol etajul I, sediul UNATC Matei Voievod nr. 75-77<br><strong>Interval orar:<\/strong> permanent<\/p>\n\n\n\n<p><\/p>\n\n\n\n<p><strong>Character Design 3D Show<\/strong><br>selec\u021bie din lucr\u0103rile studen\u021bilor din anii I &amp; II, licen\u021b\u0103 Anima\u021bie<br>prof. coordonator: Mirela Vlad<br>Pod 3 Anima\u021bie, sediul UNATC Matei Voievod nr. 75-77<br><strong>Interval orar: <\/strong>14:00-15:00<\/p>\n\n\n\n<p><\/p>\n\n\n\n<p><strong>Showreel &amp; Filme Licen\u021b\u0103 \u0219i Master Anima\u021bie \u0219i Game Design<\/strong><br>coordonatori: lector. univ. dr. Valeriu C\u0103liman, conf. univ. dr. Mirela Vlad, conf. univ. dr. Matei Branea, lect. univ. dr. Diana<br>Dragomir<br>Pod 3 Anima\u021bie, sediul UNATC Matei Voievod nr. 75-77<br><strong>Interval orar: <\/strong>All-day<br><\/p>\n\n\n\n<p><strong>Expozi\u021bie BD<\/strong><br>expozi\u021bie<strong>&nbsp;<\/strong><br>Coordonatoare: lect.univ.dr. Constantina Mih\u0103il\u0103<br>Anima\u021bie Pod 4, sediul UNATC Matei Voievod nr. 75-77<\/p>\n\n\n\n<p><\/p>\n\n\n\n<p><\/p>\n\n\n\n<div class=\"wp-block-incas-blocks-section\"><svg xmlns=\"http:\/\/www.w3.org\/2000\/svg\" viewBox=\"0 0 448 448\" width=\"30\" height=\"30\"><circle cx=\"224.46\" cy=\"224.46\" r=\"224.46\" fill=\"#f54634\"><\/circle><\/svg><div class=\"columns\"><div class=\"section-heading\"><p class=\"section-heading-title\"><strong>Comunicare Audiovizual\u0103 &#8211; Scenaristic\u0103, Filmologie<\/strong><\/p><div class=\"section-heading-subtitle\">(Licen\u021b\u0103 &#8211; Facultatea de Film)<\/div><\/div><\/div><\/div>\n\n\n\n<p><strong>Cursuri deschise<\/strong><\/p>\n\n\n\n<p>Joi, 14 martie, ora 12:00-14:00<br>curs: Scenaristic\u0103 (Licen\u021b\u0103 Comunicare audiovizual\u0103, anul 3)<br>sus\u021binut de: conf. univ. dr. Ana Agopian \u0219i asist. univ. drd. Adrian Ionescu<br>loc: sala 208B (etajul 2, cl\u0103direa principal\u0103)<\/p>\n\n\n\n<p><\/p>\n\n\n\n<p><strong>Convorbiri cu alumni <\/strong><br>Dou\u0103 discu\u021bii propuse de departamentul Scenaristic\u0103 &#8211; Filmologie cu alumni care au continuat s\u0103 profeseze \u00een domeniul pe<br>care l-au studiat la licen\u021b\u0103 \u0219i\/sau master. Prima \u00eent\u00e2lnire va fi cu absolventele \u0219i absolven\u021bii care s-au \u00eendreptat spre scenaristic\u0103, iar a doua discu\u021bie cu cele\/cei care s-au axat \u00een principal pe filmologie.<br><\/p>\n\n\n\n<p>Convorbiri cu alumni (filmologie-arhive audiovizuale)<\/p>\n\n\n\n<p><strong>Joi 14 martie, ora 16<\/strong><br>Sala Centrului de Pedagogie \u0219i Studiul Imaginii \u201eSorin Boto\u0219eneanu\u201d (etajul 2 al cl\u0103dirii principale, la cap\u0103tul coridorului din partea st\u00e2ng\u0103)<br>Invita\u021bi: C\u0103lin Boto, Liri Chapelan, Ana Szel, Georgiana Vr\u0103jitoru-Madin.<br>Moderatoare: Irina Trocan<\/p>\n\n\n\n<p><\/p>\n\n\n\n<p><\/p>\n\n\n\n<div class=\"wp-block-incas-blocks-section\"><svg xmlns=\"http:\/\/www.w3.org\/2000\/svg\" viewBox=\"0 0 448 448\" width=\"30\" height=\"30\"><circle cx=\"224.46\" cy=\"224.46\" r=\"224.46\" fill=\"#f54634\"><\/circle><\/svg><div class=\"columns\"><div class=\"section-heading\"><p class=\"section-heading-title\"><strong>Tehnologii Interactive pentru Arte Performative \u0219i Media<\/strong><\/p><div class=\"section-heading-subtitle\">(Masterat &#8211; Facultatea de Film)<\/div><\/div><\/div><\/div>\n\n\n\n<p><strong>SHOWCASE artistic interactiv: BANAT IN BANAT<\/strong><br>Holul UNATC<br><strong>Interval orar: <\/strong>11:00 &#8211; 20:00 (proiectul va fi expus pe intreaga durata Usilor Deschise)<br><strong>Descriere:<\/strong> Suntem invitati sa exploram un ritual din anul 3000. Mai multe stiluri muzicale au fost de mult timp interzise. Publicul este pus \u00een ipostaza unui explorator spa\u021bial care descoper\u0103 un portal ce \u00eei permite s\u0103 reconstituie primul dintre aceste genuri muzicale pierdute definitiv: o manea. Prin recombinarea notelor muzicale, exploratorii sunt invitati sa recompuna o melodie.<\/p>\n\n\n\n<p><\/p>\n\n\n\n<p>Proiect creat \u00een atelierul colaborativ an I, ITPMA @ UNATC Bucure\u0219ti.&nbsp;<br>Studentii de la Tehnologii Interactive: Andrada Baleanu, Lorena Cocora, Radu Condrache<br>Anul productiei: 2023<br>Link-uri externe:&nbsp;<\/p>\n\n\n\n<ul class=\"wp-block-list\">\n<li><\/li>\n\n\n\n<li><a href=\"https:\/\/itpma.notion.site\/Interactive-Technologies-for-Performing-and-Media-Arts-MA-cd956fc088f242638d627561f9d65a61\">itpma.notion.site<\/a><\/li>\n<\/ul>\n\n\n\n<p><\/p>\n\n\n\n<p><strong>SHOWCASE artistic interactiv: Popular Playthings. A showcase of AI assisted playdates.&nbsp;<\/strong><br>Descriere EN: \u201cFor the past 10 years, I have been collecting old toys, figurines and objects. What started as a process of rescuing damaged, uncollectable toys has more recently transformed into a process of collecting informed by possible scenes that the playthings can be engaged in. Videomaking functions as an interface for playfulness as well as a medium for showcasing the collection and an experiment in creating a digital archive of (old) toys. I have developed a practice of video production based on experimenting with AI software and platforms such as ChatGPT, Midjourney, RunwayML and various text to speech applications. I am exploring the potential of this practice as a research methodology into our collective storytelling practices facilitated by the ChatGPT database and as a means of engaging the public with various social and political topics of concern.\u201d<br>Artist: Maria Nastase<br>Loc: CINETic, Strada Tudor Arghezi, 3B&nbsp;<br>Interval orar: 11:00 &#8211; 20:00 (proiectul va fi expus pe intreaga durata a Usilor Deschise)<\/p>\n\n\n\n<p><\/p>\n\n\n\n<p><strong>INSTALA\u021aII INTERACTIVE ITPMA an I<\/strong><br>Sala 109b<br>(expuse pe intreaga durata a Usilor Deschise)<\/p>\n\n\n\n<p><\/p>\n\n\n\n<p><strong>Unfortunate Fortune Teller <\/strong>(Lorena Cocora)<br>A fusion of an interactive lamp with a music generator. It emits computer-generated sounds that are hidden beneath a layer of noise which gradually dissipates as your hands hover around the 6 faces.<\/p>\n\n\n\n<p><\/p>\n\n\n\n<p><strong>Woman, Heroine, Queen, Goddess <\/strong>(Andrada B\u0103leanu)<br>Inspired by The Epic of Gilgamesh\u2019s main character who is described in the text as a \u201cman, hero, king, god\u201d, this installation is an exploration of feminine archetypes. In the story, the female characters are portrayed as unidimensional beings, \u201cserving\u201d only one purpose as either mother, mistress or maiden and acting as driving pillars for the plot and development of the hero\u2019s journey.<br>Here, one central figure is used as an expression of these roles, acknowledging womanhood as a multifaceted experience.<\/p>\n\n\n\n<p><\/p>\n\n\n\n<p><strong>Dandori <\/strong>(Radu Condrache)<\/p>\n\n\n\n<p>A text-based game about a 20 year old non-binary person who lives in isolation during the DANDORI pandemic and is struggling with depression.<\/p>\n\n\n\n<p><\/p>\n\n\n\n<p><\/p>\n\n\n\n<p><\/p>\n\n\n\n<div class=\"wp-block-incas-blocks-section\"><svg xmlns=\"http:\/\/www.w3.org\/2000\/svg\" viewBox=\"0 0 448 448\" width=\"30\" height=\"30\"><circle cx=\"224.46\" cy=\"224.46\" r=\"224.46\" fill=\"#f54634\"><\/circle><\/svg><div class=\"columns\"><div class=\"section-heading\"><p class=\"section-heading-title\"><strong>Arta designului de jocuri (Art of Game Design)<\/strong><\/p><div class=\"section-heading-subtitle\">(Masterat &#8211; Facultatea de Film)<\/div><\/div><\/div><\/div>\n\n\n\n<p><strong>Cursuri deschise<\/strong><\/p>\n\n\n\n<p><strong>Joi, 14 martie, ora 13:00-15:00<br><\/strong>curs: Analog Game Protoyping (Master, anul 1, Art of Game Design)<br>tema cursului: <strong>Atelier de stop-motion pentru Game Design<\/strong><br>coordonat de: dr. Maria Mandea<br>loc: Platou Stop-motion (demisol, UNATC, sediul Matei Voievod, nr. 75-77)<\/p>\n\n\n\n<p><\/p>\n\n\n\n<p><strong>Expozi\u021bii permanente&nbsp;<\/strong><br><strong>Showreel jocuri Game Design \u0219i Filme Licen\u021b\u0103 \u0219i Master Anima\u021bie<\/strong><br>coordonatori: lector. univ. dr. Valeriu C\u0103liman, conf. univ. dr. Mirela Vlad, conf. univ. dr. Matei Branea, lect. univ. dr. Diana Dragomir<br>Pod 3 Anima\u021bie, sediul UNATC Matei Voievod nr. 75-77<br><strong>Interval orar: <\/strong>All-day<\/p>\n<\/div><\/div><\/div>\n\n\n\n<div class=\"wp-block-incas-blocks-collapse\"><div class=\"columns heading-title undefined\"><blockquote class=\"flex-heading\"><div class=\"expand-bar\"><\/div><p class=\"block-heading-title\"><strong>Joi \u2013 14 martie<\/strong><\/p><div class=\"block-heading-subtitle\">Cercetare UNATC<\/div><\/blockquote><\/div><div class=\"collapse-body\"><p class=\"highlight-body\"><\/p><div class=\"wp-block-incas-blocks-collapse\">\n<div class=\"wp-block-incas-blocks-section\"><svg xmlns=\"http:\/\/www.w3.org\/2000\/svg\" viewBox=\"0 0 448 448\" width=\"30\" height=\"30\"><circle cx=\"224.46\" cy=\"224.46\" r=\"224.46\" fill=\"#f54634\"><\/circle><\/svg><div class=\"columns\"><div class=\"section-heading\"><p class=\"section-heading-title\"><strong><strong>Birdscape<\/strong><\/strong><\/p><div class=\"section-heading-subtitle\"><\/div><\/div><\/div><\/div>\n\n\n\n<p>&#8220;Birdscape&#8221; este o instala\u021bie sonor\u0103 interactiv\u0103 hexafonic\u0103 focusat\u00e3 pe ecologie acustic\u0103. Publicul poate elimina din ambientul 360 elementele sonore urbane poluante, evidentiind astfel sunetele naturale aproape uitate, ale p\u0103s\u0103rilor si ale p\u0103durilor ce \u00eenconjoar\u0103 ora\u0219ul.&nbsp;<br>Dr. Stefan Damian<br>CINETIc UNATC &#8211; str Tudor Arghezi, 3b<br>Interval orar 17:00-20:00<\/p>\n\n\n\n<p><\/p>\n\n\n\n<p><\/p>\n<\/div><\/div><\/div>\n\n\n\n<div class=\"wp-block-incas-blocks-collapse\"><div class=\"columns heading-title undefined\"><blockquote class=\"flex-heading\"><div class=\"expand-bar\"><\/div><p class=\"block-heading-title\"><strong><strong>Vineri &#8211; 15 martie<\/strong><\/strong><\/p><div class=\"block-heading-subtitle\">Facultatea de TEATRU<\/div><\/blockquote><\/div><div class=\"collapse-body\"><p class=\"highlight-body\"><\/p><div class=\"wp-block-incas-blocks-collapse\">\n<div class=\"wp-block-incas-blocks-section\"><svg xmlns=\"http:\/\/www.w3.org\/2000\/svg\" viewBox=\"0 0 448 448\" width=\"30\" height=\"30\"><circle cx=\"224.46\" cy=\"224.46\" r=\"224.46\" fill=\"#f54634\"><\/circle><\/svg><div class=\"columns\"><div class=\"section-heading\"><p class=\"section-heading-title\"><strong>Spectacole<\/strong><\/p><div class=\"section-heading-subtitle\"><\/div><\/div><\/div><\/div>\n\n\n\n<p><strong>Vineri, 15 martie<\/strong>, spectacol de teatru, <strong>&#8220;D&#8217;ale carnavalului&#8221;<\/strong><br>Sala Berlogea, ora 18:00<\/p>\n\n\n\n<p><\/p>\n\n\n\n<p><strong>15 martie<\/strong> \u2013 ora 19** Spectacol <strong>\u0218arpele \u00een iarb\u0103 <\/strong>de Alan Ayckburn&nbsp;<\/p>\n\n\n\n<p>**Ora de \u00eenceput a spectacolului se poate modifica, \u00een func\u021bie de necesit\u0103\u021bi (dac\u0103 mai sunt programate, de exemplu, alte spectacole \u00een acea zi)<\/p>\n\n\n\n<p><br><strong>Vineri, 15 martie<\/strong>, avanpremier\u0103 spectacol coregrafie <strong>&#8220;InTrecere&#8221;<\/strong><br>Sala Atelier, ora 19:00<\/p>\n\n\n\n<p><\/p>\n\n\n\n<p><\/p>\n\n\n\n<div class=\"wp-block-incas-blocks-section\"><svg xmlns=\"http:\/\/www.w3.org\/2000\/svg\" viewBox=\"0 0 448 448\" width=\"30\" height=\"30\"><circle cx=\"224.46\" cy=\"224.46\" r=\"224.46\" fill=\"#f54634\"><\/circle><\/svg><div class=\"columns\"><div class=\"section-heading\"><p class=\"section-heading-title\">Arta actorului<\/p><div class=\"section-heading-subtitle\">(Licen\u021b\u0103 &#8211; Facultatea de Teatru)<\/div><\/div><\/div><\/div>\n\n\n\n<p><strong>Anul I<\/strong><br>Arta actorului, prof.univ.dr. Liviu Lucaci<br>Drd. Simona Pustianu<br>12:00-14:00, Sala 304b, Grupa A<\/p>\n\n\n\n<p><\/p>\n\n\n\n<p>Arta actorului, prof.univ.dr. Mihaela S\u00eerbu<br>Drd. Andrei Atabay<br>12:00-14:00, Sala 306b, Grupa B<\/p>\n\n\n\n<p><\/p>\n\n\n\n<p>Arta actorului, prof.univ.dr. Marius G\u00eelea<br>Drd. Vlad Galer<br>12:00-14:00, Sala 304a, Grupa C<\/p>\n\n\n\n<p><\/p>\n\n\n\n<p>Arta actorului, prof.univ.dr. Bogdana Darie<br>Drd. Gabriel Hristu<br>12:00-14:00, Sala 306a, Grupa D<\/p>\n\n\n\n<p><\/p>\n\n\n\n<p><strong>Anul II&nbsp;<\/strong><br>Arta actorului, conf. univ.dr. \u0218tefana Samfira<br>Lector univ.dr. \u0218tefan Pavel<br>15 martie, 16.30 &#8211; 18.00, Sala 306b, anul II,&nbsp; Grupa D&nbsp;<\/p>\n\n\n\n<p>&nbsp;<\/p>\n\n\n\n<p><\/p>\n\n\n\n<div class=\"wp-block-incas-blocks-section\"><svg xmlns=\"http:\/\/www.w3.org\/2000\/svg\" viewBox=\"0 0 448 448\" width=\"30\" height=\"30\"><circle cx=\"224.46\" cy=\"224.46\" r=\"224.46\" fill=\"#f54634\"><\/circle><\/svg><div class=\"columns\"><div class=\"section-heading\"><p class=\"section-heading-title\">Actorie<\/p><div class=\"section-heading-subtitle\">(Licen\u021b\u0103 &#8211; Facultatea de Teatru)<\/div><\/div><\/div><\/div>\n\n\n\n<p><strong>Vineri, 15 martie<\/strong><br>15:00-16:00&nbsp;<\/p>\n\n\n\n<p><\/p>\n\n\n\n<p>Sala 104B \u2013 Limbajul corporal \u00een arta actorului, gr. A \u2013 lect.univ.dr. Andrea Gavriliu<br>Sala 307 B \u2013 Curs Vorbire scenic\u0103, gr. B \u2013 conf.univ.dr. Viorica Vatmanu<br>Sala 204 B \u2013 Educa\u021bie fizic\u0103 (mi\u0219care scenic\u0103), gr. D \u2013 conf.univ.dr. Roxana Colceag<br>Sala 206 B \u2013 Curs Tehnic\u0103 vocal\u0103, gr. C \u2013 lect.univ.dr. Irina S\u00eerbu<\/p>\n\n\n\n<p><\/p>\n\n\n\n<p><strong>Vineri, 15 martie<\/strong><br>10:00-12:00&nbsp;<\/p>\n\n\n\n<p><\/p>\n\n\n\n<p>Sala POD ALB \u2013 Limbaj corporal, gr. A \u2013 lect.univ.dr. \u0218tefan Lupu<br>Sala 307B \u2013 Vorbire scenic\u0103, gr. B \u2013 lect.univ.dr. Thomas Cioc\u0219irescu<br>Sala 306A &#8211; Tehnica vocal\u0103, gr. C \u2013 prof.univ.dr. Mircea Gheorghiu, lect.univ.dr. Raluca Dit\u0103<br>Sala 204B &#8211; Educa\u021bie fizic\u0103 (mi\u0219care scenic\u0103), gr. D \u2013 lect.univ.dr. Andrea Gavriliu<br>Sala 206 B \u2013 Curs Tehnic\u0103 vocal\u0103, gr. D \u2013 lect.univ.dr. R\u0103zvan Georgescu<\/p>\n\n\n\n<p><\/p>\n\n\n\n<p><\/p>\n\n\n\n<p><\/p>\n\n\n\n<div class=\"wp-block-incas-blocks-section\"><svg xmlns=\"http:\/\/www.w3.org\/2000\/svg\" viewBox=\"0 0 448 448\" width=\"30\" height=\"30\"><circle cx=\"224.46\" cy=\"224.46\" r=\"224.46\" fill=\"#f54634\"><\/circle><\/svg><div class=\"columns\"><div class=\"section-heading\"><p class=\"section-heading-title\">P\u0103pu\u0219i-Marionete<\/p><div class=\"section-heading-subtitle\">(Licen\u021b\u0103 &#8211; Facultatea de Teatru)<\/div><\/div><\/div><\/div>\n\n\n\n<p><strong>Vineri, 15 martie, 2024, <\/strong>\u00een intervalul orar: 10.00 &#8211; 13.00, sala 3D<br>Cursul: Arta Actorului- Anul I- P\u0103pu\u0219i-Marionete<br>Coordonator:&nbsp; lector univ. dr. Dana Voicu<br>Descriere: Improviza\u021bie. Desfacerea textului. Situa\u021bia scenic\u0103.<\/p>\n\n\n\n<p><\/p>\n\n\n\n<p><strong>Vineri, 15 martie, 2024, <\/strong>\u00een intervalul orar: 12.00-14.00, Sala 408A<br>Cursul: <strong>Regia spectacolului de anima\u021bie<\/strong>&#8211; Anul II-Master \u2013Teatru de Anima\u021bie<br>Coordonator: conf. univ. dr. Daniel Stanciu<br>Descriere: Etapele realiz\u0103rii unui spectacol de anima\u021bie.&nbsp;<\/p>\n\n\n\n<p><\/p>\n\n\n\n<p><strong>Vineri, 15 martie, 2024,&nbsp; <\/strong>\u00een intervalul orar: 13-14, Sala: 110 A<br>Cursul : <strong>Arta m\u00e2nuirii p\u0103pu\u0219ii<\/strong>&nbsp;&#8211; Anul III- P\u0103pu\u0219i-Marionete<br>Coordonator: conf.univ.dr. Liliana Gavrilescu<br>Descriere: Scene \u00een lucru din spectacolul de licen\u021b\u0103 &#8220;Momo&#8221;<br>Sisteme de construc\u021bie-stil de m\u00e2nuire: p\u0103pu\u0219a cu articula\u021bii multiple \u0219i p\u0103pu\u0219a cu ghen\u0103<\/p>\n\n\n\n<p><\/p>\n\n\n\n<p><strong>Vineri, 15 martie, 2024, <\/strong>\u00een intervalul orar:14.00-16.00, Sala: Atelier 414A<br>Cursul: <strong>Tehnica teatrului de anima\u021bie<\/strong>. Master \u2013anul II -Teatru de anima\u021bie<br>Coordonator: conf. univ. dr. Decebal Marin<br>Descriere:&nbsp; Materiale, tehnici de construc\u021bie \u0219i asamblare pentru sporirea mobilit\u0103\u021bii \u0219i expresivit\u0103\u021bii personajelor din spectacolul de anima\u021bie.<\/p>\n\n\n\n<p><\/p>\n\n\n\n<p><strong>Vineri, 15 martie, 2024, <\/strong>\u00een intervalul orar:15.00-16.00, Sala:114<br>Cursul: <strong>Arta m\u00e2nuirii marionetei<\/strong>&#8211; Anul I- P\u0103pu\u0219i-Marionete<br>Coordonator: lect.univ.dr. Dumitrescu Mihai.&nbsp;<br>Tema: Utilizarea unui fi\u0219ier audio pentru realizarea unui rol cu marioneta.<\/p>\n\n\n\n<p><\/p>\n\n\n\n<p><\/p>\n\n\n\n<p><\/p>\n\n\n\n<div class=\"wp-block-incas-blocks-section\"><svg xmlns=\"http:\/\/www.w3.org\/2000\/svg\" viewBox=\"0 0 448 448\" width=\"30\" height=\"30\"><circle cx=\"224.46\" cy=\"224.46\" r=\"224.46\" fill=\"#f54634\"><\/circle><\/svg><div class=\"columns\"><div class=\"section-heading\"><p class=\"section-heading-title\">Regie de Teatru<\/p><div class=\"section-heading-subtitle\">(Licen\u021b\u0103 &#8211; Facultatea de Teatru)<\/div><\/div><\/div><\/div>\n\n\n\n<p><strong>Anul III<\/strong><br><strong>15 martie<\/strong> \u2013 ora 19** Spectacol <em>\u0218arpele \u00een iarb\u0103<\/em> de Alan Ayckburn &#8211; sala Ion Sava<br>**Ora de \u00eenceput a spectacolului se poate modifica, \u00een func\u021bie de necesit\u0103\u021bi (dac\u0103 mai sunt programate, de exemplu, alte spectacole \u00een acea zi)<\/p>\n\n\n\n<p><\/p>\n\n\n\n<p><strong>12 \u2013 15 martie, Atelier <em>Modalit\u0103\u021bi de explorare a monologului shakespearian<\/em> <\/strong>coordonat de Kiss Csaba. Sunt implica\u021bi<br>studen\u021bii anului III Regie \u0219i anul III Actorie.<\/p>\n\n\n\n<ul class=\"wp-block-list\">\n<li>Orele 10 \u2013 12 Sala 104 B<\/li>\n\n\n\n<li>Orele 16 \u2013 18 Sala Penciulescu<\/li>\n<\/ul>\n\n\n\n<p><\/p>\n\n\n\n<p><strong>14, 15 martie<\/strong> \u2013 orele 11 \u2013 14 Atelier de regie <em>Regizor pentru o zi<\/em>, coordonat de lect.univ.dr. Diana P\u0103curar, lect.univ.dr. Eugen Gyemant<br><em>\u201eRegizor pentru o zi&#8221; este un atelier creativ \u0219i interactiv dedicat tuturor tinerilor interesa\u021bi de procesul form\u0103rii profesionale al unui viitor regizor de teatru. Participan\u021bii vor avea posibilitatea travers\u0103rii etapelor de lucru din spatele unui spectacol, de la analiza \u0219i \u00een\u021belegerea textului dramatic p\u00e2n\u0103 la interac\u021biunea cu actorul. Astfel, participan\u021bii se vor familiariza cu procesul de lucru \u0219i competen\u021bele dob\u00e2ndite \u00een cadrul celor patru ani de studii de licen\u021b\u0103 la specializarea Artele spectacolului \u2013 Regie.&nbsp;&nbsp;<\/em><\/p>\n\n\n\n<p><\/p>\n\n\n\n<p><\/p>\n\n\n\n<div class=\"wp-block-incas-blocks-section\"><svg xmlns=\"http:\/\/www.w3.org\/2000\/svg\" viewBox=\"0 0 448 448\" width=\"30\" height=\"30\"><circle cx=\"224.46\" cy=\"224.46\" r=\"224.46\" fill=\"#f54634\"><\/circle><\/svg><div class=\"columns\"><div class=\"section-heading\"><p class=\"section-heading-title\">Art\u0103 coregrafic\u0103<\/p><div class=\"section-heading-subtitle\">(Masterat &#8211; Facultatea de Teatru)<\/div><\/div><\/div><\/div>\n\n\n\n<p><strong>12.00-15.00<\/strong> Art\u0103 coregrafic\u0103 &#8211;<em>\u201eUniversuri ale compozi\u021biei coregrafice\u201d<\/em>, Master Art\u0103 coregrafic\u0103, anul I, coordonatori: lect. univ.dr.Elena Zamfirescu \u0219i lect.univ.dr. Andreea Du\u021b\u0103, sala Parter C<br><\/p>\n\n\n\n<p>(pauze de 10 min la 50 minute pentru schimb, acces vizitatori)<\/p>\n\n\n\n<p><\/p>\n\n\n\n<p><\/p>\n\n\n\n<div class=\"wp-block-incas-blocks-section\"><svg xmlns=\"http:\/\/www.w3.org\/2000\/svg\" viewBox=\"0 0 448 448\" width=\"30\" height=\"30\"><circle cx=\"224.46\" cy=\"224.46\" r=\"224.46\" fill=\"#f54634\"><\/circle><\/svg><div class=\"columns\"><div class=\"section-heading\"><p class=\"section-heading-title\"><strong>Scenografie<\/strong><\/p><div class=\"section-heading-subtitle\">(Licen\u021b\u0103 &#8211; Facultatea de Teatru)<\/div><\/div><\/div><\/div>\n\n\n\n<p>Toate cursurile se vor desf\u0103\u0219ura la etajul 4, la Departamentul Scenografie <br>12-15 martie, 10.00-16.00, Hol etaj 4&nbsp;<\/p>\n\n\n\n<p><\/p>\n\n\n\n<p><em>Expozi\u021bie de scenografie<\/em> cu lucr\u0103rile studen\u021bilor din anii I, II, III licen\u021b\u0103<br>Vineri &#8211; 13.00-14.00 sala \u0218tefania Cenean, etj. 4 <br><em>Scenografie<\/em> (curs )anul II&nbsp; \/ lect. univ. dr. Imelda Jipa<\/p>\n\n\n\n<p><\/p>\n\n\n\n<p><\/p>\n\n\n\n<p><\/p>\n\n\n\n<div class=\"wp-block-incas-blocks-section\"><svg xmlns=\"http:\/\/www.w3.org\/2000\/svg\" viewBox=\"0 0 448 448\" width=\"30\" height=\"30\"><circle cx=\"224.46\" cy=\"224.46\" r=\"224.46\" fill=\"#f54634\"><\/circle><\/svg><div class=\"columns\"><div class=\"section-heading\"><p class=\"section-heading-title\">Teatrologie &#8211; Jurnalism teatral &amp; Management cultural<\/p><div class=\"section-heading-subtitle\">(Licen\u021b\u0103 &#8211; Facultatea de Teatru)<\/div><\/div><\/div><\/div>\n\n\n\n<p><strong>11:00 \u2013 14:00, Sala 5, etj, 3 &#8211;&nbsp; <\/strong>Departamentul Studii Teatrale<\/p>\n\n\n\n<p><strong><em>Tehnici de teatru devised<\/em><\/strong>, atelier de scriere dramatic\u0103, (max. 10 persoane) \/ Daria ANCU\u021aA, student\u0103 anul III, Teatrologie \u2013 Jurnalism teatral<\/p>\n\n\n\n<p>Pentru c\u0103 atelierul se desf\u0103\u0219oar\u0103 \u00eentr-un format interactiv, selec\u021bia &nbsp;participan\u021bilor se va face pe baza unui <a href=\"https:\/\/forms.gle\/NqmipdK1TLEjzrADA\" data-type=\"link\" data-id=\"https:\/\/forms.gle\/NqmipdK1TLEjzrADA\" target=\"_blank\" rel=\"noreferrer noopener\">formular online.<\/a> <\/p>\n\n\n\n<p><\/p>\n\n\n\n<p><\/p>\n\n\n\n<p><\/p>\n\n\n\n<div class=\"wp-block-incas-blocks-section\"><svg xmlns=\"http:\/\/www.w3.org\/2000\/svg\" viewBox=\"0 0 448 448\" width=\"30\" height=\"30\"><circle cx=\"224.46\" cy=\"224.46\" r=\"224.46\" fill=\"#f54634\"><\/circle><\/svg><div class=\"columns\"><div class=\"section-heading\"><p class=\"section-heading-title\"><strong><strong><strong>Teatrologie &#8211; Master Studii teatrale \u0219i performance<\/strong><\/strong><\/strong><\/p><div class=\"section-heading-subtitle\">(Masterat &#8211; Facultatea de Teatru)<\/div><\/div><\/div><\/div>\n\n\n\n<p><strong>14:00 \u2013 16:00,<\/strong> sala 5, etj. 3<strong> &#8211; <\/strong>Departamentul Studii Teatrale<br><strong><em>Direc\u021bii \u0219i tendin\u021be \u00een teatrul european <\/em><\/strong>(curs),&nbsp; anul I Master Studii Teatrale \u0219i Performance \/ lect. univ. dr. Oana BOR\u0218<\/p>\n<\/div><\/div><\/div>\n\n\n\n<div class=\"wp-block-incas-blocks-collapse\"><div class=\"columns heading-title undefined\"><blockquote class=\"flex-heading\"><div class=\"expand-bar\"><\/div><p class=\"block-heading-title\"><strong><strong>Vineri &#8211; 15 martie<\/strong><\/strong><\/p><div class=\"block-heading-subtitle\">Facultatea de film<\/div><\/blockquote><\/div><div class=\"collapse-body\"><p class=\"highlight-body\"><\/p><div class=\"wp-block-incas-blocks-collapse\">\n<p><\/p>\n\n\n\n<div class=\"wp-block-incas-blocks-section\"><svg xmlns=\"http:\/\/www.w3.org\/2000\/svg\" viewBox=\"0 0 448 448\" width=\"30\" height=\"30\"><circle cx=\"224.46\" cy=\"224.46\" r=\"224.46\" fill=\"#f54634\"><\/circle><\/svg><div class=\"columns\"><div class=\"section-heading\"><p class=\"section-heading-title\">Fotografie<\/p><div class=\"section-heading-subtitle\">(Licen\u021b\u0103 &#8211; Facultatea de Film &#8211; Imagine de film \u0219i TV )<\/div><\/div><\/div><\/div>\n\n\n\n<p><strong>Expozi\u021bie de Fotografie a studen\u021bilor UNATC<\/strong><br>12-15 martie<br>Etajul I, sediul UNATC Matei Voievod nr. 75-77<\/p>\n\n\n\n<p><\/p>\n\n\n\n<p><\/p>\n\n\n\n<p><\/p>\n\n\n\n<div class=\"wp-block-incas-blocks-section\"><svg xmlns=\"http:\/\/www.w3.org\/2000\/svg\" viewBox=\"0 0 448 448\" width=\"30\" height=\"30\"><circle cx=\"224.46\" cy=\"224.46\" r=\"224.46\" fill=\"#f54634\"><\/circle><\/svg><div class=\"columns\"><div class=\"section-heading\"><p class=\"section-heading-title\">Multimedia: Sunet-Montaj<\/p><div class=\"section-heading-subtitle\">(Licen\u021b\u0103 &#8211; Facultatea de Film)<\/div><\/div><\/div><\/div>\n\n\n\n<p><strong>1. Montaj \u0219i sunet &#8211; o rela\u021bie indisolubil\u0103<\/strong><br>Lect. univ. dr. Dan-Stefan Ruc\u0103reanu \u0219i conf. univ. dr. Iulia Mure\u0219an<br>Sala roz, etajul 3<br>Interval orar 10:00-11:00<\/p>\n\n\n\n<p><\/p>\n\n\n\n<p><strong>2. Cadrul sonor \/ cadrul vizual: rela\u021bii, perspective de abordare.<\/strong><br>Lect. univ. dr. Dan-Stefan Ruc\u0103reanu \u0219i conf. univ. dr. Iulia Mure\u0219an<br>Sala roz, etajul 3<br>Interval orar 11:00-12:00<\/p>\n\n\n\n<p><\/p>\n\n\n\n<p><strong>3. Computerul workstation actual &#8211; alegerea unor componente care s\u0103 creasc\u0103 performan\u021bele de lucru \u00een sunet \u0219i montaj.<\/strong><br>Conf. univ. dr. hab. Florian Nanu<br>Sala Mov, etajul 3<br>Interval orar 13:00-14:00<\/p>\n\n\n\n<p><\/p>\n\n\n\n<p><strong>4. Muzic\u0103 de film &#8211; muzica original\u0103 \u00een filmul istoric.<\/strong><br>Conf. univ. dr. hab. Florian Nanu<br>Sala Mov, etajul 3<br>Interval orar 14:00-15:00<\/p>\n\n\n\n<p><\/p>\n\n\n\n<p><strong>5. Environment building in UE5<\/strong><br>Lect. univ. dr. Alexandru Balt\u0103 \u0219i alumnus Andrei Cristian Florea<br>Sala 408, etajul 4<br>Interval orar 13:00-15:00<\/p>\n\n\n\n<p><\/p>\n\n\n\n<p><strong>6. Character rigging in Houdini<\/strong><br>Lect. univ. dr. Alexandru Balt\u0103 \u0219i alumnus Paul Sima<br>Sala 408, etajul 4<br>Interval orar 15:00-17:00<\/p>\n\n\n\n<p><\/p>\n\n\n\n<p><strong>7. Cui i-e frica, cui i-e frica de AI?<\/strong><br>Lect. univ. dr. Alexandru Balt\u0103<br>Sala 408, etajul 4<br>Ora 17:00<\/p>\n\n\n\n<p><\/p>\n\n\n\n<p><strong>8. Birdscape&nbsp;<\/strong><br>&#8220;Birdscape&#8221; este o instala\u021bie sonor\u0103 hexafonic\u0103 interactiv\u0103 focusat\u00e3 pe ecologie acustic\u0103. Publicul poate elimina din ambientul 360 elementele sonore urbane poluante, eviden\u021biind astfel sunetele naturale aproape uitate, ale p\u0103s\u0103rilor \u0219i ale p\u0103durilor ce \u00eenconjoar\u0103 ora\u0219ul.&nbsp;<br>Dr. Stefan Damian<br>CINETIc UNATC &#8211; str Tudor Arghezi, 3b<br>Interval orar 17:00-20:00<\/p>\n\n\n\n<p><\/p>\n\n\n\n<p><strong>Mod de functionare:<\/strong><\/p>\n\n\n\n<p>Ia senzorul \u0219i intr\u00e3 \u00een spa\u021biul instala\u021biei. Ascult\u0103 ambientul sonor \u0219i descoper\u0103 direc\u021biile din care provin zgomotele urbane, sunetele p\u0103s\u0103rilor \u0219i ale naturii. Rote\u0219te senzorul \u0219i afl\u00e3 ce sunete naturale se ascund dincolo de oras, din direc\u021bia spre care rote\u0219ti.&#8221;<\/p>\n\n\n\n<p><\/p>\n\n\n\n<p><em>Instala\u021bie realizat\u0103 \u00een cadrul festivalului RADAR 2023 \u00een parteneriat cu Societatea Ornitologic\u0103 Rom\u00e2n\u0103.<\/em><\/p>\n\n\n\n<p><\/p>\n\n\n\n<p><\/p>\n\n\n\n<p><\/p>\n\n\n\n<div class=\"wp-block-incas-blocks-section\"><svg xmlns=\"http:\/\/www.w3.org\/2000\/svg\" viewBox=\"0 0 448 448\" width=\"30\" height=\"30\"><circle cx=\"224.46\" cy=\"224.46\" r=\"224.46\" fill=\"#f54634\"><\/circle><\/svg><div class=\"columns\"><div class=\"section-heading\"><p class=\"section-heading-title\">Expozi\u021bii permanente<\/p><div class=\"section-heading-subtitle\">Facultatea de Film<\/div><\/div><\/div><\/div>\n\n\n\n<p><strong>Afi\u0219 de film<\/strong><br>expozi\u021bie<strong> <\/strong>cu lucr\u0103rile studen\u021bilor anului III, licen\u021b\u0103 Anima\u021bie<br>prof. coordonator: Mirela Vlad<br>Hol etajul I, sediul UNATC Matei Voievod nr. 75-77<br><strong>Interval orar:<\/strong> permanent<\/p>\n\n\n\n<p><\/p>\n\n\n\n<p><strong>Afi\u0219 de Festival &#8211; CineMaIubit<\/strong><br>expozi\u021bie<strong> <\/strong>cu lucr\u0103rile studen\u021bilor din anii I &amp; II, licen\u021b\u0103 Anima\u021bie<br>prof. coordonator: Mirela Vlad<br>Hol etajul I, sediul UNATC Matei Voievod nr. 75-77<br><strong>Interval orar:<\/strong> permanent<\/p>\n\n\n\n<p><\/p>\n\n\n\n<p><strong>Character Design 3D Show<\/strong><br>selec\u021bie din lucr\u0103rile studen\u021bilor din anii I &amp; II, licen\u021b\u0103 Anima\u021bie<br>prof. coordonator: Mirela Vlad<br>Pod 3 Anima\u021bie, sediul UNATC Matei Voievod nr. 75-77<br><strong>Interval orar: <\/strong>14:00-15:00<\/p>\n\n\n\n<p><\/p>\n\n\n\n<p><strong>Showreel &amp; Filme Licen\u021b\u0103 \u0219i Master Anima\u021bie \u0219i Game Design<\/strong><br>coordonatori: lector. univ. dr. Valeriu C\u0103liman, conf. univ. dr. Mirela Vlad, conf. univ. dr. Matei Branea, lect. univ. dr. Diana<br>Dragomir<br>Pod 3 Anima\u021bie, sediul UNATC Matei Voievod nr. 75-77<br><strong>Interval orar: <\/strong>All-day<br><\/p>\n\n\n\n<p><strong>Expozi\u021bie BD<\/strong><br>expozi\u021bie<strong>&nbsp;<\/strong><br>Coordonatoare: lect.univ.dr. Constantina Mih\u0103il\u0103<br>Anima\u021bie Pod 4, sediul UNATC Matei Voievod nr. 75-77<\/p>\n\n\n\n<p><\/p>\n\n\n\n<p><\/p>\n\n\n\n<div class=\"wp-block-incas-blocks-section\"><svg xmlns=\"http:\/\/www.w3.org\/2000\/svg\" viewBox=\"0 0 448 448\" width=\"30\" height=\"30\"><circle cx=\"224.46\" cy=\"224.46\" r=\"224.46\" fill=\"#f54634\"><\/circle><\/svg><div class=\"columns\"><div class=\"section-heading\"><p class=\"section-heading-title\"><strong>Comunicare Audiovizual\u0103 &#8211; Scenaristic\u0103, Filmologie<\/strong><\/p><div class=\"section-heading-subtitle\">(Licen\u021b\u0103 &#8211; Facultatea de Film)<\/div><\/div><\/div><\/div>\n\n\n\n<p><strong>Vineri, 15 martie, ora 15:00-18:00<\/strong><\/p>\n\n\n\n<p><strong>curs: Avangard\u0103, underground, film experimental <\/strong>(Licen\u021b\u0103 Comunicare audiovizual\u0103, anul 3, op\u021bional)<br>tema cursului: Avangardele feministe dup\u0103 1970<br>sus\u021binut de: conf. univ. dr. Andrei Rus<br>loc: sala albastr\u0103 (etajul 3, cl\u0103direa principal\u0103, culoar dreapta)<\/p>\n\n\n\n<p><\/p>\n\n\n\n<p><\/p>\n\n\n\n<div class=\"wp-block-incas-blocks-section\"><svg xmlns=\"http:\/\/www.w3.org\/2000\/svg\" viewBox=\"0 0 448 448\" width=\"30\" height=\"30\"><circle cx=\"224.46\" cy=\"224.46\" r=\"224.46\" fill=\"#f54634\"><\/circle><\/svg><div class=\"columns\"><div class=\"section-heading\"><p class=\"section-heading-title\"><strong>Tehnologii Interactive pentru Arte Performative \u0219i Media<\/strong><\/p><div class=\"section-heading-subtitle\">(Masterat &#8211; Facultatea de Film)<\/div><\/div><\/div><\/div>\n\n\n\n<p><strong>The Interactive Arts Summit (First Edition): Focus on Virtual Worlds<\/strong><\/p>\n\n\n\n<p><strong>Professors, Alumni, Students in Conversation<\/strong><\/p>\n\n\n\n<p><strong>Vineri, 15 martie, Sala 112, ora 18:00<br><\/strong>Description of the talk: Have a deep dive into the origin story, the projects and plans of the Interactive Arts community and come along for knowing more about partnership opportunities and admission tips. We&#8217;ll share case studies of successful stories and a glimpse of an open class.&nbsp;<br>Descrierea evenimentului: Vino sa descoperi cum a fost initiat masteratul de Tehnologii Interactive in limba engleza, primul de acest gen din tara, care sunt proiectele absolventilor si planurile pe termen scurt, mediu si lung. Ne dorim sa extindem comunitatea de arti\u0219ti pasionati de interactivitate. Vom impartasi studii de caz, fragmente de curs si un dialog deschis despre oportunitati si provocari din domeniul lumilor virtuale.&nbsp;&nbsp;<br><em>Speakers: <\/em>lect.univ.dr. Ioana Mischie, drd. Emil Dragan, Sebastian Comanescu, Alina Rizescu, Dragos Dogioiu<br>Format: 10 mins case studies followed by a debrief + selective demos on display<br>Durat\u0103: 2h<br><\/p>\n\n\n\n<p><strong>SHOWCASE artistic interactiv: Popular Playthings. A showcase of AI assisted playdates.&nbsp;<\/strong><br>Descriere EN: \u201cFor the past 10 years, I have been collecting old toys, figurines and objects. What started as a process of rescuing damaged, uncollectable toys has more recently transformed into a process of collecting informed by possible scenes that the playthings can be engaged in. Videomaking functions as an interface for playfulness as well as a medium for showcasing the collection and an experiment in creating a digital archive of (old) toys. I have developed a practice of video production based on experimenting with AI software and platforms such as ChatGPT, Midjourney, RunwayML and various text to speech applications. I am exploring the potential of this practice as a research methodology into our collective storytelling practices facilitated by the ChatGPT database and as a means of engaging the public with various social and political topics of concern.\u201d<br>Artist: Maria Nastase<br>Loc: CINETic, Strada Tudor Arghezi, 3B&nbsp;<br>Interval orar: 11:00 &#8211; 20:00 (proiectul va fi expus pe intreaga durata a Usilor Deschise)<\/p>\n\n\n\n<p><\/p>\n\n\n\n<p><strong>SHOWCASE artistic interactiv: \u201cUnfortunate fortune teller\u201d<\/strong><br>Descriere EN: The unfortunate fortune teller is an interactive lamp and music generator that outputs computer generated sounds, hard to separe from a layer of noise. The noise slowly dissipates as the user interacts with its many faces.<br>Artist: Lorena Cocora<br>Loc: CINETic, Strada Tudor Arghezi, 3B<br>Interval orar: 11:00 &#8211; 20:00 (proiectul va fi expus pe intreaga durata a Usilor Deschise)<\/p>\n\n\n\n<p><\/p>\n\n\n\n<p><\/p>\n\n\n\n<div class=\"wp-block-incas-blocks-section\"><svg xmlns=\"http:\/\/www.w3.org\/2000\/svg\" viewBox=\"0 0 448 448\" width=\"30\" height=\"30\"><circle cx=\"224.46\" cy=\"224.46\" r=\"224.46\" fill=\"#f54634\"><\/circle><\/svg><div class=\"columns\"><div class=\"section-heading\"><p class=\"section-heading-title\"><strong>Arta designului de jocuri (Art of Game Design)<\/strong><\/p><div class=\"section-heading-subtitle\">(Masterat &#8211; Facultatea de Film)<\/div><\/div><\/div><\/div>\n\n\n\n<p><strong>Vineri, 15 martie, ora 18:00<\/strong><\/p>\n\n\n\n<p><strong><a href=\"https:\/\/upt-ro.zoom.us\/j\/94525053182?pwd=eFNNTXoyMk0wbGtIV1NzelEyT09qUT09\" data-type=\"link\" data-id=\"https:\/\/upt-ro.zoom.us\/j\/94525053182?pwd=eFNNTXoyMk0wbGtIV1NzelEyT09qUT09\" target=\"_blank\" rel=\"noreferrer noopener\">Premierea Game Jam Universitar<\/a><\/strong><\/p>\n\n\n\n<p>Eveniment de prezentare a rezultatelor Game Jam Universitar. La Game Jam au participat 15 echipe mixte de studen\u021bi artisti, designeri, programatori de la UNATC, Politehnica Bucure\u0219ti, Politehnica Timi\u0219oara \u0219i Universitatea de Vest din Timi\u0219oara.<br>coordonatoare: lect. univ. dr. Diana Dragomir<br>Loc: online<\/p>\n\n\n\n<p><a href=\"https:\/\/upt-ro.zoom.us\/j\/94525053182?pwd=eFNNTXoyMk0wbGtIV1NzelEyT09qUT09\" data-type=\"link\" data-id=\"https:\/\/upt-ro.zoom.us\/j\/94525053182?pwd=eFNNTXoyMk0wbGtIV1NzelEyT09qUT09\" target=\"_blank\" rel=\"noreferrer noopener\">Webinar link<\/a><br>Parol\u0103: upt<\/p>\n\n\n\n<p><\/p>\n\n\n\n<p><strong>Expozi\u021bii permanente&nbsp;<\/strong><br><strong>Showreel jocuri Game Design \u0219i Filme Licen\u021b\u0103 \u0219i Master Anima\u021bie<\/strong><br>coordonatori: lector. univ. dr. Valeriu C\u0103liman, conf. univ. dr. Mirela Vlad, conf. univ. dr. Matei Branea, lect. univ. dr. Diana Dragomir<br>Pod 3 Anima\u021bie, sediul UNATC Matei Voievod nr. 75-77<br><strong>Interval orar: <\/strong>All-day<\/p>\n\n\n\n<p><\/p>\n\n\n\n<p><\/p>\n\n\n\n<div class=\"wp-block-incas-blocks-section\"><svg xmlns=\"http:\/\/www.w3.org\/2000\/svg\" viewBox=\"0 0 448 448\" width=\"30\" height=\"30\"><circle cx=\"224.46\" cy=\"224.46\" r=\"224.46\" fill=\"#f54634\"><\/circle><\/svg><div class=\"columns\"><div class=\"section-heading\"><p class=\"section-heading-title\"><strong>Film documentar<\/strong><\/p><div class=\"section-heading-subtitle\">(Masterat &#8211; Facultatea de Film)<\/div><\/div><\/div><\/div>\n\n\n\n<p><strong>Curs deschis Film Documentar<\/strong><br>vineri 15 martie, ora 11, 2 ore, Sala Albastr\u0103<br>Lectori: Ana Vlad, Ioana Grigore&nbsp;<br>Cu proiec\u021bii de filme documentare studen\u021be\u0219ti, urmate de discu\u021bii \u00een prezen\u021ba autorilor<\/p>\n\n\n\n<p><\/p>\n\n\n\n<p><\/p>\n<\/div><\/div><\/div>\n\n\n\n<div class=\"wp-block-incas-blocks-collapse\"><div class=\"columns heading-title undefined\"><blockquote class=\"flex-heading\"><div class=\"expand-bar\"><\/div><p class=\"block-heading-title\"><strong>Vineri \u2013 15 martie<\/strong><\/p><div class=\"block-heading-subtitle\">Cercetare UNATC<\/div><\/blockquote><\/div><div class=\"collapse-body\"><p class=\"highlight-body\"><\/p><div class=\"wp-block-incas-blocks-collapse\">\n<div class=\"wp-block-incas-blocks-section\"><svg xmlns=\"http:\/\/www.w3.org\/2000\/svg\" viewBox=\"0 0 448 448\" width=\"30\" height=\"30\"><circle cx=\"224.46\" cy=\"224.46\" r=\"224.46\" fill=\"#f54634\"><\/circle><\/svg><div class=\"columns\"><div class=\"section-heading\"><p class=\"section-heading-title\"><strong>Institutul de Cercetare a Senzorialit\u0103\u021bii<\/strong><\/p><div class=\"section-heading-subtitle\"><\/div><\/div><\/div><\/div>\n\n\n\n<p><strong>Atelier senzorial<\/strong><br><strong>Experien\u021b\u0103 unic\u0103 de explorare a lumii senzoriale<\/strong><br>Atelier sus\u021binut de drd. UNATC Yolanda Cre\u021bescu<br>15 martie, 15:30, Demisol, <em>Matei Voievod 75-77<\/em>&nbsp;<\/p>\n\n\n\n<p>Suntem \u00eenc\u00e2nta\u021bi s\u0103 v\u0103 invit\u0103m la un atelier senzorial organizat \u00een cadrul Universit\u0103\u021bii Na\u021bionale de Art\u0103 Teatral\u0103 \u0219i Cinematografic\u0103 &#8220;I.L. Caragiale&#8221; (UNATC), ce va avea loc pe 15 martie, \u00eencep\u00e2nd cu ora 15:30, la adresa Str. Matei Voievod 75-77.<\/p>\n\n\n\n<p><\/p>\n\n\n\n<p>Scopul acestui atelier este de a v\u0103 oferi o experien\u021b\u0103 unic\u0103 de explorare a lumii senzoriale. Vom avea o serie de activit\u0103\u021bi interactive care v\u0103 vor ajuta s\u0103 descoperi\u021bi noi modalit\u0103\u021bi de a percepe \u0219i a interpreta informa\u021bia, de a v\u0103 conecta cu mediul \u00eenconjur\u0103tor \u0219i cu propria voastr\u0103 creativitate.<\/p>\n\n\n\n<p><\/p>\n\n\n\n<p>Participarea este gratuit\u0103, dar locurile sunt limitate, 10 persoane pe grup\u0103.<br>A\u0219tept\u0103m cu ner\u0103bdare s\u0103 v\u0103 \u00eent\u00e2lnim \u0219i s\u0103 ne bucur\u0103m \u00eempreun\u0103 de aceast\u0103 experien\u021b\u0103 senzorial\u0103!<\/p>\n\n\n\n<p><\/p>\n\n\n\n<p><strong>Birdscape&nbsp;<\/strong><br>&#8220;Birdscape&#8221; este o instala\u021bie sonor\u0103 interactiv\u0103 hexafonic\u0103 focusat\u00e3 pe ecologie acustic\u0103. Publicul poate elimina din ambientul 360 elementele sonore urbane poluante, evidentiind astfel sunetele naturale aproape uitate, ale p\u0103s\u0103rilor si ale p\u0103durilor ce \u00eenconjoar\u0103 ora\u0219ul.&nbsp;<br>Dr. Stefan Damian<br>CINETIc UNATC &#8211; str Tudor Arghezi, 3b<br>Interval orar 17:00-20:00<\/p>\n\n\n\n<p><\/p>\n\n\n\n<p><\/p>\n<\/div><\/div><\/div>\n\n\n\n<iframe loading=\"lazy\" width=\"100%\" height=\"600\" src=\"https:\/\/73c86040.sibforms.com\/serve\/MUIFAKqIbrjgcKGYVU_c4TzQU6uensVQSxL3fkjkW1_wq-tDa9SMAKH1R8OIGpeWc1oF0UBC83ao7IL9AjAGbiZKE2twx0thgcySoHtG0wHrEpPB0iz_8kLGW5Un0xvkkVjwnLajGXW5vQdAExMy5HKuPapyCQ9HFXcezDGgXmQX0wwpHiv6rYeXN6EcjxX3DqhMbcFLaoEdfsCi\" frameborder=\"0\" scrolling=\"auto\" allowfullscreen style=\"display: block;margin-left: auto;margin-right: auto;max-width: 100%;\"><\/iframe>\n\n\n\n<figure class=\"wp-block-embed is-type-wp-embed is-provider-unatc wp-block-embed-unatc\"><div class=\"wp-block-embed__wrapper\">\n<blockquote class=\"wp-embedded-content\" data-secret=\"K9C9iJTqa1\"><a href=\"https:\/\/unatc.ro\/devunatc\/cursuri-de-pregatire\/\">Cursuri de preg\u0103tire<\/a><\/blockquote><iframe loading=\"lazy\" class=\"wp-embedded-content\" sandbox=\"allow-scripts\" security=\"restricted\" style=\"position: absolute; clip: rect(1px, 1px, 1px, 1px);\" title=\"&#8220;Cursuri de preg\u0103tire&#8221; &#8212; UNATC\" src=\"https:\/\/unatc.ro\/devunatc\/cursuri-de-pregatire\/embed\/#?secret=04nrB9Pyv7#?secret=K9C9iJTqa1\" data-secret=\"K9C9iJTqa1\" width=\"600\" height=\"338\" frameborder=\"0\" marginwidth=\"0\" marginheight=\"0\" scrolling=\"no\"><\/iframe>\n<\/div><\/figure>\n\n\n\n<figure class=\"wp-block-image size-full\"><img loading=\"lazy\" decoding=\"async\" width=\"3508\" height=\"4961\" src=\"https:\/\/unatc.ro\/devunatc\/wp-content\/uploads\/2024\/03\/UD2024-AFIS.jpg\" alt=\"\" class=\"wp-image-12973\" srcset=\"https:\/\/unatc.ro\/devunatc\/wp-content\/uploads\/2024\/03\/UD2024-AFIS.jpg 3508w, https:\/\/unatc.ro\/devunatc\/wp-content\/uploads\/2024\/03\/UD2024-AFIS-106x150.jpg 106w, https:\/\/unatc.ro\/devunatc\/wp-content\/uploads\/2024\/03\/UD2024-AFIS-1448x2048.jpg 1448w\" sizes=\"auto, (max-width: 3508px) 100vw, 3508px\" \/><\/figure>\n","protected":false},"excerpt":{"rendered":"<p class=\"no-padding\">Educa\u021bie artistic\u0103 &amp; Experien\u021b\u0103 de via\u021b\u0103 \u00cen perioada 12-15 martie 2024, Universitatea Na\u021bional\u0103 de Art\u0103 Teatral\u0103 \u0219i Cinematografic\u0103 \u201eI. L&#8230;.<\/p>\n","protected":false},"author":1,"featured_media":9922,"parent":0,"menu_order":0,"comment_status":"closed","ping_status":"closed","template":"template-generic.php","meta":{"footnotes":""},"class_list":["post-12920","page","type-page","status-publish","has-post-thumbnail","hentry"],"acf":{"galerie_foto":null,"alternative_page_title":"","page_contact_email":""},"yoast_head":"<!-- This site is optimized with the Yoast SEO plugin v27.4 - https:\/\/yoast.com\/product\/yoast-seo-wordpress\/ -->\n<title>\u201eU\u0219i Deschise\u201d UNATC \u2013 Edi\u021bia XXV 2024 - UNATC<\/title>\n<meta name=\"robots\" content=\"index, follow, max-snippet:-1, max-image-preview:large, max-video-preview:-1\" \/>\n<link rel=\"canonical\" href=\"https:\/\/unatc.ro\/devunatc\/usi-deschise-unatc-editia-xxv-2024\/\" \/>\n<meta property=\"og:locale\" content=\"en_US\" \/>\n<meta property=\"og:type\" content=\"article\" \/>\n<meta property=\"og:title\" content=\"\u201eU\u0219i Deschise\u201d UNATC \u2013 Edi\u021bia XXV 2024 - UNATC\" \/>\n<meta property=\"og:description\" content=\"Educa\u021bie artistic\u0103 &amp; Experien\u021b\u0103 de via\u021b\u0103 \u00cen perioada 12-15 martie 2024, Universitatea Na\u021bional\u0103 de Art\u0103 Teatral\u0103 \u0219i Cinematografic\u0103 \u201eI. L....\" \/>\n<meta property=\"og:url\" content=\"https:\/\/unatc.ro\/devunatc\/usi-deschise-unatc-editia-xxv-2024\/\" \/>\n<meta property=\"og:site_name\" content=\"UNATC\" \/>\n<meta property=\"article:publisher\" content=\"https:\/\/www.facebook.com\/UNATC.ILC\/\" \/>\n<meta property=\"article:modified_time\" content=\"2024-03-13T10:42:38+00:00\" \/>\n<meta property=\"og:image\" content=\"https:\/\/unatc.ro\/devunatc\/wp-content\/uploads\/2023\/01\/proinvent-1.jpg\" \/>\n\t<meta property=\"og:image:width\" content=\"1480\" \/>\n\t<meta property=\"og:image:height\" content=\"720\" \/>\n\t<meta property=\"og:image:type\" content=\"image\/jpeg\" \/>\n<meta name=\"twitter:card\" content=\"summary_large_image\" \/>\n<meta name=\"twitter:label1\" content=\"Est. reading time\" \/>\n\t<meta name=\"twitter:data1\" content=\"45 minutes\" \/>\n<script type=\"application\/ld+json\" class=\"yoast-schema-graph\">{\"@context\":\"https:\\\/\\\/schema.org\",\"@graph\":[{\"@type\":\"WebPage\",\"@id\":\"https:\\\/\\\/unatc.ro\\\/devunatc\\\/usi-deschise-unatc-editia-xxv-2024\\\/\",\"url\":\"https:\\\/\\\/unatc.ro\\\/devunatc\\\/usi-deschise-unatc-editia-xxv-2024\\\/\",\"name\":\"\u201eU\u0219i Deschise\u201d UNATC \u2013 Edi\u021bia XXV 2024 - UNATC\",\"isPartOf\":{\"@id\":\"https:\\\/\\\/unatc.ro\\\/devunatc\\\/#website\"},\"primaryImageOfPage\":{\"@id\":\"https:\\\/\\\/unatc.ro\\\/devunatc\\\/usi-deschise-unatc-editia-xxv-2024\\\/#primaryimage\"},\"image\":{\"@id\":\"https:\\\/\\\/unatc.ro\\\/devunatc\\\/usi-deschise-unatc-editia-xxv-2024\\\/#primaryimage\"},\"thumbnailUrl\":\"https:\\\/\\\/unatc.ro\\\/devunatc\\\/wp-content\\\/uploads\\\/2023\\\/01\\\/proinvent-1.jpg\",\"datePublished\":\"2024-03-08T14:19:55+00:00\",\"dateModified\":\"2024-03-13T10:42:38+00:00\",\"breadcrumb\":{\"@id\":\"https:\\\/\\\/unatc.ro\\\/devunatc\\\/usi-deschise-unatc-editia-xxv-2024\\\/#breadcrumb\"},\"inLanguage\":\"en-US\",\"potentialAction\":[{\"@type\":\"ReadAction\",\"target\":[\"https:\\\/\\\/unatc.ro\\\/devunatc\\\/usi-deschise-unatc-editia-xxv-2024\\\/\"]}]},{\"@type\":\"ImageObject\",\"inLanguage\":\"en-US\",\"@id\":\"https:\\\/\\\/unatc.ro\\\/devunatc\\\/usi-deschise-unatc-editia-xxv-2024\\\/#primaryimage\",\"url\":\"https:\\\/\\\/unatc.ro\\\/devunatc\\\/wp-content\\\/uploads\\\/2023\\\/01\\\/proinvent-1.jpg\",\"contentUrl\":\"https:\\\/\\\/unatc.ro\\\/devunatc\\\/wp-content\\\/uploads\\\/2023\\\/01\\\/proinvent-1.jpg\",\"width\":1480,\"height\":720},{\"@type\":\"BreadcrumbList\",\"@id\":\"https:\\\/\\\/unatc.ro\\\/devunatc\\\/usi-deschise-unatc-editia-xxv-2024\\\/#breadcrumb\",\"itemListElement\":[{\"@type\":\"ListItem\",\"position\":1,\"name\":\"Home\",\"item\":\"https:\\\/\\\/unatc.ro\\\/devunatc\\\/\"},{\"@type\":\"ListItem\",\"position\":2,\"name\":\"\u201eU\u0219i Deschise\u201d UNATC \u2013 Edi\u021bia XXV 2024\"}]},{\"@type\":\"WebSite\",\"@id\":\"https:\\\/\\\/unatc.ro\\\/devunatc\\\/#website\",\"url\":\"https:\\\/\\\/unatc.ro\\\/devunatc\\\/\",\"name\":\"UNATC\",\"description\":\"\",\"publisher\":{\"@id\":\"https:\\\/\\\/unatc.ro\\\/devunatc\\\/#organization\"},\"potentialAction\":[{\"@type\":\"SearchAction\",\"target\":{\"@type\":\"EntryPoint\",\"urlTemplate\":\"https:\\\/\\\/unatc.ro\\\/devunatc\\\/?s={search_term_string}\"},\"query-input\":{\"@type\":\"PropertyValueSpecification\",\"valueRequired\":true,\"valueName\":\"search_term_string\"}}],\"inLanguage\":\"en-US\"},{\"@type\":\"Organization\",\"@id\":\"https:\\\/\\\/unatc.ro\\\/devunatc\\\/#organization\",\"name\":\"UNATC\",\"url\":\"https:\\\/\\\/unatc.ro\\\/devunatc\\\/\",\"logo\":{\"@type\":\"ImageObject\",\"inLanguage\":\"en-US\",\"@id\":\"https:\\\/\\\/unatc.ro\\\/devunatc\\\/#\\\/schema\\\/logo\\\/image\\\/\",\"url\":\"https:\\\/\\\/unatc.ro\\\/devunatc\\\/wp-content\\\/uploads\\\/2025\\\/07\\\/unatc_logo.png\",\"contentUrl\":\"https:\\\/\\\/unatc.ro\\\/devunatc\\\/wp-content\\\/uploads\\\/2025\\\/07\\\/unatc_logo.png\",\"width\":480,\"height\":469,\"caption\":\"UNATC\"},\"image\":{\"@id\":\"https:\\\/\\\/unatc.ro\\\/devunatc\\\/#\\\/schema\\\/logo\\\/image\\\/\"},\"sameAs\":[\"https:\\\/\\\/www.facebook.com\\\/UNATC.ILC\\\/\",\"https:\\\/\\\/www.youtube.com\\\/c\\\/unatcilcaragiale\",\"https:\\\/\\\/www.instagram.com\\\/unatc_ilcaragiale\\\/?hl=en\",\"https:\\\/\\\/www.tiktok.com\\\/@unatc?lang=en\"]}]}<\/script>\n<!-- \/ Yoast SEO plugin. -->","yoast_head_json":{"title":"\u201eU\u0219i Deschise\u201d UNATC \u2013 Edi\u021bia XXV 2024 - UNATC","robots":{"index":"index","follow":"follow","max-snippet":"max-snippet:-1","max-image-preview":"max-image-preview:large","max-video-preview":"max-video-preview:-1"},"canonical":"https:\/\/unatc.ro\/devunatc\/usi-deschise-unatc-editia-xxv-2024\/","og_locale":"en_US","og_type":"article","og_title":"\u201eU\u0219i Deschise\u201d UNATC \u2013 Edi\u021bia XXV 2024 - UNATC","og_description":"Educa\u021bie artistic\u0103 &amp; Experien\u021b\u0103 de via\u021b\u0103 \u00cen perioada 12-15 martie 2024, Universitatea Na\u021bional\u0103 de Art\u0103 Teatral\u0103 \u0219i Cinematografic\u0103 \u201eI. L....","og_url":"https:\/\/unatc.ro\/devunatc\/usi-deschise-unatc-editia-xxv-2024\/","og_site_name":"UNATC","article_publisher":"https:\/\/www.facebook.com\/UNATC.ILC\/","article_modified_time":"2024-03-13T10:42:38+00:00","og_image":[{"width":1480,"height":720,"url":"https:\/\/unatc.ro\/devunatc\/wp-content\/uploads\/2023\/01\/proinvent-1.jpg","type":"image\/jpeg"}],"twitter_card":"summary_large_image","twitter_misc":{"Est. reading time":"45 minutes"},"schema":{"@context":"https:\/\/schema.org","@graph":[{"@type":"WebPage","@id":"https:\/\/unatc.ro\/devunatc\/usi-deschise-unatc-editia-xxv-2024\/","url":"https:\/\/unatc.ro\/devunatc\/usi-deschise-unatc-editia-xxv-2024\/","name":"\u201eU\u0219i Deschise\u201d UNATC \u2013 Edi\u021bia XXV 2024 - UNATC","isPartOf":{"@id":"https:\/\/unatc.ro\/devunatc\/#website"},"primaryImageOfPage":{"@id":"https:\/\/unatc.ro\/devunatc\/usi-deschise-unatc-editia-xxv-2024\/#primaryimage"},"image":{"@id":"https:\/\/unatc.ro\/devunatc\/usi-deschise-unatc-editia-xxv-2024\/#primaryimage"},"thumbnailUrl":"https:\/\/unatc.ro\/devunatc\/wp-content\/uploads\/2023\/01\/proinvent-1.jpg","datePublished":"2024-03-08T14:19:55+00:00","dateModified":"2024-03-13T10:42:38+00:00","breadcrumb":{"@id":"https:\/\/unatc.ro\/devunatc\/usi-deschise-unatc-editia-xxv-2024\/#breadcrumb"},"inLanguage":"en-US","potentialAction":[{"@type":"ReadAction","target":["https:\/\/unatc.ro\/devunatc\/usi-deschise-unatc-editia-xxv-2024\/"]}]},{"@type":"ImageObject","inLanguage":"en-US","@id":"https:\/\/unatc.ro\/devunatc\/usi-deschise-unatc-editia-xxv-2024\/#primaryimage","url":"https:\/\/unatc.ro\/devunatc\/wp-content\/uploads\/2023\/01\/proinvent-1.jpg","contentUrl":"https:\/\/unatc.ro\/devunatc\/wp-content\/uploads\/2023\/01\/proinvent-1.jpg","width":1480,"height":720},{"@type":"BreadcrumbList","@id":"https:\/\/unatc.ro\/devunatc\/usi-deschise-unatc-editia-xxv-2024\/#breadcrumb","itemListElement":[{"@type":"ListItem","position":1,"name":"Home","item":"https:\/\/unatc.ro\/devunatc\/"},{"@type":"ListItem","position":2,"name":"\u201eU\u0219i Deschise\u201d UNATC \u2013 Edi\u021bia XXV 2024"}]},{"@type":"WebSite","@id":"https:\/\/unatc.ro\/devunatc\/#website","url":"https:\/\/unatc.ro\/devunatc\/","name":"UNATC","description":"","publisher":{"@id":"https:\/\/unatc.ro\/devunatc\/#organization"},"potentialAction":[{"@type":"SearchAction","target":{"@type":"EntryPoint","urlTemplate":"https:\/\/unatc.ro\/devunatc\/?s={search_term_string}"},"query-input":{"@type":"PropertyValueSpecification","valueRequired":true,"valueName":"search_term_string"}}],"inLanguage":"en-US"},{"@type":"Organization","@id":"https:\/\/unatc.ro\/devunatc\/#organization","name":"UNATC","url":"https:\/\/unatc.ro\/devunatc\/","logo":{"@type":"ImageObject","inLanguage":"en-US","@id":"https:\/\/unatc.ro\/devunatc\/#\/schema\/logo\/image\/","url":"https:\/\/unatc.ro\/devunatc\/wp-content\/uploads\/2025\/07\/unatc_logo.png","contentUrl":"https:\/\/unatc.ro\/devunatc\/wp-content\/uploads\/2025\/07\/unatc_logo.png","width":480,"height":469,"caption":"UNATC"},"image":{"@id":"https:\/\/unatc.ro\/devunatc\/#\/schema\/logo\/image\/"},"sameAs":["https:\/\/www.facebook.com\/UNATC.ILC\/","https:\/\/www.youtube.com\/c\/unatcilcaragiale","https:\/\/www.instagram.com\/unatc_ilcaragiale\/?hl=en","https:\/\/www.tiktok.com\/@unatc?lang=en"]}]}},"jetpack_sharing_enabled":true,"_links":{"self":[{"href":"https:\/\/unatc.ro\/devunatc\/wp-json\/wp\/v2\/pages\/12920","targetHints":{"allow":["GET"]}}],"collection":[{"href":"https:\/\/unatc.ro\/devunatc\/wp-json\/wp\/v2\/pages"}],"about":[{"href":"https:\/\/unatc.ro\/devunatc\/wp-json\/wp\/v2\/types\/page"}],"author":[{"embeddable":true,"href":"https:\/\/unatc.ro\/devunatc\/wp-json\/wp\/v2\/users\/1"}],"replies":[{"embeddable":true,"href":"https:\/\/unatc.ro\/devunatc\/wp-json\/wp\/v2\/comments?post=12920"}],"version-history":[{"count":85,"href":"https:\/\/unatc.ro\/devunatc\/wp-json\/wp\/v2\/pages\/12920\/revisions"}],"predecessor-version":[{"id":13086,"href":"https:\/\/unatc.ro\/devunatc\/wp-json\/wp\/v2\/pages\/12920\/revisions\/13086"}],"wp:featuredmedia":[{"embeddable":true,"href":"https:\/\/unatc.ro\/devunatc\/wp-json\/wp\/v2\/media\/9922"}],"wp:attachment":[{"href":"https:\/\/unatc.ro\/devunatc\/wp-json\/wp\/v2\/media?parent=12920"}],"curies":[{"name":"wp","href":"https:\/\/api.w.org\/{rel}","templated":true}]}}